{"id":19658,"date":"2023-02-14T10:12:56","date_gmt":"2023-02-14T09:12:56","guid":{"rendered":"https:\/\/www.neuperlach.org\/blog\/?page_id=19658"},"modified":"2025-11-17T14:47:01","modified_gmt":"2025-11-17T13:47:01","slug":"videos","status":"publish","type":"page","link":"https:\/\/www.neuperlach.org\/blog\/videos\/","title":{"rendered":"Videos"},"content":{"rendered":"<h3>Spektakul\u00e4res Video mit historischen Bildern<\/h3>\n<p>Peter Wahrendorff, der 2011 tragischerweise verstorben ist, hat Neuperlach in der Anfangszeit in einem \u00e4u\u00dferst bemerkenswerten Film festgehalten. <a href=\"https:\/\/www.neuperlach.org\/blog\/?p=6983\">Zum Video \u2192<\/a><\/p>\n<p><iframe loading=\"lazy\" src=\"https:\/\/www.youtube-nocookie.com\/embed\/HUlbiPplWdA\" width=\"640\" height=\"385\"><\/iframe><\/p>\n<h3>\u00dcber Neuperlach ins Schwarze Meer: Der Hachinger Bach<\/h3>\n<p><iframe loading=\"lazy\" src=\"https:\/\/www.youtube-nocookie.com\/embed\/e7yM5J578hk\" width=\"640\" height=\"385\"><\/iframe><\/p>\n<p>Unser <a href=\"https:\/\/www.neuperlach.org\/blog\/?p=17069\">Hachinger Bach<\/a> ist eine Besonderheit. Er flie\u00dft durch idyllische Orte und ab der M\u00fcnchner Stadtgrenze erst durch das beschauliche (Alt-)Perlach, dann durch unser modernes Neuperlach und schlie\u00dflich weiter durch Berg am Laim. Die M\u00fcndung ist das Erstaunliche, denn das Wasser des Baches landet \u00fcber seine Folgegew\u00e4sser im Schwarzen Meer. Bis zum Schwarzen Meer hat es unser Bewegtbildreporter aber nicht ganz geschafft. An der Autobahn Nummer 8 ist er gestartet, am Michaelibad war schlie\u00dflich Schluss. Es ist ein toller, sehenswerter Farbfilm entstanden, das uns bei dieser kontrastreichen Reise teilhaben l\u00e4sst.<\/p>\n<h3>(Fr)ostpark am 21.01.2023<\/h3>\n<p>Unser (Fr)ostpark heute. Am Ende g\u00f6nnen wir uns noch ein kleines Bad. Sch(n)eenes Video! Lesereinsendung, vielen Dank!<\/p>\n<p><iframe loading=\"lazy\" src=\"https:\/\/www.youtube-nocookie.com\/embed\/zydjbEiCyaI\" width=\"640\" height=\"385\"><\/iframe><\/p>\n<h3>Mountainbiking am Riemer Berg<\/h3>\n<p>Auf dem ehemaligen Flughafen Riem in M\u00fcnchen wurde eine Parkanlage mit H\u00fcgel angelegt, der mit dem Fahrrad befahrbar ist. Beliebt ist auch der Riemer See \u2013 vor allem als Badesee. Dort startet auch das Video. Sehenswertes Video, vielen Dank!<\/p>\n<p><iframe loading=\"lazy\" src=\"https:\/\/www.youtube-nocookie.com\/embed\/krfocXM-8Zw\" width=\"640\" height=\"385\"><\/iframe><\/p>\n<p><\/iframe><\/p>\n<h3>Rundgang durch unser verschneites Neuperlach<\/h3>\n<p><iframe loading=\"lazy\" src=\"https:\/\/www.youtube-nocookie.com\/embed\/revebCAzig4\" width=\"640\" height=\"385\"><\/iframe><\/p>\n","protected":false},"excerpt":{"rendered":"<p>Spektakul\u00e4res Video mit historischen Bildern Peter Wahrendorff, der 2011 tragischerweise verstorben ist, hat Neuperlach in der Anfangszeit in einem \u00e4u\u00dferst bemerkenswerten Film festgehalten. Zum Video \u2192 \u00dcber Neuperlach ins Schwarze Meer: Der Hachinger Bach Unser Hachinger Bach ist eine Besonderheit. Er flie\u00dft durch idyllische Orte und ab der M\u00fcnchner Stadtgrenze erst durch das beschauliche (Alt-)Perlach, [&hellip;]<\/p>\n","protected":false},"author":1,"featured_media":0,"parent":0,"menu_order":0,"comment_status":"closed","ping_status":"closed","template":"","meta":{"footnotes":""},"class_list":["post-19658","page","type-page","status-publish","hentry"],"_links":{"self":[{"href":"https:\/\/www.neuperlach.org\/blog\/wp-json\/wp\/v2\/pages\/19658","targetHints":{"allow":["GET"]}}],"collection":[{"href":"https:\/\/www.neuperlach.org\/blog\/wp-json\/wp\/v2\/pages"}],"about":[{"href":"https:\/\/www.neuperlach.org\/blog\/wp-json\/wp\/v2\/types\/page"}],"author":[{"embeddable":true,"href":"https:\/\/www.neuperlach.org\/blog\/wp-json\/wp\/v2\/users\/1"}],"replies":[{"embeddable":true,"href":"https:\/\/www.neuperlach.org\/blog\/wp-json\/wp\/v2\/comments?post=19658"}],"version-history":[{"count":0,"href":"https:\/\/www.neuperlach.org\/blog\/wp-json\/wp\/v2\/pages\/19658\/revisions"}],"wp:attachment":[{"href":"https:\/\/www.neuperlach.org\/blog\/wp-json\/wp\/v2\/media?parent=19658"}],"curies":[{"name":"wp","href":"https:\/\/api.w.org\/{rel}","templated":true}]}}