{"id":21062,"date":"2026-01-18T19:34:03","date_gmt":"2026-01-18T18:34:03","guid":{"rendered":"https:\/\/www.neuperlach.org\/blog\/?page_id=21062"},"modified":"2026-01-18T20:13:01","modified_gmt":"2026-01-18T19:13:01","slug":"news-2025","status":"publish","type":"page","link":"https:\/\/www.neuperlach.org\/blog\/news-2025\/","title":{"rendered":"News 2025"},"content":{"rendered":"<h3>Feuerwerksverbot in meiner Burg, dem Marx-Zentrum!<\/h3>\n<p>W\u00e4hrend in den meisten Gegenden weiterhin geb\u00f6llert werden darf, gilt im gesamten Hofbereich des Marx-Zentrums auch dieses Jahr wieder ein absolutes Feuerwerksverbot.<br \/>\nEs kommen ja immer wieder gerne Besucher ins Marx-Zentrum. Wenn ihr bei uns b\u00f6llern wollt, k\u00f6nnt ihr euch euren Weg also sparen.<\/p>\n<figure id=\"attachment_21029\" aria-describedby=\"caption-attachment-21029\" style=\"width: 580px\" class=\"wp-caption alignnone\"><a href=\"https:\/\/www.neuperlach.org\/blog\/wp-content\/uploads\/2025\/12\/IMG_9614-scaled.jpg\"><img loading=\"lazy\" decoding=\"async\" class=\"size-large wp-image-21029\" src=\"https:\/\/www.neuperlach.org\/blog\/wp-content\/uploads\/2025\/12\/IMG_9614-1024x768.jpg\" alt=\"Feuerwerksverbot im Marx-Zentrum\" width=\"580\" height=\"435\" srcset=\"https:\/\/www.neuperlach.org\/blog\/wp-content\/uploads\/2025\/12\/IMG_9614-1024x768.jpg 1024w, https:\/\/www.neuperlach.org\/blog\/wp-content\/uploads\/2025\/12\/IMG_9614-300x225.jpg 300w, https:\/\/www.neuperlach.org\/blog\/wp-content\/uploads\/2025\/12\/IMG_9614-768x576.jpg 768w, https:\/\/www.neuperlach.org\/blog\/wp-content\/uploads\/2025\/12\/IMG_9614-1536x1152.jpg 1536w, https:\/\/www.neuperlach.org\/blog\/wp-content\/uploads\/2025\/12\/IMG_9614-2048x1536.jpg 2048w, https:\/\/www.neuperlach.org\/blog\/wp-content\/uploads\/2025\/12\/IMG_9614-1200x900.jpg 1200w, https:\/\/www.neuperlach.org\/blog\/wp-content\/uploads\/2025\/12\/IMG_9614-1980x1485.jpg 1980w\" sizes=\"auto, (max-width: 580px) 100vw, 580px\" \/><\/a><figcaption id=\"caption-attachment-21029\" class=\"wp-caption-text\">27.12.2025<\/figcaption><\/figure>\n<figure id=\"attachment_21028\" aria-describedby=\"caption-attachment-21028\" style=\"width: 580px\" class=\"wp-caption alignnone\"><a href=\"https:\/\/www.neuperlach.org\/blog\/wp-content\/uploads\/2025\/12\/IMG_9609-scaled.jpg\"><img loading=\"lazy\" decoding=\"async\" class=\"size-large wp-image-21028\" src=\"https:\/\/www.neuperlach.org\/blog\/wp-content\/uploads\/2025\/12\/IMG_9609-1024x768.jpg\" alt=\"Feuerwerksverbot im Marx-Zentrum\" width=\"580\" height=\"435\" srcset=\"https:\/\/www.neuperlach.org\/blog\/wp-content\/uploads\/2025\/12\/IMG_9609-1024x768.jpg 1024w, https:\/\/www.neuperlach.org\/blog\/wp-content\/uploads\/2025\/12\/IMG_9609-300x225.jpg 300w, https:\/\/www.neuperlach.org\/blog\/wp-content\/uploads\/2025\/12\/IMG_9609-768x576.jpg 768w, https:\/\/www.neuperlach.org\/blog\/wp-content\/uploads\/2025\/12\/IMG_9609-1536x1152.jpg 1536w, https:\/\/www.neuperlach.org\/blog\/wp-content\/uploads\/2025\/12\/IMG_9609-2048x1536.jpg 2048w, https:\/\/www.neuperlach.org\/blog\/wp-content\/uploads\/2025\/12\/IMG_9609-1200x900.jpg 1200w, https:\/\/www.neuperlach.org\/blog\/wp-content\/uploads\/2025\/12\/IMG_9609-1980x1485.jpg 1980w\" sizes=\"auto, (max-width: 580px) 100vw, 580px\" \/><\/a><figcaption id=\"caption-attachment-21028\" class=\"wp-caption-text\">27.12.2025<\/figcaption><\/figure>\n<figure id=\"attachment_21027\" aria-describedby=\"caption-attachment-21027\" style=\"width: 580px\" class=\"wp-caption alignnone\"><a href=\"https:\/\/www.neuperlach.org\/blog\/wp-content\/uploads\/2025\/12\/IMG_9619-scaled.jpg\"><img loading=\"lazy\" decoding=\"async\" class=\"size-large wp-image-21027\" src=\"https:\/\/www.neuperlach.org\/blog\/wp-content\/uploads\/2025\/12\/IMG_9619-1024x768.jpg\" alt=\"Feuerwerksverbot im Marx-Zentrum\" width=\"580\" height=\"435\" srcset=\"https:\/\/www.neuperlach.org\/blog\/wp-content\/uploads\/2025\/12\/IMG_9619-1024x768.jpg 1024w, https:\/\/www.neuperlach.org\/blog\/wp-content\/uploads\/2025\/12\/IMG_9619-300x225.jpg 300w, https:\/\/www.neuperlach.org\/blog\/wp-content\/uploads\/2025\/12\/IMG_9619-768x576.jpg 768w, https:\/\/www.neuperlach.org\/blog\/wp-content\/uploads\/2025\/12\/IMG_9619-1536x1152.jpg 1536w, https:\/\/www.neuperlach.org\/blog\/wp-content\/uploads\/2025\/12\/IMG_9619-2048x1536.jpg 2048w, https:\/\/www.neuperlach.org\/blog\/wp-content\/uploads\/2025\/12\/IMG_9619-1200x900.jpg 1200w, https:\/\/www.neuperlach.org\/blog\/wp-content\/uploads\/2025\/12\/IMG_9619-1980x1485.jpg 1980w\" sizes=\"auto, (max-width: 580px) 100vw, 580px\" \/><\/a><figcaption id=\"caption-attachment-21027\" class=\"wp-caption-text\">27.12.2025<\/figcaption><\/figure>\n<h3>Wei\u00dfe Weihnachten in Neuperlach<\/h3>\n<figure id=\"attachment_21024\" aria-describedby=\"caption-attachment-21024\" style=\"width: 580px\" class=\"wp-caption alignnone\"><a href=\"https:\/\/www.neuperlach.org\/blog\/wp-content\/uploads\/2025\/12\/PXL_20251224_163833428.NIGHT_-scaled.jpg\"><img loading=\"lazy\" decoding=\"async\" class=\"size-large wp-image-21024\" src=\"https:\/\/www.neuperlach.org\/blog\/wp-content\/uploads\/2025\/12\/PXL_20251224_163833428.NIGHT_-1024x769.jpg\" alt=\"Wei\u00dfe Weihnachten 2025\" width=\"580\" height=\"436\" srcset=\"https:\/\/www.neuperlach.org\/blog\/wp-content\/uploads\/2025\/12\/PXL_20251224_163833428.NIGHT_-1024x769.jpg 1024w, https:\/\/www.neuperlach.org\/blog\/wp-content\/uploads\/2025\/12\/PXL_20251224_163833428.NIGHT_-300x225.jpg 300w, https:\/\/www.neuperlach.org\/blog\/wp-content\/uploads\/2025\/12\/PXL_20251224_163833428.NIGHT_-768x577.jpg 768w, https:\/\/www.neuperlach.org\/blog\/wp-content\/uploads\/2025\/12\/PXL_20251224_163833428.NIGHT_-1536x1153.jpg 1536w, https:\/\/www.neuperlach.org\/blog\/wp-content\/uploads\/2025\/12\/PXL_20251224_163833428.NIGHT_-2048x1538.jpg 2048w, https:\/\/www.neuperlach.org\/blog\/wp-content\/uploads\/2025\/12\/PXL_20251224_163833428.NIGHT_-1200x901.jpg 1200w, https:\/\/www.neuperlach.org\/blog\/wp-content\/uploads\/2025\/12\/PXL_20251224_163833428.NIGHT_-1980x1487.jpg 1980w\" sizes=\"auto, (max-width: 580px) 100vw, 580px\" \/><\/a><figcaption id=\"caption-attachment-21024\" class=\"wp-caption-text\">Wohnanlage an der Heinrich-Wieland-Stra\u00dfe<\/figcaption><\/figure>\n<figure id=\"attachment_21021\" aria-describedby=\"caption-attachment-21021\" style=\"width: 580px\" class=\"wp-caption alignnone\"><a href=\"https:\/\/www.neuperlach.org\/blog\/wp-content\/uploads\/2025\/12\/PXL_20251224_164545493.NIGHT_-scaled.jpg\"><img loading=\"lazy\" decoding=\"async\" class=\"size-large wp-image-21021\" src=\"https:\/\/www.neuperlach.org\/blog\/wp-content\/uploads\/2025\/12\/PXL_20251224_164545493.NIGHT_-1024x769.jpg\" alt=\"Wei\u00dfe Weihnachten 2025\" width=\"580\" height=\"436\" srcset=\"https:\/\/www.neuperlach.org\/blog\/wp-content\/uploads\/2025\/12\/PXL_20251224_164545493.NIGHT_-1024x769.jpg 1024w, https:\/\/www.neuperlach.org\/blog\/wp-content\/uploads\/2025\/12\/PXL_20251224_164545493.NIGHT_-300x225.jpg 300w, https:\/\/www.neuperlach.org\/blog\/wp-content\/uploads\/2025\/12\/PXL_20251224_164545493.NIGHT_-768x577.jpg 768w, https:\/\/www.neuperlach.org\/blog\/wp-content\/uploads\/2025\/12\/PXL_20251224_164545493.NIGHT_-1536x1153.jpg 1536w, https:\/\/www.neuperlach.org\/blog\/wp-content\/uploads\/2025\/12\/PXL_20251224_164545493.NIGHT_-2048x1538.jpg 2048w, https:\/\/www.neuperlach.org\/blog\/wp-content\/uploads\/2025\/12\/PXL_20251224_164545493.NIGHT_-1200x901.jpg 1200w, https:\/\/www.neuperlach.org\/blog\/wp-content\/uploads\/2025\/12\/PXL_20251224_164545493.NIGHT_-1980x1487.jpg 1980w\" sizes=\"auto, (max-width: 580px) 100vw, 580px\" \/><\/a><figcaption id=\"caption-attachment-21021\" class=\"wp-caption-text\">Wohnanlage in der Plettstra\u00dfe (24.12.2025)<\/figcaption><\/figure>\n<figure id=\"attachment_21022\" aria-describedby=\"caption-attachment-21022\" style=\"width: 580px\" class=\"wp-caption alignnone\"><a href=\"https:\/\/www.neuperlach.org\/blog\/wp-content\/uploads\/2025\/12\/PXL_20251224_164119982.NIGHT_-scaled.jpg\"><img loading=\"lazy\" decoding=\"async\" class=\"size-large wp-image-21022\" src=\"https:\/\/www.neuperlach.org\/blog\/wp-content\/uploads\/2025\/12\/PXL_20251224_164119982.NIGHT_-1024x769.jpg\" alt=\"Wei\u00dfe Weihnachten 2025\" width=\"580\" height=\"436\" srcset=\"https:\/\/www.neuperlach.org\/blog\/wp-content\/uploads\/2025\/12\/PXL_20251224_164119982.NIGHT_-1024x769.jpg 1024w, https:\/\/www.neuperlach.org\/blog\/wp-content\/uploads\/2025\/12\/PXL_20251224_164119982.NIGHT_-300x225.jpg 300w, https:\/\/www.neuperlach.org\/blog\/wp-content\/uploads\/2025\/12\/PXL_20251224_164119982.NIGHT_-768x577.jpg 768w, https:\/\/www.neuperlach.org\/blog\/wp-content\/uploads\/2025\/12\/PXL_20251224_164119982.NIGHT_-1536x1153.jpg 1536w, https:\/\/www.neuperlach.org\/blog\/wp-content\/uploads\/2025\/12\/PXL_20251224_164119982.NIGHT_-2048x1538.jpg 2048w, https:\/\/www.neuperlach.org\/blog\/wp-content\/uploads\/2025\/12\/PXL_20251224_164119982.NIGHT_-1200x901.jpg 1200w, https:\/\/www.neuperlach.org\/blog\/wp-content\/uploads\/2025\/12\/PXL_20251224_164119982.NIGHT_-1980x1487.jpg 1980w\" sizes=\"auto, (max-width: 580px) 100vw, 580px\" \/><\/a><figcaption id=\"caption-attachment-21022\" class=\"wp-caption-text\">E-Roller an der Albert-Schweitzer-Schule (24.12.2025)<\/figcaption><\/figure>\n<figure id=\"attachment_21023\" aria-describedby=\"caption-attachment-21023\" style=\"width: 580px\" class=\"wp-caption alignnone\"><a href=\"https:\/\/www.neuperlach.org\/blog\/wp-content\/uploads\/2025\/12\/PXL_20251224_163321727.NIGHT_-scaled.jpg\"><img loading=\"lazy\" decoding=\"async\" class=\"size-large wp-image-21023\" src=\"https:\/\/www.neuperlach.org\/blog\/wp-content\/uploads\/2025\/12\/PXL_20251224_163321727.NIGHT_-1024x769.jpg\" alt=\"Wei\u00dfe Weihnachten 2025\" width=\"580\" height=\"436\" srcset=\"https:\/\/www.neuperlach.org\/blog\/wp-content\/uploads\/2025\/12\/PXL_20251224_163321727.NIGHT_-1024x769.jpg 1024w, https:\/\/www.neuperlach.org\/blog\/wp-content\/uploads\/2025\/12\/PXL_20251224_163321727.NIGHT_-300x225.jpg 300w, https:\/\/www.neuperlach.org\/blog\/wp-content\/uploads\/2025\/12\/PXL_20251224_163321727.NIGHT_-768x577.jpg 768w, https:\/\/www.neuperlach.org\/blog\/wp-content\/uploads\/2025\/12\/PXL_20251224_163321727.NIGHT_-1536x1153.jpg 1536w, https:\/\/www.neuperlach.org\/blog\/wp-content\/uploads\/2025\/12\/PXL_20251224_163321727.NIGHT_-2048x1538.jpg 2048w, https:\/\/www.neuperlach.org\/blog\/wp-content\/uploads\/2025\/12\/PXL_20251224_163321727.NIGHT_-1200x901.jpg 1200w, https:\/\/www.neuperlach.org\/blog\/wp-content\/uploads\/2025\/12\/PXL_20251224_163321727.NIGHT_-1980x1487.jpg 1980w\" sizes=\"auto, (max-width: 580px) 100vw, 580px\" \/><\/a><figcaption id=\"caption-attachment-21023\" class=\"wp-caption-text\">Wohnanlage Karl-Marx-Ring 52\u201362 (24.12.2025)<\/figcaption><\/figure>\n<h3>Mit dem Mietroller zum Ostpark<\/h3>\n<figure id=\"attachment_21017\" aria-describedby=\"caption-attachment-21017\" style=\"width: 580px\" class=\"wp-caption alignnone\"><a href=\"https:\/\/www.neuperlach.org\/blog\/wp-content\/uploads\/2025\/12\/PXL_20251220_131139127-scaled.jpg\"><img loading=\"lazy\" decoding=\"async\" class=\"size-large wp-image-21017\" src=\"https:\/\/www.neuperlach.org\/blog\/wp-content\/uploads\/2025\/12\/PXL_20251220_131139127-769x1024.jpg\" alt=\"Mit dem Mietroller zum Ostpark\" width=\"580\" height=\"772\" srcset=\"https:\/\/www.neuperlach.org\/blog\/wp-content\/uploads\/2025\/12\/PXL_20251220_131139127-769x1024.jpg 769w, https:\/\/www.neuperlach.org\/blog\/wp-content\/uploads\/2025\/12\/PXL_20251220_131139127-225x300.jpg 225w, https:\/\/www.neuperlach.org\/blog\/wp-content\/uploads\/2025\/12\/PXL_20251220_131139127-768x1023.jpg 768w, https:\/\/www.neuperlach.org\/blog\/wp-content\/uploads\/2025\/12\/PXL_20251220_131139127-1153x1536.jpg 1153w, https:\/\/www.neuperlach.org\/blog\/wp-content\/uploads\/2025\/12\/PXL_20251220_131139127-1538x2048.jpg 1538w, https:\/\/www.neuperlach.org\/blog\/wp-content\/uploads\/2025\/12\/PXL_20251220_131139127-1200x1598.jpg 1200w, https:\/\/www.neuperlach.org\/blog\/wp-content\/uploads\/2025\/12\/PXL_20251220_131139127-1980x2637.jpg 1980w, https:\/\/www.neuperlach.org\/blog\/wp-content\/uploads\/2025\/12\/PXL_20251220_131139127-scaled.jpg 1922w\" sizes=\"auto, (max-width: 580px) 100vw, 580px\" \/><\/a><figcaption id=\"caption-attachment-21017\" class=\"wp-caption-text\">20.12.2025<\/figcaption><\/figure>\n<figure id=\"attachment_21018\" aria-describedby=\"caption-attachment-21018\" style=\"width: 580px\" class=\"wp-caption alignnone\"><a href=\"https:\/\/www.neuperlach.org\/blog\/wp-content\/uploads\/2025\/12\/PXL_20251220_131240734-scaled.jpg\"><img loading=\"lazy\" decoding=\"async\" class=\"size-large wp-image-21018\" src=\"https:\/\/www.neuperlach.org\/blog\/wp-content\/uploads\/2025\/12\/PXL_20251220_131240734-1024x769.jpg\" alt=\"Mit dem Mietroller zum Ostpark\" width=\"580\" height=\"436\" srcset=\"https:\/\/www.neuperlach.org\/blog\/wp-content\/uploads\/2025\/12\/PXL_20251220_131240734-1024x769.jpg 1024w, https:\/\/www.neuperlach.org\/blog\/wp-content\/uploads\/2025\/12\/PXL_20251220_131240734-300x225.jpg 300w, https:\/\/www.neuperlach.org\/blog\/wp-content\/uploads\/2025\/12\/PXL_20251220_131240734-768x577.jpg 768w, https:\/\/www.neuperlach.org\/blog\/wp-content\/uploads\/2025\/12\/PXL_20251220_131240734-1536x1153.jpg 1536w, https:\/\/www.neuperlach.org\/blog\/wp-content\/uploads\/2025\/12\/PXL_20251220_131240734-2048x1538.jpg 2048w, https:\/\/www.neuperlach.org\/blog\/wp-content\/uploads\/2025\/12\/PXL_20251220_131240734-1200x901.jpg 1200w, https:\/\/www.neuperlach.org\/blog\/wp-content\/uploads\/2025\/12\/PXL_20251220_131240734-1980x1487.jpg 1980w\" sizes=\"auto, (max-width: 580px) 100vw, 580px\" \/><\/a><figcaption id=\"caption-attachment-21018\" class=\"wp-caption-text\">20.12.2025<\/figcaption><\/figure>\n<figure id=\"attachment_21019\" aria-describedby=\"caption-attachment-21019\" style=\"width: 580px\" class=\"wp-caption alignnone\"><a href=\"https:\/\/www.neuperlach.org\/blog\/wp-content\/uploads\/2025\/12\/PXL_20251220_132026838-scaled.jpg\"><img loading=\"lazy\" decoding=\"async\" class=\"size-large wp-image-21019\" src=\"https:\/\/www.neuperlach.org\/blog\/wp-content\/uploads\/2025\/12\/PXL_20251220_132026838-1024x769.jpg\" alt=\"Mit dem Mietroller zum Ostpark\" width=\"580\" height=\"436\" srcset=\"https:\/\/www.neuperlach.org\/blog\/wp-content\/uploads\/2025\/12\/PXL_20251220_132026838-1024x769.jpg 1024w, https:\/\/www.neuperlach.org\/blog\/wp-content\/uploads\/2025\/12\/PXL_20251220_132026838-300x225.jpg 300w, https:\/\/www.neuperlach.org\/blog\/wp-content\/uploads\/2025\/12\/PXL_20251220_132026838-768x577.jpg 768w, https:\/\/www.neuperlach.org\/blog\/wp-content\/uploads\/2025\/12\/PXL_20251220_132026838-1536x1153.jpg 1536w, https:\/\/www.neuperlach.org\/blog\/wp-content\/uploads\/2025\/12\/PXL_20251220_132026838-2048x1538.jpg 2048w, https:\/\/www.neuperlach.org\/blog\/wp-content\/uploads\/2025\/12\/PXL_20251220_132026838-1200x901.jpg 1200w, https:\/\/www.neuperlach.org\/blog\/wp-content\/uploads\/2025\/12\/PXL_20251220_132026838-1980x1487.jpg 1980w\" sizes=\"auto, (max-width: 580px) 100vw, 580px\" \/><\/a><figcaption id=\"caption-attachment-21019\" class=\"wp-caption-text\">20.12.2025<\/figcaption><\/figure>\n<figure id=\"attachment_21020\" aria-describedby=\"caption-attachment-21020\" style=\"width: 580px\" class=\"wp-caption alignnone\"><a href=\"https:\/\/www.neuperlach.org\/blog\/wp-content\/uploads\/2025\/12\/PXL_20251220_132136502-scaled.jpg\"><img loading=\"lazy\" decoding=\"async\" class=\"size-large wp-image-21020\" src=\"https:\/\/www.neuperlach.org\/blog\/wp-content\/uploads\/2025\/12\/PXL_20251220_132136502-1024x769.jpg\" alt=\"Mit dem Mietroller zum Ostpark\" width=\"580\" height=\"436\" srcset=\"https:\/\/www.neuperlach.org\/blog\/wp-content\/uploads\/2025\/12\/PXL_20251220_132136502-1024x769.jpg 1024w, https:\/\/www.neuperlach.org\/blog\/wp-content\/uploads\/2025\/12\/PXL_20251220_132136502-300x225.jpg 300w, https:\/\/www.neuperlach.org\/blog\/wp-content\/uploads\/2025\/12\/PXL_20251220_132136502-768x577.jpg 768w, https:\/\/www.neuperlach.org\/blog\/wp-content\/uploads\/2025\/12\/PXL_20251220_132136502-1536x1153.jpg 1536w, https:\/\/www.neuperlach.org\/blog\/wp-content\/uploads\/2025\/12\/PXL_20251220_132136502-2048x1538.jpg 2048w, https:\/\/www.neuperlach.org\/blog\/wp-content\/uploads\/2025\/12\/PXL_20251220_132136502-1200x901.jpg 1200w, https:\/\/www.neuperlach.org\/blog\/wp-content\/uploads\/2025\/12\/PXL_20251220_132136502-1980x1487.jpg 1980w\" sizes=\"auto, (max-width: 580px) 100vw, 580px\" \/><\/a><figcaption id=\"caption-attachment-21020\" class=\"wp-caption-text\">20.12.2025<\/figcaption><\/figure>\n<h3>Blick Richtung Baustelle Alexisquartier und Alpen<\/h3>\n<figure id=\"attachment_21014\" aria-describedby=\"caption-attachment-21014\" style=\"width: 580px\" class=\"wp-caption alignnone\"><a href=\"https:\/\/www.neuperlach.org\/blog\/wp-content\/uploads\/2025\/12\/Sonnenaufgang-1.jpg\"><img loading=\"lazy\" decoding=\"async\" class=\"size-large wp-image-21014\" src=\"https:\/\/www.neuperlach.org\/blog\/wp-content\/uploads\/2025\/12\/Sonnenaufgang-1-1024x768.jpg\" alt=\"Sonnenaufgang Alexisquartier\/Alpen\" width=\"580\" height=\"435\" srcset=\"https:\/\/www.neuperlach.org\/blog\/wp-content\/uploads\/2025\/12\/Sonnenaufgang-1-1024x768.jpg 1024w, https:\/\/www.neuperlach.org\/blog\/wp-content\/uploads\/2025\/12\/Sonnenaufgang-1-300x225.jpg 300w, https:\/\/www.neuperlach.org\/blog\/wp-content\/uploads\/2025\/12\/Sonnenaufgang-1-768x576.jpg 768w, https:\/\/www.neuperlach.org\/blog\/wp-content\/uploads\/2025\/12\/Sonnenaufgang-1-1536x1152.jpg 1536w, https:\/\/www.neuperlach.org\/blog\/wp-content\/uploads\/2025\/12\/Sonnenaufgang-1-1200x900.jpg 1200w, https:\/\/www.neuperlach.org\/blog\/wp-content\/uploads\/2025\/12\/Sonnenaufgang-1-1980x1485.jpg 1980w, https:\/\/www.neuperlach.org\/blog\/wp-content\/uploads\/2025\/12\/Sonnenaufgang-1.jpg 2048w\" sizes=\"auto, (max-width: 580px) 100vw, 580px\" \/><\/a><figcaption id=\"caption-attachment-21014\" class=\"wp-caption-text\">19.12.2025<\/figcaption><\/figure>\n<figure id=\"attachment_21015\" aria-describedby=\"caption-attachment-21015\" style=\"width: 580px\" class=\"wp-caption alignnone\"><a href=\"https:\/\/www.neuperlach.org\/blog\/wp-content\/uploads\/2025\/12\/Sonnenaufgang-2.jpg\"><img loading=\"lazy\" decoding=\"async\" class=\"size-large wp-image-21015\" src=\"https:\/\/www.neuperlach.org\/blog\/wp-content\/uploads\/2025\/12\/Sonnenaufgang-2-1024x768.jpg\" alt=\"Sonnenaufgang Alexisquartier\/Alpen\" width=\"580\" height=\"435\" srcset=\"https:\/\/www.neuperlach.org\/blog\/wp-content\/uploads\/2025\/12\/Sonnenaufgang-2-1024x768.jpg 1024w, https:\/\/www.neuperlach.org\/blog\/wp-content\/uploads\/2025\/12\/Sonnenaufgang-2-300x225.jpg 300w, https:\/\/www.neuperlach.org\/blog\/wp-content\/uploads\/2025\/12\/Sonnenaufgang-2-768x576.jpg 768w, https:\/\/www.neuperlach.org\/blog\/wp-content\/uploads\/2025\/12\/Sonnenaufgang-2-1536x1152.jpg 1536w, https:\/\/www.neuperlach.org\/blog\/wp-content\/uploads\/2025\/12\/Sonnenaufgang-2-1200x900.jpg 1200w, https:\/\/www.neuperlach.org\/blog\/wp-content\/uploads\/2025\/12\/Sonnenaufgang-2-1980x1485.jpg 1980w, https:\/\/www.neuperlach.org\/blog\/wp-content\/uploads\/2025\/12\/Sonnenaufgang-2.jpg 2048w\" sizes=\"auto, (max-width: 580px) 100vw, 580px\" \/><\/a><figcaption id=\"caption-attachment-21015\" class=\"wp-caption-text\">19.12.2025<\/figcaption><\/figure>\n<figure id=\"attachment_21016\" aria-describedby=\"caption-attachment-21016\" style=\"width: 580px\" class=\"wp-caption alignnone\"><a href=\"https:\/\/www.neuperlach.org\/blog\/wp-content\/uploads\/2025\/12\/Sonnenaufgang-3.jpg\"><img loading=\"lazy\" decoding=\"async\" class=\"size-large wp-image-21016\" src=\"https:\/\/www.neuperlach.org\/blog\/wp-content\/uploads\/2025\/12\/Sonnenaufgang-3-1024x768.jpg\" alt=\"Sonnenaufgang Alexisquartier\/Alpen\" width=\"580\" height=\"435\" srcset=\"https:\/\/www.neuperlach.org\/blog\/wp-content\/uploads\/2025\/12\/Sonnenaufgang-3-1024x768.jpg 1024w, https:\/\/www.neuperlach.org\/blog\/wp-content\/uploads\/2025\/12\/Sonnenaufgang-3-300x225.jpg 300w, https:\/\/www.neuperlach.org\/blog\/wp-content\/uploads\/2025\/12\/Sonnenaufgang-3-768x576.jpg 768w, https:\/\/www.neuperlach.org\/blog\/wp-content\/uploads\/2025\/12\/Sonnenaufgang-3-1536x1152.jpg 1536w, https:\/\/www.neuperlach.org\/blog\/wp-content\/uploads\/2025\/12\/Sonnenaufgang-3-1200x900.jpg 1200w, https:\/\/www.neuperlach.org\/blog\/wp-content\/uploads\/2025\/12\/Sonnenaufgang-3-1980x1485.jpg 1980w, https:\/\/www.neuperlach.org\/blog\/wp-content\/uploads\/2025\/12\/Sonnenaufgang-3.jpg 2048w\" sizes=\"auto, (max-width: 580px) 100vw, 580px\" \/><\/a><figcaption id=\"caption-attachment-21016\" class=\"wp-caption-text\">19.12.2025<\/figcaption><\/figure>\n<h3>Die Br\u00fccke machen<\/h3>\n<p>Hachinger Bach, am Krehlebogen: Hier wird eine Br\u00fccke ersetzt, die entsprechend gesperrt ist. Wie die Fotos zeigen, befindet sich die neue Br\u00fccke noch im Aufbau, sodass man im Zeitverzug ist.<br \/>\nHinweis: Das erkennbare Gesicht der Frau auf einem der Fotos wurde per Software durch ein KI-Gesicht ersetzt.<\/p>\n<figure id=\"attachment_21012\" aria-describedby=\"caption-attachment-21012\" style=\"width: 580px\" class=\"wp-caption alignnone\"><a href=\"https:\/\/www.neuperlach.org\/blog\/wp-content\/uploads\/2025\/12\/PXL_20251219_135108065.MP_-scaled.jpg\"><img loading=\"lazy\" decoding=\"async\" class=\"size-large wp-image-21012\" src=\"https:\/\/www.neuperlach.org\/blog\/wp-content\/uploads\/2025\/12\/PXL_20251219_135108065.MP_-1024x769.jpg\" alt=\"Br\u00fccke Krehlebogen\/Hachinger Bach\" width=\"580\" height=\"436\" srcset=\"https:\/\/www.neuperlach.org\/blog\/wp-content\/uploads\/2025\/12\/PXL_20251219_135108065.MP_-1024x769.jpg 1024w, https:\/\/www.neuperlach.org\/blog\/wp-content\/uploads\/2025\/12\/PXL_20251219_135108065.MP_-300x225.jpg 300w, https:\/\/www.neuperlach.org\/blog\/wp-content\/uploads\/2025\/12\/PXL_20251219_135108065.MP_-768x577.jpg 768w, https:\/\/www.neuperlach.org\/blog\/wp-content\/uploads\/2025\/12\/PXL_20251219_135108065.MP_-1536x1153.jpg 1536w, https:\/\/www.neuperlach.org\/blog\/wp-content\/uploads\/2025\/12\/PXL_20251219_135108065.MP_-2048x1538.jpg 2048w, https:\/\/www.neuperlach.org\/blog\/wp-content\/uploads\/2025\/12\/PXL_20251219_135108065.MP_-1200x901.jpg 1200w, https:\/\/www.neuperlach.org\/blog\/wp-content\/uploads\/2025\/12\/PXL_20251219_135108065.MP_-1980x1487.jpg 1980w\" sizes=\"auto, (max-width: 580px) 100vw, 580px\" \/><\/a><figcaption id=\"caption-attachment-21012\" class=\"wp-caption-text\">19.12.2025<\/figcaption><\/figure>\n<figure id=\"attachment_21009\" aria-describedby=\"caption-attachment-21009\" style=\"width: 580px\" class=\"wp-caption alignnone\"><a href=\"https:\/\/www.neuperlach.org\/blog\/wp-content\/uploads\/2025\/12\/PXL_20251219_135006368-scaled.jpg\"><img loading=\"lazy\" decoding=\"async\" class=\"size-large wp-image-21009\" src=\"https:\/\/www.neuperlach.org\/blog\/wp-content\/uploads\/2025\/12\/PXL_20251219_135006368-1024x769.jpg\" alt=\"Br\u00fccke Krehlebogen\/Hachinger Bach\" width=\"580\" height=\"436\" srcset=\"https:\/\/www.neuperlach.org\/blog\/wp-content\/uploads\/2025\/12\/PXL_20251219_135006368-1024x769.jpg 1024w, https:\/\/www.neuperlach.org\/blog\/wp-content\/uploads\/2025\/12\/PXL_20251219_135006368-300x225.jpg 300w, https:\/\/www.neuperlach.org\/blog\/wp-content\/uploads\/2025\/12\/PXL_20251219_135006368-768x577.jpg 768w, https:\/\/www.neuperlach.org\/blog\/wp-content\/uploads\/2025\/12\/PXL_20251219_135006368-1536x1153.jpg 1536w, https:\/\/www.neuperlach.org\/blog\/wp-content\/uploads\/2025\/12\/PXL_20251219_135006368-2048x1538.jpg 2048w, https:\/\/www.neuperlach.org\/blog\/wp-content\/uploads\/2025\/12\/PXL_20251219_135006368-1200x901.jpg 1200w, https:\/\/www.neuperlach.org\/blog\/wp-content\/uploads\/2025\/12\/PXL_20251219_135006368-1980x1487.jpg 1980w\" sizes=\"auto, (max-width: 580px) 100vw, 580px\" \/><\/a><figcaption id=\"caption-attachment-21009\" class=\"wp-caption-text\">19.12.2025<\/figcaption><\/figure>\n<figure id=\"attachment_21010\" aria-describedby=\"caption-attachment-21010\" style=\"width: 580px\" class=\"wp-caption alignnone\"><a href=\"https:\/\/www.neuperlach.org\/blog\/wp-content\/uploads\/2025\/12\/PXL_20251219_135024275.MP_-scaled.jpg\"><img loading=\"lazy\" decoding=\"async\" class=\"size-large wp-image-21010\" src=\"https:\/\/www.neuperlach.org\/blog\/wp-content\/uploads\/2025\/12\/PXL_20251219_135024275.MP_-769x1024.jpg\" alt=\"Br\u00fccke Krehlebogen\/Hachinger Bach\" width=\"580\" height=\"772\" srcset=\"https:\/\/www.neuperlach.org\/blog\/wp-content\/uploads\/2025\/12\/PXL_20251219_135024275.MP_-769x1024.jpg 769w, https:\/\/www.neuperlach.org\/blog\/wp-content\/uploads\/2025\/12\/PXL_20251219_135024275.MP_-225x300.jpg 225w, https:\/\/www.neuperlach.org\/blog\/wp-content\/uploads\/2025\/12\/PXL_20251219_135024275.MP_-768x1023.jpg 768w, https:\/\/www.neuperlach.org\/blog\/wp-content\/uploads\/2025\/12\/PXL_20251219_135024275.MP_-1153x1536.jpg 1153w, https:\/\/www.neuperlach.org\/blog\/wp-content\/uploads\/2025\/12\/PXL_20251219_135024275.MP_-1538x2048.jpg 1538w, https:\/\/www.neuperlach.org\/blog\/wp-content\/uploads\/2025\/12\/PXL_20251219_135024275.MP_-1200x1598.jpg 1200w, https:\/\/www.neuperlach.org\/blog\/wp-content\/uploads\/2025\/12\/PXL_20251219_135024275.MP_-1980x2637.jpg 1980w, https:\/\/www.neuperlach.org\/blog\/wp-content\/uploads\/2025\/12\/PXL_20251219_135024275.MP_-scaled.jpg 1922w\" sizes=\"auto, (max-width: 580px) 100vw, 580px\" \/><\/a><figcaption id=\"caption-attachment-21010\" class=\"wp-caption-text\">19.12.2025<\/figcaption><\/figure>\n<figure id=\"attachment_21011\" aria-describedby=\"caption-attachment-21011\" style=\"width: 580px\" class=\"wp-caption alignnone\"><a href=\"https:\/\/www.neuperlach.org\/blog\/wp-content\/uploads\/2025\/12\/PXL_20251219_135035115-scaled.jpg\"><img loading=\"lazy\" decoding=\"async\" class=\"size-large wp-image-21011\" src=\"https:\/\/www.neuperlach.org\/blog\/wp-content\/uploads\/2025\/12\/PXL_20251219_135035115-986x1024.jpg\" alt=\"Br\u00fccke Krehlebogen\/Hachinger Bach\" width=\"580\" height=\"602\" srcset=\"https:\/\/www.neuperlach.org\/blog\/wp-content\/uploads\/2025\/12\/PXL_20251219_135035115-986x1024.jpg 986w, https:\/\/www.neuperlach.org\/blog\/wp-content\/uploads\/2025\/12\/PXL_20251219_135035115-289x300.jpg 289w, https:\/\/www.neuperlach.org\/blog\/wp-content\/uploads\/2025\/12\/PXL_20251219_135035115-768x798.jpg 768w, https:\/\/www.neuperlach.org\/blog\/wp-content\/uploads\/2025\/12\/PXL_20251219_135035115-1478x1536.jpg 1478w, https:\/\/www.neuperlach.org\/blog\/wp-content\/uploads\/2025\/12\/PXL_20251219_135035115-1971x2048.jpg 1971w, https:\/\/www.neuperlach.org\/blog\/wp-content\/uploads\/2025\/12\/PXL_20251219_135035115-1200x1247.jpg 1200w, https:\/\/www.neuperlach.org\/blog\/wp-content\/uploads\/2025\/12\/PXL_20251219_135035115-1980x2057.jpg 1980w\" sizes=\"auto, (max-width: 580px) 100vw, 580px\" \/><\/a><figcaption id=\"caption-attachment-21011\" class=\"wp-caption-text\">19.12.2025<\/figcaption><\/figure>\n<figure id=\"attachment_21013\" aria-describedby=\"caption-attachment-21013\" style=\"width: 580px\" class=\"wp-caption alignnone\"><a href=\"https:\/\/www.neuperlach.org\/blog\/wp-content\/uploads\/2025\/12\/PXL_20251219_135150980-scaled.jpg\"><img loading=\"lazy\" decoding=\"async\" class=\"size-large wp-image-21013\" src=\"https:\/\/www.neuperlach.org\/blog\/wp-content\/uploads\/2025\/12\/PXL_20251219_135150980-1024x769.jpg\" alt=\"Br\u00fccke Krehlebogen\/Hachinger Bach\" width=\"580\" height=\"436\" srcset=\"https:\/\/www.neuperlach.org\/blog\/wp-content\/uploads\/2025\/12\/PXL_20251219_135150980-1024x769.jpg 1024w, https:\/\/www.neuperlach.org\/blog\/wp-content\/uploads\/2025\/12\/PXL_20251219_135150980-300x225.jpg 300w, https:\/\/www.neuperlach.org\/blog\/wp-content\/uploads\/2025\/12\/PXL_20251219_135150980-768x577.jpg 768w, https:\/\/www.neuperlach.org\/blog\/wp-content\/uploads\/2025\/12\/PXL_20251219_135150980-1536x1153.jpg 1536w, https:\/\/www.neuperlach.org\/blog\/wp-content\/uploads\/2025\/12\/PXL_20251219_135150980-2048x1538.jpg 2048w, https:\/\/www.neuperlach.org\/blog\/wp-content\/uploads\/2025\/12\/PXL_20251219_135150980-1200x901.jpg 1200w, https:\/\/www.neuperlach.org\/blog\/wp-content\/uploads\/2025\/12\/PXL_20251219_135150980-1980x1487.jpg 1980w\" sizes=\"auto, (max-width: 580px) 100vw, 580px\" \/><\/a><figcaption id=\"caption-attachment-21013\" class=\"wp-caption-text\">19.12.2025<\/figcaption><\/figure>\n<h3>Im Alexisquartier wird wirklich gebaut und nicht nur geredet!<\/h3>\n<figure id=\"attachment_20992\" aria-describedby=\"caption-attachment-20992\" style=\"width: 580px\" class=\"wp-caption alignnone\"><a href=\"https:\/\/www.neuperlach.org\/blog\/wp-content\/uploads\/2025\/12\/BSG_2025_12_17_1336_cr-scaled.jpg\"><img loading=\"lazy\" decoding=\"async\" class=\"size-large wp-image-20992\" src=\"https:\/\/www.neuperlach.org\/blog\/wp-content\/uploads\/2025\/12\/BSG_2025_12_17_1336_cr-1024x576.jpg\" alt=\"Alexisquartier\" width=\"580\" height=\"326\" srcset=\"https:\/\/www.neuperlach.org\/blog\/wp-content\/uploads\/2025\/12\/BSG_2025_12_17_1336_cr-1024x576.jpg 1024w, https:\/\/www.neuperlach.org\/blog\/wp-content\/uploads\/2025\/12\/BSG_2025_12_17_1336_cr-300x169.jpg 300w, https:\/\/www.neuperlach.org\/blog\/wp-content\/uploads\/2025\/12\/BSG_2025_12_17_1336_cr-768x432.jpg 768w, https:\/\/www.neuperlach.org\/blog\/wp-content\/uploads\/2025\/12\/BSG_2025_12_17_1336_cr-1536x864.jpg 1536w, https:\/\/www.neuperlach.org\/blog\/wp-content\/uploads\/2025\/12\/BSG_2025_12_17_1336_cr-2048x1152.jpg 2048w, https:\/\/www.neuperlach.org\/blog\/wp-content\/uploads\/2025\/12\/BSG_2025_12_17_1336_cr-1200x675.jpg 1200w, https:\/\/www.neuperlach.org\/blog\/wp-content\/uploads\/2025\/12\/BSG_2025_12_17_1336_cr-1980x1114.jpg 1980w\" sizes=\"auto, (max-width: 580px) 100vw, 580px\" \/><\/a><figcaption id=\"caption-attachment-20992\" class=\"wp-caption-text\">Kurz nach 7 Uhr morgens ist es drau\u00dfen noch dunkel. Bei der Kita 1, welche Anfang 2026 er\u00f6ffnet werden soll, ist die Au\u00dfenbeleuchtung eingeschaltet. Auch drinnen brennt Licht im Erdgeschoss (17.12.2025). Foto: Benno Steuernagel-Gniffke<\/figcaption><\/figure>\n<p>Im <a href=\"https:\/\/www.neuperlach.org\/blog\/alexisquartier-der-bau\/\">Alexisquartier<\/a> wird sogar erstmals seit 40 Jahren wieder das errichtet, f\u00fcr das Neuperlach so typisch ist: Hochh\u00e4user. Genauer entstehen zwei St\u00fcck (einmal Demos, einmal BayernHeim) mit jeweils 52 Metern H\u00f6he. Bei Demos werden es 15 Geschosse, bei BayernHeim hingegen 17 durch geringere Raumh\u00f6he und d\u00fcnnere Zwischendecken. Urspr\u00fcnglich sollten es bei beiden Hochh\u00e4usern 15 Geschosse werden.<\/p>\n<p>Bevor es auf dem Bau am Freitag nach Feierabend in die Winterpause geht, und die Bauarbeiter in den wohlverdienten Heimaturlaub zu ihren Lieben fahren, gibt es heute einige besondere Fotos von Benno Steuernagel-Gniffke zu sehen. Denn kurz nach 7 Uhr (!) war er bereits im Alexisquartier. Dort hat er vor Sonnenaufgang Fotos vom BayernHeim im Licht der Strahler der Kr\u00e4ne und der Scheinwerfer der Baufahrzeuge gemacht. Dort war auch eine mobile Betonpumpe im Einsatz. Die Sonne hat sich sp\u00e4ter nicht gezeigt. Der sich hartn\u00e4ckig haltende Hochnebel war leider dagegen.<\/p>\n<figure id=\"attachment_20993\" aria-describedby=\"caption-attachment-20993\" style=\"width: 580px\" class=\"wp-caption alignnone\"><a href=\"https:\/\/www.neuperlach.org\/blog\/wp-content\/uploads\/2025\/12\/BSG_2025_12_17_1337_cr-scaled.jpg\"><img loading=\"lazy\" decoding=\"async\" class=\"size-large wp-image-20993\" src=\"https:\/\/www.neuperlach.org\/blog\/wp-content\/uploads\/2025\/12\/BSG_2025_12_17_1337_cr-1024x576.jpg\" alt=\"Alexisquartier\" width=\"580\" height=\"326\" srcset=\"https:\/\/www.neuperlach.org\/blog\/wp-content\/uploads\/2025\/12\/BSG_2025_12_17_1337_cr-1024x576.jpg 1024w, https:\/\/www.neuperlach.org\/blog\/wp-content\/uploads\/2025\/12\/BSG_2025_12_17_1337_cr-300x169.jpg 300w, https:\/\/www.neuperlach.org\/blog\/wp-content\/uploads\/2025\/12\/BSG_2025_12_17_1337_cr-768x432.jpg 768w, https:\/\/www.neuperlach.org\/blog\/wp-content\/uploads\/2025\/12\/BSG_2025_12_17_1337_cr-1536x864.jpg 1536w, https:\/\/www.neuperlach.org\/blog\/wp-content\/uploads\/2025\/12\/BSG_2025_12_17_1337_cr-2048x1152.jpg 2048w, https:\/\/www.neuperlach.org\/blog\/wp-content\/uploads\/2025\/12\/BSG_2025_12_17_1337_cr-1200x675.jpg 1200w, https:\/\/www.neuperlach.org\/blog\/wp-content\/uploads\/2025\/12\/BSG_2025_12_17_1337_cr-1980x1114.jpg 1980w\" sizes=\"auto, (max-width: 580px) 100vw, 580px\" \/><\/a><figcaption id=\"caption-attachment-20993\" class=\"wp-caption-text\">Dito (17.12.2025). Foto: Benno Steuernagel-Gniffke<\/figcaption><\/figure>\n<figure id=\"attachment_20994\" aria-describedby=\"caption-attachment-20994\" style=\"width: 580px\" class=\"wp-caption alignnone\"><a href=\"https:\/\/www.neuperlach.org\/blog\/wp-content\/uploads\/2025\/12\/BSG_2025_12_17_1338_cr-scaled.jpg\"><img loading=\"lazy\" decoding=\"async\" class=\"size-large wp-image-20994\" src=\"https:\/\/www.neuperlach.org\/blog\/wp-content\/uploads\/2025\/12\/BSG_2025_12_17_1338_cr-1024x576.jpg\" alt=\"Alexisquartier\" width=\"580\" height=\"326\" srcset=\"https:\/\/www.neuperlach.org\/blog\/wp-content\/uploads\/2025\/12\/BSG_2025_12_17_1338_cr-1024x576.jpg 1024w, https:\/\/www.neuperlach.org\/blog\/wp-content\/uploads\/2025\/12\/BSG_2025_12_17_1338_cr-300x169.jpg 300w, https:\/\/www.neuperlach.org\/blog\/wp-content\/uploads\/2025\/12\/BSG_2025_12_17_1338_cr-768x432.jpg 768w, https:\/\/www.neuperlach.org\/blog\/wp-content\/uploads\/2025\/12\/BSG_2025_12_17_1338_cr-1536x864.jpg 1536w, https:\/\/www.neuperlach.org\/blog\/wp-content\/uploads\/2025\/12\/BSG_2025_12_17_1338_cr-2048x1152.jpg 2048w, https:\/\/www.neuperlach.org\/blog\/wp-content\/uploads\/2025\/12\/BSG_2025_12_17_1338_cr-1200x675.jpg 1200w, https:\/\/www.neuperlach.org\/blog\/wp-content\/uploads\/2025\/12\/BSG_2025_12_17_1338_cr-1980x1114.jpg 1980w\" sizes=\"auto, (max-width: 580px) 100vw, 580px\" \/><\/a><figcaption id=\"caption-attachment-20994\" class=\"wp-caption-text\">Dito (17.12.2025). Foto: Benno Steuernagel-Gniffke<\/figcaption><\/figure>\n<figure id=\"attachment_20995\" aria-describedby=\"caption-attachment-20995\" style=\"width: 580px\" class=\"wp-caption alignnone\"><a href=\"https:\/\/www.neuperlach.org\/blog\/wp-content\/uploads\/2025\/12\/BSG_2025_12_17_1340_cr-scaled.jpg\"><img loading=\"lazy\" decoding=\"async\" class=\"size-large wp-image-20995\" src=\"https:\/\/www.neuperlach.org\/blog\/wp-content\/uploads\/2025\/12\/BSG_2025_12_17_1340_cr-1024x576.jpg\" alt=\"Alexisquartier\" width=\"580\" height=\"326\" srcset=\"https:\/\/www.neuperlach.org\/blog\/wp-content\/uploads\/2025\/12\/BSG_2025_12_17_1340_cr-1024x576.jpg 1024w, https:\/\/www.neuperlach.org\/blog\/wp-content\/uploads\/2025\/12\/BSG_2025_12_17_1340_cr-300x169.jpg 300w, https:\/\/www.neuperlach.org\/blog\/wp-content\/uploads\/2025\/12\/BSG_2025_12_17_1340_cr-768x432.jpg 768w, https:\/\/www.neuperlach.org\/blog\/wp-content\/uploads\/2025\/12\/BSG_2025_12_17_1340_cr-1536x864.jpg 1536w, https:\/\/www.neuperlach.org\/blog\/wp-content\/uploads\/2025\/12\/BSG_2025_12_17_1340_cr-2048x1152.jpg 2048w, https:\/\/www.neuperlach.org\/blog\/wp-content\/uploads\/2025\/12\/BSG_2025_12_17_1340_cr-1200x675.jpg 1200w, https:\/\/www.neuperlach.org\/blog\/wp-content\/uploads\/2025\/12\/BSG_2025_12_17_1340_cr-1980x1114.jpg 1980w\" sizes=\"auto, (max-width: 580px) 100vw, 580px\" \/><\/a><figcaption id=\"caption-attachment-20995\" class=\"wp-caption-text\">Schon beim Einbiegen in die Franz-Heubl-Stra\u00dfe sieht man, dass hinten bei der BayernHeim bereits eine mobile Betonpumpe im Einsatz ist. Das schauen wir uns gleich mal an (17.12.2025). Foto: Benno Steuernagel-Gniffke<\/figcaption><\/figure>\n<figure id=\"attachment_20996\" aria-describedby=\"caption-attachment-20996\" style=\"width: 580px\" class=\"wp-caption alignnone\"><a href=\"https:\/\/www.neuperlach.org\/blog\/wp-content\/uploads\/2025\/12\/BSG_2025_12_17_1343_cr-scaled.jpg\"><img loading=\"lazy\" decoding=\"async\" class=\"size-large wp-image-20996\" src=\"https:\/\/www.neuperlach.org\/blog\/wp-content\/uploads\/2025\/12\/BSG_2025_12_17_1343_cr-1024x576.jpg\" alt=\"Alexisquartier\" width=\"580\" height=\"326\" srcset=\"https:\/\/www.neuperlach.org\/blog\/wp-content\/uploads\/2025\/12\/BSG_2025_12_17_1343_cr-1024x576.jpg 1024w, https:\/\/www.neuperlach.org\/blog\/wp-content\/uploads\/2025\/12\/BSG_2025_12_17_1343_cr-300x169.jpg 300w, https:\/\/www.neuperlach.org\/blog\/wp-content\/uploads\/2025\/12\/BSG_2025_12_17_1343_cr-768x432.jpg 768w, https:\/\/www.neuperlach.org\/blog\/wp-content\/uploads\/2025\/12\/BSG_2025_12_17_1343_cr-1536x864.jpg 1536w, https:\/\/www.neuperlach.org\/blog\/wp-content\/uploads\/2025\/12\/BSG_2025_12_17_1343_cr-2048x1152.jpg 2048w, https:\/\/www.neuperlach.org\/blog\/wp-content\/uploads\/2025\/12\/BSG_2025_12_17_1343_cr-1200x675.jpg 1200w, https:\/\/www.neuperlach.org\/blog\/wp-content\/uploads\/2025\/12\/BSG_2025_12_17_1343_cr-1980x1114.jpg 1980w\" sizes=\"auto, (max-width: 580px) 100vw, 580px\" \/><\/a><figcaption id=\"caption-attachment-20996\" class=\"wp-caption-text\">Eine Kellerdecke wird betoniert (17.12.2025). Foto: Benno Steuernagel-Gniffke<\/figcaption><\/figure>\n<figure id=\"attachment_20997\" aria-describedby=\"caption-attachment-20997\" style=\"width: 580px\" class=\"wp-caption alignnone\"><a href=\"https:\/\/www.neuperlach.org\/blog\/wp-content\/uploads\/2025\/12\/BSG_2025_12_17_1347_cr-scaled.jpg\"><img loading=\"lazy\" decoding=\"async\" class=\"size-large wp-image-20997\" src=\"https:\/\/www.neuperlach.org\/blog\/wp-content\/uploads\/2025\/12\/BSG_2025_12_17_1347_cr-1024x576.jpg\" alt=\"Alexisquartier\" width=\"580\" height=\"326\" srcset=\"https:\/\/www.neuperlach.org\/blog\/wp-content\/uploads\/2025\/12\/BSG_2025_12_17_1347_cr-1024x576.jpg 1024w, https:\/\/www.neuperlach.org\/blog\/wp-content\/uploads\/2025\/12\/BSG_2025_12_17_1347_cr-300x169.jpg 300w, https:\/\/www.neuperlach.org\/blog\/wp-content\/uploads\/2025\/12\/BSG_2025_12_17_1347_cr-768x432.jpg 768w, https:\/\/www.neuperlach.org\/blog\/wp-content\/uploads\/2025\/12\/BSG_2025_12_17_1347_cr-1536x864.jpg 1536w, https:\/\/www.neuperlach.org\/blog\/wp-content\/uploads\/2025\/12\/BSG_2025_12_17_1347_cr-2048x1152.jpg 2048w, https:\/\/www.neuperlach.org\/blog\/wp-content\/uploads\/2025\/12\/BSG_2025_12_17_1347_cr-1200x675.jpg 1200w, https:\/\/www.neuperlach.org\/blog\/wp-content\/uploads\/2025\/12\/BSG_2025_12_17_1347_cr-1980x1113.jpg 1980w\" sizes=\"auto, (max-width: 580px) 100vw, 580px\" \/><\/a><figcaption id=\"caption-attachment-20997\" class=\"wp-caption-text\">Betonmischer kommen zur fr\u00fchen Stunde und bringen den Fl\u00fcssigbeton (17.12.2025). Foto: Benno Steuernagel-Gniffke<\/figcaption><\/figure>\n<figure id=\"attachment_20998\" aria-describedby=\"caption-attachment-20998\" style=\"width: 580px\" class=\"wp-caption alignnone\"><a href=\"https:\/\/www.neuperlach.org\/blog\/wp-content\/uploads\/2025\/12\/BSG_2025_12_17_1377_cr-scaled.jpg\"><img loading=\"lazy\" decoding=\"async\" class=\"size-large wp-image-20998\" src=\"https:\/\/www.neuperlach.org\/blog\/wp-content\/uploads\/2025\/12\/BSG_2025_12_17_1377_cr-1024x576.jpg\" alt=\"Alexisquartier\" width=\"580\" height=\"326\" srcset=\"https:\/\/www.neuperlach.org\/blog\/wp-content\/uploads\/2025\/12\/BSG_2025_12_17_1377_cr-1024x576.jpg 1024w, https:\/\/www.neuperlach.org\/blog\/wp-content\/uploads\/2025\/12\/BSG_2025_12_17_1377_cr-300x169.jpg 300w, https:\/\/www.neuperlach.org\/blog\/wp-content\/uploads\/2025\/12\/BSG_2025_12_17_1377_cr-768x432.jpg 768w, https:\/\/www.neuperlach.org\/blog\/wp-content\/uploads\/2025\/12\/BSG_2025_12_17_1377_cr-1536x864.jpg 1536w, https:\/\/www.neuperlach.org\/blog\/wp-content\/uploads\/2025\/12\/BSG_2025_12_17_1377_cr-2048x1152.jpg 2048w, https:\/\/www.neuperlach.org\/blog\/wp-content\/uploads\/2025\/12\/BSG_2025_12_17_1377_cr-1200x675.jpg 1200w, https:\/\/www.neuperlach.org\/blog\/wp-content\/uploads\/2025\/12\/BSG_2025_12_17_1377_cr-1980x1114.jpg 1980w\" sizes=\"auto, (max-width: 580px) 100vw, 580px\" \/><\/a><figcaption id=\"caption-attachment-20998\" class=\"wp-caption-text\">7 Uhr 30, langsam wird der Himmel heller (17.12.2025). Foto: Benno Steuernagel-Gniffke<\/figcaption><\/figure>\n<figure id=\"attachment_20999\" aria-describedby=\"caption-attachment-20999\" style=\"width: 580px\" class=\"wp-caption alignnone\"><a href=\"https:\/\/www.neuperlach.org\/blog\/wp-content\/uploads\/2025\/12\/BSG_2025_12_17_1378_cr-scaled.jpg\"><img loading=\"lazy\" decoding=\"async\" class=\"size-large wp-image-20999\" src=\"https:\/\/www.neuperlach.org\/blog\/wp-content\/uploads\/2025\/12\/BSG_2025_12_17_1378_cr-1024x576.jpg\" alt=\"Alexisquartier\" width=\"580\" height=\"326\" srcset=\"https:\/\/www.neuperlach.org\/blog\/wp-content\/uploads\/2025\/12\/BSG_2025_12_17_1378_cr-1024x576.jpg 1024w, https:\/\/www.neuperlach.org\/blog\/wp-content\/uploads\/2025\/12\/BSG_2025_12_17_1378_cr-300x169.jpg 300w, https:\/\/www.neuperlach.org\/blog\/wp-content\/uploads\/2025\/12\/BSG_2025_12_17_1378_cr-768x432.jpg 768w, https:\/\/www.neuperlach.org\/blog\/wp-content\/uploads\/2025\/12\/BSG_2025_12_17_1378_cr-1536x864.jpg 1536w, https:\/\/www.neuperlach.org\/blog\/wp-content\/uploads\/2025\/12\/BSG_2025_12_17_1378_cr-2048x1152.jpg 2048w, https:\/\/www.neuperlach.org\/blog\/wp-content\/uploads\/2025\/12\/BSG_2025_12_17_1378_cr-1200x675.jpg 1200w, https:\/\/www.neuperlach.org\/blog\/wp-content\/uploads\/2025\/12\/BSG_2025_12_17_1378_cr-1980x1114.jpg 1980w\" sizes=\"auto, (max-width: 580px) 100vw, 580px\" \/><\/a><figcaption id=\"caption-attachment-20999\" class=\"wp-caption-text\">Dito (17.12.2025). Foto: Benno Steuernagel-Gniffke<\/figcaption><\/figure>\n<figure id=\"attachment_21000\" aria-describedby=\"caption-attachment-21000\" style=\"width: 580px\" class=\"wp-caption alignnone\"><a href=\"https:\/\/www.neuperlach.org\/blog\/wp-content\/uploads\/2025\/12\/BSG_2025_12_17_1406_cr-scaled.jpg\"><img loading=\"lazy\" decoding=\"async\" class=\"size-large wp-image-21000\" src=\"https:\/\/www.neuperlach.org\/blog\/wp-content\/uploads\/2025\/12\/BSG_2025_12_17_1406_cr-1024x576.jpg\" alt=\"Alexisquartier\" width=\"580\" height=\"326\" srcset=\"https:\/\/www.neuperlach.org\/blog\/wp-content\/uploads\/2025\/12\/BSG_2025_12_17_1406_cr-1024x576.jpg 1024w, https:\/\/www.neuperlach.org\/blog\/wp-content\/uploads\/2025\/12\/BSG_2025_12_17_1406_cr-300x169.jpg 300w, https:\/\/www.neuperlach.org\/blog\/wp-content\/uploads\/2025\/12\/BSG_2025_12_17_1406_cr-768x432.jpg 768w, https:\/\/www.neuperlach.org\/blog\/wp-content\/uploads\/2025\/12\/BSG_2025_12_17_1406_cr-1536x864.jpg 1536w, https:\/\/www.neuperlach.org\/blog\/wp-content\/uploads\/2025\/12\/BSG_2025_12_17_1406_cr-2048x1152.jpg 2048w, https:\/\/www.neuperlach.org\/blog\/wp-content\/uploads\/2025\/12\/BSG_2025_12_17_1406_cr-1200x675.jpg 1200w, https:\/\/www.neuperlach.org\/blog\/wp-content\/uploads\/2025\/12\/BSG_2025_12_17_1406_cr-1980x1114.jpg 1980w\" sizes=\"auto, (max-width: 580px) 100vw, 580px\" \/><\/a><figcaption id=\"caption-attachment-21000\" class=\"wp-caption-text\">BayernHeim-Baustelle (17.12.2025). Foto: Benno Steuernagel-Gniffke<\/figcaption><\/figure>\n<figure id=\"attachment_21001\" aria-describedby=\"caption-attachment-21001\" style=\"width: 580px\" class=\"wp-caption alignnone\"><a href=\"https:\/\/www.neuperlach.org\/blog\/wp-content\/uploads\/2025\/12\/BSG_2025_12_17_1407_cr-scaled.jpg\"><img loading=\"lazy\" decoding=\"async\" class=\"size-large wp-image-21001\" src=\"https:\/\/www.neuperlach.org\/blog\/wp-content\/uploads\/2025\/12\/BSG_2025_12_17_1407_cr-1024x576.jpg\" alt=\"Alexisquartier\" width=\"580\" height=\"326\" srcset=\"https:\/\/www.neuperlach.org\/blog\/wp-content\/uploads\/2025\/12\/BSG_2025_12_17_1407_cr-1024x576.jpg 1024w, https:\/\/www.neuperlach.org\/blog\/wp-content\/uploads\/2025\/12\/BSG_2025_12_17_1407_cr-300x169.jpg 300w, https:\/\/www.neuperlach.org\/blog\/wp-content\/uploads\/2025\/12\/BSG_2025_12_17_1407_cr-768x432.jpg 768w, https:\/\/www.neuperlach.org\/blog\/wp-content\/uploads\/2025\/12\/BSG_2025_12_17_1407_cr-1536x864.jpg 1536w, https:\/\/www.neuperlach.org\/blog\/wp-content\/uploads\/2025\/12\/BSG_2025_12_17_1407_cr-2048x1152.jpg 2048w, https:\/\/www.neuperlach.org\/blog\/wp-content\/uploads\/2025\/12\/BSG_2025_12_17_1407_cr-1200x675.jpg 1200w, https:\/\/www.neuperlach.org\/blog\/wp-content\/uploads\/2025\/12\/BSG_2025_12_17_1407_cr-1980x1114.jpg 1980w\" sizes=\"auto, (max-width: 580px) 100vw, 580px\" \/><\/a><figcaption id=\"caption-attachment-21001\" class=\"wp-caption-text\">Bei Pandion Verde 2 laufen Innen- und Dacharbeiten weiter (17.12.2025). Foto: Benno Steuernagel-Gniffke<\/figcaption><\/figure>\n<figure id=\"attachment_21002\" aria-describedby=\"caption-attachment-21002\" style=\"width: 580px\" class=\"wp-caption alignnone\"><a href=\"https:\/\/www.neuperlach.org\/blog\/wp-content\/uploads\/2025\/12\/BSG_2025_12_17_1409_cr-scaled.jpg\"><img loading=\"lazy\" decoding=\"async\" class=\"size-large wp-image-21002\" src=\"https:\/\/www.neuperlach.org\/blog\/wp-content\/uploads\/2025\/12\/BSG_2025_12_17_1409_cr-1024x576.jpg\" alt=\"Alexisquartier\" width=\"580\" height=\"326\" srcset=\"https:\/\/www.neuperlach.org\/blog\/wp-content\/uploads\/2025\/12\/BSG_2025_12_17_1409_cr-1024x576.jpg 1024w, https:\/\/www.neuperlach.org\/blog\/wp-content\/uploads\/2025\/12\/BSG_2025_12_17_1409_cr-300x169.jpg 300w, https:\/\/www.neuperlach.org\/blog\/wp-content\/uploads\/2025\/12\/BSG_2025_12_17_1409_cr-768x432.jpg 768w, https:\/\/www.neuperlach.org\/blog\/wp-content\/uploads\/2025\/12\/BSG_2025_12_17_1409_cr-1536x864.jpg 1536w, https:\/\/www.neuperlach.org\/blog\/wp-content\/uploads\/2025\/12\/BSG_2025_12_17_1409_cr-2048x1152.jpg 2048w, https:\/\/www.neuperlach.org\/blog\/wp-content\/uploads\/2025\/12\/BSG_2025_12_17_1409_cr-1200x675.jpg 1200w, https:\/\/www.neuperlach.org\/blog\/wp-content\/uploads\/2025\/12\/BSG_2025_12_17_1409_cr-1980x1114.jpg 1980w\" sizes=\"auto, (max-width: 580px) 100vw, 580px\" \/><\/a><figcaption id=\"caption-attachment-21002\" class=\"wp-caption-text\">Dito (17.12.2025). Foto: Benno Steuernagel-Gniffke<\/figcaption><\/figure>\n<figure id=\"attachment_21003\" aria-describedby=\"caption-attachment-21003\" style=\"width: 580px\" class=\"wp-caption alignnone\"><a href=\"https:\/\/www.neuperlach.org\/blog\/wp-content\/uploads\/2025\/12\/BSG_2025_12_17_1411-scaled.jpg\"><img loading=\"lazy\" decoding=\"async\" class=\"size-large wp-image-21003\" src=\"https:\/\/www.neuperlach.org\/blog\/wp-content\/uploads\/2025\/12\/BSG_2025_12_17_1411-1024x683.jpg\" alt=\"Alexisquartier\" width=\"580\" height=\"387\" srcset=\"https:\/\/www.neuperlach.org\/blog\/wp-content\/uploads\/2025\/12\/BSG_2025_12_17_1411-1024x683.jpg 1024w, https:\/\/www.neuperlach.org\/blog\/wp-content\/uploads\/2025\/12\/BSG_2025_12_17_1411-300x200.jpg 300w, https:\/\/www.neuperlach.org\/blog\/wp-content\/uploads\/2025\/12\/BSG_2025_12_17_1411-768x512.jpg 768w, https:\/\/www.neuperlach.org\/blog\/wp-content\/uploads\/2025\/12\/BSG_2025_12_17_1411-1536x1024.jpg 1536w, https:\/\/www.neuperlach.org\/blog\/wp-content\/uploads\/2025\/12\/BSG_2025_12_17_1411-2048x1365.jpg 2048w, https:\/\/www.neuperlach.org\/blog\/wp-content\/uploads\/2025\/12\/BSG_2025_12_17_1411-1200x800.jpg 1200w, https:\/\/www.neuperlach.org\/blog\/wp-content\/uploads\/2025\/12\/BSG_2025_12_17_1411-1980x1320.jpg 1980w\" sizes=\"auto, (max-width: 580px) 100vw, 580px\" \/><\/a><figcaption id=\"caption-attachment-21003\" class=\"wp-caption-text\">Dito (17.12.2025). Foto: Benno Steuernagel-Gniffke<\/figcaption><\/figure>\n<figure id=\"attachment_21004\" aria-describedby=\"caption-attachment-21004\" style=\"width: 580px\" class=\"wp-caption alignnone\"><a href=\"https:\/\/www.neuperlach.org\/blog\/wp-content\/uploads\/2025\/12\/BSG_2025_12_17_1429_cr-scaled.jpg\"><img loading=\"lazy\" decoding=\"async\" class=\"size-large wp-image-21004\" src=\"https:\/\/www.neuperlach.org\/blog\/wp-content\/uploads\/2025\/12\/BSG_2025_12_17_1429_cr-1024x576.jpg\" alt=\"Alexisquartier\" width=\"580\" height=\"326\" srcset=\"https:\/\/www.neuperlach.org\/blog\/wp-content\/uploads\/2025\/12\/BSG_2025_12_17_1429_cr-1024x576.jpg 1024w, https:\/\/www.neuperlach.org\/blog\/wp-content\/uploads\/2025\/12\/BSG_2025_12_17_1429_cr-300x169.jpg 300w, https:\/\/www.neuperlach.org\/blog\/wp-content\/uploads\/2025\/12\/BSG_2025_12_17_1429_cr-768x432.jpg 768w, https:\/\/www.neuperlach.org\/blog\/wp-content\/uploads\/2025\/12\/BSG_2025_12_17_1429_cr-1536x864.jpg 1536w, https:\/\/www.neuperlach.org\/blog\/wp-content\/uploads\/2025\/12\/BSG_2025_12_17_1429_cr-2048x1152.jpg 2048w, https:\/\/www.neuperlach.org\/blog\/wp-content\/uploads\/2025\/12\/BSG_2025_12_17_1429_cr-1200x675.jpg 1200w, https:\/\/www.neuperlach.org\/blog\/wp-content\/uploads\/2025\/12\/BSG_2025_12_17_1429_cr-1980x1114.jpg 1980w\" sizes=\"auto, (max-width: 580px) 100vw, 580px\" \/><\/a><figcaption id=\"caption-attachment-21004\" class=\"wp-caption-text\">Bei der Demos-Baugrube scheint heute nicht mehr viel los zu sein (17.12.2025). Foto: Benno Steuernagel-Gniffke<\/figcaption><\/figure>\n<figure id=\"attachment_21005\" aria-describedby=\"caption-attachment-21005\" style=\"width: 580px\" class=\"wp-caption alignnone\"><a href=\"https:\/\/www.neuperlach.org\/blog\/wp-content\/uploads\/2025\/12\/BSG_2025_12_17_1432_cr-scaled.jpg\"><img loading=\"lazy\" decoding=\"async\" class=\"size-large wp-image-21005\" src=\"https:\/\/www.neuperlach.org\/blog\/wp-content\/uploads\/2025\/12\/BSG_2025_12_17_1432_cr-1024x576.jpg\" alt=\"Alexisquartier\" width=\"580\" height=\"326\" srcset=\"https:\/\/www.neuperlach.org\/blog\/wp-content\/uploads\/2025\/12\/BSG_2025_12_17_1432_cr-1024x576.jpg 1024w, https:\/\/www.neuperlach.org\/blog\/wp-content\/uploads\/2025\/12\/BSG_2025_12_17_1432_cr-300x169.jpg 300w, https:\/\/www.neuperlach.org\/blog\/wp-content\/uploads\/2025\/12\/BSG_2025_12_17_1432_cr-768x432.jpg 768w, https:\/\/www.neuperlach.org\/blog\/wp-content\/uploads\/2025\/12\/BSG_2025_12_17_1432_cr-1536x864.jpg 1536w, https:\/\/www.neuperlach.org\/blog\/wp-content\/uploads\/2025\/12\/BSG_2025_12_17_1432_cr-2048x1152.jpg 2048w, https:\/\/www.neuperlach.org\/blog\/wp-content\/uploads\/2025\/12\/BSG_2025_12_17_1432_cr-1200x675.jpg 1200w, https:\/\/www.neuperlach.org\/blog\/wp-content\/uploads\/2025\/12\/BSG_2025_12_17_1432_cr-1980x1114.jpg 1980w\" sizes=\"auto, (max-width: 580px) 100vw, 580px\" \/><\/a><figcaption id=\"caption-attachment-21005\" class=\"wp-caption-text\">Nun im Morgenlicht, aber noch mit eingeschaltetem Au\u00dfenlicht, so zeigt sich die Kita 1 am Ende des heutigen Besuches (17.12.2025). Foto: Benno Steuernagel-Gniffke<\/figcaption><\/figure>\n<figure id=\"attachment_21006\" aria-describedby=\"caption-attachment-21006\" style=\"width: 580px\" class=\"wp-caption alignnone\"><a href=\"https:\/\/www.neuperlach.org\/blog\/wp-content\/uploads\/2025\/12\/BSG_2025_12_17_1434_cr-scaled.jpg\"><img loading=\"lazy\" decoding=\"async\" class=\"size-large wp-image-21006\" src=\"https:\/\/www.neuperlach.org\/blog\/wp-content\/uploads\/2025\/12\/BSG_2025_12_17_1434_cr-1024x576.jpg\" alt=\"Alexisquartier\" width=\"580\" height=\"326\" srcset=\"https:\/\/www.neuperlach.org\/blog\/wp-content\/uploads\/2025\/12\/BSG_2025_12_17_1434_cr-1024x576.jpg 1024w, https:\/\/www.neuperlach.org\/blog\/wp-content\/uploads\/2025\/12\/BSG_2025_12_17_1434_cr-300x169.jpg 300w, https:\/\/www.neuperlach.org\/blog\/wp-content\/uploads\/2025\/12\/BSG_2025_12_17_1434_cr-768x432.jpg 768w, https:\/\/www.neuperlach.org\/blog\/wp-content\/uploads\/2025\/12\/BSG_2025_12_17_1434_cr-1536x864.jpg 1536w, https:\/\/www.neuperlach.org\/blog\/wp-content\/uploads\/2025\/12\/BSG_2025_12_17_1434_cr-2048x1152.jpg 2048w, https:\/\/www.neuperlach.org\/blog\/wp-content\/uploads\/2025\/12\/BSG_2025_12_17_1434_cr-1200x675.jpg 1200w, https:\/\/www.neuperlach.org\/blog\/wp-content\/uploads\/2025\/12\/BSG_2025_12_17_1434_cr-1980x1114.jpg 1980w\" sizes=\"auto, (max-width: 580px) 100vw, 580px\" \/><\/a><figcaption id=\"caption-attachment-21006\" class=\"wp-caption-text\">Dito (17.12.2025). Foto: Benno Steuernagel-Gniffke<\/figcaption><\/figure>\n<figure id=\"attachment_21007\" aria-describedby=\"caption-attachment-21007\" style=\"width: 580px\" class=\"wp-caption alignnone\"><a href=\"https:\/\/www.neuperlach.org\/blog\/wp-content\/uploads\/2025\/12\/BSG_2025_12_17_1436_cr-scaled.jpg\"><img loading=\"lazy\" decoding=\"async\" class=\"size-large wp-image-21007\" src=\"https:\/\/www.neuperlach.org\/blog\/wp-content\/uploads\/2025\/12\/BSG_2025_12_17_1436_cr-1024x576.jpg\" alt=\"Alexisquartier\" width=\"580\" height=\"326\" srcset=\"https:\/\/www.neuperlach.org\/blog\/wp-content\/uploads\/2025\/12\/BSG_2025_12_17_1436_cr-1024x576.jpg 1024w, https:\/\/www.neuperlach.org\/blog\/wp-content\/uploads\/2025\/12\/BSG_2025_12_17_1436_cr-300x169.jpg 300w, https:\/\/www.neuperlach.org\/blog\/wp-content\/uploads\/2025\/12\/BSG_2025_12_17_1436_cr-768x432.jpg 768w, https:\/\/www.neuperlach.org\/blog\/wp-content\/uploads\/2025\/12\/BSG_2025_12_17_1436_cr-1536x864.jpg 1536w, https:\/\/www.neuperlach.org\/blog\/wp-content\/uploads\/2025\/12\/BSG_2025_12_17_1436_cr-2048x1152.jpg 2048w, https:\/\/www.neuperlach.org\/blog\/wp-content\/uploads\/2025\/12\/BSG_2025_12_17_1436_cr-1200x675.jpg 1200w, https:\/\/www.neuperlach.org\/blog\/wp-content\/uploads\/2025\/12\/BSG_2025_12_17_1436_cr-1980x1114.jpg 1980w\" sizes=\"auto, (max-width: 580px) 100vw, 580px\" \/><\/a><figcaption id=\"caption-attachment-21007\" class=\"wp-caption-text\">Dito (17.12.2025). Foto: Benno Steuernagel-Gniffke<\/figcaption><\/figure>\n<h3>R\u00e4ume m\u00fcssen [\u2026] ungezieferfrei \u00fcbergeben werden<\/h3>\n<p>Ein historisches Dokument, ein Neuperlacher Mietvertrag von 1970 von der Neuen Heimat. Wer auszieht, muss die<br \/>\nR\u00e4ume [\u2026] ungezieferfrei \u00fcbergeben.<br \/>\nGibt es heute noch solche Klauseln \u2013 in dieser Formulierung? Ungeziefer gibt es aber immer noch.<\/p>\n<figure id=\"attachment_20990\" aria-describedby=\"caption-attachment-20990\" style=\"width: 580px\" class=\"wp-caption alignnone\"><a href=\"https:\/\/www.neuperlach.org\/blog\/wp-content\/uploads\/2025\/12\/Auszug-Mietvertrag-1970_1-scaled.jpg\"><img loading=\"lazy\" decoding=\"async\" class=\"size-large wp-image-20990\" src=\"https:\/\/www.neuperlach.org\/blog\/wp-content\/uploads\/2025\/12\/Auszug-Mietvertrag-1970_1-1024x605.jpg\" alt=\"Auszug Mietvertrag 1970\" width=\"580\" height=\"343\" srcset=\"https:\/\/www.neuperlach.org\/blog\/wp-content\/uploads\/2025\/12\/Auszug-Mietvertrag-1970_1-1024x605.jpg 1024w, https:\/\/www.neuperlach.org\/blog\/wp-content\/uploads\/2025\/12\/Auszug-Mietvertrag-1970_1-300x177.jpg 300w, https:\/\/www.neuperlach.org\/blog\/wp-content\/uploads\/2025\/12\/Auszug-Mietvertrag-1970_1-768x453.jpg 768w, https:\/\/www.neuperlach.org\/blog\/wp-content\/uploads\/2025\/12\/Auszug-Mietvertrag-1970_1-1536x907.jpg 1536w, https:\/\/www.neuperlach.org\/blog\/wp-content\/uploads\/2025\/12\/Auszug-Mietvertrag-1970_1-2048x1209.jpg 2048w, https:\/\/www.neuperlach.org\/blog\/wp-content\/uploads\/2025\/12\/Auszug-Mietvertrag-1970_1-1200x708.jpg 1200w, https:\/\/www.neuperlach.org\/blog\/wp-content\/uploads\/2025\/12\/Auszug-Mietvertrag-1970_1-1980x1169.jpg 1980w\" sizes=\"auto, (max-width: 580px) 100vw, 580px\" \/><\/a><figcaption id=\"caption-attachment-20990\" class=\"wp-caption-text\">Auszug Mietvertrag<\/figcaption><\/figure>\n<figure id=\"attachment_20991\" aria-describedby=\"caption-attachment-20991\" style=\"width: 580px\" class=\"wp-caption alignnone\"><a href=\"https:\/\/www.neuperlach.org\/blog\/wp-content\/uploads\/2025\/12\/Auszug-Mietvertrag-1970_2.jpg\"><img loading=\"lazy\" decoding=\"async\" class=\"size-large wp-image-20991\" src=\"https:\/\/www.neuperlach.org\/blog\/wp-content\/uploads\/2025\/12\/Auszug-Mietvertrag-1970_2-1024x358.jpg\" alt=\"Auszug Mietvertrag 1970\" width=\"580\" height=\"203\" srcset=\"https:\/\/www.neuperlach.org\/blog\/wp-content\/uploads\/2025\/12\/Auszug-Mietvertrag-1970_2-1024x358.jpg 1024w, https:\/\/www.neuperlach.org\/blog\/wp-content\/uploads\/2025\/12\/Auszug-Mietvertrag-1970_2-300x105.jpg 300w, https:\/\/www.neuperlach.org\/blog\/wp-content\/uploads\/2025\/12\/Auszug-Mietvertrag-1970_2-768x269.jpg 768w, https:\/\/www.neuperlach.org\/blog\/wp-content\/uploads\/2025\/12\/Auszug-Mietvertrag-1970_2-1536x538.jpg 1536w, https:\/\/www.neuperlach.org\/blog\/wp-content\/uploads\/2025\/12\/Auszug-Mietvertrag-1970_2-2048x717.jpg 2048w, https:\/\/www.neuperlach.org\/blog\/wp-content\/uploads\/2025\/12\/Auszug-Mietvertrag-1970_2-1200x420.jpg 1200w, https:\/\/www.neuperlach.org\/blog\/wp-content\/uploads\/2025\/12\/Auszug-Mietvertrag-1970_2-1980x693.jpg 1980w\" sizes=\"auto, (max-width: 580px) 100vw, 580px\" \/><\/a><figcaption id=\"caption-attachment-20991\" class=\"wp-caption-text\">Auszug Mietvertrag<\/figcaption><\/figure>\n<h3>Das letzte von \u00fcber 50.000 Babys geboren: F\u00fcr M\u00fcnchner Klinik endet eine \u00c4ra<\/h3>\n<blockquote><p>Die Frauenklinik Neuperlach zieht nach \u00fcber 53.000 Geburten in den Klinik-Neubau nach Harlaching um. Am Montag ist in Neuperlach das letzte Baby geboren worden: die kleine Juno Aurora.<\/p><\/blockquote>\n<p>Quelle: <a href=\"https:\/\/www.merkur.de\/lokales\/muenchen\/juno-das-letzte-neuperlacher-baby-frauenklinik-zieht-nach-harlaching-um-94076338.html\" target=\"_blank\" rel=\"noopener\">Merkur.de<\/a><\/p>\n<h3>Neuperlach ist bunt!<\/h3>\n<p>Der Zebrastreifen an unserer Montessori-Schule gegen\u00fcber dem Einkaufszentrum Life wurde in Regenbogenfarben eingef\u00e4rbt. Es wurde ein Zeichen f\u00fcr Toleranz, Vielfalt und eine freie Gesellschaft gesetzt. Unser Neuperlach ist bunt. Was mehr oder weniger erst einmal im \u00fcbertragenen Sinne gilt, trifft hier wortgenau zu.<\/p>\n<figure id=\"attachment_20985\" aria-describedby=\"caption-attachment-20985\" style=\"width: 580px\" class=\"wp-caption alignnone\"><a href=\"https:\/\/www.neuperlach.org\/blog\/wp-content\/uploads\/2025\/12\/PXL_20251210_135922105_imgupscaler.ai_2K1-scaled.jpg\"><img loading=\"lazy\" decoding=\"async\" class=\"size-large wp-image-20985\" src=\"https:\/\/www.neuperlach.org\/blog\/wp-content\/uploads\/2025\/12\/PXL_20251210_135922105_imgupscaler.ai_2K1-1024x769.jpg\" alt=\"Montessori-Schule, Regenbogen-Zebrastreifen\" width=\"580\" height=\"436\" srcset=\"https:\/\/www.neuperlach.org\/blog\/wp-content\/uploads\/2025\/12\/PXL_20251210_135922105_imgupscaler.ai_2K1-1024x769.jpg 1024w, https:\/\/www.neuperlach.org\/blog\/wp-content\/uploads\/2025\/12\/PXL_20251210_135922105_imgupscaler.ai_2K1-300x225.jpg 300w, https:\/\/www.neuperlach.org\/blog\/wp-content\/uploads\/2025\/12\/PXL_20251210_135922105_imgupscaler.ai_2K1-768x577.jpg 768w, https:\/\/www.neuperlach.org\/blog\/wp-content\/uploads\/2025\/12\/PXL_20251210_135922105_imgupscaler.ai_2K1-1536x1154.jpg 1536w, https:\/\/www.neuperlach.org\/blog\/wp-content\/uploads\/2025\/12\/PXL_20251210_135922105_imgupscaler.ai_2K1-2048x1539.jpg 2048w, https:\/\/www.neuperlach.org\/blog\/wp-content\/uploads\/2025\/12\/PXL_20251210_135922105_imgupscaler.ai_2K1-1200x902.jpg 1200w, https:\/\/www.neuperlach.org\/blog\/wp-content\/uploads\/2025\/12\/PXL_20251210_135922105_imgupscaler.ai_2K1-1980x1488.jpg 1980w\" sizes=\"auto, (max-width: 580px) 100vw, 580px\" \/><\/a><figcaption id=\"caption-attachment-20985\" class=\"wp-caption-text\">10.12.2025<\/figcaption><\/figure>\n<p><strong>Update 11.12.2025:<\/strong> In einer M\u00fcnchen-Gruppe hat das Bild bislang \u00fcber 2.500 Likes und mehr als 2.200 Kommentare erhalten, was wohl Rekord f\u00fcr ein von mir geschossenes Neuperlach-Foto ist. Leider sind mindestens 80 % der Kommentare hasserf\u00fcllt. Im besten Fall wird die angebliche Verletzung der StVO moniert (das hier ist aber keine \u00f6ffentliche Stra\u00dfe), oft aber direkt gegen LGBT gehetzt. Es ist traurig.<\/p>\n<h3>Baumpflanzungen<\/h3>\n<p>In der Parkanlage am Karl-Marx-Ring, etwa H\u00f6he Marx-Zentrum (der legend\u00e4re Augustiner S\u00e4ufertreff ist in der N\u00e4he), werden derzeit L\u00f6cher f\u00fcr Baumpflanzungen gegraben. Lesereinsendung, vielen Dank!<\/p>\n<figure id=\"attachment_20980\" aria-describedby=\"caption-attachment-20980\" style=\"width: 580px\" class=\"wp-caption alignnone\"><a href=\"https:\/\/www.neuperlach.org\/blog\/wp-content\/uploads\/2025\/12\/Baumpflanzungen1.jpg\"><img loading=\"lazy\" decoding=\"async\" class=\"size-large wp-image-20980\" src=\"https:\/\/www.neuperlach.org\/blog\/wp-content\/uploads\/2025\/12\/Baumpflanzungen1-768x1024.jpg\" alt=\"Baumpflanzungen am Karl-Marx-Ring\" width=\"580\" height=\"773\" srcset=\"https:\/\/www.neuperlach.org\/blog\/wp-content\/uploads\/2025\/12\/Baumpflanzungen1-768x1024.jpg 768w, https:\/\/www.neuperlach.org\/blog\/wp-content\/uploads\/2025\/12\/Baumpflanzungen1-225x300.jpg 225w, https:\/\/www.neuperlach.org\/blog\/wp-content\/uploads\/2025\/12\/Baumpflanzungen1-1152x1536.jpg 1152w, https:\/\/www.neuperlach.org\/blog\/wp-content\/uploads\/2025\/12\/Baumpflanzungen1-1200x1600.jpg 1200w, https:\/\/www.neuperlach.org\/blog\/wp-content\/uploads\/2025\/12\/Baumpflanzungen1.jpg 1530w\" sizes=\"auto, (max-width: 580px) 100vw, 580px\" \/><\/a><figcaption id=\"caption-attachment-20980\" class=\"wp-caption-text\">09.12.2025<\/figcaption><\/figure>\n<figure id=\"attachment_20981\" aria-describedby=\"caption-attachment-20981\" style=\"width: 580px\" class=\"wp-caption alignnone\"><a href=\"https:\/\/www.neuperlach.org\/blog\/wp-content\/uploads\/2025\/12\/Baumpflanzungen2.jpg\"><img loading=\"lazy\" decoding=\"async\" class=\"size-large wp-image-20981\" src=\"https:\/\/www.neuperlach.org\/blog\/wp-content\/uploads\/2025\/12\/Baumpflanzungen2-768x1024.jpg\" alt=\"Baumpflanzungen am Karl-Marx-Ring\" width=\"580\" height=\"773\" srcset=\"https:\/\/www.neuperlach.org\/blog\/wp-content\/uploads\/2025\/12\/Baumpflanzungen2-768x1024.jpg 768w, https:\/\/www.neuperlach.org\/blog\/wp-content\/uploads\/2025\/12\/Baumpflanzungen2-225x300.jpg 225w, https:\/\/www.neuperlach.org\/blog\/wp-content\/uploads\/2025\/12\/Baumpflanzungen2-1152x1536.jpg 1152w, https:\/\/www.neuperlach.org\/blog\/wp-content\/uploads\/2025\/12\/Baumpflanzungen2-1200x1600.jpg 1200w, https:\/\/www.neuperlach.org\/blog\/wp-content\/uploads\/2025\/12\/Baumpflanzungen2.jpg 1530w\" sizes=\"auto, (max-width: 580px) 100vw, 580px\" \/><\/a><figcaption id=\"caption-attachment-20981\" class=\"wp-caption-text\">09.12.2025<\/figcaption><\/figure>\n<figure id=\"attachment_20982\" aria-describedby=\"caption-attachment-20982\" style=\"width: 580px\" class=\"wp-caption alignnone\"><a href=\"https:\/\/www.neuperlach.org\/blog\/wp-content\/uploads\/2025\/12\/Baumpflanzungen3.jpg\"><img loading=\"lazy\" decoding=\"async\" class=\"size-large wp-image-20982\" src=\"https:\/\/www.neuperlach.org\/blog\/wp-content\/uploads\/2025\/12\/Baumpflanzungen3-768x1024.jpg\" alt=\"Baumpflanzungen am Karl-Marx-Ring\" width=\"580\" height=\"773\" srcset=\"https:\/\/www.neuperlach.org\/blog\/wp-content\/uploads\/2025\/12\/Baumpflanzungen3-768x1024.jpg 768w, https:\/\/www.neuperlach.org\/blog\/wp-content\/uploads\/2025\/12\/Baumpflanzungen3-225x300.jpg 225w, https:\/\/www.neuperlach.org\/blog\/wp-content\/uploads\/2025\/12\/Baumpflanzungen3-1152x1536.jpg 1152w, https:\/\/www.neuperlach.org\/blog\/wp-content\/uploads\/2025\/12\/Baumpflanzungen3-1200x1600.jpg 1200w, https:\/\/www.neuperlach.org\/blog\/wp-content\/uploads\/2025\/12\/Baumpflanzungen3.jpg 1530w\" sizes=\"auto, (max-width: 580px) 100vw, 580px\" \/><\/a><figcaption id=\"caption-attachment-20982\" class=\"wp-caption-text\">09.12.2025<\/figcaption><\/figure>\n<figure id=\"attachment_20983\" aria-describedby=\"caption-attachment-20983\" style=\"width: 580px\" class=\"wp-caption alignnone\"><a href=\"https:\/\/www.neuperlach.org\/blog\/wp-content\/uploads\/2025\/12\/Baumpflanzungen4.jpg\"><img loading=\"lazy\" decoding=\"async\" class=\"size-large wp-image-20983\" src=\"https:\/\/www.neuperlach.org\/blog\/wp-content\/uploads\/2025\/12\/Baumpflanzungen4-1024x768.jpg\" alt=\"Baumpflanzungen am Karl-Marx-Ring\" width=\"580\" height=\"435\" srcset=\"https:\/\/www.neuperlach.org\/blog\/wp-content\/uploads\/2025\/12\/Baumpflanzungen4-1024x768.jpg 1024w, https:\/\/www.neuperlach.org\/blog\/wp-content\/uploads\/2025\/12\/Baumpflanzungen4-300x225.jpg 300w, https:\/\/www.neuperlach.org\/blog\/wp-content\/uploads\/2025\/12\/Baumpflanzungen4-768x576.jpg 768w, https:\/\/www.neuperlach.org\/blog\/wp-content\/uploads\/2025\/12\/Baumpflanzungen4-1536x1152.jpg 1536w, https:\/\/www.neuperlach.org\/blog\/wp-content\/uploads\/2025\/12\/Baumpflanzungen4-1200x900.jpg 1200w, https:\/\/www.neuperlach.org\/blog\/wp-content\/uploads\/2025\/12\/Baumpflanzungen4-1980x1485.jpg 1980w, https:\/\/www.neuperlach.org\/blog\/wp-content\/uploads\/2025\/12\/Baumpflanzungen4.jpg 2040w\" sizes=\"auto, (max-width: 580px) 100vw, 580px\" \/><\/a><figcaption id=\"caption-attachment-20983\" class=\"wp-caption-text\">09.12.2025<\/figcaption><\/figure>\n<figure id=\"attachment_20984\" aria-describedby=\"caption-attachment-20984\" style=\"width: 580px\" class=\"wp-caption alignnone\"><a href=\"https:\/\/www.neuperlach.org\/blog\/wp-content\/uploads\/2025\/12\/Baumpflanzungen5.jpg\"><img loading=\"lazy\" decoding=\"async\" class=\"size-large wp-image-20984\" src=\"https:\/\/www.neuperlach.org\/blog\/wp-content\/uploads\/2025\/12\/Baumpflanzungen5-768x1024.jpg\" alt=\"Baumpflanzungen am Karl-Marx-Ring\" width=\"580\" height=\"773\" srcset=\"https:\/\/www.neuperlach.org\/blog\/wp-content\/uploads\/2025\/12\/Baumpflanzungen5-768x1024.jpg 768w, https:\/\/www.neuperlach.org\/blog\/wp-content\/uploads\/2025\/12\/Baumpflanzungen5-225x300.jpg 225w, https:\/\/www.neuperlach.org\/blog\/wp-content\/uploads\/2025\/12\/Baumpflanzungen5-1152x1536.jpg 1152w, https:\/\/www.neuperlach.org\/blog\/wp-content\/uploads\/2025\/12\/Baumpflanzungen5-1200x1600.jpg 1200w, https:\/\/www.neuperlach.org\/blog\/wp-content\/uploads\/2025\/12\/Baumpflanzungen5.jpg 1530w\" sizes=\"auto, (max-width: 580px) 100vw, 580px\" \/><\/a><figcaption id=\"caption-attachment-20984\" class=\"wp-caption-text\">09.12.2025<\/figcaption><\/figure>\n<h3>Nachtaufnahme Ph\u00f6nix-Pflegeheim<\/h3>\n<p>Hinten rechts ist ein herrlich beleuchteter Kran der Baustelle am Alexisquartier zu sehen.<\/p>\n<figure id=\"attachment_20979\" aria-describedby=\"caption-attachment-20979\" style=\"width: 580px\" class=\"wp-caption alignnone\"><a href=\"https:\/\/www.neuperlach.org\/blog\/wp-content\/uploads\/2025\/12\/PXL_20251208_192425330_imgupscaler.ai_2K-scaled.jpg\"><img loading=\"lazy\" decoding=\"async\" class=\"size-large wp-image-20979\" src=\"https:\/\/www.neuperlach.org\/blog\/wp-content\/uploads\/2025\/12\/PXL_20251208_192425330_imgupscaler.ai_2K-1024x769.jpg\" alt=\"Nachtaufnahme Ph\u00f6nix-Pflegeheim \" width=\"580\" height=\"436\" srcset=\"https:\/\/www.neuperlach.org\/blog\/wp-content\/uploads\/2025\/12\/PXL_20251208_192425330_imgupscaler.ai_2K-1024x769.jpg 1024w, https:\/\/www.neuperlach.org\/blog\/wp-content\/uploads\/2025\/12\/PXL_20251208_192425330_imgupscaler.ai_2K-300x225.jpg 300w, https:\/\/www.neuperlach.org\/blog\/wp-content\/uploads\/2025\/12\/PXL_20251208_192425330_imgupscaler.ai_2K-768x577.jpg 768w, https:\/\/www.neuperlach.org\/blog\/wp-content\/uploads\/2025\/12\/PXL_20251208_192425330_imgupscaler.ai_2K-1536x1154.jpg 1536w, https:\/\/www.neuperlach.org\/blog\/wp-content\/uploads\/2025\/12\/PXL_20251208_192425330_imgupscaler.ai_2K-2048x1539.jpg 2048w, https:\/\/www.neuperlach.org\/blog\/wp-content\/uploads\/2025\/12\/PXL_20251208_192425330_imgupscaler.ai_2K-1200x902.jpg 1200w, https:\/\/www.neuperlach.org\/blog\/wp-content\/uploads\/2025\/12\/PXL_20251208_192425330_imgupscaler.ai_2K-1980x1488.jpg 1980w\" sizes=\"auto, (max-width: 580px) 100vw, 580px\" \/><\/a><figcaption id=\"caption-attachment-20979\" class=\"wp-caption-text\">08.12.2025<\/figcaption><\/figure>\n<h3>R\u00fcckblick: Ph\u00f6nix-Pflegeheim vor der Fertigstellung (05.09.2009)<\/h3>\n<p>Unser Ph\u00f6nix-Pflegeheim am Friedrich-Engels-Bogen 4 befindet sich in den letzten Z\u00fcgen vor der Fertigstellung. Am 15.09. war dann die Er\u00f6ffnung. Seit genau 10 Jahren (Dezember 2015) wohnt meine Mutter im Ph\u00f6nix.<\/p>\n<figure id=\"attachment_20973\" aria-describedby=\"caption-attachment-20973\" style=\"width: 580px\" class=\"wp-caption alignnone\"><a href=\"https:\/\/www.neuperlach.org\/blog\/wp-content\/uploads\/2025\/12\/IMG_1403-scaled.jpg\"><img loading=\"lazy\" decoding=\"async\" class=\"size-large wp-image-20973\" src=\"https:\/\/www.neuperlach.org\/blog\/wp-content\/uploads\/2025\/12\/IMG_1403-1024x683.jpg\" alt=\"Ph\u00f6nix-Pflegeheim\" width=\"580\" height=\"387\" srcset=\"https:\/\/www.neuperlach.org\/blog\/wp-content\/uploads\/2025\/12\/IMG_1403-1024x683.jpg 1024w, https:\/\/www.neuperlach.org\/blog\/wp-content\/uploads\/2025\/12\/IMG_1403-300x200.jpg 300w, https:\/\/www.neuperlach.org\/blog\/wp-content\/uploads\/2025\/12\/IMG_1403-768x512.jpg 768w, https:\/\/www.neuperlach.org\/blog\/wp-content\/uploads\/2025\/12\/IMG_1403-1536x1024.jpg 1536w, https:\/\/www.neuperlach.org\/blog\/wp-content\/uploads\/2025\/12\/IMG_1403-2048x1365.jpg 2048w, https:\/\/www.neuperlach.org\/blog\/wp-content\/uploads\/2025\/12\/IMG_1403-1200x800.jpg 1200w, https:\/\/www.neuperlach.org\/blog\/wp-content\/uploads\/2025\/12\/IMG_1403-1980x1320.jpg 1980w\" sizes=\"auto, (max-width: 580px) 100vw, 580px\" \/><\/a><figcaption id=\"caption-attachment-20973\" class=\"wp-caption-text\">Ph\u00f6nix-Pflegeheim; links die Fu\u00dfg\u00e4ngerbr\u00fccke \u00fcber den Karl-Marx-Ring, rechts der Garten (05.09.2025)<\/figcaption><\/figure>\n<figure id=\"attachment_20974\" aria-describedby=\"caption-attachment-20974\" style=\"width: 580px\" class=\"wp-caption alignnone\"><a href=\"https:\/\/www.neuperlach.org\/blog\/wp-content\/uploads\/2025\/12\/IMG_1406-scaled.jpg\"><img loading=\"lazy\" decoding=\"async\" class=\"size-large wp-image-20974\" src=\"https:\/\/www.neuperlach.org\/blog\/wp-content\/uploads\/2025\/12\/IMG_1406-1024x683.jpg\" alt=\"Ph\u00f6nix-Pflegeheim\" width=\"580\" height=\"387\" srcset=\"https:\/\/www.neuperlach.org\/blog\/wp-content\/uploads\/2025\/12\/IMG_1406-1024x683.jpg 1024w, https:\/\/www.neuperlach.org\/blog\/wp-content\/uploads\/2025\/12\/IMG_1406-300x200.jpg 300w, https:\/\/www.neuperlach.org\/blog\/wp-content\/uploads\/2025\/12\/IMG_1406-768x512.jpg 768w, https:\/\/www.neuperlach.org\/blog\/wp-content\/uploads\/2025\/12\/IMG_1406-1536x1024.jpg 1536w, https:\/\/www.neuperlach.org\/blog\/wp-content\/uploads\/2025\/12\/IMG_1406-2048x1365.jpg 2048w, https:\/\/www.neuperlach.org\/blog\/wp-content\/uploads\/2025\/12\/IMG_1406-1200x800.jpg 1200w, https:\/\/www.neuperlach.org\/blog\/wp-content\/uploads\/2025\/12\/IMG_1406-1980x1320.jpg 1980w\" sizes=\"auto, (max-width: 580px) 100vw, 580px\" \/><\/a><figcaption id=\"caption-attachment-20974\" class=\"wp-caption-text\">Ph\u00f6nix-Pflegeheim: Brunnen (05.09.2025)<\/figcaption><\/figure>\n<figure id=\"attachment_20976\" aria-describedby=\"caption-attachment-20976\" style=\"width: 580px\" class=\"wp-caption alignnone\"><a href=\"https:\/\/www.neuperlach.org\/blog\/wp-content\/uploads\/2025\/12\/IMG_1405-scaled.jpg\"><img loading=\"lazy\" decoding=\"async\" class=\"size-large wp-image-20976\" src=\"https:\/\/www.neuperlach.org\/blog\/wp-content\/uploads\/2025\/12\/IMG_1405-1024x683.jpg\" alt=\"Ph\u00f6nix-Pflegeheim\" width=\"580\" height=\"387\" srcset=\"https:\/\/www.neuperlach.org\/blog\/wp-content\/uploads\/2025\/12\/IMG_1405-1024x683.jpg 1024w, https:\/\/www.neuperlach.org\/blog\/wp-content\/uploads\/2025\/12\/IMG_1405-300x200.jpg 300w, https:\/\/www.neuperlach.org\/blog\/wp-content\/uploads\/2025\/12\/IMG_1405-768x512.jpg 768w, https:\/\/www.neuperlach.org\/blog\/wp-content\/uploads\/2025\/12\/IMG_1405-1536x1024.jpg 1536w, https:\/\/www.neuperlach.org\/blog\/wp-content\/uploads\/2025\/12\/IMG_1405-2048x1365.jpg 2048w, https:\/\/www.neuperlach.org\/blog\/wp-content\/uploads\/2025\/12\/IMG_1405-1200x800.jpg 1200w, https:\/\/www.neuperlach.org\/blog\/wp-content\/uploads\/2025\/12\/IMG_1405-1980x1320.jpg 1980w\" sizes=\"auto, (max-width: 580px) 100vw, 580px\" \/><\/a><figcaption id=\"caption-attachment-20976\" class=\"wp-caption-text\">Ph\u00f6nix-Pflegeheim: Sicht vom Friedrich-Engels-Bogen Richtung AOK\/Marx-Zentrum (05.09.2025)<\/figcaption><\/figure>\n<figure id=\"attachment_20977\" aria-describedby=\"caption-attachment-20977\" style=\"width: 580px\" class=\"wp-caption alignnone\"><a href=\"https:\/\/www.neuperlach.org\/blog\/wp-content\/uploads\/2025\/12\/IMG_1401-scaled.jpg\"><img loading=\"lazy\" decoding=\"async\" class=\"size-large wp-image-20977\" src=\"https:\/\/www.neuperlach.org\/blog\/wp-content\/uploads\/2025\/12\/IMG_1401-1024x683.jpg\" alt=\"Ph\u00f6nix-Pflegeheim\" width=\"580\" height=\"387\" srcset=\"https:\/\/www.neuperlach.org\/blog\/wp-content\/uploads\/2025\/12\/IMG_1401-1024x683.jpg 1024w, https:\/\/www.neuperlach.org\/blog\/wp-content\/uploads\/2025\/12\/IMG_1401-300x200.jpg 300w, https:\/\/www.neuperlach.org\/blog\/wp-content\/uploads\/2025\/12\/IMG_1401-768x512.jpg 768w, https:\/\/www.neuperlach.org\/blog\/wp-content\/uploads\/2025\/12\/IMG_1401-1536x1024.jpg 1536w, https:\/\/www.neuperlach.org\/blog\/wp-content\/uploads\/2025\/12\/IMG_1401-2048x1365.jpg 2048w, https:\/\/www.neuperlach.org\/blog\/wp-content\/uploads\/2025\/12\/IMG_1401-1200x800.jpg 1200w, https:\/\/www.neuperlach.org\/blog\/wp-content\/uploads\/2025\/12\/IMG_1401-1980x1320.jpg 1980w\" sizes=\"auto, (max-width: 580px) 100vw, 580px\" \/><\/a><figcaption id=\"caption-attachment-20977\" class=\"wp-caption-text\">Ph\u00f6nix-Pflegeheim: Ansaugrohr der im Souterrain untergebrachten K\u00fcche (05.09.2025)<\/figcaption><\/figure>\n<h3>Alexisquartier: Im Nebel stehen<\/h3>\n<p>Benno Steuernagel-Gniffke stand im wahrsten Wortsinne heute, am 04.12.2025, im Nebel. Denn das kalte und feuchte Wetter h\u00e4lt noch immer an. In dieser Woche wurde bei BayernHeim der Kran Nr. 5 aufgebaut, der h\u00f6chste auf diesem Baufeld. Bei Demos ist seit vorgestern der zweite Turmdrehkran an der Reihe. Das Besondere ist, dass bei dessen Aufbau ein Autokran mit Auslegerverl\u00e4ngerung zum Einsatz kommt. <a href=\"https:\/\/www.neuperlach.org\/blog\/alexisquartier-der-bau\/\">Mehr zum Alexisquartier<\/a>.<\/p>\n<figure id=\"attachment_20958\" aria-describedby=\"caption-attachment-20958\" style=\"width: 580px\" class=\"wp-caption alignnone\"><a href=\"https:\/\/www.neuperlach.org\/blog\/wp-content\/uploads\/2025\/11\/BSG_2025_12_04_1085_cr.jpg\"><img loading=\"lazy\" decoding=\"async\" class=\"size-large wp-image-20958\" src=\"https:\/\/www.neuperlach.org\/blog\/wp-content\/uploads\/2025\/11\/BSG_2025_12_04_1085_cr-1024x1024.jpg\" alt=\"Alexisquartier\" width=\"580\" height=\"580\" srcset=\"https:\/\/www.neuperlach.org\/blog\/wp-content\/uploads\/2025\/11\/BSG_2025_12_04_1085_cr-1024x1024.jpg 1024w, https:\/\/www.neuperlach.org\/blog\/wp-content\/uploads\/2025\/11\/BSG_2025_12_04_1085_cr-300x300.jpg 300w, https:\/\/www.neuperlach.org\/blog\/wp-content\/uploads\/2025\/11\/BSG_2025_12_04_1085_cr-150x150.jpg 150w, https:\/\/www.neuperlach.org\/blog\/wp-content\/uploads\/2025\/11\/BSG_2025_12_04_1085_cr-768x768.jpg 768w, https:\/\/www.neuperlach.org\/blog\/wp-content\/uploads\/2025\/11\/BSG_2025_12_04_1085_cr-1536x1536.jpg 1536w, https:\/\/www.neuperlach.org\/blog\/wp-content\/uploads\/2025\/11\/BSG_2025_12_04_1085_cr-1200x1200.jpg 1200w, https:\/\/www.neuperlach.org\/blog\/wp-content\/uploads\/2025\/11\/BSG_2025_12_04_1085_cr.jpg 1800w\" sizes=\"auto, (max-width: 580px) 100vw, 580px\" \/><\/a><figcaption id=\"caption-attachment-20958\" class=\"wp-caption-text\">Schon bei der Ankunft im Alexisquartier nsticht der Autokran mit der Auslegerverl\u00e4ngerung ins Auge. Mit diesem wird gerade der zweite Turmdrehkran in der Demos-Baugrube aufgebaut (04.12.2025). Foto: Benno Steuernagel-Gniffke<\/figcaption><\/figure>\n<figure id=\"attachment_20959\" aria-describedby=\"caption-attachment-20959\" style=\"width: 580px\" class=\"wp-caption alignnone\"><a href=\"https:\/\/www.neuperlach.org\/blog\/wp-content\/uploads\/2025\/11\/BSG_2025_12_04_1086_cr-scaled.jpg\"><img loading=\"lazy\" decoding=\"async\" class=\"size-large wp-image-20959\" src=\"https:\/\/www.neuperlach.org\/blog\/wp-content\/uploads\/2025\/11\/BSG_2025_12_04_1086_cr-1024x576.jpg\" alt=\"Alexisquartier\" width=\"580\" height=\"326\" srcset=\"https:\/\/www.neuperlach.org\/blog\/wp-content\/uploads\/2025\/11\/BSG_2025_12_04_1086_cr-1024x576.jpg 1024w, https:\/\/www.neuperlach.org\/blog\/wp-content\/uploads\/2025\/11\/BSG_2025_12_04_1086_cr-300x169.jpg 300w, https:\/\/www.neuperlach.org\/blog\/wp-content\/uploads\/2025\/11\/BSG_2025_12_04_1086_cr-768x432.jpg 768w, https:\/\/www.neuperlach.org\/blog\/wp-content\/uploads\/2025\/11\/BSG_2025_12_04_1086_cr-1536x864.jpg 1536w, https:\/\/www.neuperlach.org\/blog\/wp-content\/uploads\/2025\/11\/BSG_2025_12_04_1086_cr-2048x1152.jpg 2048w, https:\/\/www.neuperlach.org\/blog\/wp-content\/uploads\/2025\/11\/BSG_2025_12_04_1086_cr-1200x675.jpg 1200w, https:\/\/www.neuperlach.org\/blog\/wp-content\/uploads\/2025\/11\/BSG_2025_12_04_1086_cr-1980x1114.jpg 1980w\" sizes=\"auto, (max-width: 580px) 100vw, 580px\" \/><\/a><figcaption id=\"caption-attachment-20959\" class=\"wp-caption-text\">7 Turmdrehkr\u00e4ne werden es am Ende des Tages sein, welche nun bei den beiden Bauabschnitten WA 5 und WA 6 zum Einsatz kommen (04.12.2025). Foto: Benno Steuernagel-Gniffke<\/figcaption><\/figure>\n<figure id=\"attachment_20960\" aria-describedby=\"caption-attachment-20960\" style=\"width: 580px\" class=\"wp-caption alignnone\"><a href=\"https:\/\/www.neuperlach.org\/blog\/wp-content\/uploads\/2025\/11\/BSG_2025_12_04_1089_cr-scaled.jpg\"><img loading=\"lazy\" decoding=\"async\" class=\"size-large wp-image-20960\" src=\"https:\/\/www.neuperlach.org\/blog\/wp-content\/uploads\/2025\/11\/BSG_2025_12_04_1089_cr-1024x576.jpg\" alt=\"Alexisquartier\" width=\"580\" height=\"326\" srcset=\"https:\/\/www.neuperlach.org\/blog\/wp-content\/uploads\/2025\/11\/BSG_2025_12_04_1089_cr-1024x576.jpg 1024w, https:\/\/www.neuperlach.org\/blog\/wp-content\/uploads\/2025\/11\/BSG_2025_12_04_1089_cr-300x169.jpg 300w, https:\/\/www.neuperlach.org\/blog\/wp-content\/uploads\/2025\/11\/BSG_2025_12_04_1089_cr-768x432.jpg 768w, https:\/\/www.neuperlach.org\/blog\/wp-content\/uploads\/2025\/11\/BSG_2025_12_04_1089_cr-1536x864.jpg 1536w, https:\/\/www.neuperlach.org\/blog\/wp-content\/uploads\/2025\/11\/BSG_2025_12_04_1089_cr-2048x1152.jpg 2048w, https:\/\/www.neuperlach.org\/blog\/wp-content\/uploads\/2025\/11\/BSG_2025_12_04_1089_cr-1200x675.jpg 1200w, https:\/\/www.neuperlach.org\/blog\/wp-content\/uploads\/2025\/11\/BSG_2025_12_04_1089_cr-1980x1114.jpg 1980w\" sizes=\"auto, (max-width: 580px) 100vw, 580px\" \/><\/a><figcaption id=\"caption-attachment-20960\" class=\"wp-caption-text\">Alexisquartier im Nebel (04.12.2025). Foto: Benno Steuernagel-Gniffke<\/figcaption><\/figure>\n<figure id=\"attachment_20961\" aria-describedby=\"caption-attachment-20961\" style=\"width: 580px\" class=\"wp-caption alignnone\"><a href=\"https:\/\/www.neuperlach.org\/blog\/wp-content\/uploads\/2025\/11\/BSG_2025_12_04_1094_cr-scaled.jpg\"><img loading=\"lazy\" decoding=\"async\" class=\"size-large wp-image-20961\" src=\"https:\/\/www.neuperlach.org\/blog\/wp-content\/uploads\/2025\/11\/BSG_2025_12_04_1094_cr-1024x576.jpg\" alt=\"Alexisquartier\" width=\"580\" height=\"326\" srcset=\"https:\/\/www.neuperlach.org\/blog\/wp-content\/uploads\/2025\/11\/BSG_2025_12_04_1094_cr-1024x576.jpg 1024w, https:\/\/www.neuperlach.org\/blog\/wp-content\/uploads\/2025\/11\/BSG_2025_12_04_1094_cr-300x169.jpg 300w, https:\/\/www.neuperlach.org\/blog\/wp-content\/uploads\/2025\/11\/BSG_2025_12_04_1094_cr-768x432.jpg 768w, https:\/\/www.neuperlach.org\/blog\/wp-content\/uploads\/2025\/11\/BSG_2025_12_04_1094_cr-1536x864.jpg 1536w, https:\/\/www.neuperlach.org\/blog\/wp-content\/uploads\/2025\/11\/BSG_2025_12_04_1094_cr-2048x1152.jpg 2048w, https:\/\/www.neuperlach.org\/blog\/wp-content\/uploads\/2025\/11\/BSG_2025_12_04_1094_cr-1200x675.jpg 1200w, https:\/\/www.neuperlach.org\/blog\/wp-content\/uploads\/2025\/11\/BSG_2025_12_04_1094_cr-1980x1114.jpg 1980w\" sizes=\"auto, (max-width: 580px) 100vw, 580px\" \/><\/a><figcaption id=\"caption-attachment-20961\" class=\"wp-caption-text\">Oben auf dem Turm laufen die Vorbereitungen f\u00fcr die Montage der Krankabine (04.12.2025). Foto: Benno Steuernagel-Gniffke<\/figcaption><\/figure>\n<figure id=\"attachment_20962\" aria-describedby=\"caption-attachment-20962\" style=\"width: 580px\" class=\"wp-caption alignnone\"><a href=\"https:\/\/www.neuperlach.org\/blog\/wp-content\/uploads\/2025\/11\/BSG_2025_12_04_1100_cr.jpg\"><img loading=\"lazy\" decoding=\"async\" class=\"size-large wp-image-20962\" src=\"https:\/\/www.neuperlach.org\/blog\/wp-content\/uploads\/2025\/11\/BSG_2025_12_04_1100_cr-1024x576.jpg\" alt=\"Alexisquartier\" width=\"580\" height=\"326\" srcset=\"https:\/\/www.neuperlach.org\/blog\/wp-content\/uploads\/2025\/11\/BSG_2025_12_04_1100_cr-1024x576.jpg 1024w, https:\/\/www.neuperlach.org\/blog\/wp-content\/uploads\/2025\/11\/BSG_2025_12_04_1100_cr-300x169.jpg 300w, https:\/\/www.neuperlach.org\/blog\/wp-content\/uploads\/2025\/11\/BSG_2025_12_04_1100_cr-768x432.jpg 768w, https:\/\/www.neuperlach.org\/blog\/wp-content\/uploads\/2025\/11\/BSG_2025_12_04_1100_cr-1536x864.jpg 1536w, https:\/\/www.neuperlach.org\/blog\/wp-content\/uploads\/2025\/11\/BSG_2025_12_04_1100_cr-2048x1152.jpg 2048w, https:\/\/www.neuperlach.org\/blog\/wp-content\/uploads\/2025\/11\/BSG_2025_12_04_1100_cr-1200x675.jpg 1200w, https:\/\/www.neuperlach.org\/blog\/wp-content\/uploads\/2025\/11\/BSG_2025_12_04_1100_cr-1980x1113.jpg 1980w\" sizes=\"auto, (max-width: 580px) 100vw, 580px\" \/><\/a><figcaption id=\"caption-attachment-20962\" class=\"wp-caption-text\">Nun geht es zu BayernHeim. Links: Der hohe gelbe Kran wurde in dieser Woche aufgebaut. Es ist der h\u00f6chste der 5 Kr\u00e4ne hier im Baufeld. Auch wenn tags\u00fcber kaum zu erkennen, am Ausleger und am Gegenausleger wurde \u00fcber die volle L\u00e4nge eine Lichtleiste angebracht (04.12.2025). Foto: Benno Steuernagel-Gniffke<\/figcaption><\/figure>\n<figure id=\"attachment_20963\" aria-describedby=\"caption-attachment-20963\" style=\"width: 580px\" class=\"wp-caption alignnone\"><a href=\"https:\/\/www.neuperlach.org\/blog\/wp-content\/uploads\/2025\/11\/BSG_2025_12_04_1101_cr-scaled.jpg\"><img loading=\"lazy\" decoding=\"async\" class=\"size-large wp-image-20963\" src=\"https:\/\/www.neuperlach.org\/blog\/wp-content\/uploads\/2025\/11\/BSG_2025_12_04_1101_cr-1024x576.jpg\" alt=\"Alexisquartier\" width=\"580\" height=\"326\" srcset=\"https:\/\/www.neuperlach.org\/blog\/wp-content\/uploads\/2025\/11\/BSG_2025_12_04_1101_cr-1024x576.jpg 1024w, https:\/\/www.neuperlach.org\/blog\/wp-content\/uploads\/2025\/11\/BSG_2025_12_04_1101_cr-300x169.jpg 300w, https:\/\/www.neuperlach.org\/blog\/wp-content\/uploads\/2025\/11\/BSG_2025_12_04_1101_cr-768x432.jpg 768w, https:\/\/www.neuperlach.org\/blog\/wp-content\/uploads\/2025\/11\/BSG_2025_12_04_1101_cr-1536x864.jpg 1536w, https:\/\/www.neuperlach.org\/blog\/wp-content\/uploads\/2025\/11\/BSG_2025_12_04_1101_cr-2048x1152.jpg 2048w, https:\/\/www.neuperlach.org\/blog\/wp-content\/uploads\/2025\/11\/BSG_2025_12_04_1101_cr-1200x675.jpg 1200w, https:\/\/www.neuperlach.org\/blog\/wp-content\/uploads\/2025\/11\/BSG_2025_12_04_1101_cr-1980x1113.jpg 1980w\" sizes=\"auto, (max-width: 580px) 100vw, 580px\" \/><\/a><figcaption id=\"caption-attachment-20963\" class=\"wp-caption-text\">Bei klarem Wetter w\u00e4re da oben sicherlich ein guter Weitblick gewesen (04.12.2025). Foto: Benno Steuernagel-Gniffke<\/figcaption><\/figure>\n<figure id=\"attachment_20964\" aria-describedby=\"caption-attachment-20964\" style=\"width: 580px\" class=\"wp-caption alignnone\"><a href=\"https:\/\/www.neuperlach.org\/blog\/wp-content\/uploads\/2025\/11\/BSG_2025_12_04_1102_cr.jpg\"><img loading=\"lazy\" decoding=\"async\" class=\"size-large wp-image-20964\" src=\"https:\/\/www.neuperlach.org\/blog\/wp-content\/uploads\/2025\/11\/BSG_2025_12_04_1102_cr-1024x576.jpg\" alt=\"Alexisquartier\" width=\"580\" height=\"326\" srcset=\"https:\/\/www.neuperlach.org\/blog\/wp-content\/uploads\/2025\/11\/BSG_2025_12_04_1102_cr-1024x576.jpg 1024w, https:\/\/www.neuperlach.org\/blog\/wp-content\/uploads\/2025\/11\/BSG_2025_12_04_1102_cr-300x169.jpg 300w, https:\/\/www.neuperlach.org\/blog\/wp-content\/uploads\/2025\/11\/BSG_2025_12_04_1102_cr-768x432.jpg 768w, https:\/\/www.neuperlach.org\/blog\/wp-content\/uploads\/2025\/11\/BSG_2025_12_04_1102_cr-1536x864.jpg 1536w, https:\/\/www.neuperlach.org\/blog\/wp-content\/uploads\/2025\/11\/BSG_2025_12_04_1102_cr-2048x1152.jpg 2048w, https:\/\/www.neuperlach.org\/blog\/wp-content\/uploads\/2025\/11\/BSG_2025_12_04_1102_cr-1200x675.jpg 1200w, https:\/\/www.neuperlach.org\/blog\/wp-content\/uploads\/2025\/11\/BSG_2025_12_04_1102_cr-1980x1113.jpg 1980w\" sizes=\"auto, (max-width: 580px) 100vw, 580px\" \/><\/a><figcaption id=\"caption-attachment-20964\" class=\"wp-caption-text\">Doch so schauen wir schon mal in die Zukunft, wie sie uns die Werbetafel verspricht (04.12.2025). Foto: Benno Steuernagel-Gniffke<\/figcaption><\/figure>\n<figure id=\"attachment_20965\" aria-describedby=\"caption-attachment-20965\" style=\"width: 580px\" class=\"wp-caption alignnone\"><a href=\"https:\/\/www.neuperlach.org\/blog\/wp-content\/uploads\/2025\/11\/BSG_2025_12_04_1122_cr.jpg\"><img loading=\"lazy\" decoding=\"async\" class=\"size-large wp-image-20965\" src=\"https:\/\/www.neuperlach.org\/blog\/wp-content\/uploads\/2025\/11\/BSG_2025_12_04_1122_cr-1024x576.jpg\" alt=\"Alexisquartier\" width=\"580\" height=\"326\" srcset=\"https:\/\/www.neuperlach.org\/blog\/wp-content\/uploads\/2025\/11\/BSG_2025_12_04_1122_cr-1024x576.jpg 1024w, https:\/\/www.neuperlach.org\/blog\/wp-content\/uploads\/2025\/11\/BSG_2025_12_04_1122_cr-300x169.jpg 300w, https:\/\/www.neuperlach.org\/blog\/wp-content\/uploads\/2025\/11\/BSG_2025_12_04_1122_cr-768x432.jpg 768w, https:\/\/www.neuperlach.org\/blog\/wp-content\/uploads\/2025\/11\/BSG_2025_12_04_1122_cr-1536x864.jpg 1536w, https:\/\/www.neuperlach.org\/blog\/wp-content\/uploads\/2025\/11\/BSG_2025_12_04_1122_cr-2048x1152.jpg 2048w, https:\/\/www.neuperlach.org\/blog\/wp-content\/uploads\/2025\/11\/BSG_2025_12_04_1122_cr-1200x675.jpg 1200w, https:\/\/www.neuperlach.org\/blog\/wp-content\/uploads\/2025\/11\/BSG_2025_12_04_1122_cr-1980x1113.jpg 1980w\" sizes=\"auto, (max-width: 580px) 100vw, 580px\" \/><\/a><figcaption id=\"caption-attachment-20965\" class=\"wp-caption-text\">Alexisquartier im Nebel (04.12.2025). Foto: Benno Steuernagel-Gniffke<\/figcaption><\/figure>\n<figure id=\"attachment_20966\" aria-describedby=\"caption-attachment-20966\" style=\"width: 580px\" class=\"wp-caption alignnone\"><a href=\"https:\/\/www.neuperlach.org\/blog\/wp-content\/uploads\/2025\/11\/BSG_2025_12_04_1141_cr-scaled.jpg\"><img loading=\"lazy\" decoding=\"async\" class=\"size-large wp-image-20966\" src=\"https:\/\/www.neuperlach.org\/blog\/wp-content\/uploads\/2025\/11\/BSG_2025_12_04_1141_cr-1024x576.jpg\" alt=\"Alexisquartier\" width=\"580\" height=\"326\" srcset=\"https:\/\/www.neuperlach.org\/blog\/wp-content\/uploads\/2025\/11\/BSG_2025_12_04_1141_cr-1024x576.jpg 1024w, https:\/\/www.neuperlach.org\/blog\/wp-content\/uploads\/2025\/11\/BSG_2025_12_04_1141_cr-300x169.jpg 300w, https:\/\/www.neuperlach.org\/blog\/wp-content\/uploads\/2025\/11\/BSG_2025_12_04_1141_cr-768x432.jpg 768w, https:\/\/www.neuperlach.org\/blog\/wp-content\/uploads\/2025\/11\/BSG_2025_12_04_1141_cr-1536x864.jpg 1536w, https:\/\/www.neuperlach.org\/blog\/wp-content\/uploads\/2025\/11\/BSG_2025_12_04_1141_cr-2048x1152.jpg 2048w, https:\/\/www.neuperlach.org\/blog\/wp-content\/uploads\/2025\/11\/BSG_2025_12_04_1141_cr-1200x675.jpg 1200w, https:\/\/www.neuperlach.org\/blog\/wp-content\/uploads\/2025\/11\/BSG_2025_12_04_1141_cr-1980x1114.jpg 1980w\" sizes=\"auto, (max-width: 580px) 100vw, 580px\" \/><\/a><figcaption id=\"caption-attachment-20966\" class=\"wp-caption-text\">Alexisquartier im Nebel (04.12.2025). Foto: Benno Steuernagel-Gniffke<\/figcaption><\/figure>\n<figure id=\"attachment_20967\" aria-describedby=\"caption-attachment-20967\" style=\"width: 580px\" class=\"wp-caption alignnone\"><a href=\"https:\/\/www.neuperlach.org\/blog\/wp-content\/uploads\/2025\/11\/BSG_2025_12_04_1144_cr.jpg\"><img loading=\"lazy\" decoding=\"async\" class=\"size-large wp-image-20967\" src=\"https:\/\/www.neuperlach.org\/blog\/wp-content\/uploads\/2025\/11\/BSG_2025_12_04_1144_cr-768x1024.jpg\" alt=\"Alexisquartier\" width=\"580\" height=\"773\" srcset=\"https:\/\/www.neuperlach.org\/blog\/wp-content\/uploads\/2025\/11\/BSG_2025_12_04_1144_cr-768x1024.jpg 768w, https:\/\/www.neuperlach.org\/blog\/wp-content\/uploads\/2025\/11\/BSG_2025_12_04_1144_cr-225x300.jpg 225w, https:\/\/www.neuperlach.org\/blog\/wp-content\/uploads\/2025\/11\/BSG_2025_12_04_1144_cr-1152x1536.jpg 1152w, https:\/\/www.neuperlach.org\/blog\/wp-content\/uploads\/2025\/11\/BSG_2025_12_04_1144_cr-1200x1600.jpg 1200w, https:\/\/www.neuperlach.org\/blog\/wp-content\/uploads\/2025\/11\/BSG_2025_12_04_1144_cr.jpg 1350w\" sizes=\"auto, (max-width: 580px) 100vw, 580px\" \/><\/a><figcaption id=\"caption-attachment-20967\" class=\"wp-caption-text\">Als Kranmonteur oben auf dem Turm muss man robust, wetterfest und schwindelfrei sei (04.12.2025). Foto: Benno Steuernagel-Gniffke<\/figcaption><\/figure>\n<figure id=\"attachment_20968\" aria-describedby=\"caption-attachment-20968\" style=\"width: 580px\" class=\"wp-caption alignnone\"><a href=\"https:\/\/www.neuperlach.org\/blog\/wp-content\/uploads\/2025\/11\/BSG_2025_12_04_1145_cr-scaled.jpg\"><img loading=\"lazy\" decoding=\"async\" class=\"size-large wp-image-20968\" src=\"https:\/\/www.neuperlach.org\/blog\/wp-content\/uploads\/2025\/11\/BSG_2025_12_04_1145_cr-1024x576.jpg\" alt=\"Alexisquartier\" width=\"580\" height=\"326\" srcset=\"https:\/\/www.neuperlach.org\/blog\/wp-content\/uploads\/2025\/11\/BSG_2025_12_04_1145_cr-1024x576.jpg 1024w, https:\/\/www.neuperlach.org\/blog\/wp-content\/uploads\/2025\/11\/BSG_2025_12_04_1145_cr-300x169.jpg 300w, https:\/\/www.neuperlach.org\/blog\/wp-content\/uploads\/2025\/11\/BSG_2025_12_04_1145_cr-768x432.jpg 768w, https:\/\/www.neuperlach.org\/blog\/wp-content\/uploads\/2025\/11\/BSG_2025_12_04_1145_cr-1536x864.jpg 1536w, https:\/\/www.neuperlach.org\/blog\/wp-content\/uploads\/2025\/11\/BSG_2025_12_04_1145_cr-2048x1152.jpg 2048w, https:\/\/www.neuperlach.org\/blog\/wp-content\/uploads\/2025\/11\/BSG_2025_12_04_1145_cr-1200x675.jpg 1200w, https:\/\/www.neuperlach.org\/blog\/wp-content\/uploads\/2025\/11\/BSG_2025_12_04_1145_cr-1980x1114.jpg 1980w\" sizes=\"auto, (max-width: 580px) 100vw, 580px\" \/><\/a><figcaption id=\"caption-attachment-20968\" class=\"wp-caption-text\">Alexisquartier im Nebel (04.12.2025). Foto: Benno Steuernagel-Gniffke<\/figcaption><\/figure>\n<figure id=\"attachment_20969\" aria-describedby=\"caption-attachment-20969\" style=\"width: 580px\" class=\"wp-caption alignnone\"><a href=\"https:\/\/www.neuperlach.org\/blog\/wp-content\/uploads\/2025\/11\/BSG_2025_12_04_1150_cr-scaled.jpg\"><img loading=\"lazy\" decoding=\"async\" class=\"size-large wp-image-20969\" src=\"https:\/\/www.neuperlach.org\/blog\/wp-content\/uploads\/2025\/11\/BSG_2025_12_04_1150_cr-1024x576.jpg\" alt=\"Alexisquartier\" width=\"580\" height=\"326\" srcset=\"https:\/\/www.neuperlach.org\/blog\/wp-content\/uploads\/2025\/11\/BSG_2025_12_04_1150_cr-1024x576.jpg 1024w, https:\/\/www.neuperlach.org\/blog\/wp-content\/uploads\/2025\/11\/BSG_2025_12_04_1150_cr-300x169.jpg 300w, https:\/\/www.neuperlach.org\/blog\/wp-content\/uploads\/2025\/11\/BSG_2025_12_04_1150_cr-768x432.jpg 768w, https:\/\/www.neuperlach.org\/blog\/wp-content\/uploads\/2025\/11\/BSG_2025_12_04_1150_cr-1536x864.jpg 1536w, https:\/\/www.neuperlach.org\/blog\/wp-content\/uploads\/2025\/11\/BSG_2025_12_04_1150_cr-2048x1152.jpg 2048w, https:\/\/www.neuperlach.org\/blog\/wp-content\/uploads\/2025\/11\/BSG_2025_12_04_1150_cr-1200x675.jpg 1200w, https:\/\/www.neuperlach.org\/blog\/wp-content\/uploads\/2025\/11\/BSG_2025_12_04_1150_cr-1980x1114.jpg 1980w\" sizes=\"auto, (max-width: 580px) 100vw, 580px\" \/><\/a><figcaption id=\"caption-attachment-20969\" class=\"wp-caption-text\">Vom Edeka-Markt aus zeigt sich dieses Bild (04.12.2025). Foto: Benno Steuernagel-Gniffke<\/figcaption><\/figure>\n<figure id=\"attachment_20970\" aria-describedby=\"caption-attachment-20970\" style=\"width: 580px\" class=\"wp-caption alignnone\"><a href=\"https:\/\/www.neuperlach.org\/blog\/wp-content\/uploads\/2025\/11\/BSG_2025_12_04_1153_cr-scaled.jpg\"><img loading=\"lazy\" decoding=\"async\" class=\"size-large wp-image-20970\" src=\"https:\/\/www.neuperlach.org\/blog\/wp-content\/uploads\/2025\/11\/BSG_2025_12_04_1153_cr-1024x576.jpg\" alt=\"Alexisquartier\" width=\"580\" height=\"326\" srcset=\"https:\/\/www.neuperlach.org\/blog\/wp-content\/uploads\/2025\/11\/BSG_2025_12_04_1153_cr-1024x576.jpg 1024w, https:\/\/www.neuperlach.org\/blog\/wp-content\/uploads\/2025\/11\/BSG_2025_12_04_1153_cr-300x169.jpg 300w, https:\/\/www.neuperlach.org\/blog\/wp-content\/uploads\/2025\/11\/BSG_2025_12_04_1153_cr-768x432.jpg 768w, https:\/\/www.neuperlach.org\/blog\/wp-content\/uploads\/2025\/11\/BSG_2025_12_04_1153_cr-1536x864.jpg 1536w, https:\/\/www.neuperlach.org\/blog\/wp-content\/uploads\/2025\/11\/BSG_2025_12_04_1153_cr-2048x1152.jpg 2048w, https:\/\/www.neuperlach.org\/blog\/wp-content\/uploads\/2025\/11\/BSG_2025_12_04_1153_cr-1200x675.jpg 1200w, https:\/\/www.neuperlach.org\/blog\/wp-content\/uploads\/2025\/11\/BSG_2025_12_04_1153_cr-1980x1114.jpg 1980w\" sizes=\"auto, (max-width: 580px) 100vw, 580px\" \/><\/a><figcaption id=\"caption-attachment-20970\" class=\"wp-caption-text\">Ein Tieflader bringt die ersten Teile f\u00fcr den Kranausleger (04.12.2025). Foto: Benno Steuernagel-Gniffke<\/figcaption><\/figure>\n<figure id=\"attachment_20971\" aria-describedby=\"caption-attachment-20971\" style=\"width: 580px\" class=\"wp-caption alignnone\"><a href=\"https:\/\/www.neuperlach.org\/blog\/wp-content\/uploads\/2025\/11\/BSG_2025_12_04_1154_cr-scaled.jpg\"><img loading=\"lazy\" decoding=\"async\" class=\"size-large wp-image-20971\" src=\"https:\/\/www.neuperlach.org\/blog\/wp-content\/uploads\/2025\/11\/BSG_2025_12_04_1154_cr-1024x576.jpg\" alt=\"Alexisquartier\" width=\"580\" height=\"326\" srcset=\"https:\/\/www.neuperlach.org\/blog\/wp-content\/uploads\/2025\/11\/BSG_2025_12_04_1154_cr-1024x576.jpg 1024w, https:\/\/www.neuperlach.org\/blog\/wp-content\/uploads\/2025\/11\/BSG_2025_12_04_1154_cr-300x169.jpg 300w, https:\/\/www.neuperlach.org\/blog\/wp-content\/uploads\/2025\/11\/BSG_2025_12_04_1154_cr-768x432.jpg 768w, https:\/\/www.neuperlach.org\/blog\/wp-content\/uploads\/2025\/11\/BSG_2025_12_04_1154_cr-1536x864.jpg 1536w, https:\/\/www.neuperlach.org\/blog\/wp-content\/uploads\/2025\/11\/BSG_2025_12_04_1154_cr-2048x1152.jpg 2048w, https:\/\/www.neuperlach.org\/blog\/wp-content\/uploads\/2025\/11\/BSG_2025_12_04_1154_cr-1200x675.jpg 1200w, https:\/\/www.neuperlach.org\/blog\/wp-content\/uploads\/2025\/11\/BSG_2025_12_04_1154_cr-1980x1114.jpg 1980w\" sizes=\"auto, (max-width: 580px) 100vw, 580px\" \/><\/a><figcaption id=\"caption-attachment-20971\" class=\"wp-caption-text\">Bis alle Auslegerteile angeliefert sind, kann es noch dauern. So werden wir den fertigen neuen Kran erst bei dem n\u00e4chsten Alexisquartier-Besuch sehen (04.12.2025). Foto: Benno Steuernagel-Gniffke<\/figcaption><\/figure>\n<figure id=\"attachment_20972\" aria-describedby=\"caption-attachment-20972\" style=\"width: 580px\" class=\"wp-caption alignnone\"><a href=\"https:\/\/www.neuperlach.org\/blog\/wp-content\/uploads\/2025\/11\/BSG_2025_12_04_1156_cr-scaled.jpg\"><img loading=\"lazy\" decoding=\"async\" class=\"size-large wp-image-20972\" src=\"https:\/\/www.neuperlach.org\/blog\/wp-content\/uploads\/2025\/11\/BSG_2025_12_04_1156_cr-1024x576.jpg\" alt=\"Alexisquartier\" width=\"580\" height=\"326\" srcset=\"https:\/\/www.neuperlach.org\/blog\/wp-content\/uploads\/2025\/11\/BSG_2025_12_04_1156_cr-1024x576.jpg 1024w, https:\/\/www.neuperlach.org\/blog\/wp-content\/uploads\/2025\/11\/BSG_2025_12_04_1156_cr-300x169.jpg 300w, https:\/\/www.neuperlach.org\/blog\/wp-content\/uploads\/2025\/11\/BSG_2025_12_04_1156_cr-768x432.jpg 768w, https:\/\/www.neuperlach.org\/blog\/wp-content\/uploads\/2025\/11\/BSG_2025_12_04_1156_cr-1536x864.jpg 1536w, https:\/\/www.neuperlach.org\/blog\/wp-content\/uploads\/2025\/11\/BSG_2025_12_04_1156_cr-2048x1152.jpg 2048w, https:\/\/www.neuperlach.org\/blog\/wp-content\/uploads\/2025\/11\/BSG_2025_12_04_1156_cr-1200x675.jpg 1200w, https:\/\/www.neuperlach.org\/blog\/wp-content\/uploads\/2025\/11\/BSG_2025_12_04_1156_cr-1980x1114.jpg 1980w\" sizes=\"auto, (max-width: 580px) 100vw, 580px\" \/><\/a><figcaption id=\"caption-attachment-20972\" class=\"wp-caption-text\">Noch ein Blick zur Kita 1 und es geht nach Haus (04.12.2025). Foto: Benno Steuernagel-Gniffke<\/figcaption><\/figure>\n<h3>Er steht!<\/h3>\n<figure id=\"attachment_20957\" aria-describedby=\"caption-attachment-20957\" style=\"width: 580px\" class=\"wp-caption alignnone\"><a href=\"https:\/\/www.neuperlach.org\/blog\/wp-content\/uploads\/2025\/11\/IMG_9599-Verbessert-RR-scaled.jpg\"><img loading=\"lazy\" decoding=\"async\" class=\"size-large wp-image-20957\" src=\"https:\/\/www.neuperlach.org\/blog\/wp-content\/uploads\/2025\/11\/IMG_9599-Verbessert-RR-1024x866.jpg\" alt=\"Christbaum Marx-Zentrum\" width=\"580\" height=\"491\" srcset=\"https:\/\/www.neuperlach.org\/blog\/wp-content\/uploads\/2025\/11\/IMG_9599-Verbessert-RR-1024x866.jpg 1024w, https:\/\/www.neuperlach.org\/blog\/wp-content\/uploads\/2025\/11\/IMG_9599-Verbessert-RR-300x254.jpg 300w, https:\/\/www.neuperlach.org\/blog\/wp-content\/uploads\/2025\/11\/IMG_9599-Verbessert-RR-768x650.jpg 768w, https:\/\/www.neuperlach.org\/blog\/wp-content\/uploads\/2025\/11\/IMG_9599-Verbessert-RR-1536x1300.jpg 1536w, https:\/\/www.neuperlach.org\/blog\/wp-content\/uploads\/2025\/11\/IMG_9599-Verbessert-RR-2048x1733.jpg 2048w, https:\/\/www.neuperlach.org\/blog\/wp-content\/uploads\/2025\/11\/IMG_9599-Verbessert-RR-1200x1015.jpg 1200w, https:\/\/www.neuperlach.org\/blog\/wp-content\/uploads\/2025\/11\/IMG_9599-Verbessert-RR-1980x1675.jpg 1980w\" sizes=\"auto, (max-width: 580px) 100vw, 580px\" \/><\/a><figcaption id=\"caption-attachment-20957\" class=\"wp-caption-text\">Christbaum im Marx-Zentrum (03.12.2025)<\/figcaption><\/figure>\n<p>Seit ich 1974 ins Marx-Zentrum zog, verfolge ich mit Spannung, wie sch\u00f6n unser Christbaum wird. Dieses Jahr wurde er wieder sehr sch\u00f6n. Der Baum ist f\u00fcr uns Bewohner, aber auch f\u00fcr Kunden des Ladenzentrums gedacht. Nat\u00fcrlich auch f\u00fcr Menschen, die nur hier spazieren gehen.<\/p>\n<p>Wir haben uns bereits in der Vorweihnachtszeit sehr lieb. Selbst die schlimmsten Hetzer lassen es nun deutlich ruhiger angehen. Es w\u00e4re so sch\u00f6n, w\u00e4re dies das ganze Jahr so.<\/p>\n<figure id=\"attachment_20956\" aria-describedby=\"caption-attachment-20956\" style=\"width: 580px\" class=\"wp-caption alignnone\"><a href=\"https:\/\/www.neuperlach.org\/blog\/wp-content\/uploads\/2025\/11\/IMG_9594-Verbessert-RR-scaled.jpg\"><img loading=\"lazy\" decoding=\"async\" class=\"size-large wp-image-20956\" src=\"https:\/\/www.neuperlach.org\/blog\/wp-content\/uploads\/2025\/11\/IMG_9594-Verbessert-RR-1024x768.jpg\" alt=\"Christbaum Marx-Zentrum\" width=\"580\" height=\"435\" srcset=\"https:\/\/www.neuperlach.org\/blog\/wp-content\/uploads\/2025\/11\/IMG_9594-Verbessert-RR-1024x768.jpg 1024w, https:\/\/www.neuperlach.org\/blog\/wp-content\/uploads\/2025\/11\/IMG_9594-Verbessert-RR-300x225.jpg 300w, https:\/\/www.neuperlach.org\/blog\/wp-content\/uploads\/2025\/11\/IMG_9594-Verbessert-RR-768x576.jpg 768w, https:\/\/www.neuperlach.org\/blog\/wp-content\/uploads\/2025\/11\/IMG_9594-Verbessert-RR-1536x1152.jpg 1536w, https:\/\/www.neuperlach.org\/blog\/wp-content\/uploads\/2025\/11\/IMG_9594-Verbessert-RR-2048x1536.jpg 2048w, https:\/\/www.neuperlach.org\/blog\/wp-content\/uploads\/2025\/11\/IMG_9594-Verbessert-RR-1200x900.jpg 1200w, https:\/\/www.neuperlach.org\/blog\/wp-content\/uploads\/2025\/11\/IMG_9594-Verbessert-RR-1980x1485.jpg 1980w\" sizes=\"auto, (max-width: 580px) 100vw, 580px\" \/><\/a><figcaption id=\"caption-attachment-20956\" class=\"wp-caption-text\">Christbaum im Marx-Zentrum (03.12.2025)<\/figcaption><\/figure>\n<h3>AOK \u2013 keiner ist da!<\/h3>\n<figure id=\"attachment_20953\" aria-describedby=\"caption-attachment-20953\" style=\"width: 580px\" class=\"wp-caption alignnone\"><a href=\"https:\/\/www.neuperlach.org\/blog\/wp-content\/uploads\/2025\/11\/PXL_20251202_053120297.NIGHT_-scaled.jpg\"><img loading=\"lazy\" decoding=\"async\" class=\"size-large wp-image-20953\" src=\"https:\/\/www.neuperlach.org\/blog\/wp-content\/uploads\/2025\/11\/PXL_20251202_053120297.NIGHT_-1024x769.jpg\" alt=\"AOK Friedrich-Engels-Bogen\" width=\"580\" height=\"436\" srcset=\"https:\/\/www.neuperlach.org\/blog\/wp-content\/uploads\/2025\/11\/PXL_20251202_053120297.NIGHT_-1024x769.jpg 1024w, https:\/\/www.neuperlach.org\/blog\/wp-content\/uploads\/2025\/11\/PXL_20251202_053120297.NIGHT_-300x225.jpg 300w, https:\/\/www.neuperlach.org\/blog\/wp-content\/uploads\/2025\/11\/PXL_20251202_053120297.NIGHT_-768x577.jpg 768w, https:\/\/www.neuperlach.org\/blog\/wp-content\/uploads\/2025\/11\/PXL_20251202_053120297.NIGHT_-1536x1153.jpg 1536w, https:\/\/www.neuperlach.org\/blog\/wp-content\/uploads\/2025\/11\/PXL_20251202_053120297.NIGHT_-2048x1538.jpg 2048w, https:\/\/www.neuperlach.org\/blog\/wp-content\/uploads\/2025\/11\/PXL_20251202_053120297.NIGHT_-1200x901.jpg 1200w, https:\/\/www.neuperlach.org\/blog\/wp-content\/uploads\/2025\/11\/PXL_20251202_053120297.NIGHT_-1980x1487.jpg 1980w\" sizes=\"auto, (max-width: 580px) 100vw, 580px\" \/><\/a><figcaption id=\"caption-attachment-20953\" class=\"wp-caption-text\">AOK am Friedrich-Engels-Bogen 6<\/figcaption><\/figure>\n<p>Unsre AOK am Friedrich-Engels-Bogen 6 heute um 06:31. Als Kundendienstleister ist sie nicht mehr in Betrieb. Dennoch brennen ein paar vereinzelte L\u00fcster.<\/p>\n<p>Die n\u00e4chste AOK-Gesch\u00e4ftsstelle ist jetzt im ehemaligen Wacker-Geb\u00e4ude (Thomas-Dehler-Stra\u00dfe 9; gegen\u00fcber dem pep) zu finden. Das Dienstleistungscenter &#8222;AOK-Krankenh\u00e4user&#8220; ist nun in der Carl-Wery-Stra\u00dfe 28 (nahe U-\/S-Bahnhof Neuperlach S\u00fcd) untergebracht.<\/p>\n<p>Was mit dem Geb\u00e4ude wohl passiert?<\/p>\n<h3>Im Alexisquartier ist was los!<\/h3>\n<p>W\u00e4hrend der Wohnungsbau in Neuperlach stockt, etwa am <a href=\"https:\/\/www.neuperlach.org\/blog\/quidde-zentrum-der-abriss\/\">Quidde-Zentrum<\/a> oder am FestSpielHaus (genauer ist bei diesen beiden immer wieder neuer Ank\u00fcndigungen noch gar nicht begonnen worden), wird am Alexisquartier tats\u00e4chlich gebaut.<\/p>\n<p>Dort wird sogar erstmals seit 40 Jahren wieder das errichtet, f\u00fcr das Neuperlach so typisch ist: <a href=\"https:\/\/www.neuperlach.org\/blog\/die-beiden-hochhaeuser-im-alexisquartier\/\">Hochh\u00e4user. Genauer entstehen zwei St\u00fcck (einmal Demos, einmal BayernHeim) mit jeweils 52 Metern H\u00f6he. Bei Demos werden es 15 Geschosse, bei BayernHeim hingegen 17 durch geringere Raumh\u00f6he und d\u00fcnnere Zwischendecken. Urspr\u00fcnglich sollten es bei beiden Hochh\u00e4usern 15 Geschosse werden.<\/a><\/p>\n<p>Die Wohnh\u00e4user von BayernHeim werden \u00fcbrigens in Holz-Hybrid-Bauweise errichtet.<\/p>\n<p>Benno Steuernagel-Gniffke hat gestern, 28.11.2025, die Baustelle besucht und eine Reihe von Fotos mitgebracht.<\/p>\n<figure id=\"attachment_20946\" aria-describedby=\"caption-attachment-20946\" style=\"width: 580px\" class=\"wp-caption alignnone\"><a href=\"https:\/\/www.neuperlach.org\/blog\/wp-content\/uploads\/2025\/11\/BSG_2025_11_28_1026_cr-scaled.jpg\"><img loading=\"lazy\" decoding=\"async\" class=\"size-large wp-image-20946\" src=\"https:\/\/www.neuperlach.org\/blog\/wp-content\/uploads\/2025\/11\/BSG_2025_11_28_1026_cr-1024x576.jpg\" alt=\"Alexisquartier\" width=\"580\" height=\"326\" srcset=\"https:\/\/www.neuperlach.org\/blog\/wp-content\/uploads\/2025\/11\/BSG_2025_11_28_1026_cr-1024x576.jpg 1024w, https:\/\/www.neuperlach.org\/blog\/wp-content\/uploads\/2025\/11\/BSG_2025_11_28_1026_cr-300x169.jpg 300w, https:\/\/www.neuperlach.org\/blog\/wp-content\/uploads\/2025\/11\/BSG_2025_11_28_1026_cr-768x432.jpg 768w, https:\/\/www.neuperlach.org\/blog\/wp-content\/uploads\/2025\/11\/BSG_2025_11_28_1026_cr-1536x864.jpg 1536w, https:\/\/www.neuperlach.org\/blog\/wp-content\/uploads\/2025\/11\/BSG_2025_11_28_1026_cr-2048x1152.jpg 2048w, https:\/\/www.neuperlach.org\/blog\/wp-content\/uploads\/2025\/11\/BSG_2025_11_28_1026_cr-1200x675.jpg 1200w, https:\/\/www.neuperlach.org\/blog\/wp-content\/uploads\/2025\/11\/BSG_2025_11_28_1026_cr-1980x1113.jpg 1980w\" sizes=\"auto, (max-width: 580px) 100vw, 580px\" \/><\/a><figcaption id=\"caption-attachment-20946\" class=\"wp-caption-text\">Ein weiterer Turmdrehkran (in der Bildmitte) ist bei BayernHeim hinzugekommen. Dort sind nun vier Kr\u00e4ne im Einsatz (28.11.2025). Foto: Benno Steuernagel-Gniffke<\/figcaption><\/figure>\n<figure id=\"attachment_20951\" aria-describedby=\"caption-attachment-20951\" style=\"width: 580px\" class=\"wp-caption alignnone\"><a href=\"https:\/\/www.neuperlach.org\/blog\/wp-content\/uploads\/2025\/11\/BSG_2025_11_28_1030_cr-scaled.jpg\"><img loading=\"lazy\" decoding=\"async\" class=\"size-large wp-image-20951\" src=\"https:\/\/www.neuperlach.org\/blog\/wp-content\/uploads\/2025\/11\/BSG_2025_11_28_1030_cr-1024x576.jpg\" alt=\"Alexisquartier\" width=\"580\" height=\"326\" srcset=\"https:\/\/www.neuperlach.org\/blog\/wp-content\/uploads\/2025\/11\/BSG_2025_11_28_1030_cr-1024x576.jpg 1024w, https:\/\/www.neuperlach.org\/blog\/wp-content\/uploads\/2025\/11\/BSG_2025_11_28_1030_cr-300x169.jpg 300w, https:\/\/www.neuperlach.org\/blog\/wp-content\/uploads\/2025\/11\/BSG_2025_11_28_1030_cr-768x432.jpg 768w, https:\/\/www.neuperlach.org\/blog\/wp-content\/uploads\/2025\/11\/BSG_2025_11_28_1030_cr-1536x864.jpg 1536w, https:\/\/www.neuperlach.org\/blog\/wp-content\/uploads\/2025\/11\/BSG_2025_11_28_1030_cr-2048x1152.jpg 2048w, https:\/\/www.neuperlach.org\/blog\/wp-content\/uploads\/2025\/11\/BSG_2025_11_28_1030_cr-1200x675.jpg 1200w, https:\/\/www.neuperlach.org\/blog\/wp-content\/uploads\/2025\/11\/BSG_2025_11_28_1030_cr-1980x1113.jpg 1980w\" sizes=\"auto, (max-width: 580px) 100vw, 580px\" \/><\/a><figcaption id=\"caption-attachment-20951\" class=\"wp-caption-text\">An der Franz-Heubel-Stra\u00dfe. Rechts stehen die H\u00e4user l\u00e4ngst und sind bezogen (28.11.2025). Foto: Benno Steuernagel-Gniffke<\/figcaption><\/figure>\n<figure id=\"attachment_20950\" aria-describedby=\"caption-attachment-20950\" style=\"width: 580px\" class=\"wp-caption alignnone\"><a href=\"https:\/\/www.neuperlach.org\/blog\/wp-content\/uploads\/2025\/11\/BSG_2025_11_28_1032_cr-scaled.jpg\"><img loading=\"lazy\" decoding=\"async\" class=\"size-large wp-image-20950\" src=\"https:\/\/www.neuperlach.org\/blog\/wp-content\/uploads\/2025\/11\/BSG_2025_11_28_1032_cr-1024x576.jpg\" alt=\"Alexisquartier\" width=\"580\" height=\"326\" srcset=\"https:\/\/www.neuperlach.org\/blog\/wp-content\/uploads\/2025\/11\/BSG_2025_11_28_1032_cr-1024x576.jpg 1024w, https:\/\/www.neuperlach.org\/blog\/wp-content\/uploads\/2025\/11\/BSG_2025_11_28_1032_cr-300x169.jpg 300w, https:\/\/www.neuperlach.org\/blog\/wp-content\/uploads\/2025\/11\/BSG_2025_11_28_1032_cr-768x432.jpg 768w, https:\/\/www.neuperlach.org\/blog\/wp-content\/uploads\/2025\/11\/BSG_2025_11_28_1032_cr-1536x864.jpg 1536w, https:\/\/www.neuperlach.org\/blog\/wp-content\/uploads\/2025\/11\/BSG_2025_11_28_1032_cr-2048x1152.jpg 2048w, https:\/\/www.neuperlach.org\/blog\/wp-content\/uploads\/2025\/11\/BSG_2025_11_28_1032_cr-1200x675.jpg 1200w, https:\/\/www.neuperlach.org\/blog\/wp-content\/uploads\/2025\/11\/BSG_2025_11_28_1032_cr-1980x1113.jpg 1980w\" sizes=\"auto, (max-width: 580px) 100vw, 580px\" \/><\/a><figcaption id=\"caption-attachment-20950\" class=\"wp-caption-text\">Der neue Kran auf der linken Seite ist der bisher h\u00f6chste Kran hier. Ein weiterer Kran wird noch folgen (28.11.2025). Foto: Benno Steuernagel-Gniffke<\/figcaption><\/figure>\n<figure id=\"attachment_20949\" aria-describedby=\"caption-attachment-20949\" style=\"width: 580px\" class=\"wp-caption alignnone\"><a href=\"https:\/\/www.neuperlach.org\/blog\/wp-content\/uploads\/2025\/11\/BSG_2025_11_28_1069_cr-scaled.jpg\"><img loading=\"lazy\" decoding=\"async\" class=\"size-large wp-image-20949\" src=\"https:\/\/www.neuperlach.org\/blog\/wp-content\/uploads\/2025\/11\/BSG_2025_11_28_1069_cr-1024x576.jpg\" alt=\"Alexisquartier\" width=\"580\" height=\"326\" srcset=\"https:\/\/www.neuperlach.org\/blog\/wp-content\/uploads\/2025\/11\/BSG_2025_11_28_1069_cr-1024x576.jpg 1024w, https:\/\/www.neuperlach.org\/blog\/wp-content\/uploads\/2025\/11\/BSG_2025_11_28_1069_cr-300x169.jpg 300w, https:\/\/www.neuperlach.org\/blog\/wp-content\/uploads\/2025\/11\/BSG_2025_11_28_1069_cr-768x432.jpg 768w, https:\/\/www.neuperlach.org\/blog\/wp-content\/uploads\/2025\/11\/BSG_2025_11_28_1069_cr-1536x864.jpg 1536w, https:\/\/www.neuperlach.org\/blog\/wp-content\/uploads\/2025\/11\/BSG_2025_11_28_1069_cr-2048x1152.jpg 2048w, https:\/\/www.neuperlach.org\/blog\/wp-content\/uploads\/2025\/11\/BSG_2025_11_28_1069_cr-1200x675.jpg 1200w, https:\/\/www.neuperlach.org\/blog\/wp-content\/uploads\/2025\/11\/BSG_2025_11_28_1069_cr-1980x1113.jpg 1980w\" sizes=\"auto, (max-width: 580px) 100vw, 580px\" \/><\/a><figcaption id=\"caption-attachment-20949\" class=\"wp-caption-text\">Baustellenimpressionen in der Totalansicht. Links zur Orientierung: Die Drillingst\u00fctrme des Heizwerks Perlach (28.11.2025). Foto: Benno Steuernagel-Gniffke<\/figcaption><\/figure>\n<figure id=\"attachment_20948\" aria-describedby=\"caption-attachment-20948\" style=\"width: 580px\" class=\"wp-caption alignnone\"><a href=\"https:\/\/www.neuperlach.org\/blog\/wp-content\/uploads\/2025\/11\/BSG_2025_11_28_1069_cr2.jpg\"><img loading=\"lazy\" decoding=\"async\" class=\"size-large wp-image-20948\" src=\"https:\/\/www.neuperlach.org\/blog\/wp-content\/uploads\/2025\/11\/BSG_2025_11_28_1069_cr2-1024x1024.jpg\" alt=\"Alexisquartier\" width=\"580\" height=\"580\" srcset=\"https:\/\/www.neuperlach.org\/blog\/wp-content\/uploads\/2025\/11\/BSG_2025_11_28_1069_cr2-1024x1024.jpg 1024w, https:\/\/www.neuperlach.org\/blog\/wp-content\/uploads\/2025\/11\/BSG_2025_11_28_1069_cr2-300x300.jpg 300w, https:\/\/www.neuperlach.org\/blog\/wp-content\/uploads\/2025\/11\/BSG_2025_11_28_1069_cr2-150x150.jpg 150w, https:\/\/www.neuperlach.org\/blog\/wp-content\/uploads\/2025\/11\/BSG_2025_11_28_1069_cr2-768x768.jpg 768w, https:\/\/www.neuperlach.org\/blog\/wp-content\/uploads\/2025\/11\/BSG_2025_11_28_1069_cr2-1536x1536.jpg 1536w, https:\/\/www.neuperlach.org\/blog\/wp-content\/uploads\/2025\/11\/BSG_2025_11_28_1069_cr2-1200x1200.jpg 1200w, https:\/\/www.neuperlach.org\/blog\/wp-content\/uploads\/2025\/11\/BSG_2025_11_28_1069_cr2.jpg 1800w\" sizes=\"auto, (max-width: 580px) 100vw, 580px\" \/><\/a><figcaption id=\"caption-attachment-20948\" class=\"wp-caption-text\">Ansicht wie im vorigen Bild, nur n\u00e4her dran (28.11.2025). Foto: Benno Steuernagel-Gniffke<\/figcaption><\/figure>\n<figure id=\"attachment_20947\" aria-describedby=\"caption-attachment-20947\" style=\"width: 580px\" class=\"wp-caption alignnone\"><a href=\"https:\/\/www.neuperlach.org\/blog\/wp-content\/uploads\/2025\/11\/BSG_2025_11_28_1080_cr-scaled.jpg\"><img loading=\"lazy\" decoding=\"async\" class=\"size-large wp-image-20947\" src=\"https:\/\/www.neuperlach.org\/blog\/wp-content\/uploads\/2025\/11\/BSG_2025_11_28_1080_cr-1024x576.jpg\" alt=\"Alexisquartier\" width=\"580\" height=\"326\" srcset=\"https:\/\/www.neuperlach.org\/blog\/wp-content\/uploads\/2025\/11\/BSG_2025_11_28_1080_cr-1024x576.jpg 1024w, https:\/\/www.neuperlach.org\/blog\/wp-content\/uploads\/2025\/11\/BSG_2025_11_28_1080_cr-300x169.jpg 300w, https:\/\/www.neuperlach.org\/blog\/wp-content\/uploads\/2025\/11\/BSG_2025_11_28_1080_cr-768x432.jpg 768w, https:\/\/www.neuperlach.org\/blog\/wp-content\/uploads\/2025\/11\/BSG_2025_11_28_1080_cr-1536x864.jpg 1536w, https:\/\/www.neuperlach.org\/blog\/wp-content\/uploads\/2025\/11\/BSG_2025_11_28_1080_cr-2048x1152.jpg 2048w, https:\/\/www.neuperlach.org\/blog\/wp-content\/uploads\/2025\/11\/BSG_2025_11_28_1080_cr-1200x675.jpg 1200w, https:\/\/www.neuperlach.org\/blog\/wp-content\/uploads\/2025\/11\/BSG_2025_11_28_1080_cr-1980x1113.jpg 1980w\" sizes=\"auto, (max-width: 580px) 100vw, 580px\" \/><\/a><figcaption id=\"caption-attachment-20947\" class=\"wp-caption-text\">Die letzten wilden Pflanzen bringen noch etwas Gr\u00fcn in dieses Bild (28.11.2025). Foto: Benno Steuernagel-Gniffke<\/figcaption><\/figure>\n<figure id=\"attachment_20952\" aria-describedby=\"caption-attachment-20952\" style=\"width: 580px\" class=\"wp-caption alignnone\"><a href=\"https:\/\/www.neuperlach.org\/blog\/wp-content\/uploads\/2025\/11\/BSG_2025_11_28_1031_cr-scaled.jpg\"><img loading=\"lazy\" decoding=\"async\" class=\"size-large wp-image-20952\" src=\"https:\/\/www.neuperlach.org\/blog\/wp-content\/uploads\/2025\/11\/BSG_2025_11_28_1031_cr-1024x576.jpg\" alt=\"Alexisquartier\" width=\"580\" height=\"326\" srcset=\"https:\/\/www.neuperlach.org\/blog\/wp-content\/uploads\/2025\/11\/BSG_2025_11_28_1031_cr-1024x576.jpg 1024w, https:\/\/www.neuperlach.org\/blog\/wp-content\/uploads\/2025\/11\/BSG_2025_11_28_1031_cr-300x169.jpg 300w, https:\/\/www.neuperlach.org\/blog\/wp-content\/uploads\/2025\/11\/BSG_2025_11_28_1031_cr-768x432.jpg 768w, https:\/\/www.neuperlach.org\/blog\/wp-content\/uploads\/2025\/11\/BSG_2025_11_28_1031_cr-1536x864.jpg 1536w, https:\/\/www.neuperlach.org\/blog\/wp-content\/uploads\/2025\/11\/BSG_2025_11_28_1031_cr-2048x1152.jpg 2048w, https:\/\/www.neuperlach.org\/blog\/wp-content\/uploads\/2025\/11\/BSG_2025_11_28_1031_cr-1200x675.jpg 1200w, https:\/\/www.neuperlach.org\/blog\/wp-content\/uploads\/2025\/11\/BSG_2025_11_28_1031_cr-1980x1114.jpg 1980w\" sizes=\"auto, (max-width: 580px) 100vw, 580px\" \/><\/a><figcaption id=\"caption-attachment-20952\" class=\"wp-caption-text\">Bei Demos wurde nun eine neue Werbetafel f\u00fcr die Projekte Parkside und Tower aufgestellt. Der Tower ist wie zu erahnen eines der beiden Hochh\u00e4user, die im Alexisquartier gebaut werden (28.11.2025). Foto: Benno Steuernagel-Gniffke<\/figcaption><\/figure>\n<h3>Alexisquartier<\/h3>\n<p>Bei Menschen hei\u00dft das Triple Kiss.<\/p>\n<figure id=\"attachment_20945\" aria-describedby=\"caption-attachment-20945\" style=\"width: 580px\" class=\"wp-caption alignnone\"><a href=\"https:\/\/www.neuperlach.org\/blog\/wp-content\/uploads\/2025\/11\/BSG_2025_11_28_1057_cr-scaled.jpg\"><img loading=\"lazy\" decoding=\"async\" class=\"size-large wp-image-20945\" src=\"https:\/\/www.neuperlach.org\/blog\/wp-content\/uploads\/2025\/11\/BSG_2025_11_28_1057_cr-1024x576.jpg\" alt=\"Triple Kiss im Alexiquartier\" width=\"580\" height=\"326\" srcset=\"https:\/\/www.neuperlach.org\/blog\/wp-content\/uploads\/2025\/11\/BSG_2025_11_28_1057_cr-1024x576.jpg 1024w, https:\/\/www.neuperlach.org\/blog\/wp-content\/uploads\/2025\/11\/BSG_2025_11_28_1057_cr-300x169.jpg 300w, https:\/\/www.neuperlach.org\/blog\/wp-content\/uploads\/2025\/11\/BSG_2025_11_28_1057_cr-768x432.jpg 768w, https:\/\/www.neuperlach.org\/blog\/wp-content\/uploads\/2025\/11\/BSG_2025_11_28_1057_cr-1536x864.jpg 1536w, https:\/\/www.neuperlach.org\/blog\/wp-content\/uploads\/2025\/11\/BSG_2025_11_28_1057_cr-2048x1152.jpg 2048w, https:\/\/www.neuperlach.org\/blog\/wp-content\/uploads\/2025\/11\/BSG_2025_11_28_1057_cr-1200x675.jpg 1200w, https:\/\/www.neuperlach.org\/blog\/wp-content\/uploads\/2025\/11\/BSG_2025_11_28_1057_cr-1980x1114.jpg 1980w\" sizes=\"auto, (max-width: 580px) 100vw, 580px\" \/><\/a><figcaption id=\"caption-attachment-20945\" class=\"wp-caption-text\">Kr\u00e4netreffen im Alexiquartier (28.11.2025). Foto: Benno Steuernagel-Gniffke<\/figcaption><\/figure>\n<h3>Mehrere Verletzte bei Zimmerbrand in Kurt-Eisner-Stra\u00dfe<\/h3>\n<blockquote><p>Donnerstag, 27. November 2025, 21.59 Uhr Kurt-Eisner-Stra\u00dfe<\/p>\n<p>Mehrere, teils schwer verletzte Personen hat es bei einem Zimmerbrand in einem Mehrfamilienhaus in Neuperlach Nord in der Nacht auf Freitag gegeben.<\/p>\n<p>Am sp\u00e4ten Donnerstagabend gingen mehrere Anrufe \u00fcber einen Brand in einer Wohnung im 3. Obergeschoss ein. Die Anruferinnen und Anrufer schilderten, dass bereits das Treppenhaus verraucht sei, zudem mehrere Personen an Fenstern oder Balkonen st\u00fcnden und auch, dass sich vermutlich noch Menschen in der Brandwohnung bef\u00e4nden.<\/p><\/blockquote>\n<p>Weiterlesen: <a href=\"https:\/\/www.presseportal.de\/blaulicht\/pm\/131419\/6168139\" target=\"_blank\" rel=\"noopener\">Presseportal<\/a><\/p>\n<h3>Redaktion von &#8222;Hallo M\u00fcnchen&#8220; wird aufgel\u00f6st<\/h3>\n<blockquote><p>Den Besch\u00e4ftigten wurde zum 28. Februar 2026 gek\u00fcndigt. [\u2026] K\u00fcnftig \u00fcbernimmt die Zentralredaktion von M\u00fcnchner Merkur und tz s\u00e4mtliche Inhalte.<\/p><\/blockquote>\n<p>Siehe: <a href=\"https:\/\/www.sueddeutsche.de\/muenchen\/hallo-muenchen-redaktion-aufloesung-ippen-zeitung-li.3341011\" target=\"_blank\" rel=\"noopener\">S\u00fcddeutsche Zeitung<\/a><\/p>\n<h3>Spektakul\u00e4res Video mit historischen Bildern<\/h3>\n<p>Peter Wahrendorff, der 2011 tragischerweise verstorben ist, hat Neuperlach in der Anfangszeit in einem \u00e4u\u00dferst bemerkenswerten Film festgehalten. Urspr\u00fcnglich musste die Originalmusik aus urheberrechtlichen Gr\u00fcnden entfernt werden, nun aber ist sie zur\u00fcckgekommen. Ebenso musste das Video wegen des damaligen 15- Minuten-Limits in der Anfangszeit von YouTube (heute undenkbar!) in zwei Teile gesplittet werden. Doch inzwischen sind die beiden Teile vereint.<\/p>\n<p><iframe loading=\"lazy\" src=\"https:\/\/www.youtube-nocookie.com\/embed\/HUlbiPplWdA\" width=\"640\" height=\"385\"><\/iframe><\/p>\n<h3>Was dreht sich denn da?<\/h3>\n<p>Heute erste Ausfahrt mit dem E-Roller mit Nummernschild. Macht sehr viel Spa\u00df!<\/p>\n<p>Das erste Foto zeigt im Hintergrund <a href=\"https:\/\/www.neuperlach.org\/blog\/kunst#spacechurn\">die Raumspindel &#8222;Space Churn&#8220;, dir 1972 von George M. Rickey gebaut. wurde Sie gilt als Wahrzeichen Neuperlachs.<\/a><\/p>\n<figure id=\"attachment_20940\" aria-describedby=\"caption-attachment-20940\" style=\"width: 580px\" class=\"wp-caption alignnone\"><a href=\"https:\/\/www.neuperlach.org\/blog\/wp-content\/uploads\/2025\/11\/PXL_20251114_131716701-scaled.jpg\"><img loading=\"lazy\" decoding=\"async\" class=\"size-large wp-image-20940\" src=\"https:\/\/www.neuperlach.org\/blog\/wp-content\/uploads\/2025\/11\/PXL_20251114_131716701-769x1024.jpg\" alt=\"E-Roller vor Space Churn\" width=\"580\" height=\"772\" srcset=\"https:\/\/www.neuperlach.org\/blog\/wp-content\/uploads\/2025\/11\/PXL_20251114_131716701-769x1024.jpg 769w, https:\/\/www.neuperlach.org\/blog\/wp-content\/uploads\/2025\/11\/PXL_20251114_131716701-225x300.jpg 225w, https:\/\/www.neuperlach.org\/blog\/wp-content\/uploads\/2025\/11\/PXL_20251114_131716701-768x1023.jpg 768w, https:\/\/www.neuperlach.org\/blog\/wp-content\/uploads\/2025\/11\/PXL_20251114_131716701-1153x1536.jpg 1153w, https:\/\/www.neuperlach.org\/blog\/wp-content\/uploads\/2025\/11\/PXL_20251114_131716701-1538x2048.jpg 1538w, https:\/\/www.neuperlach.org\/blog\/wp-content\/uploads\/2025\/11\/PXL_20251114_131716701-1200x1598.jpg 1200w, https:\/\/www.neuperlach.org\/blog\/wp-content\/uploads\/2025\/11\/PXL_20251114_131716701-1980x2637.jpg 1980w, https:\/\/www.neuperlach.org\/blog\/wp-content\/uploads\/2025\/11\/PXL_20251114_131716701-scaled.jpg 1922w\" sizes=\"auto, (max-width: 580px) 100vw, 580px\" \/><\/a><figcaption id=\"caption-attachment-20940\" class=\"wp-caption-text\">14.11.2025<\/figcaption><\/figure>\n<figure id=\"attachment_20941\" aria-describedby=\"caption-attachment-20941\" style=\"width: 580px\" class=\"wp-caption alignnone\"><a href=\"https:\/\/www.neuperlach.org\/blog\/wp-content\/uploads\/2025\/11\/PXL_20251114_131747465-scaled.jpg\"><img loading=\"lazy\" decoding=\"async\" class=\"size-large wp-image-20941\" src=\"https:\/\/www.neuperlach.org\/blog\/wp-content\/uploads\/2025\/11\/PXL_20251114_131747465-1024x769.jpg\" alt=\"E-Roller vor Space Churn\" width=\"580\" height=\"436\" srcset=\"https:\/\/www.neuperlach.org\/blog\/wp-content\/uploads\/2025\/11\/PXL_20251114_131747465-1024x769.jpg 1024w, https:\/\/www.neuperlach.org\/blog\/wp-content\/uploads\/2025\/11\/PXL_20251114_131747465-300x225.jpg 300w, https:\/\/www.neuperlach.org\/blog\/wp-content\/uploads\/2025\/11\/PXL_20251114_131747465-768x577.jpg 768w, https:\/\/www.neuperlach.org\/blog\/wp-content\/uploads\/2025\/11\/PXL_20251114_131747465-1536x1153.jpg 1536w, https:\/\/www.neuperlach.org\/blog\/wp-content\/uploads\/2025\/11\/PXL_20251114_131747465-2048x1538.jpg 2048w, https:\/\/www.neuperlach.org\/blog\/wp-content\/uploads\/2025\/11\/PXL_20251114_131747465-1200x901.jpg 1200w, https:\/\/www.neuperlach.org\/blog\/wp-content\/uploads\/2025\/11\/PXL_20251114_131747465-1980x1487.jpg 1980w\" sizes=\"auto, (max-width: 580px) 100vw, 580px\" \/><\/a><figcaption id=\"caption-attachment-20941\" class=\"wp-caption-text\">14.11.2025<\/figcaption><\/figure>\n<figure id=\"attachment_20942\" aria-describedby=\"caption-attachment-20942\" style=\"width: 580px\" class=\"wp-caption alignnone\"><a href=\"https:\/\/www.neuperlach.org\/blog\/wp-content\/uploads\/2025\/11\/PXL_20251114_131726903-scaled.jpg\"><img loading=\"lazy\" decoding=\"async\" class=\"size-large wp-image-20942\" src=\"https:\/\/www.neuperlach.org\/blog\/wp-content\/uploads\/2025\/11\/PXL_20251114_131726903-769x1024.jpg\" alt=\"E-Roller vor Space Churn\" width=\"580\" height=\"772\" srcset=\"https:\/\/www.neuperlach.org\/blog\/wp-content\/uploads\/2025\/11\/PXL_20251114_131726903-769x1024.jpg 769w, https:\/\/www.neuperlach.org\/blog\/wp-content\/uploads\/2025\/11\/PXL_20251114_131726903-225x300.jpg 225w, https:\/\/www.neuperlach.org\/blog\/wp-content\/uploads\/2025\/11\/PXL_20251114_131726903-768x1023.jpg 768w, https:\/\/www.neuperlach.org\/blog\/wp-content\/uploads\/2025\/11\/PXL_20251114_131726903-1153x1536.jpg 1153w, https:\/\/www.neuperlach.org\/blog\/wp-content\/uploads\/2025\/11\/PXL_20251114_131726903-1538x2048.jpg 1538w, https:\/\/www.neuperlach.org\/blog\/wp-content\/uploads\/2025\/11\/PXL_20251114_131726903-1200x1598.jpg 1200w, https:\/\/www.neuperlach.org\/blog\/wp-content\/uploads\/2025\/11\/PXL_20251114_131726903-1980x2637.jpg 1980w, https:\/\/www.neuperlach.org\/blog\/wp-content\/uploads\/2025\/11\/PXL_20251114_131726903-scaled.jpg 1922w\" sizes=\"auto, (max-width: 580px) 100vw, 580px\" \/><\/a><figcaption id=\"caption-attachment-20942\" class=\"wp-caption-text\">14.11.2025<\/figcaption><\/figure>\n<h3>Wer l\u00fcftet denn da?<\/h3>\n<p>Teppiche l\u00fcften ist wichtig, aber einen Lappen vor meinem Fenster m\u00f6chte ich auch nicht unbedingt haben.<\/p>\n<figure id=\"attachment_20935\" aria-describedby=\"caption-attachment-20935\" style=\"width: 580px\" class=\"wp-caption alignnone\"><a href=\"https:\/\/www.neuperlach.org\/blog\/wp-content\/uploads\/2025\/11\/IMG_9588-Verbessert-RR-scaled.jpg\"><img loading=\"lazy\" decoding=\"async\" class=\"size-large wp-image-20935\" src=\"https:\/\/www.neuperlach.org\/blog\/wp-content\/uploads\/2025\/11\/IMG_9588-Verbessert-RR-1024x768.jpg\" alt=\"Marx-Zentrum mit speziellem Teppich\" width=\"580\" height=\"435\" srcset=\"https:\/\/www.neuperlach.org\/blog\/wp-content\/uploads\/2025\/11\/IMG_9588-Verbessert-RR-1024x768.jpg 1024w, https:\/\/www.neuperlach.org\/blog\/wp-content\/uploads\/2025\/11\/IMG_9588-Verbessert-RR-300x225.jpg 300w, https:\/\/www.neuperlach.org\/blog\/wp-content\/uploads\/2025\/11\/IMG_9588-Verbessert-RR-768x576.jpg 768w, https:\/\/www.neuperlach.org\/blog\/wp-content\/uploads\/2025\/11\/IMG_9588-Verbessert-RR-1536x1152.jpg 1536w, https:\/\/www.neuperlach.org\/blog\/wp-content\/uploads\/2025\/11\/IMG_9588-Verbessert-RR-2048x1536.jpg 2048w, https:\/\/www.neuperlach.org\/blog\/wp-content\/uploads\/2025\/11\/IMG_9588-Verbessert-RR-1200x900.jpg 1200w, https:\/\/www.neuperlach.org\/blog\/wp-content\/uploads\/2025\/11\/IMG_9588-Verbessert-RR-1980x1485.jpg 1980w\" sizes=\"auto, (max-width: 580px) 100vw, 580px\" \/><\/a><figcaption id=\"caption-attachment-20935\" class=\"wp-caption-text\">13.11.2025<\/figcaption><\/figure>\n<figure id=\"attachment_20936\" aria-describedby=\"caption-attachment-20936\" style=\"width: 580px\" class=\"wp-caption alignnone\"><a href=\"https:\/\/www.neuperlach.org\/blog\/wp-content\/uploads\/2025\/11\/IMG_9592-Verbessert-RR-scaled.jpg\"><img loading=\"lazy\" decoding=\"async\" class=\"size-large wp-image-20936\" src=\"https:\/\/www.neuperlach.org\/blog\/wp-content\/uploads\/2025\/11\/IMG_9592-Verbessert-RR-1024x768.jpg\" alt=\"Marx-Zentrum mit speziellem Teppich\" width=\"580\" height=\"435\" srcset=\"https:\/\/www.neuperlach.org\/blog\/wp-content\/uploads\/2025\/11\/IMG_9592-Verbessert-RR-1024x768.jpg 1024w, https:\/\/www.neuperlach.org\/blog\/wp-content\/uploads\/2025\/11\/IMG_9592-Verbessert-RR-300x225.jpg 300w, https:\/\/www.neuperlach.org\/blog\/wp-content\/uploads\/2025\/11\/IMG_9592-Verbessert-RR-768x576.jpg 768w, https:\/\/www.neuperlach.org\/blog\/wp-content\/uploads\/2025\/11\/IMG_9592-Verbessert-RR-1536x1152.jpg 1536w, https:\/\/www.neuperlach.org\/blog\/wp-content\/uploads\/2025\/11\/IMG_9592-Verbessert-RR-2048x1536.jpg 2048w, https:\/\/www.neuperlach.org\/blog\/wp-content\/uploads\/2025\/11\/IMG_9592-Verbessert-RR-1200x900.jpg 1200w, https:\/\/www.neuperlach.org\/blog\/wp-content\/uploads\/2025\/11\/IMG_9592-Verbessert-RR-1980x1485.jpg 1980w\" sizes=\"auto, (max-width: 580px) 100vw, 580px\" \/><\/a><figcaption id=\"caption-attachment-20936\" class=\"wp-caption-text\">13.11.2025<\/figcaption><\/figure>\n<h3>Ehemalige Eisdiele an der Plettstra\u00dfe (zus\u00e4tzliche Fotos)<\/h3>\n<p>Wir erinnern uns an unsere geliebte Eisdiele an der Plettstra\u00dfe, die 2016 abgerissen wurde.<\/p>\n<p>So oft habe ich dort Eis gekauft. Sie war in einem Container untergebracht. Es hie\u00df damals, sie m\u00fcsste einem Kindergarten weichen. Ein solcher wurde aber hier nicht gebaut.<\/p>\n<p>Wer hat auch noch Erinnerungen an die Eisdiele?<\/p>\n<figure id=\"attachment_20922\" aria-describedby=\"caption-attachment-20922\" style=\"width: 580px\" class=\"wp-caption alignnone\"><a href=\"https:\/\/www.neuperlach.org\/blog\/wp-content\/uploads\/2025\/11\/3-scaled.jpg\"><img loading=\"lazy\" decoding=\"async\" class=\"size-large wp-image-20922\" src=\"https:\/\/www.neuperlach.org\/blog\/wp-content\/uploads\/2025\/11\/3-1024x768.jpg\" alt=\"Eisdiele Plettstra\u00dfe\" width=\"580\" height=\"435\" srcset=\"https:\/\/www.neuperlach.org\/blog\/wp-content\/uploads\/2025\/11\/3-1024x768.jpg 1024w, https:\/\/www.neuperlach.org\/blog\/wp-content\/uploads\/2025\/11\/3-300x225.jpg 300w, https:\/\/www.neuperlach.org\/blog\/wp-content\/uploads\/2025\/11\/3-768x576.jpg 768w, https:\/\/www.neuperlach.org\/blog\/wp-content\/uploads\/2025\/11\/3-1536x1152.jpg 1536w, https:\/\/www.neuperlach.org\/blog\/wp-content\/uploads\/2025\/11\/3-2048x1536.jpg 2048w, https:\/\/www.neuperlach.org\/blog\/wp-content\/uploads\/2025\/11\/3-1200x900.jpg 1200w, https:\/\/www.neuperlach.org\/blog\/wp-content\/uploads\/2025\/11\/3-1980x1485.jpg 1980w\" sizes=\"auto, (max-width: 580px) 100vw, 580px\" \/><\/a><figcaption id=\"caption-attachment-20922\" class=\"wp-caption-text\">Eisdiele an der Plettstra\u00dfe (2010). Foto: Franco und Manuel<\/figcaption><\/figure>\n<figure id=\"attachment_20933\" aria-describedby=\"caption-attachment-20933\" style=\"width: 580px\" class=\"wp-caption alignnone\"><a href=\"https:\/\/www.neuperlach.org\/blog\/wp-content\/uploads\/2025\/11\/Eisdiele-Plettstrasse-1.jpg\"><img loading=\"lazy\" decoding=\"async\" class=\"size-large wp-image-20933\" src=\"https:\/\/www.neuperlach.org\/blog\/wp-content\/uploads\/2025\/11\/Eisdiele-Plettstrasse-1-1024x768.jpg\" alt=\"Eisdiele Plettstra\u00dfe^\" width=\"580\" height=\"435\" srcset=\"https:\/\/www.neuperlach.org\/blog\/wp-content\/uploads\/2025\/11\/Eisdiele-Plettstrasse-1-1024x768.jpg 1024w, https:\/\/www.neuperlach.org\/blog\/wp-content\/uploads\/2025\/11\/Eisdiele-Plettstrasse-1-300x225.jpg 300w, https:\/\/www.neuperlach.org\/blog\/wp-content\/uploads\/2025\/11\/Eisdiele-Plettstrasse-1-768x576.jpg 768w, https:\/\/www.neuperlach.org\/blog\/wp-content\/uploads\/2025\/11\/Eisdiele-Plettstrasse-1-1536x1152.jpg 1536w, https:\/\/www.neuperlach.org\/blog\/wp-content\/uploads\/2025\/11\/Eisdiele-Plettstrasse-1-1200x900.jpg 1200w, https:\/\/www.neuperlach.org\/blog\/wp-content\/uploads\/2025\/11\/Eisdiele-Plettstrasse-1.jpg 1600w\" sizes=\"auto, (max-width: 580px) 100vw, 580px\" \/><\/a><figcaption id=\"caption-attachment-20933\" class=\"wp-caption-text\">Foto: Pasqualina Tommaselli (kein Datum)<\/figcaption><\/figure>\n<figure id=\"attachment_20934\" aria-describedby=\"caption-attachment-20934\" style=\"width: 580px\" class=\"wp-caption alignnone\"><a href=\"https:\/\/www.neuperlach.org\/blog\/wp-content\/uploads\/2025\/11\/Eisdiele-Plettstrasse-2.jpg\"><img loading=\"lazy\" decoding=\"async\" class=\"size-large wp-image-20934\" src=\"https:\/\/www.neuperlach.org\/blog\/wp-content\/uploads\/2025\/11\/Eisdiele-Plettstrasse-2-1024x768.jpg\" alt=\"Eisdiele Plettstra\u00dfe\" width=\"580\" height=\"435\" srcset=\"https:\/\/www.neuperlach.org\/blog\/wp-content\/uploads\/2025\/11\/Eisdiele-Plettstrasse-2-1024x768.jpg 1024w, https:\/\/www.neuperlach.org\/blog\/wp-content\/uploads\/2025\/11\/Eisdiele-Plettstrasse-2-300x225.jpg 300w, https:\/\/www.neuperlach.org\/blog\/wp-content\/uploads\/2025\/11\/Eisdiele-Plettstrasse-2-768x576.jpg 768w, https:\/\/www.neuperlach.org\/blog\/wp-content\/uploads\/2025\/11\/Eisdiele-Plettstrasse-2-1536x1152.jpg 1536w, https:\/\/www.neuperlach.org\/blog\/wp-content\/uploads\/2025\/11\/Eisdiele-Plettstrasse-2-1200x900.jpg 1200w, https:\/\/www.neuperlach.org\/blog\/wp-content\/uploads\/2025\/11\/Eisdiele-Plettstrasse-2.jpg 1600w\" sizes=\"auto, (max-width: 580px) 100vw, 580px\" \/><\/a><figcaption id=\"caption-attachment-20934\" class=\"wp-caption-text\">Foto: Pasqualina Tommaselli (kein Datum)<\/figcaption><\/figure>\n<h3>Treppauf, treppab (Ende)<\/h3>\n<p>Die Sanierung der Stiege am Hintereingang Haus 58 ist beendet.<\/p>\n<figure id=\"attachment_20930\" aria-describedby=\"caption-attachment-20930\" style=\"width: 580px\" class=\"wp-caption alignnone\"><a href=\"https:\/\/www.neuperlach.org\/blog\/wp-content\/uploads\/2025\/11\/PXL_20251110_133452267-scaled.jpg\"><img loading=\"lazy\" decoding=\"async\" class=\"size-large wp-image-20930\" src=\"https:\/\/www.neuperlach.org\/blog\/wp-content\/uploads\/2025\/11\/PXL_20251110_133452267-1024x769.jpg\" alt=\"Treppensanierung Karl-Marx-Ring 58\" width=\"580\" height=\"436\" \/><\/a><figcaption id=\"caption-attachment-20930\" class=\"wp-caption-text\">10.11.2025<\/figcaption><\/figure>\n<figure id=\"attachment_20931\" aria-describedby=\"caption-attachment-20931\" style=\"width: 580px\" class=\"wp-caption alignnone\"><a href=\"https:\/\/www.neuperlach.org\/blog\/wp-content\/uploads\/2025\/11\/PXL_20251110_133518936.PORTRAIT.ORIGINAL-scaled.jpg\"><img loading=\"lazy\" decoding=\"async\" class=\"size-large wp-image-20931\" src=\"https:\/\/www.neuperlach.org\/blog\/wp-content\/uploads\/2025\/11\/PXL_20251110_133518936.PORTRAIT.ORIGINAL-1024x769.jpg\" alt=\"Treppensanierung Karl-Marx-Ring 58\" width=\"580\" height=\"436\" srcset=\"https:\/\/www.neuperlach.org\/blog\/wp-content\/uploads\/2025\/11\/PXL_20251110_133518936.PORTRAIT.ORIGINAL-1024x769.jpg 1024w, https:\/\/www.neuperlach.org\/blog\/wp-content\/uploads\/2025\/11\/PXL_20251110_133518936.PORTRAIT.ORIGINAL-300x225.jpg 300w, https:\/\/www.neuperlach.org\/blog\/wp-content\/uploads\/2025\/11\/PXL_20251110_133518936.PORTRAIT.ORIGINAL-768x577.jpg 768w, https:\/\/www.neuperlach.org\/blog\/wp-content\/uploads\/2025\/11\/PXL_20251110_133518936.PORTRAIT.ORIGINAL-1536x1153.jpg 1536w, https:\/\/www.neuperlach.org\/blog\/wp-content\/uploads\/2025\/11\/PXL_20251110_133518936.PORTRAIT.ORIGINAL-2048x1538.jpg 2048w, https:\/\/www.neuperlach.org\/blog\/wp-content\/uploads\/2025\/11\/PXL_20251110_133518936.PORTRAIT.ORIGINAL-1200x901.jpg 1200w, https:\/\/www.neuperlach.org\/blog\/wp-content\/uploads\/2025\/11\/PXL_20251110_133518936.PORTRAIT.ORIGINAL-1980x1487.jpg 1980w\" sizes=\"auto, (max-width: 580px) 100vw, 580px\" \/><\/a><figcaption id=\"caption-attachment-20931\" class=\"wp-caption-text\">10.11.2025<\/figcaption><\/figure>\n<figure id=\"attachment_20929\" aria-describedby=\"caption-attachment-20929\" style=\"width: 580px\" class=\"wp-caption alignnone\"><a href=\"https:\/\/www.neuperlach.org\/blog\/wp-content\/uploads\/2025\/11\/PXL_20251110_133521914.PORTRAIT.ORIGINAL-scaled.jpg\"><img loading=\"lazy\" decoding=\"async\" class=\"size-large wp-image-20929\" src=\"https:\/\/www.neuperlach.org\/blog\/wp-content\/uploads\/2025\/11\/PXL_20251110_133521914.PORTRAIT.ORIGINAL-1024x769.jpg\" alt=\"Treppensanierung Karl-Marx-Ring 58\" width=\"580\" height=\"436\" srcset=\"https:\/\/www.neuperlach.org\/blog\/wp-content\/uploads\/2025\/11\/PXL_20251110_133521914.PORTRAIT.ORIGINAL-1024x769.jpg 1024w, https:\/\/www.neuperlach.org\/blog\/wp-content\/uploads\/2025\/11\/PXL_20251110_133521914.PORTRAIT.ORIGINAL-300x225.jpg 300w, https:\/\/www.neuperlach.org\/blog\/wp-content\/uploads\/2025\/11\/PXL_20251110_133521914.PORTRAIT.ORIGINAL-768x577.jpg 768w, https:\/\/www.neuperlach.org\/blog\/wp-content\/uploads\/2025\/11\/PXL_20251110_133521914.PORTRAIT.ORIGINAL-1536x1153.jpg 1536w, https:\/\/www.neuperlach.org\/blog\/wp-content\/uploads\/2025\/11\/PXL_20251110_133521914.PORTRAIT.ORIGINAL-2048x1538.jpg 2048w, https:\/\/www.neuperlach.org\/blog\/wp-content\/uploads\/2025\/11\/PXL_20251110_133521914.PORTRAIT.ORIGINAL-1200x901.jpg 1200w, https:\/\/www.neuperlach.org\/blog\/wp-content\/uploads\/2025\/11\/PXL_20251110_133521914.PORTRAIT.ORIGINAL-1980x1487.jpg 1980w\" sizes=\"auto, (max-width: 580px) 100vw, 580px\" \/><\/a><figcaption id=\"caption-attachment-20929\" class=\"wp-caption-text\">10.11.2025<\/figcaption><\/figure>\n<figure id=\"attachment_20928\" aria-describedby=\"caption-attachment-20928\" style=\"width: 580px\" class=\"wp-caption alignnone\"><a href=\"https:\/\/www.neuperlach.org\/blog\/wp-content\/uploads\/2025\/11\/PXL_20251110_133537047.PORTRAIT.ORIGINAL-scaled.jpg\"><img loading=\"lazy\" decoding=\"async\" class=\"size-large wp-image-20928\" src=\"https:\/\/www.neuperlach.org\/blog\/wp-content\/uploads\/2025\/11\/PXL_20251110_133537047.PORTRAIT.ORIGINAL-1024x769.jpg\" alt=\"Treppensanierung Karl-Marx-Ring 58\" width=\"580\" height=\"436\" srcset=\"https:\/\/www.neuperlach.org\/blog\/wp-content\/uploads\/2025\/11\/PXL_20251110_133537047.PORTRAIT.ORIGINAL-1024x769.jpg 1024w, https:\/\/www.neuperlach.org\/blog\/wp-content\/uploads\/2025\/11\/PXL_20251110_133537047.PORTRAIT.ORIGINAL-300x225.jpg 300w, https:\/\/www.neuperlach.org\/blog\/wp-content\/uploads\/2025\/11\/PXL_20251110_133537047.PORTRAIT.ORIGINAL-768x577.jpg 768w, https:\/\/www.neuperlach.org\/blog\/wp-content\/uploads\/2025\/11\/PXL_20251110_133537047.PORTRAIT.ORIGINAL-1536x1153.jpg 1536w, https:\/\/www.neuperlach.org\/blog\/wp-content\/uploads\/2025\/11\/PXL_20251110_133537047.PORTRAIT.ORIGINAL-2048x1538.jpg 2048w, https:\/\/www.neuperlach.org\/blog\/wp-content\/uploads\/2025\/11\/PXL_20251110_133537047.PORTRAIT.ORIGINAL-1200x901.jpg 1200w, https:\/\/www.neuperlach.org\/blog\/wp-content\/uploads\/2025\/11\/PXL_20251110_133537047.PORTRAIT.ORIGINAL-1980x1487.jpg 1980w\" sizes=\"auto, (max-width: 580px) 100vw, 580px\" \/><\/a><figcaption id=\"caption-attachment-20928\" class=\"wp-caption-text\">Detail Boden (10.11.2025)<\/figcaption><\/figure>\n<h3>L\u00e4tarekirche an der Quiddestra\u00dfe nun Denkmal<\/h3>\n<figure id=\"attachment_18045\" aria-describedby=\"caption-attachment-18045\" style=\"width: 580px\" class=\"wp-caption alignnone\"><a href=\"https:\/\/www.neuperlach.org\/blog\/wp-content\/uploads\/2021\/06\/IMG_7469.jpg\"><img loading=\"lazy\" decoding=\"async\" class=\"size-large wp-image-18045\" src=\"https:\/\/www.neuperlach.org\/blog\/wp-content\/uploads\/2021\/06\/IMG_7469-1024x768.jpg\" alt=\"Glyptotheke\" width=\"580\" height=\"435\" srcset=\"https:\/\/www.neuperlach.org\/blog\/wp-content\/uploads\/2021\/06\/IMG_7469-1024x768.jpg 1024w, https:\/\/www.neuperlach.org\/blog\/wp-content\/uploads\/2021\/06\/IMG_7469-300x225.jpg 300w, https:\/\/www.neuperlach.org\/blog\/wp-content\/uploads\/2021\/06\/IMG_7469-768x576.jpg 768w, https:\/\/www.neuperlach.org\/blog\/wp-content\/uploads\/2021\/06\/IMG_7469-1536x1152.jpg 1536w, https:\/\/www.neuperlach.org\/blog\/wp-content\/uploads\/2021\/06\/IMG_7469-2048x1536.jpg 2048w, https:\/\/www.neuperlach.org\/blog\/wp-content\/uploads\/2021\/06\/IMG_7469-1200x900.jpg 1200w, https:\/\/www.neuperlach.org\/blog\/wp-content\/uploads\/2021\/06\/IMG_7469-1980x1485.jpg 1980w\" sizes=\"auto, (max-width: 580px) 100vw, 580px\" \/><\/a><figcaption id=\"caption-attachment-18045\" class=\"wp-caption-text\">L\u00e4tarekirche mit dem Haupteingang (18.06.2021)<\/figcaption><\/figure>\n<p>Nach der <a href=\"https:\/\/www.neuperlach.org\/blog\/st-monika-denkmalschutz\/\">katholischen Kirche St- Monika<\/a> und der <a href=\"https:\/\/www.neuperlach.org\/blog\/mensa-denkmalschutz\/\">Mensa des Schulzentrums an der Quiddestra\u00dfe<\/a> hat ein dritter Bau in Neuperlach Denkmalstatus erhalten. Die am 18. Juli 1971 vom evangelischen Geistlichen Georg Lanzenstiel eingeweihte <a href=\"https:\/\/www.neuperlach.org\/blog\/laetarekirche-denkmal\/\">evangelische Kirche an der Quiddestra\u00dfe 15, die den Namen L\u00e4tarekirche tr\u00e4gt<\/a>, ist inzwischen ein Baudenkmal.\u00a0<a href=\"https:\/\/www.neuperlach.org\/blog\/laetarekirche-denkmal\/\">\u2192 Weiterlesen<\/a><\/p>\n<h3>Parkpl\u00e4tze, Busspur, B\u00e4ume: Eine neue Achse f\u00fcr Neuperlach<\/h3>\n<figure id=\"attachment_19903\" aria-describedby=\"caption-attachment-19903\" style=\"width: 580px\" class=\"wp-caption alignnone\"><a href=\"https:\/\/www.neuperlach.org\/blog\/wp-content\/uploads\/2020\/08\/IMG_5112.jpg\"><img loading=\"lazy\" decoding=\"async\" class=\"size-large wp-image-19903\" src=\"https:\/\/www.neuperlach.org\/blog\/wp-content\/uploads\/2020\/08\/IMG_5112-1024x768.jpg\" alt=\"P&amp;R-Hochgarage\" width=\"580\" height=\"435\" srcset=\"https:\/\/www.neuperlach.org\/blog\/wp-content\/uploads\/2020\/08\/IMG_5112-1024x768.jpg 1024w, https:\/\/www.neuperlach.org\/blog\/wp-content\/uploads\/2020\/08\/IMG_5112-300x225.jpg 300w, https:\/\/www.neuperlach.org\/blog\/wp-content\/uploads\/2020\/08\/IMG_5112-768x576.jpg 768w, https:\/\/www.neuperlach.org\/blog\/wp-content\/uploads\/2020\/08\/IMG_5112-1536x1152.jpg 1536w, https:\/\/www.neuperlach.org\/blog\/wp-content\/uploads\/2020\/08\/IMG_5112-2048x1536.jpg 2048w, https:\/\/www.neuperlach.org\/blog\/wp-content\/uploads\/2020\/08\/IMG_5112-1200x900.jpg 1200w, https:\/\/www.neuperlach.org\/blog\/wp-content\/uploads\/2020\/08\/IMG_5112-1980x1485.jpg 1980w\" sizes=\"auto, (max-width: 580px) 100vw, 580px\" \/><\/a><figcaption id=\"caption-attachment-19903\" class=\"wp-caption-text\">An der Carl-Wery-Stra\u00dfe, H\u00f6he Parkgarage (Archivbild von 2023) \u00a9 Thomas Irlbeck<\/figcaption><\/figure>\n<blockquote><p>Die Gesamtkosten der Ma\u00dfnahme belaufen sich auf rund 21 Millionen Euro, wovon rund 17 Millionen zuwendungsf\u00e4hig sind. Der Freistaat Bayern \u00fcbernimmt hiervon im Rahmen einer F\u00f6rderung gut neun Millionen Euro. Der Umbau der Stra\u00dfe hat bereits begonnen und wird gut zwei Jahre dauern.<\/p><\/blockquote>\n<p>Quelle: <a href=\"https:\/\/www.abendzeitung-muenchen.de\/muenchen\/das-ist-gut\/parkplaetze-busspur-baeume-eine-neue-achse-fuer-neuperlach-art-1091721\" target=\"_blank\" rel=\"noopener\">Abendzeitung<\/a><\/p>\n<h3>Dreiste Geldschein-Werbung<\/h3>\n<figure id=\"attachment_20918\" aria-describedby=\"caption-attachment-20918\" style=\"width: 580px\" class=\"wp-caption alignnone\"><a href=\"https:\/\/www.neuperlach.org\/blog\/wp-content\/uploads\/2025\/11\/PXL_20251108_074812556-scaled.jpg\"><img loading=\"lazy\" decoding=\"async\" class=\"size-large wp-image-20918\" src=\"https:\/\/www.neuperlach.org\/blog\/wp-content\/uploads\/2025\/11\/PXL_20251108_074812556-1024x769.jpg\" alt=\"Christliche Geldscheinwerbung in meinem Haus\" width=\"580\" height=\"436\" srcset=\"https:\/\/www.neuperlach.org\/blog\/wp-content\/uploads\/2025\/11\/PXL_20251108_074812556-1024x769.jpg 1024w, https:\/\/www.neuperlach.org\/blog\/wp-content\/uploads\/2025\/11\/PXL_20251108_074812556-300x225.jpg 300w, https:\/\/www.neuperlach.org\/blog\/wp-content\/uploads\/2025\/11\/PXL_20251108_074812556-768x577.jpg 768w, https:\/\/www.neuperlach.org\/blog\/wp-content\/uploads\/2025\/11\/PXL_20251108_074812556-1536x1153.jpg 1536w, https:\/\/www.neuperlach.org\/blog\/wp-content\/uploads\/2025\/11\/PXL_20251108_074812556-2048x1538.jpg 2048w, https:\/\/www.neuperlach.org\/blog\/wp-content\/uploads\/2025\/11\/PXL_20251108_074812556-1200x901.jpg 1200w, https:\/\/www.neuperlach.org\/blog\/wp-content\/uploads\/2025\/11\/PXL_20251108_074812556-1980x1487.jpg 1980w\" sizes=\"auto, (max-width: 580px) 100vw, 580px\" \/><\/a><figcaption id=\"caption-attachment-20918\" class=\"wp-caption-text\">08.11.2025<\/figcaption><\/figure>\n<p>Gerade eben in meinem Haus. Scheinbar liegen Geldscheine zum Verschenken bereit. Auf der R\u00fcckseite findet sich christliche Propaganda, die ich hier nicht zeige. Ich m\u00f6chte keine Werbung daf\u00fcr machen.<\/p>\n<h3>Plettstra\u00dfe: Out of order<\/h3>\n<p>Rollstuhlaufz\u00fcge sollt es an allen gr\u00f6\u00dferen H\u00e4usern geben, die nicht barrierefrei sind. Der Rollstuhlaufzug hier an der Plettstra\u00dfe ist allerdings nach meiner Beobachtung st\u00e4ndig au\u00dfer Betrieb.<\/p>\n<figure id=\"attachment_20916\" aria-describedby=\"caption-attachment-20916\" style=\"width: 580px\" class=\"wp-caption alignnone\"><a href=\"https:\/\/www.neuperlach.org\/blog\/wp-content\/uploads\/2025\/11\/PXL_20251106_104746125.MP_-scaled.jpg\"><img loading=\"lazy\" decoding=\"async\" class=\"size-large wp-image-20916\" src=\"https:\/\/www.neuperlach.org\/blog\/wp-content\/uploads\/2025\/11\/PXL_20251106_104746125.MP_-1024x769.jpg\" alt=\"Defekter Rollstuhlaufzug Plettstra\u00dfe\" width=\"580\" height=\"436\" srcset=\"https:\/\/www.neuperlach.org\/blog\/wp-content\/uploads\/2025\/11\/PXL_20251106_104746125.MP_-1024x769.jpg 1024w, https:\/\/www.neuperlach.org\/blog\/wp-content\/uploads\/2025\/11\/PXL_20251106_104746125.MP_-300x225.jpg 300w, https:\/\/www.neuperlach.org\/blog\/wp-content\/uploads\/2025\/11\/PXL_20251106_104746125.MP_-768x577.jpg 768w, https:\/\/www.neuperlach.org\/blog\/wp-content\/uploads\/2025\/11\/PXL_20251106_104746125.MP_-1536x1153.jpg 1536w, https:\/\/www.neuperlach.org\/blog\/wp-content\/uploads\/2025\/11\/PXL_20251106_104746125.MP_-2048x1538.jpg 2048w, https:\/\/www.neuperlach.org\/blog\/wp-content\/uploads\/2025\/11\/PXL_20251106_104746125.MP_-1200x901.jpg 1200w, https:\/\/www.neuperlach.org\/blog\/wp-content\/uploads\/2025\/11\/PXL_20251106_104746125.MP_-1980x1487.jpg 1980w\" sizes=\"auto, (max-width: 580px) 100vw, 580px\" \/><\/a><figcaption id=\"caption-attachment-20916\" class=\"wp-caption-text\">06.11.2025<\/figcaption><\/figure>\n<figure id=\"attachment_20917\" aria-describedby=\"caption-attachment-20917\" style=\"width: 580px\" class=\"wp-caption alignnone\"><a href=\"https:\/\/www.neuperlach.org\/blog\/wp-content\/uploads\/2025\/11\/PXL_20251106_104758880-scaled.jpg\"><img loading=\"lazy\" decoding=\"async\" class=\"size-large wp-image-20917\" src=\"https:\/\/www.neuperlach.org\/blog\/wp-content\/uploads\/2025\/11\/PXL_20251106_104758880-769x1024.jpg\" alt=\"Defekter Rollstuhlaufzug Plettstra\u00dfe\" width=\"580\" height=\"772\" srcset=\"https:\/\/www.neuperlach.org\/blog\/wp-content\/uploads\/2025\/11\/PXL_20251106_104758880-769x1024.jpg 769w, https:\/\/www.neuperlach.org\/blog\/wp-content\/uploads\/2025\/11\/PXL_20251106_104758880-225x300.jpg 225w, https:\/\/www.neuperlach.org\/blog\/wp-content\/uploads\/2025\/11\/PXL_20251106_104758880-768x1023.jpg 768w, https:\/\/www.neuperlach.org\/blog\/wp-content\/uploads\/2025\/11\/PXL_20251106_104758880-1153x1536.jpg 1153w, https:\/\/www.neuperlach.org\/blog\/wp-content\/uploads\/2025\/11\/PXL_20251106_104758880-1538x2048.jpg 1538w, https:\/\/www.neuperlach.org\/blog\/wp-content\/uploads\/2025\/11\/PXL_20251106_104758880-1200x1598.jpg 1200w, https:\/\/www.neuperlach.org\/blog\/wp-content\/uploads\/2025\/11\/PXL_20251106_104758880-1980x2637.jpg 1980w, https:\/\/www.neuperlach.org\/blog\/wp-content\/uploads\/2025\/11\/PXL_20251106_104758880-scaled.jpg 1922w\" sizes=\"auto, (max-width: 580px) 100vw, 580px\" \/><\/a><figcaption id=\"caption-attachment-20917\" class=\"wp-caption-text\">06.11.2025<\/figcaption><\/figure>\n<h3>Letzter Verkaufstag im Rewe Marx-Zentrum am 30.11.2017<\/h3>\n<p>Wir erinnern uns an die gro\u00dfartige Mrs. Payback! Wer kennt sie noch?<\/p>\n<figure id=\"attachment_20915\" aria-describedby=\"caption-attachment-20915\" style=\"width: 580px\" class=\"wp-caption alignnone\"><a href=\"https:\/\/www.neuperlach.org\/blog\/wp-content\/uploads\/2025\/11\/38036248374_1148131d05_o-scaled.jpg\"><img loading=\"lazy\" decoding=\"async\" class=\"size-large wp-image-20915\" src=\"https:\/\/www.neuperlach.org\/blog\/wp-content\/uploads\/2025\/11\/38036248374_1148131d05_o-1024x768.jpg\" alt=\"Mrs. Payback\/Rewe Marx-Zentrum\" width=\"580\" height=\"435\" srcset=\"https:\/\/www.neuperlach.org\/blog\/wp-content\/uploads\/2025\/11\/38036248374_1148131d05_o-1024x768.jpg 1024w, https:\/\/www.neuperlach.org\/blog\/wp-content\/uploads\/2025\/11\/38036248374_1148131d05_o-300x225.jpg 300w, https:\/\/www.neuperlach.org\/blog\/wp-content\/uploads\/2025\/11\/38036248374_1148131d05_o-768x576.jpg 768w, https:\/\/www.neuperlach.org\/blog\/wp-content\/uploads\/2025\/11\/38036248374_1148131d05_o-1536x1152.jpg 1536w, https:\/\/www.neuperlach.org\/blog\/wp-content\/uploads\/2025\/11\/38036248374_1148131d05_o-2048x1536.jpg 2048w, https:\/\/www.neuperlach.org\/blog\/wp-content\/uploads\/2025\/11\/38036248374_1148131d05_o-1200x900.jpg 1200w, https:\/\/www.neuperlach.org\/blog\/wp-content\/uploads\/2025\/11\/38036248374_1148131d05_o-1980x1485.jpg 1980w\" sizes=\"auto, (max-width: 580px) 100vw, 580px\" \/><\/a><figcaption id=\"caption-attachment-20915\" class=\"wp-caption-text\">30.11.2017<\/figcaption><\/figure>\n<h3>Tarzanbahn<\/h3>\n<p>Im Ostpark gab es in der Anfangszeit eine Tarzanbahn in der N\u00e4he des Spielhauses (Maulwurfshausen). Leider wurde diese nach einigen Jahren abgebaut. Wer erinnert sich? Ich war da sehr oft!<\/p>\n<p>Ein Foto von der Tarzanbahn habe ich keines. Daher lege ich ein CC-Foto bei. So \u00e4hnlich wie auf CC-Foto hat die Tarzanbahn im Ostpark ausgesehen. sie war allerdings absch\u00fcssig und war nur in eine Richtung befahrbar. Der nach unten Gefahrene war angehalten, die Fahreinrichtung wieder nach oben zu ziehen und dem Wartenden zu \u00fcbergeben.<\/p>\n<figure id=\"attachment_20352\" aria-describedby=\"caption-attachment-20352\" style=\"width: 580px\" class=\"wp-caption alignnone\"><a href=\"https:\/\/www.neuperlach.org\/blog\/wp-content\/uploads\/2023\/12\/Ostpark-2023-1.jpg\"><img loading=\"lazy\" decoding=\"async\" class=\"size-large wp-image-20352\" src=\"https:\/\/www.neuperlach.org\/blog\/wp-content\/uploads\/2023\/12\/Ostpark-2023-1-1024x768.jpg\" alt=\"Ostpark 2023\" width=\"580\" height=\"435\" srcset=\"https:\/\/www.neuperlach.org\/blog\/wp-content\/uploads\/2023\/12\/Ostpark-2023-1-1024x768.jpg 1024w, https:\/\/www.neuperlach.org\/blog\/wp-content\/uploads\/2023\/12\/Ostpark-2023-1-300x225.jpg 300w, https:\/\/www.neuperlach.org\/blog\/wp-content\/uploads\/2023\/12\/Ostpark-2023-1-768x576.jpg 768w, https:\/\/www.neuperlach.org\/blog\/wp-content\/uploads\/2023\/12\/Ostpark-2023-1-1536x1152.jpg 1536w, https:\/\/www.neuperlach.org\/blog\/wp-content\/uploads\/2023\/12\/Ostpark-2023-1-1200x900.jpg 1200w, https:\/\/www.neuperlach.org\/blog\/wp-content\/uploads\/2023\/12\/Ostpark-2023-1-1980x1485.jpg 1980w, https:\/\/www.neuperlach.org\/blog\/wp-content\/uploads\/2023\/12\/Ostpark-2023-1.jpg 2000w\" sizes=\"auto, (max-width: 580px) 100vw, 580px\" \/><\/a><figcaption id=\"caption-attachment-20352\" class=\"wp-caption-text\">Ostpark 2023<\/figcaption><\/figure>\n<figure id=\"attachment_20353\" aria-describedby=\"caption-attachment-20353\" style=\"width: 580px\" class=\"wp-caption alignnone\"><a href=\"https:\/\/www.neuperlach.org\/blog\/wp-content\/uploads\/2023\/12\/Ostpark-2023-2.jpg\"><img loading=\"lazy\" decoding=\"async\" class=\"size-large wp-image-20353\" src=\"https:\/\/www.neuperlach.org\/blog\/wp-content\/uploads\/2023\/12\/Ostpark-2023-2-1024x768.jpg\" alt=\"Ostpark 2023\" width=\"580\" height=\"435\" srcset=\"https:\/\/www.neuperlach.org\/blog\/wp-content\/uploads\/2023\/12\/Ostpark-2023-2-1024x768.jpg 1024w, https:\/\/www.neuperlach.org\/blog\/wp-content\/uploads\/2023\/12\/Ostpark-2023-2-300x225.jpg 300w, https:\/\/www.neuperlach.org\/blog\/wp-content\/uploads\/2023\/12\/Ostpark-2023-2-768x576.jpg 768w, https:\/\/www.neuperlach.org\/blog\/wp-content\/uploads\/2023\/12\/Ostpark-2023-2-1536x1152.jpg 1536w, https:\/\/www.neuperlach.org\/blog\/wp-content\/uploads\/2023\/12\/Ostpark-2023-2-1200x900.jpg 1200w, https:\/\/www.neuperlach.org\/blog\/wp-content\/uploads\/2023\/12\/Ostpark-2023-2-1980x1485.jpg 1980w, https:\/\/www.neuperlach.org\/blog\/wp-content\/uploads\/2023\/12\/Ostpark-2023-2.jpg 2000w\" sizes=\"auto, (max-width: 580px) 100vw, 580px\" \/><\/a><figcaption id=\"caption-attachment-20353\" class=\"wp-caption-text\">Ostpark 2023<\/figcaption><\/figure>\n<figure id=\"attachment_20914\" aria-describedby=\"caption-attachment-20914\" style=\"width: 580px\" class=\"wp-caption alignnone\"><a href=\"https:\/\/www.neuperlach.org\/blog\/wp-content\/uploads\/2025\/11\/Aire_de_Jeux_Jacques_Cartier_a_Elancourt_le_5_juillet_2017_-_23-scaled.jpg\"><img loading=\"lazy\" decoding=\"async\" class=\"size-large wp-image-20914\" src=\"https:\/\/www.neuperlach.org\/blog\/wp-content\/uploads\/2025\/11\/Aire_de_Jeux_Jacques_Cartier_a_Elancourt_le_5_juillet_2017_-_23-1024x683.jpg\" alt=\"Tarzanbahn\" width=\"580\" height=\"387\" srcset=\"https:\/\/www.neuperlach.org\/blog\/wp-content\/uploads\/2025\/11\/Aire_de_Jeux_Jacques_Cartier_a_Elancourt_le_5_juillet_2017_-_23-1024x683.jpg 1024w, https:\/\/www.neuperlach.org\/blog\/wp-content\/uploads\/2025\/11\/Aire_de_Jeux_Jacques_Cartier_a_Elancourt_le_5_juillet_2017_-_23-300x200.jpg 300w, https:\/\/www.neuperlach.org\/blog\/wp-content\/uploads\/2025\/11\/Aire_de_Jeux_Jacques_Cartier_a_Elancourt_le_5_juillet_2017_-_23-768x512.jpg 768w, https:\/\/www.neuperlach.org\/blog\/wp-content\/uploads\/2025\/11\/Aire_de_Jeux_Jacques_Cartier_a_Elancourt_le_5_juillet_2017_-_23-1536x1024.jpg 1536w, https:\/\/www.neuperlach.org\/blog\/wp-content\/uploads\/2025\/11\/Aire_de_Jeux_Jacques_Cartier_a_Elancourt_le_5_juillet_2017_-_23-2048x1365.jpg 2048w, https:\/\/www.neuperlach.org\/blog\/wp-content\/uploads\/2025\/11\/Aire_de_Jeux_Jacques_Cartier_a_Elancourt_le_5_juillet_2017_-_23-1200x800.jpg 1200w, https:\/\/www.neuperlach.org\/blog\/wp-content\/uploads\/2025\/11\/Aire_de_Jeux_Jacques_Cartier_a_Elancourt_le_5_juillet_2017_-_23-1980x1320.jpg 1980w\" sizes=\"auto, (max-width: 580px) 100vw, 580px\" \/><\/a><figcaption id=\"caption-attachment-20914\" class=\"wp-caption-text\">Foto: Lionel Allorge, Lizenz: <a href=\"https:\/\/creativecommons.org\/licenses\/by-sa\/3.0\/\" target=\"_blank\"> CC BY-SA 3.0<\/a><\/figcaption><\/figure>\n<h3>Kunst an der orangen Br\u00fccke \u00fcber den Karl-Marx-Ring<\/h3>\n<figure id=\"attachment_20913\" aria-describedby=\"caption-attachment-20913\" style=\"width: 580px\" class=\"wp-caption alignnone\"><a href=\"https:\/\/www.neuperlach.org\/blog\/wp-content\/uploads\/2025\/10\/PXL_20251103_121426082-scaled.jpg\"><img loading=\"lazy\" decoding=\"async\" class=\"size-large wp-image-20913\" src=\"https:\/\/www.neuperlach.org\/blog\/wp-content\/uploads\/2025\/10\/PXL_20251103_121426082-769x1024.jpg\" alt=\"Kunstwerk orange Br\u00fccke\" width=\"580\" height=\"772\" srcset=\"https:\/\/www.neuperlach.org\/blog\/wp-content\/uploads\/2025\/10\/PXL_20251103_121426082-769x1024.jpg 769w, https:\/\/www.neuperlach.org\/blog\/wp-content\/uploads\/2025\/10\/PXL_20251103_121426082-225x300.jpg 225w, https:\/\/www.neuperlach.org\/blog\/wp-content\/uploads\/2025\/10\/PXL_20251103_121426082-768x1023.jpg 768w, https:\/\/www.neuperlach.org\/blog\/wp-content\/uploads\/2025\/10\/PXL_20251103_121426082-1153x1536.jpg 1153w, https:\/\/www.neuperlach.org\/blog\/wp-content\/uploads\/2025\/10\/PXL_20251103_121426082-1538x2048.jpg 1538w, https:\/\/www.neuperlach.org\/blog\/wp-content\/uploads\/2025\/10\/PXL_20251103_121426082-1200x1598.jpg 1200w, https:\/\/www.neuperlach.org\/blog\/wp-content\/uploads\/2025\/10\/PXL_20251103_121426082-1980x2637.jpg 1980w, https:\/\/www.neuperlach.org\/blog\/wp-content\/uploads\/2025\/10\/PXL_20251103_121426082-scaled.jpg 1922w\" sizes=\"auto, (max-width: 580px) 100vw, 580px\" \/><\/a><figcaption id=\"caption-attachment-20913\" class=\"wp-caption-text\">03.11.2025<\/figcaption><\/figure>\n<h3>Pf\u00fctze am Bhima&#8217;s<\/h3>\n<p>An der Stelle gibt es oft Pf\u00fctzenbildungen. Heute wurde mal wieder das Abflussohr freigemacht.<\/p>\n<figure id=\"attachment_20911\" aria-describedby=\"caption-attachment-20911\" style=\"width: 580px\" class=\"wp-caption alignnone\"><a href=\"https:\/\/www.neuperlach.org\/blog\/wp-content\/uploads\/2025\/10\/PXL_20251103_113328020-scaled.jpg\"><img loading=\"lazy\" decoding=\"async\" class=\"size-large wp-image-20911\" src=\"https:\/\/www.neuperlach.org\/blog\/wp-content\/uploads\/2025\/10\/PXL_20251103_113328020-1024x769.jpg\" alt=\"Pf\u00fctze am Bhima's\" width=\"580\" height=\"436\" srcset=\"https:\/\/www.neuperlach.org\/blog\/wp-content\/uploads\/2025\/10\/PXL_20251103_113328020-1024x769.jpg 1024w, https:\/\/www.neuperlach.org\/blog\/wp-content\/uploads\/2025\/10\/PXL_20251103_113328020-300x225.jpg 300w, https:\/\/www.neuperlach.org\/blog\/wp-content\/uploads\/2025\/10\/PXL_20251103_113328020-768x577.jpg 768w, https:\/\/www.neuperlach.org\/blog\/wp-content\/uploads\/2025\/10\/PXL_20251103_113328020-1536x1153.jpg 1536w, https:\/\/www.neuperlach.org\/blog\/wp-content\/uploads\/2025\/10\/PXL_20251103_113328020-2048x1538.jpg 2048w, https:\/\/www.neuperlach.org\/blog\/wp-content\/uploads\/2025\/10\/PXL_20251103_113328020-1200x901.jpg 1200w, https:\/\/www.neuperlach.org\/blog\/wp-content\/uploads\/2025\/10\/PXL_20251103_113328020-1980x1487.jpg 1980w\" sizes=\"auto, (max-width: 580px) 100vw, 580px\" \/><\/a><figcaption id=\"caption-attachment-20911\" class=\"wp-caption-text\">03.11.2025<\/figcaption><\/figure>\n<figure id=\"attachment_20912\" aria-describedby=\"caption-attachment-20912\" style=\"width: 580px\" class=\"wp-caption alignnone\"><a href=\"https:\/\/www.neuperlach.org\/blog\/wp-content\/uploads\/2025\/10\/PXL_20251103_113533670-scaled.jpg\"><img loading=\"lazy\" decoding=\"async\" class=\"size-large wp-image-20912\" src=\"https:\/\/www.neuperlach.org\/blog\/wp-content\/uploads\/2025\/10\/PXL_20251103_113533670-1024x769.jpg\" alt=\"Pf\u00fctze am Bhima's\" width=\"580\" height=\"436\" srcset=\"https:\/\/www.neuperlach.org\/blog\/wp-content\/uploads\/2025\/10\/PXL_20251103_113533670-1024x769.jpg 1024w, https:\/\/www.neuperlach.org\/blog\/wp-content\/uploads\/2025\/10\/PXL_20251103_113533670-300x225.jpg 300w, https:\/\/www.neuperlach.org\/blog\/wp-content\/uploads\/2025\/10\/PXL_20251103_113533670-768x577.jpg 768w, https:\/\/www.neuperlach.org\/blog\/wp-content\/uploads\/2025\/10\/PXL_20251103_113533670-1536x1153.jpg 1536w, https:\/\/www.neuperlach.org\/blog\/wp-content\/uploads\/2025\/10\/PXL_20251103_113533670-2048x1538.jpg 2048w, https:\/\/www.neuperlach.org\/blog\/wp-content\/uploads\/2025\/10\/PXL_20251103_113533670-1200x901.jpg 1200w, https:\/\/www.neuperlach.org\/blog\/wp-content\/uploads\/2025\/10\/PXL_20251103_113533670-1980x1487.jpg 1980w\" sizes=\"auto, (max-width: 580px) 100vw, 580px\" \/><\/a><figcaption id=\"caption-attachment-20912\" class=\"wp-caption-text\">03.11.2025<\/figcaption><\/figure>\n<h3>Beton-Sana<\/h3>\n<p>Sanierung neben St. Monika bzw. dem Marx-Zentrum.<\/p>\n<figure id=\"attachment_20909\" aria-describedby=\"caption-attachment-20909\" style=\"width: 580px\" class=\"wp-caption alignnone\"><a href=\"https:\/\/www.neuperlach.org\/blog\/wp-content\/uploads\/2025\/10\/PXL_20251103_113614278-scaled.jpg\"><img loading=\"lazy\" decoding=\"async\" class=\"size-large wp-image-20909\" src=\"https:\/\/www.neuperlach.org\/blog\/wp-content\/uploads\/2025\/10\/PXL_20251103_113614278-1024x769.jpg\" alt=\"Neben St. Monika\" width=\"580\" height=\"436\" srcset=\"https:\/\/www.neuperlach.org\/blog\/wp-content\/uploads\/2025\/10\/PXL_20251103_113614278-1024x769.jpg 1024w, https:\/\/www.neuperlach.org\/blog\/wp-content\/uploads\/2025\/10\/PXL_20251103_113614278-300x225.jpg 300w, https:\/\/www.neuperlach.org\/blog\/wp-content\/uploads\/2025\/10\/PXL_20251103_113614278-768x577.jpg 768w, https:\/\/www.neuperlach.org\/blog\/wp-content\/uploads\/2025\/10\/PXL_20251103_113614278-1536x1153.jpg 1536w, https:\/\/www.neuperlach.org\/blog\/wp-content\/uploads\/2025\/10\/PXL_20251103_113614278-2048x1538.jpg 2048w, https:\/\/www.neuperlach.org\/blog\/wp-content\/uploads\/2025\/10\/PXL_20251103_113614278-1200x901.jpg 1200w, https:\/\/www.neuperlach.org\/blog\/wp-content\/uploads\/2025\/10\/PXL_20251103_113614278-1980x1487.jpg 1980w\" sizes=\"auto, (max-width: 580px) 100vw, 580px\" \/><\/a><figcaption id=\"caption-attachment-20909\" class=\"wp-caption-text\">03.11.2025<\/figcaption><\/figure>\n<figure id=\"attachment_20910\" aria-describedby=\"caption-attachment-20910\" style=\"width: 580px\" class=\"wp-caption alignnone\"><a href=\"https:\/\/www.neuperlach.org\/blog\/wp-content\/uploads\/2025\/10\/PXL_20251103_113651031-scaled.jpg\"><img loading=\"lazy\" decoding=\"async\" class=\"size-large wp-image-20910\" src=\"https:\/\/www.neuperlach.org\/blog\/wp-content\/uploads\/2025\/10\/PXL_20251103_113651031-1024x769.jpg\" alt=\"Neben St. Monika\" width=\"580\" height=\"436\" srcset=\"https:\/\/www.neuperlach.org\/blog\/wp-content\/uploads\/2025\/10\/PXL_20251103_113651031-1024x769.jpg 1024w, https:\/\/www.neuperlach.org\/blog\/wp-content\/uploads\/2025\/10\/PXL_20251103_113651031-300x225.jpg 300w, https:\/\/www.neuperlach.org\/blog\/wp-content\/uploads\/2025\/10\/PXL_20251103_113651031-768x577.jpg 768w, https:\/\/www.neuperlach.org\/blog\/wp-content\/uploads\/2025\/10\/PXL_20251103_113651031-1536x1153.jpg 1536w, https:\/\/www.neuperlach.org\/blog\/wp-content\/uploads\/2025\/10\/PXL_20251103_113651031-2048x1538.jpg 2048w, https:\/\/www.neuperlach.org\/blog\/wp-content\/uploads\/2025\/10\/PXL_20251103_113651031-1200x901.jpg 1200w, https:\/\/www.neuperlach.org\/blog\/wp-content\/uploads\/2025\/10\/PXL_20251103_113651031-1980x1487.jpg 1980w\" sizes=\"auto, (max-width: 580px) 100vw, 580px\" \/><\/a><figcaption id=\"caption-attachment-20910\" class=\"wp-caption-text\">03.11.2025<\/figcaption><\/figure>\n<h3>Es gibt E-Roller und Deo-Roller<\/h3>\n<figure id=\"attachment_20907\" aria-describedby=\"caption-attachment-20907\" style=\"width: 580px\" class=\"wp-caption alignnone\"><a href=\"https:\/\/www.neuperlach.org\/blog\/wp-content\/uploads\/2025\/10\/IMG_9585-Verbessert-RR-scaled.jpg\"><img loading=\"lazy\" decoding=\"async\" class=\"size-large wp-image-20907\" src=\"https:\/\/www.neuperlach.org\/blog\/wp-content\/uploads\/2025\/10\/IMG_9585-Verbessert-RR-1024x768.jpg\" alt=\"E-Roller\" width=\"580\" height=\"435\" srcset=\"https:\/\/www.neuperlach.org\/blog\/wp-content\/uploads\/2025\/10\/IMG_9585-Verbessert-RR-1024x768.jpg 1024w, https:\/\/www.neuperlach.org\/blog\/wp-content\/uploads\/2025\/10\/IMG_9585-Verbessert-RR-300x225.jpg 300w, https:\/\/www.neuperlach.org\/blog\/wp-content\/uploads\/2025\/10\/IMG_9585-Verbessert-RR-768x576.jpg 768w, https:\/\/www.neuperlach.org\/blog\/wp-content\/uploads\/2025\/10\/IMG_9585-Verbessert-RR-1536x1152.jpg 1536w, https:\/\/www.neuperlach.org\/blog\/wp-content\/uploads\/2025\/10\/IMG_9585-Verbessert-RR-2048x1536.jpg 2048w, https:\/\/www.neuperlach.org\/blog\/wp-content\/uploads\/2025\/10\/IMG_9585-Verbessert-RR-1200x900.jpg 1200w, https:\/\/www.neuperlach.org\/blog\/wp-content\/uploads\/2025\/10\/IMG_9585-Verbessert-RR-1980x1485.jpg 1980w\" sizes=\"auto, (max-width: 580px) 100vw, 580px\" \/><\/a><figcaption id=\"caption-attachment-20907\" class=\"wp-caption-text\">31.10.2025<\/figcaption><\/figure>\n<p>Ab sofort bin ich einer von euch, ihr E-Roller-Fahrer! Die H\u00f6chstgeschwindigkeit liegt bei den \u00fcblichen 20 km\/h, die Reichweite betr\u00e4gt bis zu 55 km. Bergauf schafft er bis zu 18 %.<\/p>\n<p>Das Kennzeichen fehlt noch, bis dahin darf ich nur auf Privatgel\u00e4nde fahren.<\/p>\n<p>Das Foto entstand in meiner Wohnanlage Karl-Marx-Ring 52\u201362.<\/p>\n<h3>Treppauf, treppab!<\/h3>\n<p>Bei uns im Haus 58 gehen heute die Sanierungsarbeiten der beiden Treppen an der Hausr\u00fcckseite weiter. Der Eingang wurde vor\u00fcbergehend gesperrt. Als Alternative kann der Weg durch den Fahrradkeller genutzt werden.<\/p>\n<figure id=\"attachment_20906\" aria-describedby=\"caption-attachment-20906\" style=\"width: 580px\" class=\"wp-caption alignnone\"><a href=\"https:\/\/www.neuperlach.org\/blog\/wp-content\/uploads\/2025\/10\/PXL_20251029_082511716-scaled.jpg\"><img loading=\"lazy\" decoding=\"async\" class=\"size-large wp-image-20906\" src=\"https:\/\/www.neuperlach.org\/blog\/wp-content\/uploads\/2025\/10\/PXL_20251029_082511716-769x1024.jpg\" alt=\"Treppensanierung Karl-Marx-Ring 58\" width=\"580\" height=\"772\" srcset=\"https:\/\/www.neuperlach.org\/blog\/wp-content\/uploads\/2025\/10\/PXL_20251029_082511716-769x1024.jpg 769w, https:\/\/www.neuperlach.org\/blog\/wp-content\/uploads\/2025\/10\/PXL_20251029_082511716-225x300.jpg 225w, https:\/\/www.neuperlach.org\/blog\/wp-content\/uploads\/2025\/10\/PXL_20251029_082511716-768x1023.jpg 768w, https:\/\/www.neuperlach.org\/blog\/wp-content\/uploads\/2025\/10\/PXL_20251029_082511716-1153x1536.jpg 1153w, https:\/\/www.neuperlach.org\/blog\/wp-content\/uploads\/2025\/10\/PXL_20251029_082511716-1538x2048.jpg 1538w, https:\/\/www.neuperlach.org\/blog\/wp-content\/uploads\/2025\/10\/PXL_20251029_082511716-1200x1598.jpg 1200w, https:\/\/www.neuperlach.org\/blog\/wp-content\/uploads\/2025\/10\/PXL_20251029_082511716-1980x2637.jpg 1980w, https:\/\/www.neuperlach.org\/blog\/wp-content\/uploads\/2025\/10\/PXL_20251029_082511716-scaled.jpg 1922w\" sizes=\"auto, (max-width: 580px) 100vw, 580px\" \/><\/a><figcaption id=\"caption-attachment-20906\" class=\"wp-caption-text\">29.10.2025<\/figcaption><\/figure>\n<h3>Wenn das Wasser einen Schaden macht<\/h3>\n<figure id=\"attachment_20902\" aria-describedby=\"caption-attachment-20902\" style=\"width: 580px\" class=\"wp-caption alignnone\"><a href=\"https:\/\/www.neuperlach.org\/blog\/wp-content\/uploads\/2025\/10\/IMG_9120-scaled.jpg\"><img loading=\"lazy\" decoding=\"async\" class=\"size-large wp-image-20902\" src=\"https:\/\/www.neuperlach.org\/blog\/wp-content\/uploads\/2025\/10\/IMG_9120-1024x768.jpg\" alt=\"Wasserschaden Karl-Marx-Ring 58\" width=\"580\" height=\"435\" srcset=\"https:\/\/www.neuperlach.org\/blog\/wp-content\/uploads\/2025\/10\/IMG_9120-1024x768.jpg 1024w, https:\/\/www.neuperlach.org\/blog\/wp-content\/uploads\/2025\/10\/IMG_9120-300x225.jpg 300w, https:\/\/www.neuperlach.org\/blog\/wp-content\/uploads\/2025\/10\/IMG_9120-768x576.jpg 768w, https:\/\/www.neuperlach.org\/blog\/wp-content\/uploads\/2025\/10\/IMG_9120-1536x1152.jpg 1536w, https:\/\/www.neuperlach.org\/blog\/wp-content\/uploads\/2025\/10\/IMG_9120-2048x1536.jpg 2048w, https:\/\/www.neuperlach.org\/blog\/wp-content\/uploads\/2025\/10\/IMG_9120-1200x900.jpg 1200w, https:\/\/www.neuperlach.org\/blog\/wp-content\/uploads\/2025\/10\/IMG_9120-1980x1485.jpg 1980w\" sizes=\"auto, (max-width: 580px) 100vw, 580px\" \/><\/a><figcaption id=\"caption-attachment-20902\" class=\"wp-caption-text\">Wasserschaden am 11.03.2025 in meiner K\u00fcche<\/figcaption><\/figure>\n<p><a href=\"https:\/\/www.neuperlach.org\/blog\/wasserschaden\/\">Am 02.10.2024 bemerke ich sehr deutliche Wasserflecken an meiner K\u00fcchenwand und informiere die Hausverwaltung, die ein Ortungsteam zu mir schickt.<\/a> Dieses haut ein gro\u00dfes Loch in die Wand, traf aber die falsche Stelle. Der Sp\u00fclschrank ist im Weg. Nach dessen Ausbau wird ein weiteres Loch in die Wand geschlagen. Nun kommt man zu dem Ergebnis, dass \u00bbwahrscheinlich\u00ab die Muffe im Abflussrohr undicht sei. Ich verzichte ab sofort darauf, weiter Wasser in der K\u00fcche abzulassen. Doch einige Tage sp\u00e4ter stelle ich fest, dass im Schacht Wasser von oben herabl\u00e4uft. Die Vermutung: Das Dach hat ein Leck, was eine sp\u00e4tere Ortung auch best\u00e4tigt. Das Dach wurde geflickt, aber man lie\u00df sich bei der Reparatur meiner K\u00fcchenwand lange Zeit, obwohl ich oft nachhakte und auch Beir\u00e4te einschaltet.<\/p>\n<p>Erst heute nach \u00fcber einem Jahr, 27.10.2025, wurde die Wand geflickt, wobei die Arbeiten aber noch nicht ganz beendet sind.<\/p>\n<p>Asbest w\u00e4re fast ein Thema geworden, aber es war zum Gl\u00fcck falscher Alarm. Der ganze Bericht \u2192 <a href=\"https:\/\/www.neuperlach.org\/blog\/wasserschaden\/\">Wenn das Wasser einen Schaden macht<\/a><\/p>\n<h3>Betonkrebs<\/h3>\n<p>Das sind b\u00f6se Sch\u00e4den am Peschelanger 9, genauer Betonabplatzungen. <a href=\"https:\/\/www.neuperlach.org\/blog\/grosssanierung-karl-marx-ring-52-62-gestartet\/\">Wir haben bei uns in der Wohnanlage Karl-Marx-Ring 52\u201362 von 2020 bis 2022 eine umfangreiche Betonsanierung an der S\u00fcdfassade (v.a. Loggien) durchgef\u00fchrt.<\/a> Hoffen wir, dass auch hier wieder alles wie neu wird.<\/p>\n<figure id=\"attachment_20863\" aria-describedby=\"caption-attachment-20863\" style=\"width: 580px\" class=\"wp-caption alignnone\"><a href=\"https:\/\/www.neuperlach.org\/blog\/wp-content\/uploads\/2025\/10\/IMG_9569-Verbessert-RR-scaled.jpg\"><img loading=\"lazy\" decoding=\"async\" class=\"size-large wp-image-20863\" src=\"https:\/\/www.neuperlach.org\/blog\/wp-content\/uploads\/2025\/10\/IMG_9569-Verbessert-RR-1024x768.jpg\" alt=\"Betonsch\u00e4den Peschelanger 9\" width=\"580\" height=\"435\" srcset=\"https:\/\/www.neuperlach.org\/blog\/wp-content\/uploads\/2025\/10\/IMG_9569-Verbessert-RR-1024x768.jpg 1024w, https:\/\/www.neuperlach.org\/blog\/wp-content\/uploads\/2025\/10\/IMG_9569-Verbessert-RR-300x225.jpg 300w, https:\/\/www.neuperlach.org\/blog\/wp-content\/uploads\/2025\/10\/IMG_9569-Verbessert-RR-768x576.jpg 768w, https:\/\/www.neuperlach.org\/blog\/wp-content\/uploads\/2025\/10\/IMG_9569-Verbessert-RR-1536x1152.jpg 1536w, https:\/\/www.neuperlach.org\/blog\/wp-content\/uploads\/2025\/10\/IMG_9569-Verbessert-RR-2048x1536.jpg 2048w, https:\/\/www.neuperlach.org\/blog\/wp-content\/uploads\/2025\/10\/IMG_9569-Verbessert-RR-1200x900.jpg 1200w, https:\/\/www.neuperlach.org\/blog\/wp-content\/uploads\/2025\/10\/IMG_9569-Verbessert-RR-1980x1485.jpg 1980w\" sizes=\"auto, (max-width: 580px) 100vw, 580px\" \/><\/a><figcaption id=\"caption-attachment-20863\" class=\"wp-caption-text\">24.10.2025<\/figcaption><\/figure>\n<figure id=\"attachment_20864\" aria-describedby=\"caption-attachment-20864\" style=\"width: 580px\" class=\"wp-caption alignnone\"><a href=\"https:\/\/www.neuperlach.org\/blog\/wp-content\/uploads\/2025\/10\/IMG_9571-Verbessert-RR-scaled.jpg\"><img loading=\"lazy\" decoding=\"async\" class=\"size-large wp-image-20864\" src=\"https:\/\/www.neuperlach.org\/blog\/wp-content\/uploads\/2025\/10\/IMG_9571-Verbessert-RR-1024x768.jpg\" alt=\"Betonsch\u00e4den Peschelanger 9\" width=\"580\" height=\"435\" srcset=\"https:\/\/www.neuperlach.org\/blog\/wp-content\/uploads\/2025\/10\/IMG_9571-Verbessert-RR-1024x768.jpg 1024w, https:\/\/www.neuperlach.org\/blog\/wp-content\/uploads\/2025\/10\/IMG_9571-Verbessert-RR-300x225.jpg 300w, https:\/\/www.neuperlach.org\/blog\/wp-content\/uploads\/2025\/10\/IMG_9571-Verbessert-RR-768x576.jpg 768w, https:\/\/www.neuperlach.org\/blog\/wp-content\/uploads\/2025\/10\/IMG_9571-Verbessert-RR-1536x1152.jpg 1536w, https:\/\/www.neuperlach.org\/blog\/wp-content\/uploads\/2025\/10\/IMG_9571-Verbessert-RR-2048x1536.jpg 2048w, https:\/\/www.neuperlach.org\/blog\/wp-content\/uploads\/2025\/10\/IMG_9571-Verbessert-RR-1200x900.jpg 1200w, https:\/\/www.neuperlach.org\/blog\/wp-content\/uploads\/2025\/10\/IMG_9571-Verbessert-RR-1980x1485.jpg 1980w\" sizes=\"auto, (max-width: 580px) 100vw, 580px\" \/><\/a><figcaption id=\"caption-attachment-20864\" class=\"wp-caption-text\">24.10.2025<\/figcaption><\/figure>\n<figure id=\"attachment_20865\" aria-describedby=\"caption-attachment-20865\" style=\"width: 580px\" class=\"wp-caption alignnone\"><a href=\"https:\/\/www.neuperlach.org\/blog\/wp-content\/uploads\/2025\/10\/IMG_9575-Verbessert-RR-scaled.jpg\"><img loading=\"lazy\" decoding=\"async\" class=\"size-large wp-image-20865\" src=\"https:\/\/www.neuperlach.org\/blog\/wp-content\/uploads\/2025\/10\/IMG_9575-Verbessert-RR-1024x768.jpg\" alt=\"Betonsch\u00e4den Peschelanger 9\" width=\"580\" height=\"435\" srcset=\"https:\/\/www.neuperlach.org\/blog\/wp-content\/uploads\/2025\/10\/IMG_9575-Verbessert-RR-1024x768.jpg 1024w, https:\/\/www.neuperlach.org\/blog\/wp-content\/uploads\/2025\/10\/IMG_9575-Verbessert-RR-300x225.jpg 300w, https:\/\/www.neuperlach.org\/blog\/wp-content\/uploads\/2025\/10\/IMG_9575-Verbessert-RR-768x576.jpg 768w, https:\/\/www.neuperlach.org\/blog\/wp-content\/uploads\/2025\/10\/IMG_9575-Verbessert-RR-1536x1152.jpg 1536w, https:\/\/www.neuperlach.org\/blog\/wp-content\/uploads\/2025\/10\/IMG_9575-Verbessert-RR-2048x1536.jpg 2048w, https:\/\/www.neuperlach.org\/blog\/wp-content\/uploads\/2025\/10\/IMG_9575-Verbessert-RR-1200x900.jpg 1200w, https:\/\/www.neuperlach.org\/blog\/wp-content\/uploads\/2025\/10\/IMG_9575-Verbessert-RR-1980x1485.jpg 1980w\" sizes=\"auto, (max-width: 580px) 100vw, 580px\" \/><\/a><figcaption id=\"caption-attachment-20865\" class=\"wp-caption-text\">24.10.2025<\/figcaption><\/figure>\n<h3>Herbst!<\/h3>\n<figure id=\"attachment_20860\" aria-describedby=\"caption-attachment-20860\" style=\"width: 580px\" class=\"wp-caption alignnone\"><a href=\"https:\/\/www.neuperlach.org\/blog\/wp-content\/uploads\/2025\/10\/PXL_20251023_160724046.MP_-scaled.jpg\"><img loading=\"lazy\" decoding=\"async\" class=\"size-large wp-image-20860\" src=\"https:\/\/www.neuperlach.org\/blog\/wp-content\/uploads\/2025\/10\/PXL_20251023_160724046.MP_-1024x769.jpg\" alt=\"Herbststimmung von meinem Fenster aus\" width=\"580\" height=\"436\" srcset=\"https:\/\/www.neuperlach.org\/blog\/wp-content\/uploads\/2025\/10\/PXL_20251023_160724046.MP_-1024x769.jpg 1024w, https:\/\/www.neuperlach.org\/blog\/wp-content\/uploads\/2025\/10\/PXL_20251023_160724046.MP_-300x225.jpg 300w, https:\/\/www.neuperlach.org\/blog\/wp-content\/uploads\/2025\/10\/PXL_20251023_160724046.MP_-768x577.jpg 768w, https:\/\/www.neuperlach.org\/blog\/wp-content\/uploads\/2025\/10\/PXL_20251023_160724046.MP_-1536x1153.jpg 1536w, https:\/\/www.neuperlach.org\/blog\/wp-content\/uploads\/2025\/10\/PXL_20251023_160724046.MP_-2048x1538.jpg 2048w, https:\/\/www.neuperlach.org\/blog\/wp-content\/uploads\/2025\/10\/PXL_20251023_160724046.MP_-1200x901.jpg 1200w, https:\/\/www.neuperlach.org\/blog\/wp-content\/uploads\/2025\/10\/PXL_20251023_160724046.MP_-1980x1487.jpg 1980w\" sizes=\"auto, (max-width: 580px) 100vw, 580px\" \/><\/a><figcaption id=\"caption-attachment-20860\" class=\"wp-caption-text\">23.10.2025<\/figcaption><\/figure>\n<h3>Nachtstimmung vor dem Marx-Zentrum<\/h3>\n<p>Kurz vor dem Sonnenaufgang.<\/p>\n<figure id=\"attachment_20858\" aria-describedby=\"caption-attachment-20858\" style=\"width: 580px\" class=\"wp-caption alignnone\"><a href=\"https:\/\/www.neuperlach.org\/blog\/wp-content\/uploads\/2025\/10\/PXL_20251023_042630581.NIGHT_-scaled.jpg\"><img loading=\"lazy\" decoding=\"async\" class=\"size-large wp-image-20858\" src=\"https:\/\/www.neuperlach.org\/blog\/wp-content\/uploads\/2025\/10\/PXL_20251023_042630581.NIGHT_-1024x769.jpg\" alt=\"Nachtstimmung Marx-Zentrum\" width=\"580\" height=\"436\" srcset=\"https:\/\/www.neuperlach.org\/blog\/wp-content\/uploads\/2025\/10\/PXL_20251023_042630581.NIGHT_-1024x769.jpg 1024w, https:\/\/www.neuperlach.org\/blog\/wp-content\/uploads\/2025\/10\/PXL_20251023_042630581.NIGHT_-300x225.jpg 300w, https:\/\/www.neuperlach.org\/blog\/wp-content\/uploads\/2025\/10\/PXL_20251023_042630581.NIGHT_-768x577.jpg 768w, https:\/\/www.neuperlach.org\/blog\/wp-content\/uploads\/2025\/10\/PXL_20251023_042630581.NIGHT_-1536x1153.jpg 1536w, https:\/\/www.neuperlach.org\/blog\/wp-content\/uploads\/2025\/10\/PXL_20251023_042630581.NIGHT_-2048x1538.jpg 2048w, https:\/\/www.neuperlach.org\/blog\/wp-content\/uploads\/2025\/10\/PXL_20251023_042630581.NIGHT_-1200x901.jpg 1200w, https:\/\/www.neuperlach.org\/blog\/wp-content\/uploads\/2025\/10\/PXL_20251023_042630581.NIGHT_-1980x1487.jpg 1980w\" sizes=\"auto, (max-width: 580px) 100vw, 580px\" \/><\/a><figcaption id=\"caption-attachment-20858\" class=\"wp-caption-text\">23.10.2025<\/figcaption><\/figure>\n<figure id=\"attachment_20859\" aria-describedby=\"caption-attachment-20859\" style=\"width: 580px\" class=\"wp-caption alignnone\"><a href=\"https:\/\/www.neuperlach.org\/blog\/wp-content\/uploads\/2025\/10\/PXL_20251023_042737450.NIGHT_-scaled.jpg\"><img loading=\"lazy\" decoding=\"async\" class=\"size-large wp-image-20859\" src=\"https:\/\/www.neuperlach.org\/blog\/wp-content\/uploads\/2025\/10\/PXL_20251023_042737450.NIGHT_-769x1024.jpg\" alt=\"Nachtstimmung Marx-Zentrum\" width=\"580\" height=\"772\" srcset=\"https:\/\/www.neuperlach.org\/blog\/wp-content\/uploads\/2025\/10\/PXL_20251023_042737450.NIGHT_-769x1024.jpg 769w, https:\/\/www.neuperlach.org\/blog\/wp-content\/uploads\/2025\/10\/PXL_20251023_042737450.NIGHT_-225x300.jpg 225w, https:\/\/www.neuperlach.org\/blog\/wp-content\/uploads\/2025\/10\/PXL_20251023_042737450.NIGHT_-768x1023.jpg 768w, https:\/\/www.neuperlach.org\/blog\/wp-content\/uploads\/2025\/10\/PXL_20251023_042737450.NIGHT_-1153x1536.jpg 1153w, https:\/\/www.neuperlach.org\/blog\/wp-content\/uploads\/2025\/10\/PXL_20251023_042737450.NIGHT_-1538x2048.jpg 1538w, https:\/\/www.neuperlach.org\/blog\/wp-content\/uploads\/2025\/10\/PXL_20251023_042737450.NIGHT_-1200x1598.jpg 1200w, https:\/\/www.neuperlach.org\/blog\/wp-content\/uploads\/2025\/10\/PXL_20251023_042737450.NIGHT_-1980x2637.jpg 1980w, https:\/\/www.neuperlach.org\/blog\/wp-content\/uploads\/2025\/10\/PXL_20251023_042737450.NIGHT_-scaled.jpg 1922w\" sizes=\"auto, (max-width: 580px) 100vw, 580px\" \/><\/a><figcaption id=\"caption-attachment-20859\" class=\"wp-caption-text\">23.10.2025<\/figcaption><\/figure>\n<h3 class=\"entry-title\">M\u00fcnchen Ramersdorf: Mord und Totschlag ohne Leichen<\/h3>\n<figure id=\"attachment_15346\" aria-describedby=\"caption-attachment-15346\" style=\"width: 238px\" class=\"wp-caption alignleft\"><a href=\"https:\/\/www.neuperlach.org\/blog\/wp-content\/uploads\/2019\/12\/einkaufs-center_neuperlach-pep_muenchen-1.jpg\"><img loading=\"lazy\" decoding=\"async\" class=\"wp-image-15346 size-medium\" src=\"https:\/\/www.neuperlach.org\/blog\/wp-content\/uploads\/2019\/12\/einkaufs-center_neuperlach-pep_muenchen-1-238x300.jpg\" alt=\"pep\" width=\"238\" height=\"300\" srcset=\"https:\/\/www.neuperlach.org\/blog\/wp-content\/uploads\/2019\/12\/einkaufs-center_neuperlach-pep_muenchen-1-238x300.jpg 238w, https:\/\/www.neuperlach.org\/blog\/wp-content\/uploads\/2019\/12\/einkaufs-center_neuperlach-pep_muenchen-1.jpg 635w\" sizes=\"auto, (max-width: 238px) 100vw, 238px\" \/><\/a><figcaption id=\"caption-attachment-15346\" class=\"wp-caption-text\">Einkaufszentrum pep. Hier kamen die beiden Get\u00f6teten wohl nie an<\/figcaption><\/figure>\n<p>R\u00fcckblick: Dies ist ein sehr verst\u00f6render M\u00fcnchner Kriminalfall aus dem Jahre 2019, der bis heute R\u00e4tsel aufgibt. Vor allem wurden die Leichen der beiden h\u00f6chstwahrscheinlich get\u00f6teten Mutter und ihrer Tochter nie gefunden. Am 13.07.2019 verschwanden die 41-j\u00e4hrige Maria G. und ihre 16 Jahre alte Tochter Tatiana. Beide sind russische Staatsb\u00fcrgerinnen. Mutter und Tochter sollen ihre Wohnung in der Ottobrunner Stra\u00dfe in Ramersdorf gegen 14 Uhr verlassen habe, um das Neuperlacher Einkaufszentrum pep aufzusuchen. Im pep kamen sie aber offenbar nie an. Seither gelten sie als vermisst. \u2192 <a href=\"https:\/\/www.mystisch.net\/blog\/mord-ohne-leichen\/\">Weiterlesen<\/a><\/p>\n<h3>Schwimmbad im Marx-Zentrum<\/h3>\n<figure id=\"attachment_20857\" aria-describedby=\"caption-attachment-20857\" style=\"width: 300px\" class=\"wp-caption alignleft\"><a href=\"https:\/\/www.neuperlach.org\/blog\/wp-content\/uploads\/2025\/10\/Hallenbad.jpg\"><img loading=\"lazy\" decoding=\"async\" class=\"wp-image-20857 size-medium\" src=\"https:\/\/www.neuperlach.org\/blog\/wp-content\/uploads\/2025\/10\/Hallenbad-300x200.jpg\" alt=\"Hallenbad\" width=\"300\" height=\"200\" srcset=\"https:\/\/www.neuperlach.org\/blog\/wp-content\/uploads\/2025\/10\/Hallenbad-300x200.jpg 300w, https:\/\/www.neuperlach.org\/blog\/wp-content\/uploads\/2025\/10\/Hallenbad-1024x683.jpg 1024w, https:\/\/www.neuperlach.org\/blog\/wp-content\/uploads\/2025\/10\/Hallenbad-768x512.jpg 768w, https:\/\/www.neuperlach.org\/blog\/wp-content\/uploads\/2025\/10\/Hallenbad-1200x800.jpg 1200w, https:\/\/www.neuperlach.org\/blog\/wp-content\/uploads\/2025\/10\/Hallenbad.jpg 1344w\" sizes=\"auto, (max-width: 300px) 100vw, 300px\" \/><\/a><figcaption id=\"caption-attachment-20857\" class=\"wp-caption-text\">Symbolbild. So sah das Schwimmbad nicht aus. Leider habe ich kein Bildmaterial<\/figcaption><\/figure>\n<figure id=\"attachment_20802\" aria-describedby=\"caption-attachment-20802\" style=\"width: 800px\" class=\"wp-caption alignnone\"><a href=\"https:\/\/www.neuperlach.org\/blog\/wp-content\/uploads\/2025\/10\/csm_20241025-Neuperlach-Schaufenstergalerie-_DSC3756_ab4fb79b31.jpg\"><img loading=\"lazy\" decoding=\"async\" class=\"size-full wp-image-20802\" src=\"https:\/\/www.neuperlach.org\/blog\/wp-content\/uploads\/2025\/10\/csm_20241025-Neuperlach-Schaufenstergalerie-_DSC3756_ab4fb79b31.jpg\" alt=\"Schaufenstermalerei Marx-Zentrum\" width=\"800\" height=\"534\" srcset=\"https:\/\/www.neuperlach.org\/blog\/wp-content\/uploads\/2025\/10\/csm_20241025-Neuperlach-Schaufenstergalerie-_DSC3756_ab4fb79b31.jpg 800w, https:\/\/www.neuperlach.org\/blog\/wp-content\/uploads\/2025\/10\/csm_20241025-Neuperlach-Schaufenstergalerie-_DSC3756_ab4fb79b31-300x200.jpg 300w, https:\/\/www.neuperlach.org\/blog\/wp-content\/uploads\/2025\/10\/csm_20241025-Neuperlach-Schaufenstergalerie-_DSC3756_ab4fb79b31-768x513.jpg 768w\" sizes=\"auto, (max-width: 800px) 100vw, 800px\" \/><\/a><figcaption id=\"caption-attachment-20802\" class=\"wp-caption-text\">Hier war das Schwimmbad. Bild: MGS<\/figcaption><\/figure>\n<p>Im Marx-Zentrum gab es ein Hallenbad in der Mittelinsel. Auf dem Dach war eine Sonnenzone f\u00fcr Badbesucher. Nach zwei Pleiten und Geschichten zufolge einem Mord wurde das Becken mit Holzplanen abgedeckt und es zog eine Judoschule ein. In den 1990er-Jahren wurde das Becken zubetoniert und es entstanden zwei Ladenlokale, die sp\u00e4ter zu einem vereint wurden. Heute ist dort das Minikaufhaus Woolworth.<\/p>\n<p>Leider verf\u00fcge ich \u00fcber keinerlei Bildmaterial zum Marx-Zentrum-Schwimmbad.<\/p>\n<h3>Egal, wie viele Stufen man im Lebens erklimmen wird, es wird eine neue Stufe hinzukommen!<\/h3>\n<p>Bei uns wurden heute die beiden Treppen des Hauses Karl-Marx-Ring 58 am r\u00fcckw\u00e4rtigen Eingangsbereich saniert. Es gab Betonabplatzungen und vergleichbare Sch\u00e4den.<\/p>\n<figure id=\"attachment_20854\" aria-describedby=\"caption-attachment-20854\" style=\"width: 580px\" class=\"wp-caption alignnone\"><a href=\"https:\/\/www.neuperlach.org\/blog\/wp-content\/uploads\/2025\/10\/IMG_9568-scaled.jpg\"><img loading=\"lazy\" decoding=\"async\" class=\"size-large wp-image-20854\" src=\"https:\/\/www.neuperlach.org\/blog\/wp-content\/uploads\/2025\/10\/IMG_9568-1024x768.jpg\" alt=\"Treppensanierung Karl-Marx-Ring 58\" width=\"580\" height=\"435\" srcset=\"https:\/\/www.neuperlach.org\/blog\/wp-content\/uploads\/2025\/10\/IMG_9568-1024x768.jpg 1024w, https:\/\/www.neuperlach.org\/blog\/wp-content\/uploads\/2025\/10\/IMG_9568-300x225.jpg 300w, https:\/\/www.neuperlach.org\/blog\/wp-content\/uploads\/2025\/10\/IMG_9568-768x576.jpg 768w, https:\/\/www.neuperlach.org\/blog\/wp-content\/uploads\/2025\/10\/IMG_9568-1536x1152.jpg 1536w, https:\/\/www.neuperlach.org\/blog\/wp-content\/uploads\/2025\/10\/IMG_9568-2048x1536.jpg 2048w, https:\/\/www.neuperlach.org\/blog\/wp-content\/uploads\/2025\/10\/IMG_9568-1200x900.jpg 1200w, https:\/\/www.neuperlach.org\/blog\/wp-content\/uploads\/2025\/10\/IMG_9568-1980x1485.jpg 1980w\" sizes=\"auto, (max-width: 580px) 100vw, 580px\" \/><\/a><figcaption id=\"caption-attachment-20854\" class=\"wp-caption-text\">21.10.2025<\/figcaption><\/figure>\n<figure id=\"attachment_20855\" aria-describedby=\"caption-attachment-20855\" style=\"width: 580px\" class=\"wp-caption alignnone\"><a href=\"https:\/\/www.neuperlach.org\/blog\/wp-content\/uploads\/2025\/10\/IMG_9564-scaled.jpg\"><img loading=\"lazy\" decoding=\"async\" class=\"size-large wp-image-20855\" src=\"https:\/\/www.neuperlach.org\/blog\/wp-content\/uploads\/2025\/10\/IMG_9564-1024x768.jpg\" alt=\"Treppensanierung Karl-Marx-Ring 58\" width=\"580\" height=\"435\" srcset=\"https:\/\/www.neuperlach.org\/blog\/wp-content\/uploads\/2025\/10\/IMG_9564-1024x768.jpg 1024w, https:\/\/www.neuperlach.org\/blog\/wp-content\/uploads\/2025\/10\/IMG_9564-300x225.jpg 300w, https:\/\/www.neuperlach.org\/blog\/wp-content\/uploads\/2025\/10\/IMG_9564-768x576.jpg 768w, https:\/\/www.neuperlach.org\/blog\/wp-content\/uploads\/2025\/10\/IMG_9564-1536x1152.jpg 1536w, https:\/\/www.neuperlach.org\/blog\/wp-content\/uploads\/2025\/10\/IMG_9564-2048x1536.jpg 2048w, https:\/\/www.neuperlach.org\/blog\/wp-content\/uploads\/2025\/10\/IMG_9564-1200x900.jpg 1200w, https:\/\/www.neuperlach.org\/blog\/wp-content\/uploads\/2025\/10\/IMG_9564-1980x1485.jpg 1980w\" sizes=\"auto, (max-width: 580px) 100vw, 580px\" \/><\/a><figcaption id=\"caption-attachment-20855\" class=\"wp-caption-text\">21.10.2025<\/figcaption><\/figure>\n<figure id=\"attachment_20856\" aria-describedby=\"caption-attachment-20856\" style=\"width: 580px\" class=\"wp-caption alignnone\"><a href=\"https:\/\/www.neuperlach.org\/blog\/wp-content\/uploads\/2025\/10\/IMG_9560-scaled.jpg\"><img loading=\"lazy\" decoding=\"async\" class=\"size-large wp-image-20856\" src=\"https:\/\/www.neuperlach.org\/blog\/wp-content\/uploads\/2025\/10\/IMG_9560-1024x768.jpg\" alt=\"Treppensanierung Karl-Marx-Ring 58\" width=\"580\" height=\"435\" srcset=\"https:\/\/www.neuperlach.org\/blog\/wp-content\/uploads\/2025\/10\/IMG_9560-1024x768.jpg 1024w, https:\/\/www.neuperlach.org\/blog\/wp-content\/uploads\/2025\/10\/IMG_9560-300x225.jpg 300w, https:\/\/www.neuperlach.org\/blog\/wp-content\/uploads\/2025\/10\/IMG_9560-768x576.jpg 768w, https:\/\/www.neuperlach.org\/blog\/wp-content\/uploads\/2025\/10\/IMG_9560-1536x1152.jpg 1536w, https:\/\/www.neuperlach.org\/blog\/wp-content\/uploads\/2025\/10\/IMG_9560-2048x1536.jpg 2048w, https:\/\/www.neuperlach.org\/blog\/wp-content\/uploads\/2025\/10\/IMG_9560-1200x900.jpg 1200w, https:\/\/www.neuperlach.org\/blog\/wp-content\/uploads\/2025\/10\/IMG_9560-1980x1485.jpg 1980w\" sizes=\"auto, (max-width: 580px) 100vw, 580px\" \/><\/a><figcaption id=\"caption-attachment-20856\" class=\"wp-caption-text\">21.10.2025<\/figcaption><\/figure>\n<h3>Weihnachten von Oktober bis Mai<\/h3>\n<p>Es ist wieder so weit! Gesehen in meiner Wohnanlage Karl-Marx-Ring 52\u201362.<\/p>\n<figure id=\"attachment_20853\" aria-describedby=\"caption-attachment-20853\" style=\"width: 580px\" class=\"wp-caption alignnone\"><a href=\"https:\/\/www.neuperlach.org\/blog\/wp-content\/uploads\/2025\/10\/PXL_20251021_043306944.NIGHT_.jpg\"><img loading=\"lazy\" decoding=\"async\" class=\"size-large wp-image-20853\" src=\"https:\/\/www.neuperlach.org\/blog\/wp-content\/uploads\/2025\/10\/PXL_20251021_043306944.NIGHT_-1024x769.jpg\" alt=\"Weihnachtslichter Karl-Marx-Ring 52\u201362\" width=\"580\" height=\"436\" srcset=\"https:\/\/www.neuperlach.org\/blog\/wp-content\/uploads\/2025\/10\/PXL_20251021_043306944.NIGHT_-1024x769.jpg 1024w, https:\/\/www.neuperlach.org\/blog\/wp-content\/uploads\/2025\/10\/PXL_20251021_043306944.NIGHT_-300x225.jpg 300w, https:\/\/www.neuperlach.org\/blog\/wp-content\/uploads\/2025\/10\/PXL_20251021_043306944.NIGHT_-768x577.jpg 768w, https:\/\/www.neuperlach.org\/blog\/wp-content\/uploads\/2025\/10\/PXL_20251021_043306944.NIGHT_-1536x1153.jpg 1536w, https:\/\/www.neuperlach.org\/blog\/wp-content\/uploads\/2025\/10\/PXL_20251021_043306944.NIGHT_-2048x1538.jpg 2048w, https:\/\/www.neuperlach.org\/blog\/wp-content\/uploads\/2025\/10\/PXL_20251021_043306944.NIGHT_-1200x901.jpg 1200w, https:\/\/www.neuperlach.org\/blog\/wp-content\/uploads\/2025\/10\/PXL_20251021_043306944.NIGHT_-1980x1487.jpg 1980w\" sizes=\"auto, (max-width: 580px) 100vw, 580px\" \/><\/a><figcaption id=\"caption-attachment-20853\" class=\"wp-caption-text\">21.10.2025<\/figcaption><\/figure>\n<h3>Alexisquartier \u2013 wir kommen!<\/h3>\n<p>Nach 3 Wochen Pause besuchte heute Benno Steuernagel-Gniffke die Baustelle am Alexisquartier.\u00a0Inzwischen sind bei den Bauvorhaben der BayernHeim und der Demos schon viele Kubikmeter Beton und Tonnen an Baustahl verarbeitet worden. Der heutige Fokus liegt auf den Aktivit\u00e4ten bei der BayernHeim mit Fotos ohne st\u00f6rende Bauz\u00e4une. Fotos vom 20.10.2025. Fotograf: Benno Steuernagel-Gniffke.<\/p>\n<p>Erstmals seit 40 Jahren \u2013 seit 1982 \u2013 werden im klassischen Neuperlach (ohne Neuperlach S\u00fcd) wieder Hochh\u00e4user gebaut. Im Alexisquartier. Das letzte Hochhaus war 1982 der zweite Zwillingsturm am Gerhart-Hauptmann-Ring 11 mit 18 Geschossen. Pathetisch l\u00e4sst sich sagen, die Hochh\u00e4user sind zur\u00fcck! Mehr hierzu: <a href=\"https:\/\/www.neuperlach.org\/blog\/die-beiden-hochhaeuser-im-alexisquartier\/\">Die beiden Hochh\u00e4user im Alexisquartier<\/a><\/p>\n<figure id=\"attachment_20850\" aria-describedby=\"caption-attachment-20850\" style=\"width: 580px\" class=\"wp-caption alignnone\"><a href=\"https:\/\/www.neuperlach.org\/blog\/wp-content\/uploads\/2025\/10\/BSG_2025_10_20_0742_cr-scaled.jpg\"><img loading=\"lazy\" decoding=\"async\" class=\"size-large wp-image-20850\" src=\"https:\/\/www.neuperlach.org\/blog\/wp-content\/uploads\/2025\/10\/BSG_2025_10_20_0742_cr-1024x576.jpg\" alt=\"Alexisquartier\" width=\"580\" height=\"326\" srcset=\"https:\/\/www.neuperlach.org\/blog\/wp-content\/uploads\/2025\/10\/BSG_2025_10_20_0742_cr-1024x576.jpg 1024w, https:\/\/www.neuperlach.org\/blog\/wp-content\/uploads\/2025\/10\/BSG_2025_10_20_0742_cr-300x169.jpg 300w, https:\/\/www.neuperlach.org\/blog\/wp-content\/uploads\/2025\/10\/BSG_2025_10_20_0742_cr-768x432.jpg 768w, https:\/\/www.neuperlach.org\/blog\/wp-content\/uploads\/2025\/10\/BSG_2025_10_20_0742_cr-1536x864.jpg 1536w, https:\/\/www.neuperlach.org\/blog\/wp-content\/uploads\/2025\/10\/BSG_2025_10_20_0742_cr-2048x1152.jpg 2048w, https:\/\/www.neuperlach.org\/blog\/wp-content\/uploads\/2025\/10\/BSG_2025_10_20_0742_cr-1200x675.jpg 1200w, https:\/\/www.neuperlach.org\/blog\/wp-content\/uploads\/2025\/10\/BSG_2025_10_20_0742_cr-1980x1114.jpg 1980w\" sizes=\"auto, (max-width: 580px) 100vw, 580px\" \/><\/a><figcaption id=\"caption-attachment-20850\" class=\"wp-caption-text\">Alexisquartier (20.10.2025). Foto: Benno Steuernagel-Gniffke<\/figcaption><\/figure>\n<figure id=\"attachment_20840\" aria-describedby=\"caption-attachment-20840\" style=\"width: 580px\" class=\"wp-caption alignnone\"><a href=\"https:\/\/www.neuperlach.org\/blog\/wp-content\/uploads\/2025\/10\/BSG_2025_10_20_0695_cr-scaled.jpg\"><img loading=\"lazy\" decoding=\"async\" class=\"size-large wp-image-20840\" src=\"https:\/\/www.neuperlach.org\/blog\/wp-content\/uploads\/2025\/10\/BSG_2025_10_20_0695_cr-1024x576.jpg\" alt=\"Alexisquartier\" width=\"580\" height=\"326\" srcset=\"https:\/\/www.neuperlach.org\/blog\/wp-content\/uploads\/2025\/10\/BSG_2025_10_20_0695_cr-1024x576.jpg 1024w, https:\/\/www.neuperlach.org\/blog\/wp-content\/uploads\/2025\/10\/BSG_2025_10_20_0695_cr-300x169.jpg 300w, https:\/\/www.neuperlach.org\/blog\/wp-content\/uploads\/2025\/10\/BSG_2025_10_20_0695_cr-768x432.jpg 768w, https:\/\/www.neuperlach.org\/blog\/wp-content\/uploads\/2025\/10\/BSG_2025_10_20_0695_cr-1536x864.jpg 1536w, https:\/\/www.neuperlach.org\/blog\/wp-content\/uploads\/2025\/10\/BSG_2025_10_20_0695_cr-2048x1152.jpg 2048w, https:\/\/www.neuperlach.org\/blog\/wp-content\/uploads\/2025\/10\/BSG_2025_10_20_0695_cr-1200x675.jpg 1200w, https:\/\/www.neuperlach.org\/blog\/wp-content\/uploads\/2025\/10\/BSG_2025_10_20_0695_cr-1980x1114.jpg 1980w\" sizes=\"auto, (max-width: 580px) 100vw, 580px\" \/><\/a><figcaption id=\"caption-attachment-20840\" class=\"wp-caption-text\">Kindergarten im Alexisquartier (20.10.2025). Foto: Benno Steuernagel-Gniffke<\/figcaption><\/figure>\n<figure id=\"attachment_20841\" aria-describedby=\"caption-attachment-20841\" style=\"width: 580px\" class=\"wp-caption alignnone\"><a href=\"https:\/\/www.neuperlach.org\/blog\/wp-content\/uploads\/2025\/10\/BSG_2025_10_20_0697_cr-scaled.jpg\"><img loading=\"lazy\" decoding=\"async\" class=\"size-large wp-image-20841\" src=\"https:\/\/www.neuperlach.org\/blog\/wp-content\/uploads\/2025\/10\/BSG_2025_10_20_0697_cr-1024x576.jpg\" alt=\"Alexisquartier\" width=\"580\" height=\"326\" srcset=\"https:\/\/www.neuperlach.org\/blog\/wp-content\/uploads\/2025\/10\/BSG_2025_10_20_0697_cr-1024x576.jpg 1024w, https:\/\/www.neuperlach.org\/blog\/wp-content\/uploads\/2025\/10\/BSG_2025_10_20_0697_cr-300x169.jpg 300w, https:\/\/www.neuperlach.org\/blog\/wp-content\/uploads\/2025\/10\/BSG_2025_10_20_0697_cr-768x432.jpg 768w, https:\/\/www.neuperlach.org\/blog\/wp-content\/uploads\/2025\/10\/BSG_2025_10_20_0697_cr-1536x864.jpg 1536w, https:\/\/www.neuperlach.org\/blog\/wp-content\/uploads\/2025\/10\/BSG_2025_10_20_0697_cr-2048x1152.jpg 2048w, https:\/\/www.neuperlach.org\/blog\/wp-content\/uploads\/2025\/10\/BSG_2025_10_20_0697_cr-1200x675.jpg 1200w, https:\/\/www.neuperlach.org\/blog\/wp-content\/uploads\/2025\/10\/BSG_2025_10_20_0697_cr-1980x1114.jpg 1980w\" sizes=\"auto, (max-width: 580px) 100vw, 580px\" \/><\/a><figcaption id=\"caption-attachment-20841\" class=\"wp-caption-text\">Alexisquartier (20.10.2025). Foto: Benno Steuernagel-Gniffke<\/figcaption><\/figure>\n<figure id=\"attachment_20842\" aria-describedby=\"caption-attachment-20842\" style=\"width: 580px\" class=\"wp-caption alignnone\"><a href=\"https:\/\/www.neuperlach.org\/blog\/wp-content\/uploads\/2025\/10\/BSG_2025_10_20_0698_cr-scaled.jpg\"><img loading=\"lazy\" decoding=\"async\" class=\"size-large wp-image-20842\" src=\"https:\/\/www.neuperlach.org\/blog\/wp-content\/uploads\/2025\/10\/BSG_2025_10_20_0698_cr-1024x576.jpg\" alt=\"Alexisquartier\" width=\"580\" height=\"326\" srcset=\"https:\/\/www.neuperlach.org\/blog\/wp-content\/uploads\/2025\/10\/BSG_2025_10_20_0698_cr-1024x576.jpg 1024w, https:\/\/www.neuperlach.org\/blog\/wp-content\/uploads\/2025\/10\/BSG_2025_10_20_0698_cr-300x169.jpg 300w, https:\/\/www.neuperlach.org\/blog\/wp-content\/uploads\/2025\/10\/BSG_2025_10_20_0698_cr-768x432.jpg 768w, https:\/\/www.neuperlach.org\/blog\/wp-content\/uploads\/2025\/10\/BSG_2025_10_20_0698_cr-1536x864.jpg 1536w, https:\/\/www.neuperlach.org\/blog\/wp-content\/uploads\/2025\/10\/BSG_2025_10_20_0698_cr-2048x1152.jpg 2048w, https:\/\/www.neuperlach.org\/blog\/wp-content\/uploads\/2025\/10\/BSG_2025_10_20_0698_cr-1200x675.jpg 1200w, https:\/\/www.neuperlach.org\/blog\/wp-content\/uploads\/2025\/10\/BSG_2025_10_20_0698_cr-1980x1114.jpg 1980w\" sizes=\"auto, (max-width: 580px) 100vw, 580px\" \/><\/a><figcaption id=\"caption-attachment-20842\" class=\"wp-caption-text\">Alexisquartier (20.10.2025). Foto: Benno Steuernagel-Gniffke<\/figcaption><\/figure>\n<figure id=\"attachment_20843\" aria-describedby=\"caption-attachment-20843\" style=\"width: 580px\" class=\"wp-caption alignnone\"><a href=\"https:\/\/www.neuperlach.org\/blog\/wp-content\/uploads\/2025\/10\/BSG_2025_10_20_0702_cr-scaled.jpg\"><img loading=\"lazy\" decoding=\"async\" class=\"size-large wp-image-20843\" src=\"https:\/\/www.neuperlach.org\/blog\/wp-content\/uploads\/2025\/10\/BSG_2025_10_20_0702_cr-1024x576.jpg\" alt=\"Alexisquartier\" width=\"580\" height=\"326\" srcset=\"https:\/\/www.neuperlach.org\/blog\/wp-content\/uploads\/2025\/10\/BSG_2025_10_20_0702_cr-1024x576.jpg 1024w, https:\/\/www.neuperlach.org\/blog\/wp-content\/uploads\/2025\/10\/BSG_2025_10_20_0702_cr-300x169.jpg 300w, https:\/\/www.neuperlach.org\/blog\/wp-content\/uploads\/2025\/10\/BSG_2025_10_20_0702_cr-768x432.jpg 768w, https:\/\/www.neuperlach.org\/blog\/wp-content\/uploads\/2025\/10\/BSG_2025_10_20_0702_cr-1536x864.jpg 1536w, https:\/\/www.neuperlach.org\/blog\/wp-content\/uploads\/2025\/10\/BSG_2025_10_20_0702_cr-2048x1152.jpg 2048w, https:\/\/www.neuperlach.org\/blog\/wp-content\/uploads\/2025\/10\/BSG_2025_10_20_0702_cr-1200x675.jpg 1200w, https:\/\/www.neuperlach.org\/blog\/wp-content\/uploads\/2025\/10\/BSG_2025_10_20_0702_cr-1980x1114.jpg 1980w\" sizes=\"auto, (max-width: 580px) 100vw, 580px\" \/><\/a><figcaption id=\"caption-attachment-20843\" class=\"wp-caption-text\">Pandion Verde 2 (20.10.2025). Foto: Benno Steuernagel-Gniffke<\/figcaption><\/figure>\n<figure id=\"attachment_20844\" aria-describedby=\"caption-attachment-20844\" style=\"width: 580px\" class=\"wp-caption alignnone\"><a href=\"https:\/\/www.neuperlach.org\/blog\/wp-content\/uploads\/2025\/10\/BSG_2025_10_20_0703_cr-scaled.jpg\"><img loading=\"lazy\" decoding=\"async\" class=\"size-large wp-image-20844\" src=\"https:\/\/www.neuperlach.org\/blog\/wp-content\/uploads\/2025\/10\/BSG_2025_10_20_0703_cr-1024x576.jpg\" alt=\"Alexisquartier\" width=\"580\" height=\"326\" srcset=\"https:\/\/www.neuperlach.org\/blog\/wp-content\/uploads\/2025\/10\/BSG_2025_10_20_0703_cr-1024x576.jpg 1024w, https:\/\/www.neuperlach.org\/blog\/wp-content\/uploads\/2025\/10\/BSG_2025_10_20_0703_cr-300x169.jpg 300w, https:\/\/www.neuperlach.org\/blog\/wp-content\/uploads\/2025\/10\/BSG_2025_10_20_0703_cr-768x432.jpg 768w, https:\/\/www.neuperlach.org\/blog\/wp-content\/uploads\/2025\/10\/BSG_2025_10_20_0703_cr-1536x864.jpg 1536w, https:\/\/www.neuperlach.org\/blog\/wp-content\/uploads\/2025\/10\/BSG_2025_10_20_0703_cr-2048x1152.jpg 2048w, https:\/\/www.neuperlach.org\/blog\/wp-content\/uploads\/2025\/10\/BSG_2025_10_20_0703_cr-1200x675.jpg 1200w, https:\/\/www.neuperlach.org\/blog\/wp-content\/uploads\/2025\/10\/BSG_2025_10_20_0703_cr-1980x1114.jpg 1980w\" sizes=\"auto, (max-width: 580px) 100vw, 580px\" \/><\/a><figcaption id=\"caption-attachment-20844\" class=\"wp-caption-text\">Pandion Verde 2 (20.10.2025). Foto: Benno Steuernagel-Gniffke<\/figcaption><\/figure>\n<figure id=\"attachment_20845\" aria-describedby=\"caption-attachment-20845\" style=\"width: 580px\" class=\"wp-caption alignnone\"><a href=\"https:\/\/www.neuperlach.org\/blog\/wp-content\/uploads\/2025\/10\/BSG_2025_10_20_0704_cr-scaled.jpg\"><img loading=\"lazy\" decoding=\"async\" class=\"size-large wp-image-20845\" src=\"https:\/\/www.neuperlach.org\/blog\/wp-content\/uploads\/2025\/10\/BSG_2025_10_20_0704_cr-1024x576.jpg\" alt=\"Alexisquartier\" width=\"580\" height=\"326\" srcset=\"https:\/\/www.neuperlach.org\/blog\/wp-content\/uploads\/2025\/10\/BSG_2025_10_20_0704_cr-1024x576.jpg 1024w, https:\/\/www.neuperlach.org\/blog\/wp-content\/uploads\/2025\/10\/BSG_2025_10_20_0704_cr-300x169.jpg 300w, https:\/\/www.neuperlach.org\/blog\/wp-content\/uploads\/2025\/10\/BSG_2025_10_20_0704_cr-768x432.jpg 768w, https:\/\/www.neuperlach.org\/blog\/wp-content\/uploads\/2025\/10\/BSG_2025_10_20_0704_cr-1536x864.jpg 1536w, https:\/\/www.neuperlach.org\/blog\/wp-content\/uploads\/2025\/10\/BSG_2025_10_20_0704_cr-2048x1152.jpg 2048w, https:\/\/www.neuperlach.org\/blog\/wp-content\/uploads\/2025\/10\/BSG_2025_10_20_0704_cr-1200x675.jpg 1200w, https:\/\/www.neuperlach.org\/blog\/wp-content\/uploads\/2025\/10\/BSG_2025_10_20_0704_cr-1980x1114.jpg 1980w\" sizes=\"auto, (max-width: 580px) 100vw, 580px\" \/><\/a><figcaption id=\"caption-attachment-20845\" class=\"wp-caption-text\">Alexisquartier (20.10.2025). Foto: Benno Steuernagel-Gniffke<\/figcaption><\/figure>\n<figure id=\"attachment_20846\" aria-describedby=\"caption-attachment-20846\" style=\"width: 580px\" class=\"wp-caption alignnone\"><a href=\"https:\/\/www.neuperlach.org\/blog\/wp-content\/uploads\/2025\/10\/BSG_2025_10_20_0705_cr-scaled.jpg\"><img loading=\"lazy\" decoding=\"async\" class=\"size-large wp-image-20846\" src=\"https:\/\/www.neuperlach.org\/blog\/wp-content\/uploads\/2025\/10\/BSG_2025_10_20_0705_cr-1024x576.jpg\" alt=\"Alexisquartier\" width=\"580\" height=\"326\" srcset=\"https:\/\/www.neuperlach.org\/blog\/wp-content\/uploads\/2025\/10\/BSG_2025_10_20_0705_cr-1024x576.jpg 1024w, https:\/\/www.neuperlach.org\/blog\/wp-content\/uploads\/2025\/10\/BSG_2025_10_20_0705_cr-300x169.jpg 300w, https:\/\/www.neuperlach.org\/blog\/wp-content\/uploads\/2025\/10\/BSG_2025_10_20_0705_cr-768x432.jpg 768w, https:\/\/www.neuperlach.org\/blog\/wp-content\/uploads\/2025\/10\/BSG_2025_10_20_0705_cr-1536x864.jpg 1536w, https:\/\/www.neuperlach.org\/blog\/wp-content\/uploads\/2025\/10\/BSG_2025_10_20_0705_cr-2048x1152.jpg 2048w, https:\/\/www.neuperlach.org\/blog\/wp-content\/uploads\/2025\/10\/BSG_2025_10_20_0705_cr-1200x675.jpg 1200w, https:\/\/www.neuperlach.org\/blog\/wp-content\/uploads\/2025\/10\/BSG_2025_10_20_0705_cr-1980x1114.jpg 1980w\" sizes=\"auto, (max-width: 580px) 100vw, 580px\" \/><\/a><figcaption id=\"caption-attachment-20846\" class=\"wp-caption-text\">Pandion Verde 2 (20.10.2025). Foto: Benno Steuernagel-Gniffke<\/figcaption><\/figure>\n<figure id=\"attachment_20847\" aria-describedby=\"caption-attachment-20847\" style=\"width: 580px\" class=\"wp-caption alignnone\"><a href=\"https:\/\/www.neuperlach.org\/blog\/wp-content\/uploads\/2025\/10\/BSG_2025_10_20_0706_cr-scaled.jpg\"><img loading=\"lazy\" decoding=\"async\" class=\"size-large wp-image-20847\" src=\"https:\/\/www.neuperlach.org\/blog\/wp-content\/uploads\/2025\/10\/BSG_2025_10_20_0706_cr-1024x576.jpg\" alt=\"Alexisquartier\" width=\"580\" height=\"326\" srcset=\"https:\/\/www.neuperlach.org\/blog\/wp-content\/uploads\/2025\/10\/BSG_2025_10_20_0706_cr-1024x576.jpg 1024w, https:\/\/www.neuperlach.org\/blog\/wp-content\/uploads\/2025\/10\/BSG_2025_10_20_0706_cr-300x169.jpg 300w, https:\/\/www.neuperlach.org\/blog\/wp-content\/uploads\/2025\/10\/BSG_2025_10_20_0706_cr-768x432.jpg 768w, https:\/\/www.neuperlach.org\/blog\/wp-content\/uploads\/2025\/10\/BSG_2025_10_20_0706_cr-1536x864.jpg 1536w, https:\/\/www.neuperlach.org\/blog\/wp-content\/uploads\/2025\/10\/BSG_2025_10_20_0706_cr-2048x1152.jpg 2048w, https:\/\/www.neuperlach.org\/blog\/wp-content\/uploads\/2025\/10\/BSG_2025_10_20_0706_cr-1200x675.jpg 1200w, https:\/\/www.neuperlach.org\/blog\/wp-content\/uploads\/2025\/10\/BSG_2025_10_20_0706_cr-1980x1114.jpg 1980w\" sizes=\"auto, (max-width: 580px) 100vw, 580px\" \/><\/a><figcaption id=\"caption-attachment-20847\" class=\"wp-caption-text\">Alexisquartier (20.10.2025). Foto: Benno Steuernagel-Gniffke<\/figcaption><\/figure>\n<figure id=\"attachment_20848\" aria-describedby=\"caption-attachment-20848\" style=\"width: 580px\" class=\"wp-caption alignnone\"><a href=\"https:\/\/www.neuperlach.org\/blog\/wp-content\/uploads\/2025\/10\/BSG_2025_10_20_0708_cr-scaled.jpg\"><img loading=\"lazy\" decoding=\"async\" class=\"size-large wp-image-20848\" src=\"https:\/\/www.neuperlach.org\/blog\/wp-content\/uploads\/2025\/10\/BSG_2025_10_20_0708_cr-1024x576.jpg\" alt=\"Alexisquartier\" width=\"580\" height=\"326\" srcset=\"https:\/\/www.neuperlach.org\/blog\/wp-content\/uploads\/2025\/10\/BSG_2025_10_20_0708_cr-1024x576.jpg 1024w, https:\/\/www.neuperlach.org\/blog\/wp-content\/uploads\/2025\/10\/BSG_2025_10_20_0708_cr-300x169.jpg 300w, https:\/\/www.neuperlach.org\/blog\/wp-content\/uploads\/2025\/10\/BSG_2025_10_20_0708_cr-768x432.jpg 768w, https:\/\/www.neuperlach.org\/blog\/wp-content\/uploads\/2025\/10\/BSG_2025_10_20_0708_cr-1536x864.jpg 1536w, https:\/\/www.neuperlach.org\/blog\/wp-content\/uploads\/2025\/10\/BSG_2025_10_20_0708_cr-2048x1152.jpg 2048w, https:\/\/www.neuperlach.org\/blog\/wp-content\/uploads\/2025\/10\/BSG_2025_10_20_0708_cr-1200x675.jpg 1200w, https:\/\/www.neuperlach.org\/blog\/wp-content\/uploads\/2025\/10\/BSG_2025_10_20_0708_cr-1980x1114.jpg 1980w\" sizes=\"auto, (max-width: 580px) 100vw, 580px\" \/><\/a><figcaption id=\"caption-attachment-20848\" class=\"wp-caption-text\">Alexisquartier (20.10.2025). Foto: Benno Steuernagel-Gniffke<\/figcaption><\/figure>\n<figure id=\"attachment_20849\" aria-describedby=\"caption-attachment-20849\" style=\"width: 580px\" class=\"wp-caption alignnone\"><a href=\"https:\/\/www.neuperlach.org\/blog\/wp-content\/uploads\/2025\/10\/BSG_2025_10_20_0710_cr-scaled.jpg\"><img loading=\"lazy\" decoding=\"async\" class=\"size-large wp-image-20849\" src=\"https:\/\/www.neuperlach.org\/blog\/wp-content\/uploads\/2025\/10\/BSG_2025_10_20_0710_cr-1024x576.jpg\" alt=\"Alexisquartier\" width=\"580\" height=\"326\" srcset=\"https:\/\/www.neuperlach.org\/blog\/wp-content\/uploads\/2025\/10\/BSG_2025_10_20_0710_cr-1024x576.jpg 1024w, https:\/\/www.neuperlach.org\/blog\/wp-content\/uploads\/2025\/10\/BSG_2025_10_20_0710_cr-300x169.jpg 300w, https:\/\/www.neuperlach.org\/blog\/wp-content\/uploads\/2025\/10\/BSG_2025_10_20_0710_cr-768x432.jpg 768w, https:\/\/www.neuperlach.org\/blog\/wp-content\/uploads\/2025\/10\/BSG_2025_10_20_0710_cr-1536x864.jpg 1536w, https:\/\/www.neuperlach.org\/blog\/wp-content\/uploads\/2025\/10\/BSG_2025_10_20_0710_cr-2048x1152.jpg 2048w, https:\/\/www.neuperlach.org\/blog\/wp-content\/uploads\/2025\/10\/BSG_2025_10_20_0710_cr-1200x675.jpg 1200w, https:\/\/www.neuperlach.org\/blog\/wp-content\/uploads\/2025\/10\/BSG_2025_10_20_0710_cr-1980x1114.jpg 1980w\" sizes=\"auto, (max-width: 580px) 100vw, 580px\" \/><\/a><figcaption id=\"caption-attachment-20849\" class=\"wp-caption-text\">Alexisquartier (20.10.2025). Foto: Benno Steuernagel-Gniffke<\/figcaption><\/figure>\n<figure id=\"attachment_20851\" aria-describedby=\"caption-attachment-20851\" style=\"width: 580px\" class=\"wp-caption alignnone\"><a href=\"https:\/\/www.neuperlach.org\/blog\/wp-content\/uploads\/2025\/10\/BSG_2025_10_20_0750_cr-scaled.jpg\"><img loading=\"lazy\" decoding=\"async\" class=\"size-large wp-image-20851\" src=\"https:\/\/www.neuperlach.org\/blog\/wp-content\/uploads\/2025\/10\/BSG_2025_10_20_0750_cr-1024x576.jpg\" alt=\"Alexisquartier\" width=\"580\" height=\"326\" srcset=\"https:\/\/www.neuperlach.org\/blog\/wp-content\/uploads\/2025\/10\/BSG_2025_10_20_0750_cr-1024x576.jpg 1024w, https:\/\/www.neuperlach.org\/blog\/wp-content\/uploads\/2025\/10\/BSG_2025_10_20_0750_cr-300x169.jpg 300w, https:\/\/www.neuperlach.org\/blog\/wp-content\/uploads\/2025\/10\/BSG_2025_10_20_0750_cr-768x432.jpg 768w, https:\/\/www.neuperlach.org\/blog\/wp-content\/uploads\/2025\/10\/BSG_2025_10_20_0750_cr-1536x864.jpg 1536w, https:\/\/www.neuperlach.org\/blog\/wp-content\/uploads\/2025\/10\/BSG_2025_10_20_0750_cr-2048x1152.jpg 2048w, https:\/\/www.neuperlach.org\/blog\/wp-content\/uploads\/2025\/10\/BSG_2025_10_20_0750_cr-1200x675.jpg 1200w, https:\/\/www.neuperlach.org\/blog\/wp-content\/uploads\/2025\/10\/BSG_2025_10_20_0750_cr-1980x1114.jpg 1980w\" sizes=\"auto, (max-width: 580px) 100vw, 580px\" \/><\/a><figcaption id=\"caption-attachment-20851\" class=\"wp-caption-text\">Alexisquartier (20.10.2025). Foto: Benno Steuernagel-Gniffke<\/figcaption><\/figure>\n<figure id=\"attachment_20852\" aria-describedby=\"caption-attachment-20852\" style=\"width: 580px\" class=\"wp-caption alignnone\"><a href=\"https:\/\/www.neuperlach.org\/blog\/wp-content\/uploads\/2025\/10\/BSG_2025_10_20_0752_cr-scaled.jpg\"><img loading=\"lazy\" decoding=\"async\" class=\"size-large wp-image-20852\" src=\"https:\/\/www.neuperlach.org\/blog\/wp-content\/uploads\/2025\/10\/BSG_2025_10_20_0752_cr-1024x576.jpg\" alt=\"Alexisquartier\" width=\"580\" height=\"326\" srcset=\"https:\/\/www.neuperlach.org\/blog\/wp-content\/uploads\/2025\/10\/BSG_2025_10_20_0752_cr-1024x576.jpg 1024w, https:\/\/www.neuperlach.org\/blog\/wp-content\/uploads\/2025\/10\/BSG_2025_10_20_0752_cr-300x169.jpg 300w, https:\/\/www.neuperlach.org\/blog\/wp-content\/uploads\/2025\/10\/BSG_2025_10_20_0752_cr-768x432.jpg 768w, https:\/\/www.neuperlach.org\/blog\/wp-content\/uploads\/2025\/10\/BSG_2025_10_20_0752_cr-1536x864.jpg 1536w, https:\/\/www.neuperlach.org\/blog\/wp-content\/uploads\/2025\/10\/BSG_2025_10_20_0752_cr-2048x1152.jpg 2048w, https:\/\/www.neuperlach.org\/blog\/wp-content\/uploads\/2025\/10\/BSG_2025_10_20_0752_cr-1200x675.jpg 1200w, https:\/\/www.neuperlach.org\/blog\/wp-content\/uploads\/2025\/10\/BSG_2025_10_20_0752_cr-1980x1114.jpg 1980w\" sizes=\"auto, (max-width: 580px) 100vw, 580px\" \/><\/a><figcaption id=\"caption-attachment-20852\" class=\"wp-caption-text\">Kindergarten (20.10.2025). Foto: Benno Steuernagel-Gniffke<\/figcaption><\/figure>\n<h3>Grundschule am Strehleranger<\/h3>\n<p>Ein sehr sch\u00f6ner bronzefarbener Pavillon ist hier entstanden. Mehr: \u2192\u00a0<a href=\"https:\/\/www.neuperlach.org\/blog\/abriss-und-neubau-der-grundschule-am-strehleranger\/\">Abriss und Neubau der Grundschule am Strehleranger<\/a><\/p>\n<figure id=\"attachment_20839\" aria-describedby=\"caption-attachment-20839\" style=\"width: 580px\" class=\"wp-caption alignnone\"><a href=\"https:\/\/www.neuperlach.org\/blog\/wp-content\/uploads\/2025\/10\/IMG_9547-Verbessert-RR.jpg\"><img loading=\"lazy\" decoding=\"async\" class=\"size-large wp-image-20839\" src=\"https:\/\/www.neuperlach.org\/blog\/wp-content\/uploads\/2025\/10\/IMG_9547-Verbessert-RR-768x1024.jpg\" alt=\"Pavillon Grundschule am Strehleranger\" width=\"580\" height=\"773\" srcset=\"https:\/\/www.neuperlach.org\/blog\/wp-content\/uploads\/2025\/10\/IMG_9547-Verbessert-RR-768x1024.jpg 768w, https:\/\/www.neuperlach.org\/blog\/wp-content\/uploads\/2025\/10\/IMG_9547-Verbessert-RR-225x300.jpg 225w, https:\/\/www.neuperlach.org\/blog\/wp-content\/uploads\/2025\/10\/IMG_9547-Verbessert-RR-1152x1536.jpg 1152w, https:\/\/www.neuperlach.org\/blog\/wp-content\/uploads\/2025\/10\/IMG_9547-Verbessert-RR-1536x2048.jpg 1536w, https:\/\/www.neuperlach.org\/blog\/wp-content\/uploads\/2025\/10\/IMG_9547-Verbessert-RR-1200x1600.jpg 1200w, https:\/\/www.neuperlach.org\/blog\/wp-content\/uploads\/2025\/10\/IMG_9547-Verbessert-RR.jpg 1920w\" sizes=\"auto, (max-width: 580px) 100vw, 580px\" \/><\/a><figcaption id=\"caption-attachment-20839\" class=\"wp-caption-text\">Pavillon an der Grundschule am Strehleranger<\/figcaption><\/figure>\n<h3>MonacoWohnbau an der Heinrich-Wieland-Stra\u00dfe<\/h3>\n<p>Das Projekt liegt besonders verkehrsg\u00fcnstig in Fu\u00dfn\u00e4he von zwei U-Bahnstationen. Mit dem Ostpark und dem Michaelibad befinden sich dar\u00fcber hinaus zwei beliebte Freizeitangebote in direkter Umgebung. Ebenso runden gastronomische Angebote und Einkaufsm\u00f6glichkeiten die Versorgung vor Ort ab. Projektiertes Apartment-Haus: 52 Wohneinheiten, ca. 1.975 m\u00b2 Wohnfl\u00e4che \/ E+1+D mit Keller\/TG \/ Terrassen oder Balkone. Die Farbgebung mit dem hellen Gr\u00fcn sagt mir zu! Weiterlesen: \u2192\u00a0<a href=\"https:\/\/www.neuperlach.org\/blog\/heinrich-99-mach-keinen-zirkus\/\">MonacoWohnbau (ex Heinrich 99): Mach keinen Zirkus!<\/a><\/p>\n<figure id=\"attachment_20835\" aria-describedby=\"caption-attachment-20835\" style=\"width: 580px\" class=\"wp-caption alignnone\"><a href=\"https:\/\/www.neuperlach.org\/blog\/wp-content\/uploads\/2025\/10\/PXL_20251019_123707177-scaled.jpg\"><img loading=\"lazy\" decoding=\"async\" class=\"size-large wp-image-20835\" src=\"https:\/\/www.neuperlach.org\/blog\/wp-content\/uploads\/2025\/10\/PXL_20251019_123707177-1024x769.jpg\" alt=\"MonacoWohnbau\" width=\"580\" height=\"436\" srcset=\"https:\/\/www.neuperlach.org\/blog\/wp-content\/uploads\/2025\/10\/PXL_20251019_123707177-1024x769.jpg 1024w, https:\/\/www.neuperlach.org\/blog\/wp-content\/uploads\/2025\/10\/PXL_20251019_123707177-300x225.jpg 300w, https:\/\/www.neuperlach.org\/blog\/wp-content\/uploads\/2025\/10\/PXL_20251019_123707177-768x577.jpg 768w, https:\/\/www.neuperlach.org\/blog\/wp-content\/uploads\/2025\/10\/PXL_20251019_123707177-1536x1153.jpg 1536w, https:\/\/www.neuperlach.org\/blog\/wp-content\/uploads\/2025\/10\/PXL_20251019_123707177-2048x1538.jpg 2048w, https:\/\/www.neuperlach.org\/blog\/wp-content\/uploads\/2025\/10\/PXL_20251019_123707177-1200x901.jpg 1200w, https:\/\/www.neuperlach.org\/blog\/wp-content\/uploads\/2025\/10\/PXL_20251019_123707177-1980x1487.jpg 1980w\" sizes=\"auto, (max-width: 580px) 100vw, 580px\" \/><\/a><figcaption id=\"caption-attachment-20835\" class=\"wp-caption-text\">19.10.2025<\/figcaption><\/figure>\n<figure id=\"attachment_20834\" aria-describedby=\"caption-attachment-20834\" style=\"width: 580px\" class=\"wp-caption alignnone\"><a href=\"https:\/\/www.neuperlach.org\/blog\/wp-content\/uploads\/2025\/10\/PXL_20251019_123352071-scaled.jpg\"><img loading=\"lazy\" decoding=\"async\" class=\"size-large wp-image-20834\" src=\"https:\/\/www.neuperlach.org\/blog\/wp-content\/uploads\/2025\/10\/PXL_20251019_123352071-1024x769.jpg\" alt=\"MonacoWohnbau\" width=\"580\" height=\"436\" srcset=\"https:\/\/www.neuperlach.org\/blog\/wp-content\/uploads\/2025\/10\/PXL_20251019_123352071-1024x769.jpg 1024w, https:\/\/www.neuperlach.org\/blog\/wp-content\/uploads\/2025\/10\/PXL_20251019_123352071-300x225.jpg 300w, https:\/\/www.neuperlach.org\/blog\/wp-content\/uploads\/2025\/10\/PXL_20251019_123352071-768x577.jpg 768w, https:\/\/www.neuperlach.org\/blog\/wp-content\/uploads\/2025\/10\/PXL_20251019_123352071-1536x1153.jpg 1536w, https:\/\/www.neuperlach.org\/blog\/wp-content\/uploads\/2025\/10\/PXL_20251019_123352071-2048x1538.jpg 2048w, https:\/\/www.neuperlach.org\/blog\/wp-content\/uploads\/2025\/10\/PXL_20251019_123352071-1200x901.jpg 1200w, https:\/\/www.neuperlach.org\/blog\/wp-content\/uploads\/2025\/10\/PXL_20251019_123352071-1980x1487.jpg 1980w\" sizes=\"auto, (max-width: 580px) 100vw, 580px\" \/><\/a><figcaption id=\"caption-attachment-20834\" class=\"wp-caption-text\">19.10.2025<\/figcaption><\/figure>\n<figure id=\"attachment_20833\" aria-describedby=\"caption-attachment-20833\" style=\"width: 580px\" class=\"wp-caption alignnone\"><a href=\"https:\/\/www.neuperlach.org\/blog\/wp-content\/uploads\/2025\/10\/PXL_20251019_123714980-scaled.jpg\"><img loading=\"lazy\" decoding=\"async\" class=\"size-large wp-image-20833\" src=\"https:\/\/www.neuperlach.org\/blog\/wp-content\/uploads\/2025\/10\/PXL_20251019_123714980-1024x769.jpg\" alt=\"MonacoWohnbau\" width=\"580\" height=\"436\" srcset=\"https:\/\/www.neuperlach.org\/blog\/wp-content\/uploads\/2025\/10\/PXL_20251019_123714980-1024x769.jpg 1024w, https:\/\/www.neuperlach.org\/blog\/wp-content\/uploads\/2025\/10\/PXL_20251019_123714980-300x225.jpg 300w, https:\/\/www.neuperlach.org\/blog\/wp-content\/uploads\/2025\/10\/PXL_20251019_123714980-768x577.jpg 768w, https:\/\/www.neuperlach.org\/blog\/wp-content\/uploads\/2025\/10\/PXL_20251019_123714980-1536x1153.jpg 1536w, https:\/\/www.neuperlach.org\/blog\/wp-content\/uploads\/2025\/10\/PXL_20251019_123714980-2048x1538.jpg 2048w, https:\/\/www.neuperlach.org\/blog\/wp-content\/uploads\/2025\/10\/PXL_20251019_123714980-1200x901.jpg 1200w, https:\/\/www.neuperlach.org\/blog\/wp-content\/uploads\/2025\/10\/PXL_20251019_123714980-1980x1487.jpg 1980w\" sizes=\"auto, (max-width: 580px) 100vw, 580px\" \/><\/a><figcaption id=\"caption-attachment-20833\" class=\"wp-caption-text\">19.10.2025<\/figcaption><\/figure>\n<figure id=\"attachment_20832\" aria-describedby=\"caption-attachment-20832\" style=\"width: 580px\" class=\"wp-caption alignnone\"><a href=\"https:\/\/www.neuperlach.org\/blog\/wp-content\/uploads\/2025\/10\/PXL_20251019_123845081-scaled.jpg\"><img loading=\"lazy\" decoding=\"async\" class=\"size-large wp-image-20832\" src=\"https:\/\/www.neuperlach.org\/blog\/wp-content\/uploads\/2025\/10\/PXL_20251019_123845081-1024x769.jpg\" alt=\"MonacoWohnbau\" width=\"580\" height=\"436\" srcset=\"https:\/\/www.neuperlach.org\/blog\/wp-content\/uploads\/2025\/10\/PXL_20251019_123845081-1024x769.jpg 1024w, https:\/\/www.neuperlach.org\/blog\/wp-content\/uploads\/2025\/10\/PXL_20251019_123845081-300x225.jpg 300w, https:\/\/www.neuperlach.org\/blog\/wp-content\/uploads\/2025\/10\/PXL_20251019_123845081-768x577.jpg 768w, https:\/\/www.neuperlach.org\/blog\/wp-content\/uploads\/2025\/10\/PXL_20251019_123845081-1536x1153.jpg 1536w, https:\/\/www.neuperlach.org\/blog\/wp-content\/uploads\/2025\/10\/PXL_20251019_123845081-2048x1538.jpg 2048w, https:\/\/www.neuperlach.org\/blog\/wp-content\/uploads\/2025\/10\/PXL_20251019_123845081-1200x901.jpg 1200w, https:\/\/www.neuperlach.org\/blog\/wp-content\/uploads\/2025\/10\/PXL_20251019_123845081-1980x1487.jpg 1980w\" sizes=\"auto, (max-width: 580px) 100vw, 580px\" \/><\/a><figcaption id=\"caption-attachment-20832\" class=\"wp-caption-text\">19.10.2025<\/figcaption><\/figure>\n<h3>Hallo, roter Mann!<\/h3>\n<p>Ein herrlicher Hydrant in der N\u00e4he des Marx-Zentrums. Fast wie ein Lebewesen!<\/p>\n<figure id=\"attachment_20831\" aria-describedby=\"caption-attachment-20831\" style=\"width: 580px\" class=\"wp-caption alignnone\"><a href=\"https:\/\/www.neuperlach.org\/blog\/wp-content\/uploads\/2025\/10\/PXL_20251019_133901426.MP_-scaled.jpg\"><img loading=\"lazy\" decoding=\"async\" class=\"size-large wp-image-20831\" src=\"https:\/\/www.neuperlach.org\/blog\/wp-content\/uploads\/2025\/10\/PXL_20251019_133901426.MP_-769x1024.jpg\" alt=\"Hydrant Marx-Zentrum\" width=\"580\" height=\"772\" srcset=\"https:\/\/www.neuperlach.org\/blog\/wp-content\/uploads\/2025\/10\/PXL_20251019_133901426.MP_-769x1024.jpg 769w, https:\/\/www.neuperlach.org\/blog\/wp-content\/uploads\/2025\/10\/PXL_20251019_133901426.MP_-225x300.jpg 225w, https:\/\/www.neuperlach.org\/blog\/wp-content\/uploads\/2025\/10\/PXL_20251019_133901426.MP_-768x1023.jpg 768w, https:\/\/www.neuperlach.org\/blog\/wp-content\/uploads\/2025\/10\/PXL_20251019_133901426.MP_-1153x1536.jpg 1153w, https:\/\/www.neuperlach.org\/blog\/wp-content\/uploads\/2025\/10\/PXL_20251019_133901426.MP_-1538x2048.jpg 1538w, https:\/\/www.neuperlach.org\/blog\/wp-content\/uploads\/2025\/10\/PXL_20251019_133901426.MP_-1200x1598.jpg 1200w, https:\/\/www.neuperlach.org\/blog\/wp-content\/uploads\/2025\/10\/PXL_20251019_133901426.MP_-1980x2637.jpg 1980w, https:\/\/www.neuperlach.org\/blog\/wp-content\/uploads\/2025\/10\/PXL_20251019_133901426.MP_-scaled.jpg 1922w\" sizes=\"auto, (max-width: 580px) 100vw, 580px\" \/><\/a><figcaption id=\"caption-attachment-20831\" class=\"wp-caption-text\">19.10.2025<\/figcaption><\/figure>\n<h3>Sport ist Mord!<\/h3>\n<p>Der neue Sportplatz an der Grundschule am Karl-Marx-Ring n\u00e4hert sich mit Weitspr\u00fcngen der Fertigstellung. Mehr zum Thema: \u2192\u00a0<a href=\"https:\/\/www.neuperlach.org\/blog\/neubau-der-grundschule-am-karl-marx-ring\/\">Neubau der Grundschule am Karl-Marx-Ring<\/a><\/p>\n<figure id=\"attachment_20830\" aria-describedby=\"caption-attachment-20830\" style=\"width: 580px\" class=\"wp-caption alignnone\"><a href=\"https:\/\/www.neuperlach.org\/blog\/wp-content\/uploads\/2025\/10\/PXL_20251019_120917189-scaled.jpg\"><img loading=\"lazy\" decoding=\"async\" class=\"size-large wp-image-20830\" src=\"https:\/\/www.neuperlach.org\/blog\/wp-content\/uploads\/2025\/10\/PXL_20251019_120917189-1024x769.jpg\" alt=\"Sportplatz Grundschule am Karl-Marx-Ring\" width=\"580\" height=\"436\" srcset=\"https:\/\/www.neuperlach.org\/blog\/wp-content\/uploads\/2025\/10\/PXL_20251019_120917189-1024x769.jpg 1024w, https:\/\/www.neuperlach.org\/blog\/wp-content\/uploads\/2025\/10\/PXL_20251019_120917189-300x225.jpg 300w, https:\/\/www.neuperlach.org\/blog\/wp-content\/uploads\/2025\/10\/PXL_20251019_120917189-768x577.jpg 768w, https:\/\/www.neuperlach.org\/blog\/wp-content\/uploads\/2025\/10\/PXL_20251019_120917189-1536x1153.jpg 1536w, https:\/\/www.neuperlach.org\/blog\/wp-content\/uploads\/2025\/10\/PXL_20251019_120917189-2048x1538.jpg 2048w, https:\/\/www.neuperlach.org\/blog\/wp-content\/uploads\/2025\/10\/PXL_20251019_120917189-1200x901.jpg 1200w, https:\/\/www.neuperlach.org\/blog\/wp-content\/uploads\/2025\/10\/PXL_20251019_120917189-1980x1487.jpg 1980w\" sizes=\"auto, (max-width: 580px) 100vw, 580px\" \/><\/a><figcaption id=\"caption-attachment-20830\" class=\"wp-caption-text\">19.10.2025<\/figcaption><\/figure>\n<h3>Herbst im Marx-Zentrum<\/h3>\n<p>Die Gesichter der Personen wurden durch KI-Gesichter ersetzt.<\/p>\n<figure id=\"attachment_20829\" aria-describedby=\"caption-attachment-20829\" style=\"width: 580px\" class=\"wp-caption alignnone\"><a href=\"https:\/\/www.neuperlach.org\/blog\/wp-content\/uploads\/2025\/10\/PXL_20251019_064243835-scaled.jpg\"><img loading=\"lazy\" decoding=\"async\" class=\"size-large wp-image-20829\" src=\"https:\/\/www.neuperlach.org\/blog\/wp-content\/uploads\/2025\/10\/PXL_20251019_064243835-1024x769.jpg\" alt=\"Herbst im Marx-Zentrum\" width=\"580\" height=\"436\" srcset=\"https:\/\/www.neuperlach.org\/blog\/wp-content\/uploads\/2025\/10\/PXL_20251019_064243835-1024x769.jpg 1024w, https:\/\/www.neuperlach.org\/blog\/wp-content\/uploads\/2025\/10\/PXL_20251019_064243835-300x225.jpg 300w, https:\/\/www.neuperlach.org\/blog\/wp-content\/uploads\/2025\/10\/PXL_20251019_064243835-768x577.jpg 768w, https:\/\/www.neuperlach.org\/blog\/wp-content\/uploads\/2025\/10\/PXL_20251019_064243835-1536x1153.jpg 1536w, https:\/\/www.neuperlach.org\/blog\/wp-content\/uploads\/2025\/10\/PXL_20251019_064243835-2048x1538.jpg 2048w, https:\/\/www.neuperlach.org\/blog\/wp-content\/uploads\/2025\/10\/PXL_20251019_064243835-1200x901.jpg 1200w, https:\/\/www.neuperlach.org\/blog\/wp-content\/uploads\/2025\/10\/PXL_20251019_064243835-1980x1487.jpg 1980w\" sizes=\"auto, (max-width: 580px) 100vw, 580px\" \/><\/a><figcaption id=\"caption-attachment-20829\" class=\"wp-caption-text\">19.10.2025<\/figcaption><\/figure>\n<h3>AOK \u2013 keiner ist da!<\/h3>\n<figure id=\"attachment_20826\" aria-describedby=\"caption-attachment-20826\" style=\"width: 580px\" class=\"wp-caption alignnone\"><a href=\"https:\/\/www.neuperlach.org\/blog\/wp-content\/uploads\/2025\/10\/PXL_20251018_113344332-scaled.jpg\"><img loading=\"lazy\" decoding=\"async\" class=\"size-large wp-image-20826\" src=\"https:\/\/www.neuperlach.org\/blog\/wp-content\/uploads\/2025\/10\/PXL_20251018_113344332-1024x769.jpg\" alt=\"Leere AOK\" width=\"580\" height=\"436\" srcset=\"https:\/\/www.neuperlach.org\/blog\/wp-content\/uploads\/2025\/10\/PXL_20251018_113344332-1024x769.jpg 1024w, https:\/\/www.neuperlach.org\/blog\/wp-content\/uploads\/2025\/10\/PXL_20251018_113344332-300x225.jpg 300w, https:\/\/www.neuperlach.org\/blog\/wp-content\/uploads\/2025\/10\/PXL_20251018_113344332-768x577.jpg 768w, https:\/\/www.neuperlach.org\/blog\/wp-content\/uploads\/2025\/10\/PXL_20251018_113344332-1536x1153.jpg 1536w, https:\/\/www.neuperlach.org\/blog\/wp-content\/uploads\/2025\/10\/PXL_20251018_113344332-2048x1538.jpg 2048w, https:\/\/www.neuperlach.org\/blog\/wp-content\/uploads\/2025\/10\/PXL_20251018_113344332-1200x901.jpg 1200w, https:\/\/www.neuperlach.org\/blog\/wp-content\/uploads\/2025\/10\/PXL_20251018_113344332-1980x1487.jpg 1980w\" sizes=\"auto, (max-width: 580px) 100vw, 580px\" \/><\/a><figcaption id=\"caption-attachment-20826\" class=\"wp-caption-text\">18.10.2025<\/figcaption><\/figure>\n<p>Seit Jahren steht die AOK am Friedrich-Engels-Bogen 6 leer. Die Mitarbeiter residieren jetzt am ehemaligen Wacker-Bau in Neuperlach Mitte. Ein riesiger, abgesperrter Parkplatz wirkt wie in Symbol des Verfalls, zumal die Natur dabei ist, ihn sich zur\u00fcckzuerobern <br class=\"html-br\" \/>Was mag wohl mit dem Geb\u00e4ude geschehen? Ich denke, es wird ein Abriss sein. Eine Firma will meist einen hippen Neubau. Als Wohnhaus ist es nur bedingt einsetzbar. Aber ein Umbau zum Wohnhaus w\u00e4re sicherlich machbar. Das ist aus Umweltgr\u00fcnden Das ist aus Umweltgr\u00fcnden allemal besser, als alles zu zerst\u00f6ren.<\/p>\n<figure id=\"attachment_20828\" aria-describedby=\"caption-attachment-20828\" style=\"width: 580px\" class=\"wp-caption alignnone\"><a href=\"https:\/\/www.neuperlach.org\/blog\/wp-content\/uploads\/2025\/10\/PXL_20251018_113355447.MP_-scaled.jpg\"><img loading=\"lazy\" decoding=\"async\" class=\"size-large wp-image-20828\" src=\"https:\/\/www.neuperlach.org\/blog\/wp-content\/uploads\/2025\/10\/PXL_20251018_113355447.MP_-1024x769.jpg\" alt=\"Leere AOK\" width=\"580\" height=\"436\" srcset=\"https:\/\/www.neuperlach.org\/blog\/wp-content\/uploads\/2025\/10\/PXL_20251018_113355447.MP_-1024x769.jpg 1024w, https:\/\/www.neuperlach.org\/blog\/wp-content\/uploads\/2025\/10\/PXL_20251018_113355447.MP_-300x225.jpg 300w, https:\/\/www.neuperlach.org\/blog\/wp-content\/uploads\/2025\/10\/PXL_20251018_113355447.MP_-768x577.jpg 768w, https:\/\/www.neuperlach.org\/blog\/wp-content\/uploads\/2025\/10\/PXL_20251018_113355447.MP_-1536x1153.jpg 1536w, https:\/\/www.neuperlach.org\/blog\/wp-content\/uploads\/2025\/10\/PXL_20251018_113355447.MP_-2048x1538.jpg 2048w, https:\/\/www.neuperlach.org\/blog\/wp-content\/uploads\/2025\/10\/PXL_20251018_113355447.MP_-1200x901.jpg 1200w, https:\/\/www.neuperlach.org\/blog\/wp-content\/uploads\/2025\/10\/PXL_20251018_113355447.MP_-1980x1487.jpg 1980w\" sizes=\"auto, (max-width: 580px) 100vw, 580px\" \/><\/a><figcaption id=\"caption-attachment-20828\" class=\"wp-caption-text\">18.10.2025<\/figcaption><\/figure>\n<figure id=\"attachment_20827\" aria-describedby=\"caption-attachment-20827\" style=\"width: 576px\" class=\"wp-caption alignnone\"><a href=\"https:\/\/www.neuperlach.org\/blog\/wp-content\/uploads\/2025\/10\/PXL_20251018_113344332-Bearbeitet.jpg\"><img loading=\"lazy\" decoding=\"async\" class=\"size-full wp-image-20827\" src=\"https:\/\/www.neuperlach.org\/blog\/wp-content\/uploads\/2025\/10\/PXL_20251018_113344332-Bearbeitet.jpg\" alt=\"Leere AOK\" width=\"576\" height=\"179\" srcset=\"https:\/\/www.neuperlach.org\/blog\/wp-content\/uploads\/2025\/10\/PXL_20251018_113344332-Bearbeitet.jpg 576w, https:\/\/www.neuperlach.org\/blog\/wp-content\/uploads\/2025\/10\/PXL_20251018_113344332-Bearbeitet-300x93.jpg 300w\" sizes=\"auto, (max-width: 576px) 100vw, 576px\" \/><\/a><figcaption id=\"caption-attachment-20827\" class=\"wp-caption-text\">18.10.2025<\/figcaption><\/figure>\n<h3>Nur zweimal im Jahr!<\/h3>\n<p>Sonnenaufgang im Marx-Zentrum. Die Sonne scheint durch das Fenster durch, keine Spiegelung. Nur an zwei Tagen im Jahr ist das hier zu bewundern. Vielen Dank an den Burgherren f\u00fcr die Fotos!<\/p>\n<figure id=\"attachment_20825\" aria-describedby=\"caption-attachment-20825\" style=\"width: 858px\" class=\"wp-caption alignnone\"><a href=\"https:\/\/www.neuperlach.org\/blog\/wp-content\/uploads\/2025\/10\/Marx-Zentrum-Sonnenaufgang-1.jpg\"><img loading=\"lazy\" decoding=\"async\" class=\"size-full wp-image-20825\" src=\"https:\/\/www.neuperlach.org\/blog\/wp-content\/uploads\/2025\/10\/Marx-Zentrum-Sonnenaufgang-1.jpg\" alt=\"Marx-Zentrum Sonnenaufgang\" width=\"858\" height=\"582\" srcset=\"https:\/\/www.neuperlach.org\/blog\/wp-content\/uploads\/2025\/10\/Marx-Zentrum-Sonnenaufgang-1.jpg 858w, https:\/\/www.neuperlach.org\/blog\/wp-content\/uploads\/2025\/10\/Marx-Zentrum-Sonnenaufgang-1-300x203.jpg 300w, https:\/\/www.neuperlach.org\/blog\/wp-content\/uploads\/2025\/10\/Marx-Zentrum-Sonnenaufgang-1-768x521.jpg 768w\" sizes=\"auto, (max-width: 858px) 100vw, 858px\" \/><\/a><figcaption id=\"caption-attachment-20825\" class=\"wp-caption-text\">Unser Marx-Zentrum am 19.09.2025<\/figcaption><\/figure>\n<figure id=\"attachment_20824\" aria-describedby=\"caption-attachment-20824\" style=\"width: 580px\" class=\"wp-caption alignnone\"><a href=\"https:\/\/www.neuperlach.org\/blog\/wp-content\/uploads\/2025\/10\/Marx-Zentrum-Sonnenaufgang-2.jpg\"><img loading=\"lazy\" decoding=\"async\" class=\"size-large wp-image-20824\" src=\"https:\/\/www.neuperlach.org\/blog\/wp-content\/uploads\/2025\/10\/Marx-Zentrum-Sonnenaufgang-2-1024x721.jpg\" alt=\"Marx-Zentrum Sonnenaufgang\" width=\"580\" height=\"408\" srcset=\"https:\/\/www.neuperlach.org\/blog\/wp-content\/uploads\/2025\/10\/Marx-Zentrum-Sonnenaufgang-2-1024x721.jpg 1024w, https:\/\/www.neuperlach.org\/blog\/wp-content\/uploads\/2025\/10\/Marx-Zentrum-Sonnenaufgang-2-300x211.jpg 300w, https:\/\/www.neuperlach.org\/blog\/wp-content\/uploads\/2025\/10\/Marx-Zentrum-Sonnenaufgang-2-768x540.jpg 768w, https:\/\/www.neuperlach.org\/blog\/wp-content\/uploads\/2025\/10\/Marx-Zentrum-Sonnenaufgang-2.jpg 1026w\" sizes=\"auto, (max-width: 580px) 100vw, 580px\" \/><\/a><figcaption id=\"caption-attachment-20824\" class=\"wp-caption-text\">Unser Marx-Zentrum am 19.09.2025<\/figcaption><\/figure>\n<h3>Marx-Zentrum (02.08.2012)<\/h3>\n<p>Dieses Bild habe ich mit der Lightroom-Funktion &#8222;Verbessern&#8220; optimiert, sodass der Wohn- und Gesch\u00e4ftsblock jetzt noch eindrucksvoller aussieht.<\/p>\n<figure id=\"attachment_20818\" aria-describedby=\"caption-attachment-20818\" style=\"width: 580px\" class=\"wp-caption alignnone\"><a href=\"https:\/\/www.neuperlach.org\/blog\/wp-content\/uploads\/2025\/10\/IMG_4556-Verbessert-RR.jpg\"><img loading=\"lazy\" decoding=\"async\" class=\"size-large wp-image-20818\" src=\"https:\/\/www.neuperlach.org\/blog\/wp-content\/uploads\/2025\/10\/IMG_4556-Verbessert-RR-1024x644.jpg\" alt=\"Marx-Zentrum\" width=\"580\" height=\"365\" srcset=\"https:\/\/www.neuperlach.org\/blog\/wp-content\/uploads\/2025\/10\/IMG_4556-Verbessert-RR-1024x644.jpg 1024w, https:\/\/www.neuperlach.org\/blog\/wp-content\/uploads\/2025\/10\/IMG_4556-Verbessert-RR-300x189.jpg 300w, https:\/\/www.neuperlach.org\/blog\/wp-content\/uploads\/2025\/10\/IMG_4556-Verbessert-RR-768x483.jpg 768w, https:\/\/www.neuperlach.org\/blog\/wp-content\/uploads\/2025\/10\/IMG_4556-Verbessert-RR-1536x967.jpg 1536w, https:\/\/www.neuperlach.org\/blog\/wp-content\/uploads\/2025\/10\/IMG_4556-Verbessert-RR-2048x1289.jpg 2048w, https:\/\/www.neuperlach.org\/blog\/wp-content\/uploads\/2025\/10\/IMG_4556-Verbessert-RR-1200x755.jpg 1200w, https:\/\/www.neuperlach.org\/blog\/wp-content\/uploads\/2025\/10\/IMG_4556-Verbessert-RR-1980x1246.jpg 1980w\" sizes=\"auto, (max-width: 580px) 100vw, 580px\" \/><\/a><figcaption id=\"caption-attachment-20818\" class=\"wp-caption-text\">Marx-Zentrum (02.08.2013)<\/figcaption><\/figure>\n<h3>Das kannst du halten wie ein Dachdecker<\/h3>\n<figure id=\"attachment_20817\" aria-describedby=\"caption-attachment-20817\" style=\"width: 580px\" class=\"wp-caption alignnone\"><a href=\"https:\/\/www.neuperlach.org\/blog\/wp-content\/uploads\/2025\/10\/PXL_20251017_120013894-scaled.jpg\"><img loading=\"lazy\" decoding=\"async\" class=\"size-large wp-image-20817\" src=\"https:\/\/www.neuperlach.org\/blog\/wp-content\/uploads\/2025\/10\/PXL_20251017_120013894-1024x769.jpg\" alt=\"Bungalow mit Spitzdach am Goldschaggbogen\" width=\"580\" height=\"436\" srcset=\"https:\/\/www.neuperlach.org\/blog\/wp-content\/uploads\/2025\/10\/PXL_20251017_120013894-1024x769.jpg 1024w, https:\/\/www.neuperlach.org\/blog\/wp-content\/uploads\/2025\/10\/PXL_20251017_120013894-300x225.jpg 300w, https:\/\/www.neuperlach.org\/blog\/wp-content\/uploads\/2025\/10\/PXL_20251017_120013894-768x577.jpg 768w, https:\/\/www.neuperlach.org\/blog\/wp-content\/uploads\/2025\/10\/PXL_20251017_120013894-1536x1153.jpg 1536w, https:\/\/www.neuperlach.org\/blog\/wp-content\/uploads\/2025\/10\/PXL_20251017_120013894-2048x1538.jpg 2048w, https:\/\/www.neuperlach.org\/blog\/wp-content\/uploads\/2025\/10\/PXL_20251017_120013894-1200x901.jpg 1200w, https:\/\/www.neuperlach.org\/blog\/wp-content\/uploads\/2025\/10\/PXL_20251017_120013894-1980x1487.jpg 1980w\" sizes=\"auto, (max-width: 580px) 100vw, 580px\" \/><\/a><figcaption id=\"caption-attachment-20817\" class=\"wp-caption-text\">17.10.2025<\/figcaption><\/figure>\n<p>Eigentlich eine durchaus gelungene Sanierung, aber der Kontrast zu der Flachdacharchitektur der Nachbarh\u00e4user ist schon hart!<\/p>\n<h3>Neugestaltung der Schaufenstergalerie im Marx-Zentrum<\/h3>\n<p>Seit Mitte Juni 2025 werden einige Schaufenster im Marx-Zentrum noch einmal neugestaltet. Unter dem Slogan &#8222;Zuhause im Marx-Zentrum&#8220; hat die K\u00fcnstlerin Katharina Konte im Herbst 2024 zahlreihe der Fenster mit K\u00f6pfen und Motiven verziert, die auf die Vielf\u00e4ltigkeit der Bewohnerschaft und das Aufwertungspotenzial des Quartiers aufmerksam machen sollen.<\/p>\n<figure id=\"attachment_20794\" aria-describedby=\"caption-attachment-20794\" style=\"width: 800px\" class=\"wp-caption alignnone\"><a href=\"https:\/\/www.neuperlach.org\/blog\/wp-content\/uploads\/2025\/10\/csm__DSC5384_e89edf23f1.jpg\"><img loading=\"lazy\" decoding=\"async\" class=\"size-full wp-image-20794\" src=\"https:\/\/www.neuperlach.org\/blog\/wp-content\/uploads\/2025\/10\/csm__DSC5384_e89edf23f1.jpg\" alt=\"Schaufenstermalerei Marx-Zentrum\" width=\"800\" height=\"534\" srcset=\"https:\/\/www.neuperlach.org\/blog\/wp-content\/uploads\/2025\/10\/csm__DSC5384_e89edf23f1.jpg 800w, https:\/\/www.neuperlach.org\/blog\/wp-content\/uploads\/2025\/10\/csm__DSC5384_e89edf23f1-300x200.jpg 300w, https:\/\/www.neuperlach.org\/blog\/wp-content\/uploads\/2025\/10\/csm__DSC5384_e89edf23f1-768x513.jpg 768w\" sizes=\"auto, (max-width: 800px) 100vw, 800px\" \/><\/a><figcaption id=\"caption-attachment-20794\" class=\"wp-caption-text\">Der Penny wurde erheblich versch\u00f6nert<\/figcaption><\/figure>\n<p>Weiterlesen \u2192 <a href=\"https:\/\/www.neuperlach.org\/blog\/schaufenstergemaelde-marx-zentrum\/\">Neugestaltung der Schaufenstergalerie im Marx-Zentrum<\/a><\/p>\n<h3>Fremde, fremde Heimat!<\/h3>\n<figure id=\"attachment_20790\" aria-describedby=\"caption-attachment-20790\" style=\"width: 580px\" class=\"wp-caption alignnone\"><a href=\"https:\/\/www.neuperlach.org\/blog\/wp-content\/uploads\/2025\/10\/PXL_20251015_122927635-scaled.jpg\"><img loading=\"lazy\" decoding=\"async\" class=\"size-large wp-image-20790\" src=\"https:\/\/www.neuperlach.org\/blog\/wp-content\/uploads\/2025\/10\/PXL_20251015_122927635-1024x771.jpg\" alt=\"Urlaubs-Collage\" width=\"580\" height=\"437\" srcset=\"https:\/\/www.neuperlach.org\/blog\/wp-content\/uploads\/2025\/10\/PXL_20251015_122927635-1024x771.jpg 1024w, https:\/\/www.neuperlach.org\/blog\/wp-content\/uploads\/2025\/10\/PXL_20251015_122927635-300x226.jpg 300w, https:\/\/www.neuperlach.org\/blog\/wp-content\/uploads\/2025\/10\/PXL_20251015_122927635-768x579.jpg 768w, https:\/\/www.neuperlach.org\/blog\/wp-content\/uploads\/2025\/10\/PXL_20251015_122927635-1536x1157.jpg 1536w, https:\/\/www.neuperlach.org\/blog\/wp-content\/uploads\/2025\/10\/PXL_20251015_122927635-2048x1543.jpg 2048w, https:\/\/www.neuperlach.org\/blog\/wp-content\/uploads\/2025\/10\/PXL_20251015_122927635-1200x904.jpg 1200w, https:\/\/www.neuperlach.org\/blog\/wp-content\/uploads\/2025\/10\/PXL_20251015_122927635-1980x1491.jpg 1980w\" sizes=\"auto, (max-width: 580px) 100vw, 580px\" \/><\/a><figcaption id=\"caption-attachment-20790\" class=\"wp-caption-text\">15.10.2025<\/figcaption><\/figure>\n<p>Was f\u00fcr eine herrliche Collage mit Urlaubs-Stickern! Anhand der schwarzen Asbestplatten l\u00e4sst sich erahnen, dass das Kunstwerk in meiner Wohnanlage h\u00e4ngt.<\/p>\n<p>Die Dame mit diesem Kunstwerk bat mich, die Heizung zu untersuchen, da ihre Wohnung kalt war. Es ergab sich, dass diese entl\u00fcftet werden muss. Die Dame ganz oben \u2013 nur dort kann man Heizk\u00f6rper entl\u00fcften \u2013 war mir gegen\u00fcber feindselig eingestellt und verweigerte diese Aktion. Aber ich hatte diese herrliche Collage auf der Loggia entdeckt, die ich fotografieren durfte. Danke!<\/p>\n<h3>Unser FestSpielHaus<\/h3>\n<p>Es steht leer und wurde trotz mehrfacher Ank\u00fcndigungen nicht abgerissen.<\/p>\n<figure id=\"attachment_20789\" aria-describedby=\"caption-attachment-20789\" style=\"width: 580px\" class=\"wp-caption alignnone\"><a href=\"https:\/\/www.neuperlach.org\/blog\/wp-content\/uploads\/2025\/10\/PXL_20251014_131821604-scaled.jpg\"><img loading=\"lazy\" decoding=\"async\" class=\"size-large wp-image-20789\" src=\"https:\/\/www.neuperlach.org\/blog\/wp-content\/uploads\/2025\/10\/PXL_20251014_131821604-1024x769.jpg\" alt=\"FestSpielHaus\" width=\"580\" height=\"436\" srcset=\"https:\/\/www.neuperlach.org\/blog\/wp-content\/uploads\/2025\/10\/PXL_20251014_131821604-1024x769.jpg 1024w, https:\/\/www.neuperlach.org\/blog\/wp-content\/uploads\/2025\/10\/PXL_20251014_131821604-300x225.jpg 300w, https:\/\/www.neuperlach.org\/blog\/wp-content\/uploads\/2025\/10\/PXL_20251014_131821604-768x577.jpg 768w, https:\/\/www.neuperlach.org\/blog\/wp-content\/uploads\/2025\/10\/PXL_20251014_131821604-1536x1153.jpg 1536w, https:\/\/www.neuperlach.org\/blog\/wp-content\/uploads\/2025\/10\/PXL_20251014_131821604-2048x1538.jpg 2048w, https:\/\/www.neuperlach.org\/blog\/wp-content\/uploads\/2025\/10\/PXL_20251014_131821604-1200x901.jpg 1200w, https:\/\/www.neuperlach.org\/blog\/wp-content\/uploads\/2025\/10\/PXL_20251014_131821604-1980x1487.jpg 1980w\" sizes=\"auto, (max-width: 580px) 100vw, 580px\" \/><\/a><figcaption id=\"caption-attachment-20789\" class=\"wp-caption-text\">14.10.2025<\/figcaption><\/figure>\n<h4>Chronik<\/h4>\n<p><strong>1995:<\/strong> Das FestSpielHaus an der Quiddestra\u00dfe startet. Es gab vorher schon Theateraktivit\u00e4ten in dem ehemaligen Supermarkt-Container, aber der Name ist neu, und auch ein regelm\u00e4\u00dfiger Spielbetrieb wurde aufgenommen.<\/p>\n<p><strong>26. Juli 2019:<\/strong> Das leerger\u00e4umte FestSpielHaus an der Quiddestra\u00dfe wird \u00fcbergeben. Auf dem Grundst\u00fcck entstehen Wohnh\u00e4user. Das Theater zieht ins alte Hackschnitzel-Heizkraftwerk in Ramersdorf.<\/p>\n<h3>B\u00fcrohaus Albert-Schweitzer-Stra\u00dfe:\u00a0H\u00f6lzern!<\/h3>\n<h4>Holzoptik 2025 vs. alte Optik 2020\/2013<\/h4>\n<p>Was sch\u00f6ner ist, bleibt Geschmackssache!\u00a0Die Holzpaneele sind allerdings schon marode. Die alte Optik hielt dagegen ewig. Das habt ihr nicht gut gemacht!<\/p>\n<figure id=\"attachment_20785\" aria-describedby=\"caption-attachment-20785\" style=\"width: 300px\" class=\"wp-caption alignleft\"><a href=\"https:\/\/www.neuperlach.org\/blog\/wp-content\/uploads\/2025\/10\/IMG_9539-Verbessert-RR-scaled.jpg\"><img loading=\"lazy\" decoding=\"async\" class=\"wp-image-20785 size-medium\" src=\"https:\/\/www.neuperlach.org\/blog\/wp-content\/uploads\/2025\/10\/IMG_9539-Verbessert-RR-300x225.jpg\" alt=\"B\u00fcrohaus Albert-Schweitzer-Stra\u00dfe mit maroden Holzpanellen\" width=\"300\" height=\"225\" srcset=\"https:\/\/www.neuperlach.org\/blog\/wp-content\/uploads\/2025\/10\/IMG_9539-Verbessert-RR-300x225.jpg 300w, https:\/\/www.neuperlach.org\/blog\/wp-content\/uploads\/2025\/10\/IMG_9539-Verbessert-RR-1024x768.jpg 1024w, https:\/\/www.neuperlach.org\/blog\/wp-content\/uploads\/2025\/10\/IMG_9539-Verbessert-RR-768x576.jpg 768w, https:\/\/www.neuperlach.org\/blog\/wp-content\/uploads\/2025\/10\/IMG_9539-Verbessert-RR-1536x1152.jpg 1536w, https:\/\/www.neuperlach.org\/blog\/wp-content\/uploads\/2025\/10\/IMG_9539-Verbessert-RR-2048x1536.jpg 2048w, https:\/\/www.neuperlach.org\/blog\/wp-content\/uploads\/2025\/10\/IMG_9539-Verbessert-RR-1200x900.jpg 1200w, https:\/\/www.neuperlach.org\/blog\/wp-content\/uploads\/2025\/10\/IMG_9539-Verbessert-RR-1980x1485.jpg 1980w\" sizes=\"auto, (max-width: 300px) 100vw, 300px\" \/><\/a><figcaption id=\"caption-attachment-20785\" class=\"wp-caption-text\">13.10.2025<\/figcaption><\/figure>\n<figure id=\"attachment_20787\" aria-describedby=\"caption-attachment-20787\" style=\"width: 300px\" class=\"wp-caption alignright\"><a href=\"https:\/\/www.neuperlach.org\/blog\/wp-content\/uploads\/2025\/10\/IMG_9534-Verbessert-RR-scaled.jpg\"><img loading=\"lazy\" decoding=\"async\" class=\"wp-image-20787 size-medium\" src=\"https:\/\/www.neuperlach.org\/blog\/wp-content\/uploads\/2025\/10\/IMG_9534-Verbessert-RR-300x225.jpg\" alt=\"B\u00fcrohaus Albert-Schweitzer-Stra\u00dfe mit maroden Holzpanellen\" width=\"300\" height=\"225\" srcset=\"https:\/\/www.neuperlach.org\/blog\/wp-content\/uploads\/2025\/10\/IMG_9534-Verbessert-RR-300x225.jpg 300w, https:\/\/www.neuperlach.org\/blog\/wp-content\/uploads\/2025\/10\/IMG_9534-Verbessert-RR-1024x768.jpg 1024w, https:\/\/www.neuperlach.org\/blog\/wp-content\/uploads\/2025\/10\/IMG_9534-Verbessert-RR-768x576.jpg 768w, https:\/\/www.neuperlach.org\/blog\/wp-content\/uploads\/2025\/10\/IMG_9534-Verbessert-RR-1536x1152.jpg 1536w, https:\/\/www.neuperlach.org\/blog\/wp-content\/uploads\/2025\/10\/IMG_9534-Verbessert-RR-2048x1536.jpg 2048w, https:\/\/www.neuperlach.org\/blog\/wp-content\/uploads\/2025\/10\/IMG_9534-Verbessert-RR-1200x900.jpg 1200w, https:\/\/www.neuperlach.org\/blog\/wp-content\/uploads\/2025\/10\/IMG_9534-Verbessert-RR-1980x1485.jpg 1980w\" sizes=\"auto, (max-width: 300px) 100vw, 300px\" \/><\/a><figcaption id=\"caption-attachment-20787\" class=\"wp-caption-text\">13.10.2025<\/figcaption><\/figure>\n<figure id=\"attachment_20786\" aria-describedby=\"caption-attachment-20786\" style=\"width: 580px\" class=\"wp-caption alignnone\"><a href=\"https:\/\/www.neuperlach.org\/blog\/wp-content\/uploads\/2025\/10\/IMG_9537-Verbessert-RR-scaled.jpg\"><img loading=\"lazy\" decoding=\"async\" class=\"size-large wp-image-20786\" src=\"https:\/\/www.neuperlach.org\/blog\/wp-content\/uploads\/2025\/10\/IMG_9537-Verbessert-RR-1024x768.jpg\" alt=\"B\u00fcrohaus Albert-Schweitzer-Stra\u00dfe mit maroden Holzpanellen\" width=\"580\" height=\"435\" srcset=\"https:\/\/www.neuperlach.org\/blog\/wp-content\/uploads\/2025\/10\/IMG_9537-Verbessert-RR-1024x768.jpg 1024w, https:\/\/www.neuperlach.org\/blog\/wp-content\/uploads\/2025\/10\/IMG_9537-Verbessert-RR-300x225.jpg 300w, https:\/\/www.neuperlach.org\/blog\/wp-content\/uploads\/2025\/10\/IMG_9537-Verbessert-RR-768x576.jpg 768w, https:\/\/www.neuperlach.org\/blog\/wp-content\/uploads\/2025\/10\/IMG_9537-Verbessert-RR-1536x1152.jpg 1536w, https:\/\/www.neuperlach.org\/blog\/wp-content\/uploads\/2025\/10\/IMG_9537-Verbessert-RR-2048x1536.jpg 2048w, https:\/\/www.neuperlach.org\/blog\/wp-content\/uploads\/2025\/10\/IMG_9537-Verbessert-RR-1200x900.jpg 1200w, https:\/\/www.neuperlach.org\/blog\/wp-content\/uploads\/2025\/10\/IMG_9537-Verbessert-RR-1980x1485.jpg 1980w\" sizes=\"auto, (max-width: 580px) 100vw, 580px\" \/><\/a><figcaption id=\"caption-attachment-20786\" class=\"wp-caption-text\">13.10.2025<\/figcaption><\/figure>\n<figure id=\"attachment_15588\" aria-describedby=\"caption-attachment-15588\" style=\"width: 300px\" class=\"wp-caption alignleft\"><a href=\"https:\/\/www.neuperlach.org\/blog\/wp-content\/uploads\/2020\/05\/IMG_3515.jpg\"><img loading=\"lazy\" decoding=\"async\" class=\"size-medium wp-image-15588\" src=\"https:\/\/www.neuperlach.org\/blog\/wp-content\/uploads\/2020\/05\/IMG_3515-300x225.jpg\" alt=\"B\u00fcrohaus Albert-Schweitzer-Stra\u00dfe\" width=\"300\" height=\"225\" srcset=\"https:\/\/www.neuperlach.org\/blog\/wp-content\/uploads\/2020\/05\/IMG_3515-300x225.jpg 300w, https:\/\/www.neuperlach.org\/blog\/wp-content\/uploads\/2020\/05\/IMG_3515-1024x768.jpg 1024w, https:\/\/www.neuperlach.org\/blog\/wp-content\/uploads\/2020\/05\/IMG_3515-768x576.jpg 768w, https:\/\/www.neuperlach.org\/blog\/wp-content\/uploads\/2020\/05\/IMG_3515-1536x1152.jpg 1536w, https:\/\/www.neuperlach.org\/blog\/wp-content\/uploads\/2020\/05\/IMG_3515-1200x900.jpg 1200w, https:\/\/www.neuperlach.org\/blog\/wp-content\/uploads\/2020\/05\/IMG_3515.jpg 1920w\" sizes=\"auto, (max-width: 300px) 100vw, 300px\" \/><\/a><figcaption id=\"caption-attachment-15588\" class=\"wp-caption-text\">Neue Optik (08.05.2020)<\/figcaption><\/figure>\n<figure id=\"attachment_15589\" aria-describedby=\"caption-attachment-15589\" style=\"width: 300px\" class=\"wp-caption alignright\"><a href=\"https:\/\/www.neuperlach.org\/blog\/wp-content\/uploads\/2020\/05\/IMG_3513.jpg\"><img loading=\"lazy\" decoding=\"async\" class=\"size-medium wp-image-15589\" src=\"https:\/\/www.neuperlach.org\/blog\/wp-content\/uploads\/2020\/05\/IMG_3513-300x225.jpg\" alt=\"B\u00fcrohaus Albert-Schweitzer-Stra\u00dfe\" width=\"300\" height=\"225\" srcset=\"https:\/\/www.neuperlach.org\/blog\/wp-content\/uploads\/2020\/05\/IMG_3513-300x225.jpg 300w, https:\/\/www.neuperlach.org\/blog\/wp-content\/uploads\/2020\/05\/IMG_3513-1024x768.jpg 1024w, https:\/\/www.neuperlach.org\/blog\/wp-content\/uploads\/2020\/05\/IMG_3513-768x576.jpg 768w, https:\/\/www.neuperlach.org\/blog\/wp-content\/uploads\/2020\/05\/IMG_3513-1536x1152.jpg 1536w, https:\/\/www.neuperlach.org\/blog\/wp-content\/uploads\/2020\/05\/IMG_3513-1200x900.jpg 1200w, https:\/\/www.neuperlach.org\/blog\/wp-content\/uploads\/2020\/05\/IMG_3513.jpg 1920w\" sizes=\"auto, (max-width: 300px) 100vw, 300px\" \/><\/a><figcaption id=\"caption-attachment-15589\" class=\"wp-caption-text\">Neue Optik (08.05.2020)<\/figcaption><\/figure>\n<figure id=\"attachment_15590\" aria-describedby=\"caption-attachment-15590\" style=\"width: 580px\" class=\"wp-caption alignnone\"><a href=\"https:\/\/www.neuperlach.org\/blog\/wp-content\/uploads\/2020\/05\/IMG_3508.jpg\"><img loading=\"lazy\" decoding=\"async\" class=\"size-large wp-image-15590\" src=\"https:\/\/www.neuperlach.org\/blog\/wp-content\/uploads\/2020\/05\/IMG_3508-1024x768.jpg\" alt=\"B\u00fcrohaus Albert-Schweitzer-Stra\u00dfe\" width=\"580\" height=\"435\" srcset=\"https:\/\/www.neuperlach.org\/blog\/wp-content\/uploads\/2020\/05\/IMG_3508-1024x768.jpg 1024w, https:\/\/www.neuperlach.org\/blog\/wp-content\/uploads\/2020\/05\/IMG_3508-300x225.jpg 300w, https:\/\/www.neuperlach.org\/blog\/wp-content\/uploads\/2020\/05\/IMG_3508-768x576.jpg 768w, https:\/\/www.neuperlach.org\/blog\/wp-content\/uploads\/2020\/05\/IMG_3508-1536x1152.jpg 1536w, https:\/\/www.neuperlach.org\/blog\/wp-content\/uploads\/2020\/05\/IMG_3508-1200x900.jpg 1200w, https:\/\/www.neuperlach.org\/blog\/wp-content\/uploads\/2020\/05\/IMG_3508.jpg 1920w\" sizes=\"auto, (max-width: 580px) 100vw, 580px\" \/><\/a><figcaption id=\"caption-attachment-15590\" class=\"wp-caption-text\">Neue Optik (08.05.2020)<\/figcaption><\/figure>\n<figure id=\"attachment_15586\" aria-describedby=\"caption-attachment-15586\" style=\"width: 300px\" class=\"wp-caption alignleft\"><a href=\"https:\/\/www.neuperlach.org\/blog\/wp-content\/uploads\/2020\/05\/IMG_4414.jpg\"><img loading=\"lazy\" decoding=\"async\" class=\"size-medium wp-image-15586\" src=\"https:\/\/www.neuperlach.org\/blog\/wp-content\/uploads\/2020\/05\/IMG_4414-300x200.jpg\" alt=\"B\u00fcrohaus Albert-Schweitzer-Stra\u00dfe\" width=\"300\" height=\"200\" srcset=\"https:\/\/www.neuperlach.org\/blog\/wp-content\/uploads\/2020\/05\/IMG_4414-300x200.jpg 300w, https:\/\/www.neuperlach.org\/blog\/wp-content\/uploads\/2020\/05\/IMG_4414-1024x683.jpg 1024w, https:\/\/www.neuperlach.org\/blog\/wp-content\/uploads\/2020\/05\/IMG_4414-768x512.jpg 768w, https:\/\/www.neuperlach.org\/blog\/wp-content\/uploads\/2020\/05\/IMG_4414-1536x1024.jpg 1536w, https:\/\/www.neuperlach.org\/blog\/wp-content\/uploads\/2020\/05\/IMG_4414-1200x800.jpg 1200w, https:\/\/www.neuperlach.org\/blog\/wp-content\/uploads\/2020\/05\/IMG_4414.jpg 1920w\" sizes=\"auto, (max-width: 300px) 100vw, 300px\" \/><\/a><figcaption id=\"caption-attachment-15586\" class=\"wp-caption-text\">Archiv (15.07.2013)<\/figcaption><\/figure>\n<figure id=\"attachment_15587\" aria-describedby=\"caption-attachment-15587\" style=\"width: 580px\" class=\"wp-caption alignnone\"><a href=\"https:\/\/www.neuperlach.org\/blog\/wp-content\/uploads\/2020\/05\/IMG_3702.jpg\"><img loading=\"lazy\" decoding=\"async\" class=\"size-large wp-image-15587\" src=\"https:\/\/www.neuperlach.org\/blog\/wp-content\/uploads\/2020\/05\/IMG_3702-1024x690.jpg\" alt=\"B\u00fcrohaus Albert-Schweitzer-Stra\u00dfe\" width=\"580\" height=\"391\" srcset=\"https:\/\/www.neuperlach.org\/blog\/wp-content\/uploads\/2020\/05\/IMG_3702-1024x690.jpg 1024w, https:\/\/www.neuperlach.org\/blog\/wp-content\/uploads\/2020\/05\/IMG_3702-300x202.jpg 300w, https:\/\/www.neuperlach.org\/blog\/wp-content\/uploads\/2020\/05\/IMG_3702-768x518.jpg 768w, https:\/\/www.neuperlach.org\/blog\/wp-content\/uploads\/2020\/05\/IMG_3702-1536x1035.jpg 1536w, https:\/\/www.neuperlach.org\/blog\/wp-content\/uploads\/2020\/05\/IMG_3702-1200x809.jpg 1200w, https:\/\/www.neuperlach.org\/blog\/wp-content\/uploads\/2020\/05\/IMG_3702.jpg 1920w\" sizes=\"auto, (max-width: 580px) 100vw, 580px\" \/><\/a><figcaption id=\"caption-attachment-15587\" class=\"wp-caption-text\">Archiv (13.05.2013)<\/figcaption><\/figure>\n<h3>Die Zelte aufschlagen<\/h3>\n<figure id=\"attachment_20784\" aria-describedby=\"caption-attachment-20784\" style=\"width: 580px\" class=\"wp-caption alignnone\"><a href=\"https:\/\/www.neuperlach.org\/blog\/wp-content\/uploads\/2025\/10\/IMG_9543-Verbessert-RR-scaled.jpg\"><img loading=\"lazy\" decoding=\"async\" class=\"size-large wp-image-20784\" src=\"https:\/\/www.neuperlach.org\/blog\/wp-content\/uploads\/2025\/10\/IMG_9543-Verbessert-RR-1024x768.jpg\" alt=\"Indianerzelte am Haus f\u00fcr Kinder an der Quiddestra\u00dfe 1\" width=\"580\" height=\"435\" srcset=\"https:\/\/www.neuperlach.org\/blog\/wp-content\/uploads\/2025\/10\/IMG_9543-Verbessert-RR-1024x768.jpg 1024w, https:\/\/www.neuperlach.org\/blog\/wp-content\/uploads\/2025\/10\/IMG_9543-Verbessert-RR-300x225.jpg 300w, https:\/\/www.neuperlach.org\/blog\/wp-content\/uploads\/2025\/10\/IMG_9543-Verbessert-RR-768x576.jpg 768w, https:\/\/www.neuperlach.org\/blog\/wp-content\/uploads\/2025\/10\/IMG_9543-Verbessert-RR-1536x1152.jpg 1536w, https:\/\/www.neuperlach.org\/blog\/wp-content\/uploads\/2025\/10\/IMG_9543-Verbessert-RR-2048x1536.jpg 2048w, https:\/\/www.neuperlach.org\/blog\/wp-content\/uploads\/2025\/10\/IMG_9543-Verbessert-RR-1200x900.jpg 1200w, https:\/\/www.neuperlach.org\/blog\/wp-content\/uploads\/2025\/10\/IMG_9543-Verbessert-RR-1980x1485.jpg 1980w\" sizes=\"auto, (max-width: 580px) 100vw, 580px\" \/><\/a><figcaption id=\"caption-attachment-20784\" class=\"wp-caption-text\">13.10.2025<\/figcaption><\/figure>\n<p>Am <a href=\"https:\/\/www.neuperlach.org\/blog\/muetterberatung-des-gesundheitsamts-neubau\/\">Haus f\u00fcr Kinder an der Quiddestra\u00dfe 1<\/a> wurden Indianerzelte aufgestellt, sogenannte Tipis. Diese bieten den lieben Kindern Schutz vor Regen und K\u00e4lte. Dazu lernen die Kinder auch noch etwas \u00fcber die Kultur der indigenen Bev\u00f6lkerung.<\/p>\n<h3>Z\u00fcrich verbietet Benzin-Rasenm\u00e4her<\/h3>\n<p>\u2192 <a href=\"https:\/\/www.oekoreich.com\/medium\/laubblaeser-verboten-stadt-verbannt-geraete-wegen-gefahr-fuer-kleinstlebewesen\" target=\"_blank\" rel=\"noopener\">Laubbl\u00e4ser verboten: Z\u00fcrich verbannt benzinbetriebene Ger\u00e4te wegen Gefahr f\u00fcr Kleinstlebewesen<\/a><\/p>\n<figure id=\"attachment_17268\" aria-describedby=\"caption-attachment-17268\" style=\"width: 580px\" class=\"wp-caption alignnone\"><a href=\"https:\/\/www.neuperlach.org\/blog\/wp-content\/uploads\/2021\/02\/IMG_3282.jpg\"><img loading=\"lazy\" decoding=\"async\" class=\"size-large wp-image-17268\" src=\"https:\/\/www.neuperlach.org\/blog\/wp-content\/uploads\/2021\/02\/IMG_3282-1024x768.jpg\" alt=\"Akku-Laubbl\u00e4ser\" width=\"580\" height=\"435\" srcset=\"https:\/\/www.neuperlach.org\/blog\/wp-content\/uploads\/2021\/02\/IMG_3282-1024x768.jpg 1024w, https:\/\/www.neuperlach.org\/blog\/wp-content\/uploads\/2021\/02\/IMG_3282-300x225.jpg 300w, https:\/\/www.neuperlach.org\/blog\/wp-content\/uploads\/2021\/02\/IMG_3282-768x576.jpg 768w, https:\/\/www.neuperlach.org\/blog\/wp-content\/uploads\/2021\/02\/IMG_3282-1536x1152.jpg 1536w, https:\/\/www.neuperlach.org\/blog\/wp-content\/uploads\/2021\/02\/IMG_3282-1200x900.jpg 1200w, https:\/\/www.neuperlach.org\/blog\/wp-content\/uploads\/2021\/02\/IMG_3282.jpg 1920w\" sizes=\"auto, (max-width: 580px) 100vw, 580px\" \/><\/a><figcaption id=\"caption-attachment-17268\" class=\"wp-caption-text\">Nein, er ist kein Schweizer, aber er blies schon 2018 elektrisch. Vorbildlich!<\/figcaption><\/figure>\n<p>Weiterer, \u00e4lterer Bericht:\u00a0<a href=\"https:\/\/www.neuperlach.org\/blog\/ein-laubblaeser-mit-dem-ich-mich-anfreunden-kann\/\">Ein Laubbl\u00e4ser, mit dem ich mich anfreunden kann<\/a><\/p>\n<h3>Unser Marx-Zentrum<\/h3>\n<p>Kurz nach dem Sonnenaufgang. Leicht links ist das beliebte Billigkaufhaus Woolworth zu sehen.<\/p>\n<figure id=\"attachment_20782\" aria-describedby=\"caption-attachment-20782\" style=\"width: 580px\" class=\"wp-caption alignnone\"><a href=\"https:\/\/www.neuperlach.org\/blog\/wp-content\/uploads\/2025\/10\/PXL_20251010_050332487.NIGHT_.jpg\"><img loading=\"lazy\" decoding=\"async\" class=\"size-large wp-image-20782\" src=\"https:\/\/www.neuperlach.org\/blog\/wp-content\/uploads\/2025\/10\/PXL_20251010_050332487.NIGHT_-1024x769.jpg\" alt=\"Marx-Zentrum\" width=\"580\" height=\"436\" srcset=\"https:\/\/www.neuperlach.org\/blog\/wp-content\/uploads\/2025\/10\/PXL_20251010_050332487.NIGHT_-1024x769.jpg 1024w, https:\/\/www.neuperlach.org\/blog\/wp-content\/uploads\/2025\/10\/PXL_20251010_050332487.NIGHT_-300x225.jpg 300w, https:\/\/www.neuperlach.org\/blog\/wp-content\/uploads\/2025\/10\/PXL_20251010_050332487.NIGHT_-768x577.jpg 768w, https:\/\/www.neuperlach.org\/blog\/wp-content\/uploads\/2025\/10\/PXL_20251010_050332487.NIGHT_-1536x1153.jpg 1536w, https:\/\/www.neuperlach.org\/blog\/wp-content\/uploads\/2025\/10\/PXL_20251010_050332487.NIGHT_-2048x1538.jpg 2048w, https:\/\/www.neuperlach.org\/blog\/wp-content\/uploads\/2025\/10\/PXL_20251010_050332487.NIGHT_-1200x901.jpg 1200w, https:\/\/www.neuperlach.org\/blog\/wp-content\/uploads\/2025\/10\/PXL_20251010_050332487.NIGHT_-1980x1487.jpg 1980w\" sizes=\"auto, (max-width: 580px) 100vw, 580px\" \/><\/a><figcaption id=\"caption-attachment-20782\" class=\"wp-caption-text\">10.10.2025<\/figcaption><\/figure>\n<h3>Aus einer E-Mail:<\/h3>\n<blockquote><p>Bin selber Baujahr `64, am damaligen Rande M\u00fcnchens aufgewachsen &#8222;Am Graben&#8220;, und ab etwa `67 kann ich mich erinnern, da\u00df die Bagger anrollten auf diesen weiten Wiesen und Feldern. Dann wurde der Ostpark aufgesch\u00fcttet, begr\u00fcnt, ein See ausgehoben &#8230; der war einen Sommer lang unbef\u00fcllt und ich drehte meine Radlrunden in den Steilkurven. Immer ein Auge auf den Tacho und die Armbanduhr f\u00fcr eine neue Rundenbestzeit! Der Hachinger Bach der immer Am Graben entlang schnurgerade Richtung Michaelibad floss, wurde umgeleitet Richtung Osten zum Adolf-Bayer-Damm, um den Ostparksee zu bef\u00fcllen.<br \/>\nAls Jugendliche kletterten wir abends auf Bauger\u00fcste, damals noch in keiner Weise abgesichert, rauchten unsere ersten Zigaretten und f\u00fchlten uns wie die K\u00f6nige auf dem Dach der Welt! Keiner hat uns vertrieben, keiner ist runtergefallen, sch\u00f6ne Jugenderinnerungen.<br \/>\nDie Coop-Baracke bot uns jungen Wilden eine Zuflucht und Gelegenheit f\u00fcr Kunst und Handwerk. Soweit ich weiss ist Helmut von Ahnen immer noch im Kulturwesen aktiv; jedenfalls w\u00fcnsche ich es uns. Das Hagelunwetter vom 12.Juli 1984 habe ich dort erlebt und ich sage euch, der Hagel auf dem heissen Blechdach machte uns ganz sch\u00f6n Respekt.<br \/>\nJetzt wohne ich seit bald 10 Jahren wieder hier im Stadtteil &#8211; und bedanke mich bei jemand, der Neuperlach ein Denkmal im Netz gesetzt hat!<\/p><\/blockquote>\n<p>Ver\u00f6ffentlichung mit freundlicher Genehmigung des Verfassers<\/p>\n<h3>Aus Glas gebaut \u2013 nicht f\u00fcr die Ewigkeit<\/h3>\n<p>Unsere Glasbausteine in den Stiegenh\u00e4usern. Die W\u00e4rmeeffizienz ist leider nicht besonders gut. Dennoch haben wir Eigent\u00fcmer uns entscheiden, die kaputten Steine zu ersetzen und nicht auf eine Kunststoffl\u00f6sung einzuschwenken.<\/p>\n<figure id=\"attachment_20780\" aria-describedby=\"caption-attachment-20780\" style=\"width: 580px\" class=\"wp-caption alignnone\"><a href=\"https:\/\/www.neuperlach.org\/blog\/wp-content\/uploads\/2025\/10\/IMG_9519-scaled.jpg\"><img loading=\"lazy\" decoding=\"async\" class=\"size-large wp-image-20780\" src=\"https:\/\/www.neuperlach.org\/blog\/wp-content\/uploads\/2025\/10\/IMG_9519-1024x768.jpg\" alt=\"Glasbausteine Karl-Marx-Ring 52\u201362\" width=\"580\" height=\"435\" srcset=\"https:\/\/www.neuperlach.org\/blog\/wp-content\/uploads\/2025\/10\/IMG_9519-1024x768.jpg 1024w, https:\/\/www.neuperlach.org\/blog\/wp-content\/uploads\/2025\/10\/IMG_9519-300x225.jpg 300w, https:\/\/www.neuperlach.org\/blog\/wp-content\/uploads\/2025\/10\/IMG_9519-768x576.jpg 768w, https:\/\/www.neuperlach.org\/blog\/wp-content\/uploads\/2025\/10\/IMG_9519-1536x1152.jpg 1536w, https:\/\/www.neuperlach.org\/blog\/wp-content\/uploads\/2025\/10\/IMG_9519-2048x1536.jpg 2048w, https:\/\/www.neuperlach.org\/blog\/wp-content\/uploads\/2025\/10\/IMG_9519-1200x900.jpg 1200w, https:\/\/www.neuperlach.org\/blog\/wp-content\/uploads\/2025\/10\/IMG_9519-1980x1485.jpg 1980w\" sizes=\"auto, (max-width: 580px) 100vw, 580px\" \/><\/a><figcaption id=\"caption-attachment-20780\" class=\"wp-caption-text\">08.10.2025<\/figcaption><\/figure>\n<figure id=\"attachment_20781\" aria-describedby=\"caption-attachment-20781\" style=\"width: 580px\" class=\"wp-caption alignnone\"><a href=\"https:\/\/www.neuperlach.org\/blog\/wp-content\/uploads\/2025\/10\/IMG_9522-scaled.jpg\"><img loading=\"lazy\" decoding=\"async\" class=\"size-large wp-image-20781\" src=\"https:\/\/www.neuperlach.org\/blog\/wp-content\/uploads\/2025\/10\/IMG_9522-1024x768.jpg\" alt=\"Glasbausteine Karl-Marx-Ring 52\u201362\" width=\"580\" height=\"435\" srcset=\"https:\/\/www.neuperlach.org\/blog\/wp-content\/uploads\/2025\/10\/IMG_9522-1024x768.jpg 1024w, https:\/\/www.neuperlach.org\/blog\/wp-content\/uploads\/2025\/10\/IMG_9522-300x225.jpg 300w, https:\/\/www.neuperlach.org\/blog\/wp-content\/uploads\/2025\/10\/IMG_9522-768x576.jpg 768w, https:\/\/www.neuperlach.org\/blog\/wp-content\/uploads\/2025\/10\/IMG_9522-1536x1152.jpg 1536w, https:\/\/www.neuperlach.org\/blog\/wp-content\/uploads\/2025\/10\/IMG_9522-2048x1536.jpg 2048w, https:\/\/www.neuperlach.org\/blog\/wp-content\/uploads\/2025\/10\/IMG_9522-1200x900.jpg 1200w, https:\/\/www.neuperlach.org\/blog\/wp-content\/uploads\/2025\/10\/IMG_9522-1980x1485.jpg 1980w\" sizes=\"auto, (max-width: 580px) 100vw, 580px\" \/><\/a><figcaption id=\"caption-attachment-20781\" class=\"wp-caption-text\">08.10.2025<\/figcaption><\/figure>\n<h3>Fu\u00dfballplatz in Waldperlach<\/h3>\n<figure id=\"attachment_20779\" aria-describedby=\"caption-attachment-20779\" style=\"width: 580px\" class=\"wp-caption alignnone\"><a href=\"https:\/\/www.neuperlach.org\/blog\/wp-content\/uploads\/2025\/10\/PXL_20251008_125000661.LONG_EXPOSURE-01.COVER_-scaled.jpg\"><img loading=\"lazy\" decoding=\"async\" class=\"size-large wp-image-20779\" src=\"https:\/\/www.neuperlach.org\/blog\/wp-content\/uploads\/2025\/10\/PXL_20251008_125000661.LONG_EXPOSURE-01.COVER_-1024x769.jpg\" alt=\"Fu\u00dfballplatz Putzbrunner Stra\u00dfe in Waldperlach\" width=\"580\" height=\"436\" srcset=\"https:\/\/www.neuperlach.org\/blog\/wp-content\/uploads\/2025\/10\/PXL_20251008_125000661.LONG_EXPOSURE-01.COVER_-1024x769.jpg 1024w, https:\/\/www.neuperlach.org\/blog\/wp-content\/uploads\/2025\/10\/PXL_20251008_125000661.LONG_EXPOSURE-01.COVER_-300x225.jpg 300w, https:\/\/www.neuperlach.org\/blog\/wp-content\/uploads\/2025\/10\/PXL_20251008_125000661.LONG_EXPOSURE-01.COVER_-768x577.jpg 768w, https:\/\/www.neuperlach.org\/blog\/wp-content\/uploads\/2025\/10\/PXL_20251008_125000661.LONG_EXPOSURE-01.COVER_-1536x1153.jpg 1536w, https:\/\/www.neuperlach.org\/blog\/wp-content\/uploads\/2025\/10\/PXL_20251008_125000661.LONG_EXPOSURE-01.COVER_-2048x1538.jpg 2048w, https:\/\/www.neuperlach.org\/blog\/wp-content\/uploads\/2025\/10\/PXL_20251008_125000661.LONG_EXPOSURE-01.COVER_-1200x901.jpg 1200w, https:\/\/www.neuperlach.org\/blog\/wp-content\/uploads\/2025\/10\/PXL_20251008_125000661.LONG_EXPOSURE-01.COVER_-1980x1487.jpg 1980w\" sizes=\"auto, (max-width: 580px) 100vw, 580px\" \/><\/a><figcaption id=\"caption-attachment-20779\" class=\"wp-caption-text\">08.10.2025<\/figcaption><\/figure>\n<p>Der Fu\u00dfballplatz an der Putzbrunner Stra\u00dfe in Waldperlach wird derzeit abgetragen. Ob hier wieder ein neuer Fu\u00dfballplatz angelegt wird, entzieht sich meiner Kenntnis. Wer wei\u00df mehr?<\/p>\n<h3>Biotop an der ehemaligen Kiesgrube Fritz Roth<\/h3>\n<figure id=\"attachment_20778\" aria-describedby=\"caption-attachment-20778\" style=\"width: 580px\" class=\"wp-caption alignnone\"><a href=\"https:\/\/www.neuperlach.org\/blog\/wp-content\/uploads\/2025\/10\/PXL_20251008_124119412.MP_-scaled.jpg\"><img loading=\"lazy\" decoding=\"async\" class=\"size-large wp-image-20778\" src=\"https:\/\/www.neuperlach.org\/blog\/wp-content\/uploads\/2025\/10\/PXL_20251008_124119412.MP_-1024x769.jpg\" alt=\"Biotop Fritz Roth\" width=\"580\" height=\"436\" srcset=\"https:\/\/www.neuperlach.org\/blog\/wp-content\/uploads\/2025\/10\/PXL_20251008_124119412.MP_-1024x769.jpg 1024w, https:\/\/www.neuperlach.org\/blog\/wp-content\/uploads\/2025\/10\/PXL_20251008_124119412.MP_-300x225.jpg 300w, https:\/\/www.neuperlach.org\/blog\/wp-content\/uploads\/2025\/10\/PXL_20251008_124119412.MP_-768x577.jpg 768w, https:\/\/www.neuperlach.org\/blog\/wp-content\/uploads\/2025\/10\/PXL_20251008_124119412.MP_-1536x1153.jpg 1536w, https:\/\/www.neuperlach.org\/blog\/wp-content\/uploads\/2025\/10\/PXL_20251008_124119412.MP_-2048x1538.jpg 2048w, https:\/\/www.neuperlach.org\/blog\/wp-content\/uploads\/2025\/10\/PXL_20251008_124119412.MP_-1200x901.jpg 1200w, https:\/\/www.neuperlach.org\/blog\/wp-content\/uploads\/2025\/10\/PXL_20251008_124119412.MP_-1980x1487.jpg 1980w\" sizes=\"auto, (max-width: 580px) 100vw, 580px\" \/><\/a><figcaption id=\"caption-attachment-20778\" class=\"wp-caption-text\">08.10.2025<\/figcaption><\/figure>\n<p>Das ist die vielleicht unwichtigste Meldung aller Zeiten. Ein umgest\u00fcrzter Baum versperrt den Weg. Doch es ist auch Hinweis auf unseren sch\u00f6nen Stadtteil mit dem Biotop in Waldperlach, direkt an unser Neuperlach angrenzend.<\/p>\n<h3>Falls jemand Nerven findet \u2026 Das sind meine!<\/h3>\n<figure id=\"attachment_20773\" aria-describedby=\"caption-attachment-20773\" style=\"width: 580px\" class=\"wp-caption alignnone\"><a href=\"https:\/\/www.neuperlach.org\/blog\/wp-content\/uploads\/2025\/10\/PXL_20251006_114504757-scaled.jpg\"><img loading=\"lazy\" decoding=\"async\" class=\"size-large wp-image-20773\" src=\"https:\/\/www.neuperlach.org\/blog\/wp-content\/uploads\/2025\/10\/PXL_20251006_114504757-1024x769.jpg\" alt=\"Ph\u00f6nix-Gymnastikraum\" width=\"580\" height=\"436\" srcset=\"https:\/\/www.neuperlach.org\/blog\/wp-content\/uploads\/2025\/10\/PXL_20251006_114504757-1024x769.jpg 1024w, https:\/\/www.neuperlach.org\/blog\/wp-content\/uploads\/2025\/10\/PXL_20251006_114504757-300x225.jpg 300w, https:\/\/www.neuperlach.org\/blog\/wp-content\/uploads\/2025\/10\/PXL_20251006_114504757-768x577.jpg 768w, https:\/\/www.neuperlach.org\/blog\/wp-content\/uploads\/2025\/10\/PXL_20251006_114504757-1536x1153.jpg 1536w, https:\/\/www.neuperlach.org\/blog\/wp-content\/uploads\/2025\/10\/PXL_20251006_114504757-2048x1538.jpg 2048w, https:\/\/www.neuperlach.org\/blog\/wp-content\/uploads\/2025\/10\/PXL_20251006_114504757-1200x901.jpg 1200w, https:\/\/www.neuperlach.org\/blog\/wp-content\/uploads\/2025\/10\/PXL_20251006_114504757-1980x1487.jpg 1980w\" sizes=\"auto, (max-width: 580px) 100vw, 580px\" \/><\/a><figcaption id=\"caption-attachment-20773\" class=\"wp-caption-text\">Ph\u00f6nix-Gymnastikraum<\/figcaption><\/figure>\n<p>Wegen einer Nervenerkrankung erhalte ich nun Physiotherapie im Ph\u00f6nix-Pflegeheim am Friedrich-Engels-Bogen 4. Es ist f\u00fcr mich sehr praktisch, da meine Mutter dort wohnt. Ich bin der erste und einzige Angeh\u00f6rige, der dieses Privileg in Anspruch nehmen darf. Daher bin ich dem Haus f\u00fcr diese Ausnahmegenehmigung sehr dankbar. So kann ich den Besuch bei ihr mit meiner Therapie verbinden. Die Physiotherapeutin ist exzellent. Ich hoffe, dass es mir bald besser geht.<\/p>\n<figure id=\"attachment_20771\" aria-describedby=\"caption-attachment-20771\" style=\"width: 580px\" class=\"wp-caption alignnone\"><a href=\"https:\/\/www.neuperlach.org\/blog\/wp-content\/uploads\/2025\/10\/PXL_20251006_114511918-scaled.jpg\"><img loading=\"lazy\" decoding=\"async\" class=\"size-large wp-image-20771\" src=\"https:\/\/www.neuperlach.org\/blog\/wp-content\/uploads\/2025\/10\/PXL_20251006_114511918-769x1024.jpg\" alt=\"Ph\u00f6nix-Gymnastikraum\" width=\"580\" height=\"772\" srcset=\"https:\/\/www.neuperlach.org\/blog\/wp-content\/uploads\/2025\/10\/PXL_20251006_114511918-769x1024.jpg 769w, https:\/\/www.neuperlach.org\/blog\/wp-content\/uploads\/2025\/10\/PXL_20251006_114511918-225x300.jpg 225w, https:\/\/www.neuperlach.org\/blog\/wp-content\/uploads\/2025\/10\/PXL_20251006_114511918-768x1023.jpg 768w, https:\/\/www.neuperlach.org\/blog\/wp-content\/uploads\/2025\/10\/PXL_20251006_114511918-1153x1536.jpg 1153w, https:\/\/www.neuperlach.org\/blog\/wp-content\/uploads\/2025\/10\/PXL_20251006_114511918-1538x2048.jpg 1538w, https:\/\/www.neuperlach.org\/blog\/wp-content\/uploads\/2025\/10\/PXL_20251006_114511918-1200x1598.jpg 1200w, https:\/\/www.neuperlach.org\/blog\/wp-content\/uploads\/2025\/10\/PXL_20251006_114511918-1980x2637.jpg 1980w, https:\/\/www.neuperlach.org\/blog\/wp-content\/uploads\/2025\/10\/PXL_20251006_114511918-scaled.jpg 1922w\" sizes=\"auto, (max-width: 580px) 100vw, 580px\" \/><\/a><figcaption id=\"caption-attachment-20771\" class=\"wp-caption-text\">Ph\u00f6nix-Gymnastikraum (06.10.2025)<\/figcaption><\/figure>\n<figure id=\"attachment_20772\" aria-describedby=\"caption-attachment-20772\" style=\"width: 580px\" class=\"wp-caption alignnone\"><a href=\"https:\/\/www.neuperlach.org\/blog\/wp-content\/uploads\/2025\/10\/PXL_20251006_114532839-scaled.jpg\"><img loading=\"lazy\" decoding=\"async\" class=\"size-large wp-image-20772\" src=\"https:\/\/www.neuperlach.org\/blog\/wp-content\/uploads\/2025\/10\/PXL_20251006_114532839-769x1024.jpg\" alt=\"Ph\u00f6nix-Gymnastikraum\" width=\"580\" height=\"772\" srcset=\"https:\/\/www.neuperlach.org\/blog\/wp-content\/uploads\/2025\/10\/PXL_20251006_114532839-769x1024.jpg 769w, https:\/\/www.neuperlach.org\/blog\/wp-content\/uploads\/2025\/10\/PXL_20251006_114532839-225x300.jpg 225w, https:\/\/www.neuperlach.org\/blog\/wp-content\/uploads\/2025\/10\/PXL_20251006_114532839-768x1023.jpg 768w, https:\/\/www.neuperlach.org\/blog\/wp-content\/uploads\/2025\/10\/PXL_20251006_114532839-1153x1536.jpg 1153w, https:\/\/www.neuperlach.org\/blog\/wp-content\/uploads\/2025\/10\/PXL_20251006_114532839-1538x2048.jpg 1538w, https:\/\/www.neuperlach.org\/blog\/wp-content\/uploads\/2025\/10\/PXL_20251006_114532839-1200x1598.jpg 1200w, https:\/\/www.neuperlach.org\/blog\/wp-content\/uploads\/2025\/10\/PXL_20251006_114532839-1980x2637.jpg 1980w, https:\/\/www.neuperlach.org\/blog\/wp-content\/uploads\/2025\/10\/PXL_20251006_114532839-scaled.jpg 1922w\" sizes=\"auto, (max-width: 580px) 100vw, 580px\" \/><\/a><figcaption id=\"caption-attachment-20772\" class=\"wp-caption-text\">Ph\u00f6nix-Gymnastikraum (06.10.2025)<\/figcaption><\/figure>\n<h3>Fahrstuhl des Grauens<\/h3>\n<p><iframe loading=\"lazy\" src=\"https:\/\/www.youtube-nocookie.com\/embed\/OzsFHIMbDic\" width=\"640\" height=\"385\"><\/iframe><\/p>\n<p>Der gro\u00dfe Fahrstuhl in meinem Haus erinnert an den bekannten holl\u00e4ndischen Spielfilm. Es ist zu f\u00fcrchten, dass ohne Reparatur erst ein richtig gro\u00dfer Schaden entsteht.\u00a0Die Aufzugsfirma ist informiert, will aber erst das O.k. der Hausverwaltung. Doch es vergeht Tag f\u00fcr Tag und es passiert nichts.<br \/>\nWir Bewohner zucken dauernd zusammen und k\u00f6nnen nachts kaum schlafen.<\/p>\n<h3>Azizi Kebab im Marx-Zentrum<\/h3>\n<p>Neben Edeka.<\/p>\n<figure id=\"attachment_20769\" aria-describedby=\"caption-attachment-20769\" style=\"width: 580px\" class=\"wp-caption alignnone\"><a href=\"https:\/\/www.neuperlach.org\/blog\/wp-content\/uploads\/2025\/10\/PXL_20251004_120834327-scaled.jpg\"><img loading=\"lazy\" decoding=\"async\" class=\"size-large wp-image-20769\" src=\"https:\/\/www.neuperlach.org\/blog\/wp-content\/uploads\/2025\/10\/PXL_20251004_120834327-1024x514.jpg\" alt=\"Azizi Kebab im Marx-Zentrum\" width=\"580\" height=\"291\" srcset=\"https:\/\/www.neuperlach.org\/blog\/wp-content\/uploads\/2025\/10\/PXL_20251004_120834327-1024x514.jpg 1024w, https:\/\/www.neuperlach.org\/blog\/wp-content\/uploads\/2025\/10\/PXL_20251004_120834327-300x151.jpg 300w, https:\/\/www.neuperlach.org\/blog\/wp-content\/uploads\/2025\/10\/PXL_20251004_120834327-768x385.jpg 768w, https:\/\/www.neuperlach.org\/blog\/wp-content\/uploads\/2025\/10\/PXL_20251004_120834327-1536x771.jpg 1536w, https:\/\/www.neuperlach.org\/blog\/wp-content\/uploads\/2025\/10\/PXL_20251004_120834327-2048x1028.jpg 2048w, https:\/\/www.neuperlach.org\/blog\/wp-content\/uploads\/2025\/10\/PXL_20251004_120834327-1200x602.jpg 1200w, https:\/\/www.neuperlach.org\/blog\/wp-content\/uploads\/2025\/10\/PXL_20251004_120834327-1980x994.jpg 1980w\" sizes=\"auto, (max-width: 580px) 100vw, 580px\" \/><\/a><figcaption id=\"caption-attachment-20769\" class=\"wp-caption-text\">04.10.2025<\/figcaption><\/figure>\n<figure id=\"attachment_20768\" aria-describedby=\"caption-attachment-20768\" style=\"width: 580px\" class=\"wp-caption alignnone\"><a href=\"https:\/\/www.neuperlach.org\/blog\/wp-content\/uploads\/2025\/10\/PXL_20251004_120820671.MP_-scaled.jpg\"><img loading=\"lazy\" decoding=\"async\" class=\"size-large wp-image-20768\" src=\"https:\/\/www.neuperlach.org\/blog\/wp-content\/uploads\/2025\/10\/PXL_20251004_120820671.MP_-768x1024.jpg\" alt=\"Azizi Kebab im Marx-Zentrum\" width=\"580\" height=\"773\" srcset=\"https:\/\/www.neuperlach.org\/blog\/wp-content\/uploads\/2025\/10\/PXL_20251004_120820671.MP_-768x1024.jpg 768w, https:\/\/www.neuperlach.org\/blog\/wp-content\/uploads\/2025\/10\/PXL_20251004_120820671.MP_-225x300.jpg 225w, https:\/\/www.neuperlach.org\/blog\/wp-content\/uploads\/2025\/10\/PXL_20251004_120820671.MP_-1152x1536.jpg 1152w, https:\/\/www.neuperlach.org\/blog\/wp-content\/uploads\/2025\/10\/PXL_20251004_120820671.MP_-1536x2048.jpg 1536w, https:\/\/www.neuperlach.org\/blog\/wp-content\/uploads\/2025\/10\/PXL_20251004_120820671.MP_-1200x1600.jpg 1200w, https:\/\/www.neuperlach.org\/blog\/wp-content\/uploads\/2025\/10\/PXL_20251004_120820671.MP_-1980x2640.jpg 1980w, https:\/\/www.neuperlach.org\/blog\/wp-content\/uploads\/2025\/10\/PXL_20251004_120820671.MP_-scaled.jpg 1920w\" sizes=\"auto, (max-width: 580px) 100vw, 580px\" \/><\/a><figcaption id=\"caption-attachment-20768\" class=\"wp-caption-text\">04.10.2025<\/figcaption><\/figure>\n<figure id=\"attachment_20767\" aria-describedby=\"caption-attachment-20767\" style=\"width: 580px\" class=\"wp-caption alignnone\"><a href=\"https:\/\/www.neuperlach.org\/blog\/wp-content\/uploads\/2025\/10\/doner-kebab-1753615_1280.jpg\"><img loading=\"lazy\" decoding=\"async\" class=\"size-large wp-image-20767\" src=\"https:\/\/www.neuperlach.org\/blog\/wp-content\/uploads\/2025\/10\/doner-kebab-1753615_1280-1024x903.jpg\" alt=\"Azizi Kebab im Marx-Zentrum\" width=\"580\" height=\"511\" srcset=\"https:\/\/www.neuperlach.org\/blog\/wp-content\/uploads\/2025\/10\/doner-kebab-1753615_1280-1024x903.jpg 1024w, https:\/\/www.neuperlach.org\/blog\/wp-content\/uploads\/2025\/10\/doner-kebab-1753615_1280-300x265.jpg 300w, https:\/\/www.neuperlach.org\/blog\/wp-content\/uploads\/2025\/10\/doner-kebab-1753615_1280-768x677.jpg 768w, https:\/\/www.neuperlach.org\/blog\/wp-content\/uploads\/2025\/10\/doner-kebab-1753615_1280-1200x1058.jpg 1200w, https:\/\/www.neuperlach.org\/blog\/wp-content\/uploads\/2025\/10\/doner-kebab-1753615_1280.jpg 1280w\" sizes=\"auto, (max-width: 580px) 100vw, 580px\" \/><\/a><figcaption id=\"caption-attachment-20767\" class=\"wp-caption-text\">D\u00f6ner (Symbolbild)<\/figcaption><\/figure>\n<p>Die tz schreibt am 03.10.2025:<\/p>\n<blockquote><p>Nicht nur die ikonischen Highlights des Olympiaparks stehen unter Denkmalschutz, nun auch eine nahegelegene Wohnanlage. Das sorgt auch f\u00fcr Kritik&#8230;<\/p><\/blockquote>\n<p>Weiterlesen: <a href=\"https:\/\/www.tz.de\/muenchen\/stadt\/hallo-muenchen\/muenchen-milbertshofen-olympiapark-denkmalschutz-wohnanlage-lerchenauer-strasse-kritik-93962901.html\" target=\"_blank\" rel=\"noopener\">Ensembleschutz f\u00fcr Olympiapark erweitert: M\u00fcnchner BA \u00fcbt an Denkmalamts-Entscheidung auch Kritik<\/a><\/p>\n<p>Da es in Neuperlach nur zwei denkmalgesch\u00fctzte Geb\u00e4ude gibt (<a href=\"https:\/\/www.neuperlach.org\/blog\/st-monika-denkmalschutz\/\">St. Monika<\/a> und die <a href=\"https:\/\/www.neuperlach.org\/blog\/mensa-denkmalschutz\/\">Mensa des Schulzentrums Quiddestra\u00dfe<\/a>) darf man schon fragen, warum besondere Wohngeb\u00e4ude wie das Marx-Zentrum und der Wohnring bei uns regelm\u00e4\u00dfig leer ausgehen.<\/p>\n<h3>Unser Steini<\/h3>\n<figure id=\"attachment_20765\" aria-describedby=\"caption-attachment-20765\" style=\"width: 580px\" class=\"wp-caption alignnone\"><a href=\"https:\/\/www.neuperlach.org\/blog\/wp-content\/uploads\/2025\/10\/IMG_9508-scaled.jpg\"><img loading=\"lazy\" decoding=\"async\" class=\"size-large wp-image-20765\" src=\"https:\/\/www.neuperlach.org\/blog\/wp-content\/uploads\/2025\/10\/IMG_9508-1024x768.jpg\" alt=\"Steini\" width=\"580\" height=\"435\" srcset=\"https:\/\/www.neuperlach.org\/blog\/wp-content\/uploads\/2025\/10\/IMG_9508-1024x768.jpg 1024w, https:\/\/www.neuperlach.org\/blog\/wp-content\/uploads\/2025\/10\/IMG_9508-300x225.jpg 300w, https:\/\/www.neuperlach.org\/blog\/wp-content\/uploads\/2025\/10\/IMG_9508-768x576.jpg 768w, https:\/\/www.neuperlach.org\/blog\/wp-content\/uploads\/2025\/10\/IMG_9508-1536x1152.jpg 1536w, https:\/\/www.neuperlach.org\/blog\/wp-content\/uploads\/2025\/10\/IMG_9508-2048x1536.jpg 2048w, https:\/\/www.neuperlach.org\/blog\/wp-content\/uploads\/2025\/10\/IMG_9508-1200x900.jpg 1200w, https:\/\/www.neuperlach.org\/blog\/wp-content\/uploads\/2025\/10\/IMG_9508-1980x1485.jpg 1980w\" sizes=\"auto, (max-width: 580px) 100vw, 580px\" \/><\/a><figcaption id=\"caption-attachment-20765\" class=\"wp-caption-text\">03.10.2025<\/figcaption><\/figure>\n<figure id=\"attachment_20766\" aria-describedby=\"caption-attachment-20766\" style=\"width: 580px\" class=\"wp-caption alignnone\"><a href=\"https:\/\/www.neuperlach.org\/blog\/wp-content\/uploads\/2025\/10\/IMG_9512-scaled.jpg\"><img loading=\"lazy\" decoding=\"async\" class=\"size-large wp-image-20766\" src=\"https:\/\/www.neuperlach.org\/blog\/wp-content\/uploads\/2025\/10\/IMG_9512-1024x768.jpg\" alt=\"Steini\" width=\"580\" height=\"435\" srcset=\"https:\/\/www.neuperlach.org\/blog\/wp-content\/uploads\/2025\/10\/IMG_9512-1024x768.jpg 1024w, https:\/\/www.neuperlach.org\/blog\/wp-content\/uploads\/2025\/10\/IMG_9512-300x225.jpg 300w, https:\/\/www.neuperlach.org\/blog\/wp-content\/uploads\/2025\/10\/IMG_9512-768x576.jpg 768w, https:\/\/www.neuperlach.org\/blog\/wp-content\/uploads\/2025\/10\/IMG_9512-1536x1152.jpg 1536w, https:\/\/www.neuperlach.org\/blog\/wp-content\/uploads\/2025\/10\/IMG_9512-2048x1536.jpg 2048w, https:\/\/www.neuperlach.org\/blog\/wp-content\/uploads\/2025\/10\/IMG_9512-1200x900.jpg 1200w, https:\/\/www.neuperlach.org\/blog\/wp-content\/uploads\/2025\/10\/IMG_9512-1980x1485.jpg 1980w\" sizes=\"auto, (max-width: 580px) 100vw, 580px\" \/><\/a><figcaption id=\"caption-attachment-20766\" class=\"wp-caption-text\">03.10.2025: Auch optisch gibt der Steini mit diesem Graffito einiges her!<\/figcaption><\/figure>\n<figure id=\"attachment_20764\" aria-describedby=\"caption-attachment-20764\" style=\"width: 580px\" class=\"wp-caption alignnone\"><a href=\"https:\/\/www.neuperlach.org\/blog\/wp-content\/uploads\/2025\/10\/IMG_9513-scaled.jpg\"><img loading=\"lazy\" decoding=\"async\" class=\"size-large wp-image-20764\" src=\"https:\/\/www.neuperlach.org\/blog\/wp-content\/uploads\/2025\/10\/IMG_9513-768x1024.jpg\" alt=\"Steini\" width=\"580\" height=\"773\" srcset=\"https:\/\/www.neuperlach.org\/blog\/wp-content\/uploads\/2025\/10\/IMG_9513-768x1024.jpg 768w, https:\/\/www.neuperlach.org\/blog\/wp-content\/uploads\/2025\/10\/IMG_9513-225x300.jpg 225w, https:\/\/www.neuperlach.org\/blog\/wp-content\/uploads\/2025\/10\/IMG_9513-1152x1536.jpg 1152w, https:\/\/www.neuperlach.org\/blog\/wp-content\/uploads\/2025\/10\/IMG_9513-1536x2048.jpg 1536w, https:\/\/www.neuperlach.org\/blog\/wp-content\/uploads\/2025\/10\/IMG_9513-1200x1600.jpg 1200w, https:\/\/www.neuperlach.org\/blog\/wp-content\/uploads\/2025\/10\/IMG_9513-1980x2640.jpg 1980w, https:\/\/www.neuperlach.org\/blog\/wp-content\/uploads\/2025\/10\/IMG_9513-scaled.jpg 1920w\" sizes=\"auto, (max-width: 580px) 100vw, 580px\" \/><\/a><figcaption id=\"caption-attachment-20764\" class=\"wp-caption-text\">03.10.2025: Auch eine Anleitung gibt es hier<\/figcaption><\/figure>\n<p>Am Steini in der Parkanlage am Karl-Marx-Ring, H\u00f6he Marx-Zentrum, k\u00f6nnt ihr euer Fahrrad warten und reparieren. Fotos von heute.<\/p>\n<h3>Augustiner S\u00e4ufertreff<\/h3>\n<p>Wir lieben ihn! Unfassbar, dass dieser ironische Name so lange \u00fcberlebt hat!<\/p>\n<p class=\"xdj266r x14z9mp xat24cr x1lziwak x16tdsg8\">Extrem h\u00e4sslich hingegen: 2022 wurde hier Stjepan J. mit einem Messer get\u00f6tet:\u00a0<a class=\"x1fey0fg xmper1u x1edh9d7\" href=\"https:\/\/www.sueddeutsche.de\/muenchen\/muenchen-messer-totschlag-neuperlach-gericht-kerim-p-1.6338868\" target=\"_blank\" rel=\"noopener\">https:\/\/www.sueddeutsche.de\/muenchen\/muenchen-messer-totschlag-neuperlach-gericht-kerim-p-1.6338868<\/a><\/p>\n<figure id=\"attachment_20763\" aria-describedby=\"caption-attachment-20763\" style=\"width: 580px\" class=\"wp-caption alignnone\"><a href=\"https:\/\/www.neuperlach.org\/blog\/wp-content\/uploads\/2025\/10\/IMG_9509-scaled.jpg\"><img loading=\"lazy\" decoding=\"async\" class=\"size-large wp-image-20763\" src=\"https:\/\/www.neuperlach.org\/blog\/wp-content\/uploads\/2025\/10\/IMG_9509-1024x768.jpg\" alt=\"Augustiner S\u00e4ufertreff\" width=\"580\" height=\"435\" srcset=\"https:\/\/www.neuperlach.org\/blog\/wp-content\/uploads\/2025\/10\/IMG_9509-1024x768.jpg 1024w, https:\/\/www.neuperlach.org\/blog\/wp-content\/uploads\/2025\/10\/IMG_9509-300x225.jpg 300w, https:\/\/www.neuperlach.org\/blog\/wp-content\/uploads\/2025\/10\/IMG_9509-768x576.jpg 768w, https:\/\/www.neuperlach.org\/blog\/wp-content\/uploads\/2025\/10\/IMG_9509-1536x1152.jpg 1536w, https:\/\/www.neuperlach.org\/blog\/wp-content\/uploads\/2025\/10\/IMG_9509-2048x1536.jpg 2048w, https:\/\/www.neuperlach.org\/blog\/wp-content\/uploads\/2025\/10\/IMG_9509-1200x900.jpg 1200w, https:\/\/www.neuperlach.org\/blog\/wp-content\/uploads\/2025\/10\/IMG_9509-1980x1485.jpg 1980w\" sizes=\"auto, (max-width: 580px) 100vw, 580px\" \/><\/a><figcaption id=\"caption-attachment-20763\" class=\"wp-caption-text\">03.10.2025<\/figcaption><\/figure>\n<h3>B\u00fccher-Sharing<\/h3>\n<figure id=\"attachment_20761\" aria-describedby=\"caption-attachment-20761\" style=\"width: 580px\" class=\"wp-caption alignnone\"><a href=\"https:\/\/www.neuperlach.org\/blog\/wp-content\/uploads\/2025\/10\/PXL_20251003_104856854-scaled.jpg\"><img loading=\"lazy\" decoding=\"async\" class=\"size-large wp-image-20761\" src=\"https:\/\/www.neuperlach.org\/blog\/wp-content\/uploads\/2025\/10\/PXL_20251003_104856854-1024x769.jpg\" alt=\"B\u00fccher-Sharing\" width=\"580\" height=\"436\" \/><\/a><figcaption id=\"caption-attachment-20761\" class=\"wp-caption-text\">03.10.2025<\/figcaption><\/figure>\n<p>Wo gibt es so etwas sonst noch? Unser B\u00fcchertauschregal quasi unterhalb des Kirchturms der denkmalgesch\u00fctzten Kirche St. Monika am Marx-Zentrum.<\/p>\n<h3>&#8222;Get Down&#8220; von Steini\/Lausbua 4 Life<\/h3>\n<figure id=\"attachment_20760\" aria-describedby=\"caption-attachment-20760\" style=\"width: 580px\" class=\"wp-caption alignnone\"><a href=\"https:\/\/www.neuperlach.org\/blog\/wp-content\/uploads\/2025\/10\/IMG_9505-scaled.jpg\"><img loading=\"lazy\" decoding=\"async\" class=\"size-large wp-image-20760\" src=\"https:\/\/www.neuperlach.org\/blog\/wp-content\/uploads\/2025\/10\/IMG_9505-1024x154.jpg\" alt=\"Get Down\" width=\"580\" height=\"87\" srcset=\"https:\/\/www.neuperlach.org\/blog\/wp-content\/uploads\/2025\/10\/IMG_9505-1024x154.jpg 1024w, https:\/\/www.neuperlach.org\/blog\/wp-content\/uploads\/2025\/10\/IMG_9505-300x45.jpg 300w, https:\/\/www.neuperlach.org\/blog\/wp-content\/uploads\/2025\/10\/IMG_9505-768x116.jpg 768w, https:\/\/www.neuperlach.org\/blog\/wp-content\/uploads\/2025\/10\/IMG_9505-1536x231.jpg 1536w, https:\/\/www.neuperlach.org\/blog\/wp-content\/uploads\/2025\/10\/IMG_9505-2048x309.jpg 2048w, https:\/\/www.neuperlach.org\/blog\/wp-content\/uploads\/2025\/10\/IMG_9505-1200x181.jpg 1200w, https:\/\/www.neuperlach.org\/blog\/wp-content\/uploads\/2025\/10\/IMG_9505-1980x298.jpg 1980w\" sizes=\"auto, (max-width: 580px) 100vw, 580px\" \/><\/a><figcaption id=\"caption-attachment-20760\" class=\"wp-caption-text\">03.10.2025<\/figcaption><\/figure>\n<h3>Neuperland an der Perlach Plaza<\/h3>\n<p>Wie gef\u00e4llt euch der Spielplatz?<\/p>\n<figure id=\"attachment_20757\" aria-describedby=\"caption-attachment-20757\" style=\"width: 580px\" class=\"wp-caption alignnone\"><a href=\"https:\/\/www.neuperlach.org\/blog\/wp-content\/uploads\/2025\/10\/PXL_20251001_075018062.MP_-scaled.jpg\"><img loading=\"lazy\" decoding=\"async\" class=\"size-large wp-image-20757\" src=\"https:\/\/www.neuperlach.org\/blog\/wp-content\/uploads\/2025\/10\/PXL_20251001_075018062.MP_-1024x769.jpg\" alt=\"Neuperland an der Perlach Plaza\" width=\"580\" height=\"436\" srcset=\"https:\/\/www.neuperlach.org\/blog\/wp-content\/uploads\/2025\/10\/PXL_20251001_075018062.MP_-1024x769.jpg 1024w, https:\/\/www.neuperlach.org\/blog\/wp-content\/uploads\/2025\/10\/PXL_20251001_075018062.MP_-300x225.jpg 300w, https:\/\/www.neuperlach.org\/blog\/wp-content\/uploads\/2025\/10\/PXL_20251001_075018062.MP_-768x577.jpg 768w, https:\/\/www.neuperlach.org\/blog\/wp-content\/uploads\/2025\/10\/PXL_20251001_075018062.MP_-1536x1153.jpg 1536w, https:\/\/www.neuperlach.org\/blog\/wp-content\/uploads\/2025\/10\/PXL_20251001_075018062.MP_-2048x1538.jpg 2048w, https:\/\/www.neuperlach.org\/blog\/wp-content\/uploads\/2025\/10\/PXL_20251001_075018062.MP_-1200x901.jpg 1200w, https:\/\/www.neuperlach.org\/blog\/wp-content\/uploads\/2025\/10\/PXL_20251001_075018062.MP_-1980x1487.jpg 1980w\" sizes=\"auto, (max-width: 580px) 100vw, 580px\" \/><\/a><figcaption id=\"caption-attachment-20757\" class=\"wp-caption-text\">01.10.2025<\/figcaption><\/figure>\n<figure id=\"attachment_20759\" aria-describedby=\"caption-attachment-20759\" style=\"width: 580px\" class=\"wp-caption alignnone\"><a href=\"https:\/\/www.neuperlach.org\/blog\/wp-content\/uploads\/2025\/10\/PXL_20251001_075121622-scaled.jpg\"><img loading=\"lazy\" decoding=\"async\" class=\"size-large wp-image-20759\" src=\"https:\/\/www.neuperlach.org\/blog\/wp-content\/uploads\/2025\/10\/PXL_20251001_075121622-1024x769.jpg\" alt=\"Neuperland an der Perlach Plaza\" width=\"580\" height=\"436\" srcset=\"https:\/\/www.neuperlach.org\/blog\/wp-content\/uploads\/2025\/10\/PXL_20251001_075121622-1024x769.jpg 1024w, https:\/\/www.neuperlach.org\/blog\/wp-content\/uploads\/2025\/10\/PXL_20251001_075121622-300x225.jpg 300w, https:\/\/www.neuperlach.org\/blog\/wp-content\/uploads\/2025\/10\/PXL_20251001_075121622-768x577.jpg 768w, https:\/\/www.neuperlach.org\/blog\/wp-content\/uploads\/2025\/10\/PXL_20251001_075121622-1536x1153.jpg 1536w, https:\/\/www.neuperlach.org\/blog\/wp-content\/uploads\/2025\/10\/PXL_20251001_075121622-2048x1538.jpg 2048w, https:\/\/www.neuperlach.org\/blog\/wp-content\/uploads\/2025\/10\/PXL_20251001_075121622-1200x901.jpg 1200w, https:\/\/www.neuperlach.org\/blog\/wp-content\/uploads\/2025\/10\/PXL_20251001_075121622-1980x1487.jpg 1980w\" sizes=\"auto, (max-width: 580px) 100vw, 580px\" \/><\/a><figcaption id=\"caption-attachment-20759\" class=\"wp-caption-text\">01.10.2025<\/figcaption><\/figure>\n<figure id=\"attachment_20758\" aria-describedby=\"caption-attachment-20758\" style=\"width: 580px\" class=\"wp-caption alignnone\"><a href=\"https:\/\/www.neuperlach.org\/blog\/wp-content\/uploads\/2025\/10\/PXL_20251001_075101563-scaled.jpg\"><img loading=\"lazy\" decoding=\"async\" class=\"size-large wp-image-20758\" src=\"https:\/\/www.neuperlach.org\/blog\/wp-content\/uploads\/2025\/10\/PXL_20251001_075101563-769x1024.jpg\" alt=\"Neuperland an der Perlach Plaza\" width=\"580\" height=\"772\" srcset=\"https:\/\/www.neuperlach.org\/blog\/wp-content\/uploads\/2025\/10\/PXL_20251001_075101563-769x1024.jpg 769w, https:\/\/www.neuperlach.org\/blog\/wp-content\/uploads\/2025\/10\/PXL_20251001_075101563-225x300.jpg 225w, https:\/\/www.neuperlach.org\/blog\/wp-content\/uploads\/2025\/10\/PXL_20251001_075101563-768x1023.jpg 768w, https:\/\/www.neuperlach.org\/blog\/wp-content\/uploads\/2025\/10\/PXL_20251001_075101563-1153x1536.jpg 1153w, https:\/\/www.neuperlach.org\/blog\/wp-content\/uploads\/2025\/10\/PXL_20251001_075101563-1538x2048.jpg 1538w, https:\/\/www.neuperlach.org\/blog\/wp-content\/uploads\/2025\/10\/PXL_20251001_075101563-1200x1598.jpg 1200w, https:\/\/www.neuperlach.org\/blog\/wp-content\/uploads\/2025\/10\/PXL_20251001_075101563-1980x2637.jpg 1980w, https:\/\/www.neuperlach.org\/blog\/wp-content\/uploads\/2025\/10\/PXL_20251001_075101563-scaled.jpg 1922w\" sizes=\"auto, (max-width: 580px) 100vw, 580px\" \/><\/a><figcaption id=\"caption-attachment-20758\" class=\"wp-caption-text\">01.10.2025<\/figcaption><\/figure>\n<h3>Perlach Plaza immer noch Provisorium!<\/h3>\n<figure id=\"attachment_20756\" aria-describedby=\"caption-attachment-20756\" style=\"width: 580px\" class=\"wp-caption alignnone\"><a href=\"https:\/\/www.neuperlach.org\/blog\/wp-content\/uploads\/2024\/09\/PXL_20251001_080823427.MP_-scaled.jpg\"><img loading=\"lazy\" decoding=\"async\" class=\"size-large wp-image-20756\" src=\"https:\/\/www.neuperlach.org\/blog\/wp-content\/uploads\/2024\/09\/PXL_20251001_080823427.MP_-1024x769.jpg\" alt=\"Perlach Plaza Sperrengeschoss\" width=\"580\" height=\"436\" srcset=\"https:\/\/www.neuperlach.org\/blog\/wp-content\/uploads\/2024\/09\/PXL_20251001_080823427.MP_-1024x769.jpg 1024w, https:\/\/www.neuperlach.org\/blog\/wp-content\/uploads\/2024\/09\/PXL_20251001_080823427.MP_-300x225.jpg 300w, https:\/\/www.neuperlach.org\/blog\/wp-content\/uploads\/2024\/09\/PXL_20251001_080823427.MP_-768x577.jpg 768w, https:\/\/www.neuperlach.org\/blog\/wp-content\/uploads\/2024\/09\/PXL_20251001_080823427.MP_-1536x1153.jpg 1536w, https:\/\/www.neuperlach.org\/blog\/wp-content\/uploads\/2024\/09\/PXL_20251001_080823427.MP_-2048x1538.jpg 2048w, https:\/\/www.neuperlach.org\/blog\/wp-content\/uploads\/2024\/09\/PXL_20251001_080823427.MP_-1200x901.jpg 1200w, https:\/\/www.neuperlach.org\/blog\/wp-content\/uploads\/2024\/09\/PXL_20251001_080823427.MP_-1980x1487.jpg 1980w\" sizes=\"auto, (max-width: 580px) 100vw, 580px\" \/><\/a><figcaption id=\"caption-attachment-20756\" class=\"wp-caption-text\">Sperrengeschoss mit Zugang zur Perlach Plaza (01.10.2025)<\/figcaption><\/figure>\n<p>Obwohl unsere Perlach Plaza bereits offiziell am 19.10.2022 er\u00f6ffnet wurde, sieht vieles auch fast drei Jahre danach noch extrem provisorisch aus.<\/p>\n<h3>Das Muralarum-Projekt \u2026<\/h3>\n<p>\u2026 ist beendet.<\/p>\n<figure id=\"attachment_20753\" aria-describedby=\"caption-attachment-20753\" style=\"width: 580px\" class=\"wp-caption alignnone\"><a href=\"https:\/\/www.neuperlach.org\/blog\/wp-content\/uploads\/2024\/09\/PXL_20250930_083841893-scaled.jpg\"><img loading=\"lazy\" decoding=\"async\" class=\"size-large wp-image-20753\" src=\"https:\/\/www.neuperlach.org\/blog\/wp-content\/uploads\/2024\/09\/PXL_20250930_083841893-1024x769.jpg\" alt=\"Muralarum\" width=\"580\" height=\"436\" srcset=\"https:\/\/www.neuperlach.org\/blog\/wp-content\/uploads\/2024\/09\/PXL_20250930_083841893-1024x769.jpg 1024w, https:\/\/www.neuperlach.org\/blog\/wp-content\/uploads\/2024\/09\/PXL_20250930_083841893-300x225.jpg 300w, https:\/\/www.neuperlach.org\/blog\/wp-content\/uploads\/2024\/09\/PXL_20250930_083841893-768x577.jpg 768w, https:\/\/www.neuperlach.org\/blog\/wp-content\/uploads\/2024\/09\/PXL_20250930_083841893-1536x1153.jpg 1536w, https:\/\/www.neuperlach.org\/blog\/wp-content\/uploads\/2024\/09\/PXL_20250930_083841893-2048x1538.jpg 2048w, https:\/\/www.neuperlach.org\/blog\/wp-content\/uploads\/2024\/09\/PXL_20250930_083841893-1200x901.jpg 1200w, https:\/\/www.neuperlach.org\/blog\/wp-content\/uploads\/2024\/09\/PXL_20250930_083841893-1980x1487.jpg 1980w\" sizes=\"auto, (max-width: 580px) 100vw, 580px\" \/><\/a><figcaption id=\"caption-attachment-20753\" class=\"wp-caption-text\">29.09.2025<\/figcaption><\/figure>\n<figure id=\"attachment_20755\" aria-describedby=\"caption-attachment-20755\" style=\"width: 580px\" class=\"wp-caption alignnone\"><a href=\"https:\/\/www.neuperlach.org\/blog\/wp-content\/uploads\/2024\/09\/PXL_20250930_083918246-scaled.jpg\"><img loading=\"lazy\" decoding=\"async\" class=\"size-large wp-image-20755\" src=\"https:\/\/www.neuperlach.org\/blog\/wp-content\/uploads\/2024\/09\/PXL_20250930_083918246-1024x769.jpg\" alt=\"Muralarum\" width=\"580\" height=\"436\" srcset=\"https:\/\/www.neuperlach.org\/blog\/wp-content\/uploads\/2024\/09\/PXL_20250930_083918246-1024x769.jpg 1024w, https:\/\/www.neuperlach.org\/blog\/wp-content\/uploads\/2024\/09\/PXL_20250930_083918246-300x225.jpg 300w, https:\/\/www.neuperlach.org\/blog\/wp-content\/uploads\/2024\/09\/PXL_20250930_083918246-768x577.jpg 768w, https:\/\/www.neuperlach.org\/blog\/wp-content\/uploads\/2024\/09\/PXL_20250930_083918246-1536x1153.jpg 1536w, https:\/\/www.neuperlach.org\/blog\/wp-content\/uploads\/2024\/09\/PXL_20250930_083918246-2048x1538.jpg 2048w, https:\/\/www.neuperlach.org\/blog\/wp-content\/uploads\/2024\/09\/PXL_20250930_083918246-1200x901.jpg 1200w, https:\/\/www.neuperlach.org\/blog\/wp-content\/uploads\/2024\/09\/PXL_20250930_083918246-1980x1487.jpg 1980w\" sizes=\"auto, (max-width: 580px) 100vw, 580px\" \/><\/a><figcaption id=\"caption-attachment-20755\" class=\"wp-caption-text\">29.09.2025<\/figcaption><\/figure>\n<figure id=\"attachment_20754\" aria-describedby=\"caption-attachment-20754\" style=\"width: 580px\" class=\"wp-caption alignnone\"><a href=\"https:\/\/www.neuperlach.org\/blog\/wp-content\/uploads\/2024\/09\/PXL_20250930_083859761-scaled.jpg\"><img loading=\"lazy\" decoding=\"async\" class=\"size-large wp-image-20754\" src=\"https:\/\/www.neuperlach.org\/blog\/wp-content\/uploads\/2024\/09\/PXL_20250930_083859761-1024x769.jpg\" alt=\"Muralarum\" width=\"580\" height=\"436\" srcset=\"https:\/\/www.neuperlach.org\/blog\/wp-content\/uploads\/2024\/09\/PXL_20250930_083859761-1024x769.jpg 1024w, https:\/\/www.neuperlach.org\/blog\/wp-content\/uploads\/2024\/09\/PXL_20250930_083859761-300x225.jpg 300w, https:\/\/www.neuperlach.org\/blog\/wp-content\/uploads\/2024\/09\/PXL_20250930_083859761-768x577.jpg 768w, https:\/\/www.neuperlach.org\/blog\/wp-content\/uploads\/2024\/09\/PXL_20250930_083859761-1536x1153.jpg 1536w, https:\/\/www.neuperlach.org\/blog\/wp-content\/uploads\/2024\/09\/PXL_20250930_083859761-2048x1538.jpg 2048w, https:\/\/www.neuperlach.org\/blog\/wp-content\/uploads\/2024\/09\/PXL_20250930_083859761-1200x901.jpg 1200w, https:\/\/www.neuperlach.org\/blog\/wp-content\/uploads\/2024\/09\/PXL_20250930_083859761-1980x1487.jpg 1980w\" sizes=\"auto, (max-width: 580px) 100vw, 580px\" \/><\/a><figcaption id=\"caption-attachment-20754\" class=\"wp-caption-text\">Muralarum<\/figcaption><\/figure>\n<p>Mehr zu <a href=\"https:\/\/www.neuperlach.org\/blog\/kunst\/\">\u2192Kunst in Neuperlach<\/a><\/p>\n<h3>Slow Mobil am Haus f\u00fcr Kinder an der Quiddestra\u00dfe 1<\/h3>\n<figure id=\"attachment_20750\" aria-describedby=\"caption-attachment-20750\" style=\"width: 580px\" class=\"wp-caption alignnone\"><a href=\"https:\/\/www.neuperlach.org\/blog\/wp-content\/uploads\/2024\/09\/IMG_9493-Verbessert-RR-scaled.jpg\"><img loading=\"lazy\" decoding=\"async\" class=\"size-large wp-image-20750\" src=\"https:\/\/www.neuperlach.org\/blog\/wp-content\/uploads\/2024\/09\/IMG_9493-Verbessert-RR-1024x768.jpg\" alt=\"Slow Mobil am Haus f\u00fcr Kinder an der Quiddestra\u00dfe 1\" width=\"580\" height=\"435\" srcset=\"https:\/\/www.neuperlach.org\/blog\/wp-content\/uploads\/2024\/09\/IMG_9493-Verbessert-RR-1024x768.jpg 1024w, https:\/\/www.neuperlach.org\/blog\/wp-content\/uploads\/2024\/09\/IMG_9493-Verbessert-RR-300x225.jpg 300w, https:\/\/www.neuperlach.org\/blog\/wp-content\/uploads\/2024\/09\/IMG_9493-Verbessert-RR-768x576.jpg 768w, https:\/\/www.neuperlach.org\/blog\/wp-content\/uploads\/2024\/09\/IMG_9493-Verbessert-RR-1536x1152.jpg 1536w, https:\/\/www.neuperlach.org\/blog\/wp-content\/uploads\/2024\/09\/IMG_9493-Verbessert-RR-2048x1536.jpg 2048w, https:\/\/www.neuperlach.org\/blog\/wp-content\/uploads\/2024\/09\/IMG_9493-Verbessert-RR-1200x900.jpg 1200w, https:\/\/www.neuperlach.org\/blog\/wp-content\/uploads\/2024\/09\/IMG_9493-Verbessert-RR-1980x1485.jpg 1980w\" sizes=\"auto, (max-width: 580px) 100vw, 580px\" \/><\/a><figcaption id=\"caption-attachment-20750\" class=\"wp-caption-text\">Das Slow Mobil ist aus einem Bauwagen entstanden (28.09.2025)<\/figcaption><\/figure>\n<p>Das Slow Mobil ist aus einem Bauwagen entstanden. Es ist eine rollende K\u00fcche, die zu Kinderg\u00e4rten, Horten und Grundschulen kommt und Kindern den Spa\u00df am gemeinsamen Kochen und Essen zeigt. Oder man bucht das Slowmobil f\u00fcr die eigene Veranstaltung.<\/p>\n<p>Mehr \u00fcber das <a href=\"https:\/\/www.neuperlach.org\/blog\/muetterberatung-des-gesundheitsamts-neubau\/\">\u2192 Haus f\u00fcr Kinder an der Quiddestra\u00dfe 1<\/a><\/p>\n<figure id=\"attachment_20746\" aria-describedby=\"caption-attachment-20746\" style=\"width: 580px\" class=\"wp-caption alignnone\"><a href=\"https:\/\/www.neuperlach.org\/blog\/wp-content\/uploads\/2024\/09\/IMG_9485-Verbessert-RR-scaled.jpg\"><img loading=\"lazy\" decoding=\"async\" class=\"size-large wp-image-20746\" src=\"https:\/\/www.neuperlach.org\/blog\/wp-content\/uploads\/2024\/09\/IMG_9485-Verbessert-RR-1024x768.jpg\" alt=\"Slow Mobil am Haus f\u00fcr Kinder an der Quiddestra\u00dfe 1\" width=\"580\" height=\"435\" srcset=\"https:\/\/www.neuperlach.org\/blog\/wp-content\/uploads\/2024\/09\/IMG_9485-Verbessert-RR-1024x768.jpg 1024w, https:\/\/www.neuperlach.org\/blog\/wp-content\/uploads\/2024\/09\/IMG_9485-Verbessert-RR-300x225.jpg 300w, https:\/\/www.neuperlach.org\/blog\/wp-content\/uploads\/2024\/09\/IMG_9485-Verbessert-RR-768x576.jpg 768w, https:\/\/www.neuperlach.org\/blog\/wp-content\/uploads\/2024\/09\/IMG_9485-Verbessert-RR-1536x1152.jpg 1536w, https:\/\/www.neuperlach.org\/blog\/wp-content\/uploads\/2024\/09\/IMG_9485-Verbessert-RR-2048x1536.jpg 2048w, https:\/\/www.neuperlach.org\/blog\/wp-content\/uploads\/2024\/09\/IMG_9485-Verbessert-RR-1200x900.jpg 1200w, https:\/\/www.neuperlach.org\/blog\/wp-content\/uploads\/2024\/09\/IMG_9485-Verbessert-RR-1980x1485.jpg 1980w\" sizes=\"auto, (max-width: 580px) 100vw, 580px\" \/><\/a><figcaption id=\"caption-attachment-20746\" class=\"wp-caption-text\">Das Slow Mobil ist aus einem Bauwagen entstanden (28.09.2025)<\/figcaption><\/figure>\n<figure id=\"attachment_20748\" aria-describedby=\"caption-attachment-20748\" style=\"width: 580px\" class=\"wp-caption alignnone\"><a href=\"https:\/\/www.neuperlach.org\/blog\/wp-content\/uploads\/2024\/09\/IMG_9488-Verbessert-RR-scaled.jpg\"><img loading=\"lazy\" decoding=\"async\" class=\"size-large wp-image-20748\" src=\"https:\/\/www.neuperlach.org\/blog\/wp-content\/uploads\/2024\/09\/IMG_9488-Verbessert-RR-1024x768.jpg\" alt=\"Slow Mobil am Haus f\u00fcr Kinder an der Quiddestra\u00dfe 1\" width=\"580\" height=\"435\" srcset=\"https:\/\/www.neuperlach.org\/blog\/wp-content\/uploads\/2024\/09\/IMG_9488-Verbessert-RR-1024x768.jpg 1024w, https:\/\/www.neuperlach.org\/blog\/wp-content\/uploads\/2024\/09\/IMG_9488-Verbessert-RR-300x225.jpg 300w, https:\/\/www.neuperlach.org\/blog\/wp-content\/uploads\/2024\/09\/IMG_9488-Verbessert-RR-768x576.jpg 768w, https:\/\/www.neuperlach.org\/blog\/wp-content\/uploads\/2024\/09\/IMG_9488-Verbessert-RR-1536x1152.jpg 1536w, https:\/\/www.neuperlach.org\/blog\/wp-content\/uploads\/2024\/09\/IMG_9488-Verbessert-RR-2048x1536.jpg 2048w, https:\/\/www.neuperlach.org\/blog\/wp-content\/uploads\/2024\/09\/IMG_9488-Verbessert-RR-1200x900.jpg 1200w, https:\/\/www.neuperlach.org\/blog\/wp-content\/uploads\/2024\/09\/IMG_9488-Verbessert-RR-1980x1485.jpg 1980w\" sizes=\"auto, (max-width: 580px) 100vw, 580px\" \/><\/a><figcaption id=\"caption-attachment-20748\" class=\"wp-caption-text\">Auf der Betreiber-Website hei\u00dft es: &#8222;Ein herzliches Dankesch\u00f6n an Christina, Luis und Markus, an Annette und unseren unerm\u00fcdlichen Traktorfahrer Erwin f\u00fcr ihr Engagement!&#8220; (28.09.2025)<\/figcaption><\/figure>\n<figure id=\"attachment_20747\" aria-describedby=\"caption-attachment-20747\" style=\"width: 580px\" class=\"wp-caption alignnone\"><a href=\"https:\/\/www.neuperlach.org\/blog\/wp-content\/uploads\/2024\/09\/IMG_9486-Verbessert-RR-scaled.jpg\"><img loading=\"lazy\" decoding=\"async\" class=\"size-large wp-image-20747\" src=\"https:\/\/www.neuperlach.org\/blog\/wp-content\/uploads\/2024\/09\/IMG_9486-Verbessert-RR-1024x768.jpg\" alt=\"Slow Mobil am Haus f\u00fcr Kinder an der Quiddestra\u00dfe 1\" width=\"580\" height=\"435\" srcset=\"https:\/\/www.neuperlach.org\/blog\/wp-content\/uploads\/2024\/09\/IMG_9486-Verbessert-RR-1024x768.jpg 1024w, https:\/\/www.neuperlach.org\/blog\/wp-content\/uploads\/2024\/09\/IMG_9486-Verbessert-RR-300x225.jpg 300w, https:\/\/www.neuperlach.org\/blog\/wp-content\/uploads\/2024\/09\/IMG_9486-Verbessert-RR-768x576.jpg 768w, https:\/\/www.neuperlach.org\/blog\/wp-content\/uploads\/2024\/09\/IMG_9486-Verbessert-RR-1536x1152.jpg 1536w, https:\/\/www.neuperlach.org\/blog\/wp-content\/uploads\/2024\/09\/IMG_9486-Verbessert-RR-2048x1536.jpg 2048w, https:\/\/www.neuperlach.org\/blog\/wp-content\/uploads\/2024\/09\/IMG_9486-Verbessert-RR-1200x900.jpg 1200w, https:\/\/www.neuperlach.org\/blog\/wp-content\/uploads\/2024\/09\/IMG_9486-Verbessert-RR-1980x1485.jpg 1980w\" sizes=\"auto, (max-width: 580px) 100vw, 580px\" \/><\/a><figcaption id=\"caption-attachment-20747\" class=\"wp-caption-text\">Auf der Betreiber-Website hei\u00dft es: &#8222;Ein herzliches Dankesch\u00f6n an Christina, Luis und Markus, an Annette und unseren unerm\u00fcdlichen Traktorfahrer Erwin f\u00fcr ihr Engagement!&#8220; (28.09.2025)<\/figcaption><\/figure>\n<figure id=\"attachment_20749\" aria-describedby=\"caption-attachment-20749\" style=\"width: 580px\" class=\"wp-caption alignnone\"><a href=\"https:\/\/www.neuperlach.org\/blog\/wp-content\/uploads\/2024\/09\/IMG_9492-Verbessert-RR-scaled.jpg\"><img loading=\"lazy\" decoding=\"async\" class=\"size-large wp-image-20749\" src=\"https:\/\/www.neuperlach.org\/blog\/wp-content\/uploads\/2024\/09\/IMG_9492-Verbessert-RR-1024x768.jpg\" alt=\"Slow Mobil am Haus f\u00fcr Kinder an der Quiddestra\u00dfe 1\" width=\"580\" height=\"435\" srcset=\"https:\/\/www.neuperlach.org\/blog\/wp-content\/uploads\/2024\/09\/IMG_9492-Verbessert-RR-1024x768.jpg 1024w, https:\/\/www.neuperlach.org\/blog\/wp-content\/uploads\/2024\/09\/IMG_9492-Verbessert-RR-300x225.jpg 300w, https:\/\/www.neuperlach.org\/blog\/wp-content\/uploads\/2024\/09\/IMG_9492-Verbessert-RR-768x576.jpg 768w, https:\/\/www.neuperlach.org\/blog\/wp-content\/uploads\/2024\/09\/IMG_9492-Verbessert-RR-1536x1152.jpg 1536w, https:\/\/www.neuperlach.org\/blog\/wp-content\/uploads\/2024\/09\/IMG_9492-Verbessert-RR-2048x1536.jpg 2048w, https:\/\/www.neuperlach.org\/blog\/wp-content\/uploads\/2024\/09\/IMG_9492-Verbessert-RR-1200x900.jpg 1200w, https:\/\/www.neuperlach.org\/blog\/wp-content\/uploads\/2024\/09\/IMG_9492-Verbessert-RR-1980x1485.jpg 1980w\" sizes=\"auto, (max-width: 580px) 100vw, 580px\" \/><\/a><figcaption id=\"caption-attachment-20749\" class=\"wp-caption-text\">Auf der Betreiber-Website hei\u00dft es: &#8222;Ein herzliches Dankesch\u00f6n an Christina, Luis und Markus, an Annette und unseren unerm\u00fcdlichen Traktorfahrer Erwin f\u00fcr ihr Engagement!&#8220; (28.09.2025)<\/figcaption><\/figure>\n<figure id=\"attachment_20751\" aria-describedby=\"caption-attachment-20751\" style=\"width: 580px\" class=\"wp-caption alignnone\"><a href=\"https:\/\/www.neuperlach.org\/blog\/wp-content\/uploads\/2024\/09\/IMG_9495-Verbessert-RR-scaled.jpg\"><img loading=\"lazy\" decoding=\"async\" class=\"size-large wp-image-20751\" src=\"https:\/\/www.neuperlach.org\/blog\/wp-content\/uploads\/2024\/09\/IMG_9495-Verbessert-RR-1024x768.jpg\" alt=\"Slow Mobil am Haus f\u00fcr Kinder an der Quiddestra\u00dfe 1\" width=\"580\" height=\"435\" srcset=\"https:\/\/www.neuperlach.org\/blog\/wp-content\/uploads\/2024\/09\/IMG_9495-Verbessert-RR-1024x768.jpg 1024w, https:\/\/www.neuperlach.org\/blog\/wp-content\/uploads\/2024\/09\/IMG_9495-Verbessert-RR-300x225.jpg 300w, https:\/\/www.neuperlach.org\/blog\/wp-content\/uploads\/2024\/09\/IMG_9495-Verbessert-RR-768x576.jpg 768w, https:\/\/www.neuperlach.org\/blog\/wp-content\/uploads\/2024\/09\/IMG_9495-Verbessert-RR-1536x1152.jpg 1536w, https:\/\/www.neuperlach.org\/blog\/wp-content\/uploads\/2024\/09\/IMG_9495-Verbessert-RR-2048x1536.jpg 2048w, https:\/\/www.neuperlach.org\/blog\/wp-content\/uploads\/2024\/09\/IMG_9495-Verbessert-RR-1200x900.jpg 1200w, https:\/\/www.neuperlach.org\/blog\/wp-content\/uploads\/2024\/09\/IMG_9495-Verbessert-RR-1980x1485.jpg 1980w\" sizes=\"auto, (max-width: 580px) 100vw, 580px\" \/><\/a><figcaption id=\"caption-attachment-20751\" class=\"wp-caption-text\">Das Haus f\u00fcr Kinder an der Quiddestra\u00dfe 1<\/figcaption><\/figure>\n<h3>Kein beschrankter Bahn\u00fcbergang<\/h3>\n<p>Die Schranke in unserer Wohnanlage Karl-Marx-Ring 52\u201362 leuchtet sch\u00f6n.\u00a0Wie ein Leuchtturm in gef\u00e4hrlicher See!<\/p>\n<figure id=\"attachment_20745\" aria-describedby=\"caption-attachment-20745\" style=\"width: 580px\" class=\"wp-caption alignnone\"><a href=\"https:\/\/www.neuperlach.org\/blog\/wp-content\/uploads\/2024\/09\/PXL_20250928_042905681.NIGHT_-scaled.jpg\"><img loading=\"lazy\" decoding=\"async\" class=\"size-large wp-image-20745\" src=\"https:\/\/www.neuperlach.org\/blog\/wp-content\/uploads\/2024\/09\/PXL_20250928_042905681.NIGHT_-1024x769.jpg\" alt=\"Schranke Wohnanlage Karl-Marx-Ring 52\u201362\" width=\"580\" height=\"436\" srcset=\"https:\/\/www.neuperlach.org\/blog\/wp-content\/uploads\/2024\/09\/PXL_20250928_042905681.NIGHT_-1024x769.jpg 1024w, https:\/\/www.neuperlach.org\/blog\/wp-content\/uploads\/2024\/09\/PXL_20250928_042905681.NIGHT_-300x225.jpg 300w, https:\/\/www.neuperlach.org\/blog\/wp-content\/uploads\/2024\/09\/PXL_20250928_042905681.NIGHT_-768x577.jpg 768w, https:\/\/www.neuperlach.org\/blog\/wp-content\/uploads\/2024\/09\/PXL_20250928_042905681.NIGHT_-1536x1153.jpg 1536w, https:\/\/www.neuperlach.org\/blog\/wp-content\/uploads\/2024\/09\/PXL_20250928_042905681.NIGHT_-2048x1538.jpg 2048w, https:\/\/www.neuperlach.org\/blog\/wp-content\/uploads\/2024\/09\/PXL_20250928_042905681.NIGHT_-1200x901.jpg 1200w, https:\/\/www.neuperlach.org\/blog\/wp-content\/uploads\/2024\/09\/PXL_20250928_042905681.NIGHT_-1980x1487.jpg 1980w\" sizes=\"auto, (max-width: 580px) 100vw, 580px\" \/><\/a><figcaption id=\"caption-attachment-20745\" class=\"wp-caption-text\">28.09.2025<\/figcaption><\/figure>\n<h3><\/h3>\n<h3>Die verhassten Anti-Parken-Felsbrocken<\/h3>\n<p>Hier an der Albert-Schweitzer-Stra\u00dfe.<\/p>\n<figure id=\"attachment_20744\" aria-describedby=\"caption-attachment-20744\" style=\"width: 580px\" class=\"wp-caption alignnone\"><a href=\"https:\/\/www.neuperlach.org\/blog\/wp-content\/uploads\/2024\/09\/PXL_20250926_110208867.PORTRAIT.ORIGINAL.jpg\"><img loading=\"lazy\" decoding=\"async\" class=\"size-large wp-image-20744\" src=\"https:\/\/www.neuperlach.org\/blog\/wp-content\/uploads\/2024\/09\/PXL_20250926_110208867.PORTRAIT.ORIGINAL-1024x769.jpg\" alt=\"Anti-Parken-Felsbrocken\/Albert-Schweitzer-Stra\u00dfe\" width=\"580\" height=\"436\" srcset=\"https:\/\/www.neuperlach.org\/blog\/wp-content\/uploads\/2024\/09\/PXL_20250926_110208867.PORTRAIT.ORIGINAL-1024x769.jpg 1024w, https:\/\/www.neuperlach.org\/blog\/wp-content\/uploads\/2024\/09\/PXL_20250926_110208867.PORTRAIT.ORIGINAL-300x225.jpg 300w, https:\/\/www.neuperlach.org\/blog\/wp-content\/uploads\/2024\/09\/PXL_20250926_110208867.PORTRAIT.ORIGINAL-768x577.jpg 768w, https:\/\/www.neuperlach.org\/blog\/wp-content\/uploads\/2024\/09\/PXL_20250926_110208867.PORTRAIT.ORIGINAL-1536x1153.jpg 1536w, https:\/\/www.neuperlach.org\/blog\/wp-content\/uploads\/2024\/09\/PXL_20250926_110208867.PORTRAIT.ORIGINAL-2048x1538.jpg 2048w, https:\/\/www.neuperlach.org\/blog\/wp-content\/uploads\/2024\/09\/PXL_20250926_110208867.PORTRAIT.ORIGINAL-1200x901.jpg 1200w, https:\/\/www.neuperlach.org\/blog\/wp-content\/uploads\/2024\/09\/PXL_20250926_110208867.PORTRAIT.ORIGINAL-1980x1487.jpg 1980w\" sizes=\"auto, (max-width: 580px) 100vw, 580px\" \/><\/a><figcaption id=\"caption-attachment-20744\" class=\"wp-caption-text\">26.09.2025<\/figcaption><\/figure>\n<h3>E-Roller-Labyrinth<\/h3>\n<p>Ich habe selten so viele E-Scooter auf einem Haufen gesehen.<\/p>\n<figure id=\"attachment_20743\" aria-describedby=\"caption-attachment-20743\" style=\"width: 580px\" class=\"wp-caption alignnone\"><a href=\"https:\/\/www.neuperlach.org\/blog\/wp-content\/uploads\/2024\/09\/PXL_20250926_105834034-scaled.jpg\"><img loading=\"lazy\" decoding=\"async\" class=\"size-large wp-image-20743\" src=\"https:\/\/www.neuperlach.org\/blog\/wp-content\/uploads\/2024\/09\/PXL_20250926_105834034-1024x769.jpg\" alt=\"E-Roller vor U-Bahnhof Quiddestra\u00dfe\" width=\"580\" height=\"436\" srcset=\"https:\/\/www.neuperlach.org\/blog\/wp-content\/uploads\/2024\/09\/PXL_20250926_105834034-1024x769.jpg 1024w, https:\/\/www.neuperlach.org\/blog\/wp-content\/uploads\/2024\/09\/PXL_20250926_105834034-300x225.jpg 300w, https:\/\/www.neuperlach.org\/blog\/wp-content\/uploads\/2024\/09\/PXL_20250926_105834034-768x577.jpg 768w, https:\/\/www.neuperlach.org\/blog\/wp-content\/uploads\/2024\/09\/PXL_20250926_105834034-1536x1153.jpg 1536w, https:\/\/www.neuperlach.org\/blog\/wp-content\/uploads\/2024\/09\/PXL_20250926_105834034-2048x1538.jpg 2048w, https:\/\/www.neuperlach.org\/blog\/wp-content\/uploads\/2024\/09\/PXL_20250926_105834034-1200x901.jpg 1200w, https:\/\/www.neuperlach.org\/blog\/wp-content\/uploads\/2024\/09\/PXL_20250926_105834034-1980x1487.jpg 1980w\" sizes=\"auto, (max-width: 580px) 100vw, 580px\" \/><\/a><figcaption id=\"caption-attachment-20743\" class=\"wp-caption-text\">26.09.2025<\/figcaption><\/figure>\n<h3>Das Handy ist die heutige Telefonzelle<\/h3>\n<p>Bis sp\u00e4testens 2026 sollen alle \u00f6ffentlichen Telefonzellen und -s\u00e4ulen in Deutschland abgebaut werden. Einige stehen noch, z.B. im Marx-Zentrum. Die Telefons\u00e4ule hier ist wohl wie alle anderen dieser Einrichtungen nicht mehr in Betrieb, sagt sich aber immerhin mit einem &#8222;Entschuldigung&#8220; sehr h\u00f6flich sorry.<br \/>\nDie Fotos (von heute) stammen von einem Bekannten, der f\u00fcr seine Mutter eine Wohnung im Marx-Zentrum gekauft hat.<\/p>\n<figure id=\"attachment_20735\" aria-describedby=\"caption-attachment-20735\" style=\"width: 580px\" class=\"wp-caption alignnone\"><a href=\"https:\/\/www.neuperlach.org\/blog\/wp-content\/uploads\/2024\/09\/IMG_9478-Verbessert-RR.jpg\"><img loading=\"lazy\" decoding=\"async\" class=\"size-large wp-image-20735\" src=\"https:\/\/www.neuperlach.org\/blog\/wp-content\/uploads\/2024\/09\/IMG_9478-Verbessert-RR-1024x768.jpg\" alt=\"Telefons\u00e4ule im Marx-Zentrum au\u00dfer Betrieb\" width=\"580\" height=\"435\" srcset=\"https:\/\/www.neuperlach.org\/blog\/wp-content\/uploads\/2024\/09\/IMG_9478-Verbessert-RR-1024x768.jpg 1024w, https:\/\/www.neuperlach.org\/blog\/wp-content\/uploads\/2024\/09\/IMG_9478-Verbessert-RR-300x225.jpg 300w, https:\/\/www.neuperlach.org\/blog\/wp-content\/uploads\/2024\/09\/IMG_9478-Verbessert-RR-768x576.jpg 768w, https:\/\/www.neuperlach.org\/blog\/wp-content\/uploads\/2024\/09\/IMG_9478-Verbessert-RR-1536x1152.jpg 1536w, https:\/\/www.neuperlach.org\/blog\/wp-content\/uploads\/2024\/09\/IMG_9478-Verbessert-RR-2048x1536.jpg 2048w, https:\/\/www.neuperlach.org\/blog\/wp-content\/uploads\/2024\/09\/IMG_9478-Verbessert-RR-1200x900.jpg 1200w, https:\/\/www.neuperlach.org\/blog\/wp-content\/uploads\/2024\/09\/IMG_9478-Verbessert-RR-1980x1485.jpg 1980w\" sizes=\"auto, (max-width: 580px) 100vw, 580px\" \/><\/a><figcaption id=\"caption-attachment-20735\" class=\"wp-caption-text\">Telefons\u00e4ule im Marx-Zentrum au\u00dfer Betrieb (26.09.2025)<\/figcaption><\/figure>\n<figure id=\"attachment_20737\" aria-describedby=\"caption-attachment-20737\" style=\"width: 580px\" class=\"wp-caption alignnone\"><a href=\"https:\/\/www.neuperlach.org\/blog\/wp-content\/uploads\/2024\/09\/IMG_9478-Verbessert-RR-Bearbeitet-2.jpg\"><img loading=\"lazy\" decoding=\"async\" class=\"size-large wp-image-20737\" src=\"https:\/\/www.neuperlach.org\/blog\/wp-content\/uploads\/2024\/09\/IMG_9478-Verbessert-RR-Bearbeitet-2-1024x768.jpg\" alt=\"Telefons\u00e4ule im Marx-Zentrum au\u00dfer Betrieb\" width=\"580\" height=\"435\" srcset=\"https:\/\/www.neuperlach.org\/blog\/wp-content\/uploads\/2024\/09\/IMG_9478-Verbessert-RR-Bearbeitet-2-1024x768.jpg 1024w, https:\/\/www.neuperlach.org\/blog\/wp-content\/uploads\/2024\/09\/IMG_9478-Verbessert-RR-Bearbeitet-2-300x225.jpg 300w, https:\/\/www.neuperlach.org\/blog\/wp-content\/uploads\/2024\/09\/IMG_9478-Verbessert-RR-Bearbeitet-2-768x576.jpg 768w, https:\/\/www.neuperlach.org\/blog\/wp-content\/uploads\/2024\/09\/IMG_9478-Verbessert-RR-Bearbeitet-2-1536x1152.jpg 1536w, https:\/\/www.neuperlach.org\/blog\/wp-content\/uploads\/2024\/09\/IMG_9478-Verbessert-RR-Bearbeitet-2-2048x1536.jpg 2048w, https:\/\/www.neuperlach.org\/blog\/wp-content\/uploads\/2024\/09\/IMG_9478-Verbessert-RR-Bearbeitet-2-1200x900.jpg 1200w, https:\/\/www.neuperlach.org\/blog\/wp-content\/uploads\/2024\/09\/IMG_9478-Verbessert-RR-Bearbeitet-2-1980x1485.jpg 1980w\" sizes=\"auto, (max-width: 580px) 100vw, 580px\" \/><\/a><figcaption id=\"caption-attachment-20737\" class=\"wp-caption-text\">Telefons\u00e4ule im Marx-Zentrum au\u00dfer Betrieb (26.09.2025)<\/figcaption><\/figure>\n<figure id=\"attachment_20738\" aria-describedby=\"caption-attachment-20738\" style=\"width: 580px\" class=\"wp-caption alignnone\"><a href=\"https:\/\/www.neuperlach.org\/blog\/wp-content\/uploads\/2024\/09\/IMG_9481.jpg\"><img loading=\"lazy\" decoding=\"async\" class=\"size-large wp-image-20738\" src=\"https:\/\/www.neuperlach.org\/blog\/wp-content\/uploads\/2024\/09\/IMG_9481-1024x768.jpg\" alt=\"Telefons\u00e4ule im Marx-Zentrum au\u00dfer Betrieb\" width=\"580\" height=\"435\" srcset=\"https:\/\/www.neuperlach.org\/blog\/wp-content\/uploads\/2024\/09\/IMG_9481-1024x768.jpg 1024w, https:\/\/www.neuperlach.org\/blog\/wp-content\/uploads\/2024\/09\/IMG_9481-300x225.jpg 300w, https:\/\/www.neuperlach.org\/blog\/wp-content\/uploads\/2024\/09\/IMG_9481-768x576.jpg 768w, https:\/\/www.neuperlach.org\/blog\/wp-content\/uploads\/2024\/09\/IMG_9481-1536x1152.jpg 1536w, https:\/\/www.neuperlach.org\/blog\/wp-content\/uploads\/2024\/09\/IMG_9481-2048x1536.jpg 2048w, https:\/\/www.neuperlach.org\/blog\/wp-content\/uploads\/2024\/09\/IMG_9481-1200x900.jpg 1200w, https:\/\/www.neuperlach.org\/blog\/wp-content\/uploads\/2024\/09\/IMG_9481-1980x1485.jpg 1980w\" sizes=\"auto, (max-width: 580px) 100vw, 580px\" \/><\/a><figcaption id=\"caption-attachment-20738\" class=\"wp-caption-text\">Telefons\u00e4ule im Marx-Zentrum au\u00dfer Betrieb (26.09.2025)<\/figcaption><\/figure>\n<figure id=\"attachment_20739\" aria-describedby=\"caption-attachment-20739\" style=\"width: 580px\" class=\"wp-caption alignnone\"><a href=\"https:\/\/www.neuperlach.org\/blog\/wp-content\/uploads\/2024\/09\/PXL_20250926_070003654.jpg\"><img loading=\"lazy\" decoding=\"async\" class=\"size-large wp-image-20739\" src=\"https:\/\/www.neuperlach.org\/blog\/wp-content\/uploads\/2024\/09\/PXL_20250926_070003654-738x1024.jpg\" alt=\"Telefons\u00e4ule im Marx-Zentrum au\u00dfer Betrieb\" width=\"580\" height=\"805\" srcset=\"https:\/\/www.neuperlach.org\/blog\/wp-content\/uploads\/2024\/09\/PXL_20250926_070003654-738x1024.jpg 738w, https:\/\/www.neuperlach.org\/blog\/wp-content\/uploads\/2024\/09\/PXL_20250926_070003654-216x300.jpg 216w, https:\/\/www.neuperlach.org\/blog\/wp-content\/uploads\/2024\/09\/PXL_20250926_070003654-768x1065.jpg 768w, https:\/\/www.neuperlach.org\/blog\/wp-content\/uploads\/2024\/09\/PXL_20250926_070003654-1108x1536.jpg 1108w, https:\/\/www.neuperlach.org\/blog\/wp-content\/uploads\/2024\/09\/PXL_20250926_070003654-1477x2048.jpg 1477w, https:\/\/www.neuperlach.org\/blog\/wp-content\/uploads\/2024\/09\/PXL_20250926_070003654-1200x1664.jpg 1200w, https:\/\/www.neuperlach.org\/blog\/wp-content\/uploads\/2024\/09\/PXL_20250926_070003654.jpg 1846w\" sizes=\"auto, (max-width: 580px) 100vw, 580px\" \/><\/a><figcaption id=\"caption-attachment-20739\" class=\"wp-caption-text\">Telefons\u00e4ule im Marx-Zentrum au\u00dfer Betrieb (26.09.2025)<\/figcaption><\/figure>\n<figure id=\"attachment_20740\" aria-describedby=\"caption-attachment-20740\" style=\"width: 580px\" class=\"wp-caption alignnone\"><a href=\"https:\/\/www.neuperlach.org\/blog\/wp-content\/uploads\/2024\/09\/PXL_20250926_070010846.jpg\"><img loading=\"lazy\" decoding=\"async\" class=\"size-large wp-image-20740\" src=\"https:\/\/www.neuperlach.org\/blog\/wp-content\/uploads\/2024\/09\/PXL_20250926_070010846-1024x769.jpg\" alt=\"Telefons\u00e4ule im Marx-Zentrum au\u00dfer Betrieb\" width=\"580\" height=\"436\" srcset=\"https:\/\/www.neuperlach.org\/blog\/wp-content\/uploads\/2024\/09\/PXL_20250926_070010846-1024x769.jpg 1024w, https:\/\/www.neuperlach.org\/blog\/wp-content\/uploads\/2024\/09\/PXL_20250926_070010846-300x225.jpg 300w, https:\/\/www.neuperlach.org\/blog\/wp-content\/uploads\/2024\/09\/PXL_20250926_070010846-768x577.jpg 768w, https:\/\/www.neuperlach.org\/blog\/wp-content\/uploads\/2024\/09\/PXL_20250926_070010846-1536x1153.jpg 1536w, https:\/\/www.neuperlach.org\/blog\/wp-content\/uploads\/2024\/09\/PXL_20250926_070010846-2048x1538.jpg 2048w, https:\/\/www.neuperlach.org\/blog\/wp-content\/uploads\/2024\/09\/PXL_20250926_070010846-1200x901.jpg 1200w, https:\/\/www.neuperlach.org\/blog\/wp-content\/uploads\/2024\/09\/PXL_20250926_070010846-1980x1487.jpg 1980w\" sizes=\"auto, (max-width: 580px) 100vw, 580px\" \/><\/a><figcaption id=\"caption-attachment-20740\" class=\"wp-caption-text\">Telefons\u00e4ule im Marx-Zentrum au\u00dfer Betrieb (26.09.2025)<\/figcaption><\/figure>\n<h3>Wider dem Klau am Bau (Alexisquartier)<\/h3>\n<figure id=\"attachment_20734\" aria-describedby=\"caption-attachment-20734\" style=\"width: 580px\" class=\"wp-caption alignnone\"><a href=\"https:\/\/www.neuperlach.org\/blog\/wp-content\/uploads\/2024\/09\/BSG_2025_09_25_0523_cr-scaled.jpg\"><img loading=\"lazy\" decoding=\"async\" class=\"size-large wp-image-20734\" src=\"https:\/\/www.neuperlach.org\/blog\/wp-content\/uploads\/2024\/09\/BSG_2025_09_25_0523_cr-1024x576.jpg\" alt=\"Klau am Bau (Alexisquartier)\" width=\"580\" height=\"326\" srcset=\"https:\/\/www.neuperlach.org\/blog\/wp-content\/uploads\/2024\/09\/BSG_2025_09_25_0523_cr-1024x576.jpg 1024w, https:\/\/www.neuperlach.org\/blog\/wp-content\/uploads\/2024\/09\/BSG_2025_09_25_0523_cr-300x169.jpg 300w, https:\/\/www.neuperlach.org\/blog\/wp-content\/uploads\/2024\/09\/BSG_2025_09_25_0523_cr-768x432.jpg 768w, https:\/\/www.neuperlach.org\/blog\/wp-content\/uploads\/2024\/09\/BSG_2025_09_25_0523_cr-1536x864.jpg 1536w, https:\/\/www.neuperlach.org\/blog\/wp-content\/uploads\/2024\/09\/BSG_2025_09_25_0523_cr-2048x1152.jpg 2048w, https:\/\/www.neuperlach.org\/blog\/wp-content\/uploads\/2024\/09\/BSG_2025_09_25_0523_cr-1200x675.jpg 1200w, https:\/\/www.neuperlach.org\/blog\/wp-content\/uploads\/2024\/09\/BSG_2025_09_25_0523_cr-1980x1114.jpg 1980w\" sizes=\"auto, (max-width: 580px) 100vw, 580px\" \/><\/a><figcaption id=\"caption-attachment-20734\" class=\"wp-caption-text\">Klau am Bau (Alexisquartier). Foto: Benno Steuernagel-Gniffke<\/figcaption><\/figure>\n<p>Dem Klau von Bauteilen wird durch professionelle Video-\u00dcberwachung entgegengewirkt. Nun gibt es auch bei der Kita 1 eine Video-\u00dcberwachung. Durch Diebstahl von Material kann es neben dem materiellen Schaden schnell zu erheblichen Verz\u00f6gerungen beim Baufortschritt kommen. Denn nicht jedes Material ist von heute auf morgen zu ersetzen. Wenn es dann an einer Stelle nicht weitergeht, dann hat das auch Wirkung auf andere Arbeiten, die davon abh\u00e4ngen. Der Fertigstellungstermin der Kita 1 ist bereits auf das 1. Quartal 2026 verschoben &#8230;<\/p>\n<h3>Tatort aus M\u00fcnchen: Der erste Fall f\u00fcr die Neuen<\/h3>\n<figure id=\"attachment_20732\" aria-describedby=\"caption-attachment-20732\" style=\"width: 580px\" class=\"wp-caption alignnone\"><a href=\"https:\/\/www.neuperlach.org\/blog\/wp-content\/uploads\/2024\/09\/Tatort_Logo.svg_.png\"><img loading=\"lazy\" decoding=\"async\" class=\"size-large wp-image-20732\" src=\"https:\/\/www.neuperlach.org\/blog\/wp-content\/uploads\/2024\/09\/Tatort_Logo.svg_-1024x749.png\" alt=\"Tatort-Logo\" width=\"580\" height=\"424\" srcset=\"https:\/\/www.neuperlach.org\/blog\/wp-content\/uploads\/2024\/09\/Tatort_Logo.svg_-1024x749.png 1024w, https:\/\/www.neuperlach.org\/blog\/wp-content\/uploads\/2024\/09\/Tatort_Logo.svg_-300x219.png 300w, https:\/\/www.neuperlach.org\/blog\/wp-content\/uploads\/2024\/09\/Tatort_Logo.svg_-768x562.png 768w, https:\/\/www.neuperlach.org\/blog\/wp-content\/uploads\/2024\/09\/Tatort_Logo.svg_-1536x1123.png 1536w, https:\/\/www.neuperlach.org\/blog\/wp-content\/uploads\/2024\/09\/Tatort_Logo.svg_-2048x1498.png 2048w, https:\/\/www.neuperlach.org\/blog\/wp-content\/uploads\/2024\/09\/Tatort_Logo.svg_-1200x878.png 1200w, https:\/\/www.neuperlach.org\/blog\/wp-content\/uploads\/2024\/09\/Tatort_Logo.svg_-1980x1448.png 1980w\" sizes=\"auto, (max-width: 580px) 100vw, 580px\" \/><\/a><figcaption id=\"caption-attachment-20732\" class=\"wp-caption-text\">Tatort-Logo<\/figcaption><\/figure>\n<p>Hier die Vorschau auf den n\u00e4chsten Tatort aus M\u00fcnchen. Der Schwarze Marx ist Kulisse: <a href=\"https:\/\/www.ardmediathek.de\/video\/abendschau\/tatort-aus-muenchen-der-erste-fall-fuer-die-neuen\/br\/Y3JpZDovL2JyLmRlL2Jyb2FkY2FzdC9GMjAyNFdPMDE3MDY3QTAvc2VjdGlvbi8xMGYzYjg0ZC1kYjMyLTRlMWUtYTM3Zi00NDJiZDdmMmExY2M\" target=\"_blank\" rel=\"noopener\">\u2192 Vorschau<\/a><\/p>\n<h3>Brand im Peschelanger 14<\/h3>\n<p>Wir erinnern uns an den Brand im Marx-Zentrum, Peschelanger 14, am 28.05.2024.<\/p>\n<figure id=\"attachment_20728\" aria-describedby=\"caption-attachment-20728\" style=\"width: 580px\" class=\"wp-caption alignnone\"><a href=\"https:\/\/www.neuperlach.org\/blog\/wp-content\/uploads\/2024\/09\/Brand-Peschelanger-14.jpg\"><img loading=\"lazy\" decoding=\"async\" class=\"size-large wp-image-20728\" src=\"https:\/\/www.neuperlach.org\/blog\/wp-content\/uploads\/2024\/09\/Brand-Peschelanger-14-1024x768.jpg\" alt=\"Brand Peschelanger 14\" width=\"580\" height=\"435\" srcset=\"https:\/\/www.neuperlach.org\/blog\/wp-content\/uploads\/2024\/09\/Brand-Peschelanger-14-1024x768.jpg 1024w, https:\/\/www.neuperlach.org\/blog\/wp-content\/uploads\/2024\/09\/Brand-Peschelanger-14-300x225.jpg 300w, https:\/\/www.neuperlach.org\/blog\/wp-content\/uploads\/2024\/09\/Brand-Peschelanger-14-768x576.jpg 768w, https:\/\/www.neuperlach.org\/blog\/wp-content\/uploads\/2024\/09\/Brand-Peschelanger-14-1536x1152.jpg 1536w, https:\/\/www.neuperlach.org\/blog\/wp-content\/uploads\/2024\/09\/Brand-Peschelanger-14-1200x900.jpg 1200w, https:\/\/www.neuperlach.org\/blog\/wp-content\/uploads\/2024\/09\/Brand-Peschelanger-14.jpg 1600w\" sizes=\"auto, (max-width: 580px) 100vw, 580px\" \/><\/a><figcaption id=\"caption-attachment-20728\" class=\"wp-caption-text\">Brand Peschelanger 14 (28.05.2024)<\/figcaption><\/figure>\n<figure id=\"attachment_20730\" aria-describedby=\"caption-attachment-20730\" style=\"width: 580px\" class=\"wp-caption alignnone\"><a href=\"https:\/\/www.neuperlach.org\/blog\/wp-content\/uploads\/2024\/09\/DSCN54251-scaled.jpg\"><img loading=\"lazy\" decoding=\"async\" class=\"size-large wp-image-20730\" src=\"https:\/\/www.neuperlach.org\/blog\/wp-content\/uploads\/2024\/09\/DSCN54251-1024x768.jpg\" alt=\"Brand Peschelanger 14\" width=\"580\" height=\"435\" srcset=\"https:\/\/www.neuperlach.org\/blog\/wp-content\/uploads\/2024\/09\/DSCN54251-1024x768.jpg 1024w, https:\/\/www.neuperlach.org\/blog\/wp-content\/uploads\/2024\/09\/DSCN54251-300x225.jpg 300w, https:\/\/www.neuperlach.org\/blog\/wp-content\/uploads\/2024\/09\/DSCN54251-768x576.jpg 768w, https:\/\/www.neuperlach.org\/blog\/wp-content\/uploads\/2024\/09\/DSCN54251-1536x1152.jpg 1536w, https:\/\/www.neuperlach.org\/blog\/wp-content\/uploads\/2024\/09\/DSCN54251-2048x1536.jpg 2048w, https:\/\/www.neuperlach.org\/blog\/wp-content\/uploads\/2024\/09\/DSCN54251-1200x900.jpg 1200w, https:\/\/www.neuperlach.org\/blog\/wp-content\/uploads\/2024\/09\/DSCN54251-1980x1485.jpg 1980w\" sizes=\"auto, (max-width: 580px) 100vw, 580px\" \/><\/a><figcaption id=\"caption-attachment-20730\" class=\"wp-caption-text\">Brand Peschelanger 14 (28.05.2024)<\/figcaption><\/figure>\n<figure id=\"attachment_20729\" aria-describedby=\"caption-attachment-20729\" style=\"width: 580px\" class=\"wp-caption alignnone\"><a href=\"https:\/\/www.neuperlach.org\/blog\/wp-content\/uploads\/2024\/09\/DSCN54241-scaled.jpg\"><img loading=\"lazy\" decoding=\"async\" class=\"size-large wp-image-20729\" src=\"https:\/\/www.neuperlach.org\/blog\/wp-content\/uploads\/2024\/09\/DSCN54241-1024x768.jpg\" alt=\"Brand Peschelanger 14\" width=\"580\" height=\"435\" srcset=\"https:\/\/www.neuperlach.org\/blog\/wp-content\/uploads\/2024\/09\/DSCN54241-1024x768.jpg 1024w, https:\/\/www.neuperlach.org\/blog\/wp-content\/uploads\/2024\/09\/DSCN54241-300x225.jpg 300w, https:\/\/www.neuperlach.org\/blog\/wp-content\/uploads\/2024\/09\/DSCN54241-768x576.jpg 768w, https:\/\/www.neuperlach.org\/blog\/wp-content\/uploads\/2024\/09\/DSCN54241-1536x1152.jpg 1536w, https:\/\/www.neuperlach.org\/blog\/wp-content\/uploads\/2024\/09\/DSCN54241-2048x1536.jpg 2048w, https:\/\/www.neuperlach.org\/blog\/wp-content\/uploads\/2024\/09\/DSCN54241-1200x900.jpg 1200w, https:\/\/www.neuperlach.org\/blog\/wp-content\/uploads\/2024\/09\/DSCN54241-1980x1485.jpg 1980w\" sizes=\"auto, (max-width: 580px) 100vw, 580px\" \/><\/a><figcaption id=\"caption-attachment-20729\" class=\"wp-caption-text\">Brand Peschelanger 14 (28.05.2024)<\/figcaption><\/figure>\n<h3>Elektrisierend \u2013 die alten Trafoh\u00e4uschen verschwinden (25.09.2025)<\/h3>\n<p>Hier an der Kurt-Eisner-Stra\u00dfe dauert es besonders lange, aber nun scheint ein Ende in Sicht. Zwei Sommer sind bereits Geschichte. Was hier gemacht wird, ist hier nachzulesen: <a href=\"https:\/\/www.neuperlach.org\/blog\/elektrisierend\/\">Elektrisierend \u2013 die alten Trafoh\u00e4uschen verschwinden<\/a><\/p>\n<figure id=\"attachment_20727\" aria-describedby=\"caption-attachment-20727\" style=\"width: 580px\" class=\"wp-caption alignnone\"><a href=\"https:\/\/www.neuperlach.org\/blog\/wp-content\/uploads\/2024\/09\/25.09.2025.jpg\"><img loading=\"lazy\" decoding=\"async\" class=\"size-large wp-image-20727\" src=\"https:\/\/www.neuperlach.org\/blog\/wp-content\/uploads\/2024\/09\/25.09.2025-768x1024.jpg\" alt=\"Trafoh\u00e4uschen Kurt-Eisner-Stra\u00dfe\" width=\"580\" height=\"773\" srcset=\"https:\/\/www.neuperlach.org\/blog\/wp-content\/uploads\/2024\/09\/25.09.2025-768x1024.jpg 768w, https:\/\/www.neuperlach.org\/blog\/wp-content\/uploads\/2024\/09\/25.09.2025-225x300.jpg 225w, https:\/\/www.neuperlach.org\/blog\/wp-content\/uploads\/2024\/09\/25.09.2025-1152x1536.jpg 1152w, https:\/\/www.neuperlach.org\/blog\/wp-content\/uploads\/2024\/09\/25.09.2025-1200x1600.jpg 1200w, https:\/\/www.neuperlach.org\/blog\/wp-content\/uploads\/2024\/09\/25.09.2025.jpg 1530w\" sizes=\"auto, (max-width: 580px) 100vw, 580px\" \/><\/a><figcaption id=\"caption-attachment-20727\" class=\"wp-caption-text\">Trafoh\u00e4uschen Kurt-Eisner-Stra\u00dfe (25.09.2025)<\/figcaption><\/figure>\n<h3>Olympische Spiele in M\u00fcnchen? (23.09.2025)<\/h3>\n<p>Wer ist daf\u00fcr? Was spricht daf\u00fcr. was dagegen?<br \/>\nGesehen heute an der St\u00e4ndlerstra\u00dfe\/Ecke Heinrich-Wieland-Stra\u00dfe.<\/p>\n<figure id=\"attachment_20717\" aria-describedby=\"caption-attachment-20717\" style=\"width: 580px\" class=\"wp-caption alignnone\"><a href=\"https:\/\/www.neuperlach.org\/blog\/wp-content\/uploads\/2024\/09\/PXL_20250923_120141729.jpg\"><img loading=\"lazy\" decoding=\"async\" class=\"size-large wp-image-20717\" src=\"https:\/\/www.neuperlach.org\/blog\/wp-content\/uploads\/2024\/09\/PXL_20250923_120141729-1024x769.jpg\" alt=\"Olympia\" width=\"580\" height=\"436\" srcset=\"https:\/\/www.neuperlach.org\/blog\/wp-content\/uploads\/2024\/09\/PXL_20250923_120141729-1024x769.jpg 1024w, https:\/\/www.neuperlach.org\/blog\/wp-content\/uploads\/2024\/09\/PXL_20250923_120141729-300x225.jpg 300w, https:\/\/www.neuperlach.org\/blog\/wp-content\/uploads\/2024\/09\/PXL_20250923_120141729-768x577.jpg 768w, https:\/\/www.neuperlach.org\/blog\/wp-content\/uploads\/2024\/09\/PXL_20250923_120141729-1536x1153.jpg 1536w, https:\/\/www.neuperlach.org\/blog\/wp-content\/uploads\/2024\/09\/PXL_20250923_120141729-2048x1538.jpg 2048w, https:\/\/www.neuperlach.org\/blog\/wp-content\/uploads\/2024\/09\/PXL_20250923_120141729-1200x901.jpg 1200w, https:\/\/www.neuperlach.org\/blog\/wp-content\/uploads\/2024\/09\/PXL_20250923_120141729-1980x1487.jpg 1980w\" sizes=\"auto, (max-width: 580px) 100vw, 580px\" \/><\/a><figcaption id=\"caption-attachment-20717\" class=\"wp-caption-text\">23.09.2025<\/figcaption><\/figure>\n<figure id=\"attachment_20716\" aria-describedby=\"caption-attachment-20716\" style=\"width: 580px\" class=\"wp-caption alignnone\"><a href=\"https:\/\/www.neuperlach.org\/blog\/wp-content\/uploads\/2024\/09\/PXL_20250923_120156073.jpg\"><img loading=\"lazy\" decoding=\"async\" class=\"size-large wp-image-20716\" src=\"https:\/\/www.neuperlach.org\/blog\/wp-content\/uploads\/2024\/09\/PXL_20250923_120156073-688x1024.jpg\" alt=\"Olympia\" width=\"580\" height=\"863\" srcset=\"https:\/\/www.neuperlach.org\/blog\/wp-content\/uploads\/2024\/09\/PXL_20250923_120156073-688x1024.jpg 688w, https:\/\/www.neuperlach.org\/blog\/wp-content\/uploads\/2024\/09\/PXL_20250923_120156073-202x300.jpg 202w, https:\/\/www.neuperlach.org\/blog\/wp-content\/uploads\/2024\/09\/PXL_20250923_120156073-768x1143.jpg 768w, https:\/\/www.neuperlach.org\/blog\/wp-content\/uploads\/2024\/09\/PXL_20250923_120156073-1032x1536.jpg 1032w, https:\/\/www.neuperlach.org\/blog\/wp-content\/uploads\/2024\/09\/PXL_20250923_120156073-1376x2048.jpg 1376w, https:\/\/www.neuperlach.org\/blog\/wp-content\/uploads\/2024\/09\/PXL_20250923_120156073-1200x1786.jpg 1200w, https:\/\/www.neuperlach.org\/blog\/wp-content\/uploads\/2024\/09\/PXL_20250923_120156073.jpg 1720w\" sizes=\"auto, (max-width: 580px) 100vw, 580px\" \/><\/a><figcaption id=\"caption-attachment-20716\" class=\"wp-caption-text\">23.09.2025<\/figcaption><\/figure>\n<h3 id=\"biotop\">Quidde-Zentrum (23.09.2025)<\/h3>\n<h4>Wenig Zentrum, viel Gr\u00fcn!<\/h4>\n<p>Anfang Juli 2021 begann der Abriss des Quidde-Zentrum. Heute ist ein Biotop entstanden, obgleich hier eine neues Wohn- und Ladenzentrum entstehen sollte. Bedauerlich ist, dass die Br\u00fccke nur eingeschr\u00e4nkt genutzt werden kann. Das Neuperlacher Fu\u00dfwegsystem West\u2013Ost ist unterbrochen. Daf\u00fcr findet sich auf dem Gel\u00e4nde ein grabstein\u00e4hnliches Objekt.<\/p>\n<p><a href=\"https:\/\/www.neuperlach.org\/blog\/quidde-zentrum-ein-vielleicht-letzter-blick-ins-innere\/\">Quidde-Zentrum: Ein vielleicht letzter Blick ins Innere!<\/a><\/p>\n<figure id=\"attachment_20706\" aria-describedby=\"caption-attachment-20706\" style=\"width: 580px\" class=\"wp-caption alignnone\"><a href=\"https:\/\/www.neuperlach.org\/blog\/wp-content\/uploads\/2024\/09\/IMG_9458.jpg\"><img loading=\"lazy\" decoding=\"async\" class=\"size-large wp-image-20706\" src=\"https:\/\/www.neuperlach.org\/blog\/wp-content\/uploads\/2024\/09\/IMG_9458-1024x768.jpg\" alt=\"23.09.2025\" width=\"580\" height=\"435\" srcset=\"https:\/\/www.neuperlach.org\/blog\/wp-content\/uploads\/2024\/09\/IMG_9458-1024x768.jpg 1024w, https:\/\/www.neuperlach.org\/blog\/wp-content\/uploads\/2024\/09\/IMG_9458-300x225.jpg 300w, https:\/\/www.neuperlach.org\/blog\/wp-content\/uploads\/2024\/09\/IMG_9458-768x576.jpg 768w, https:\/\/www.neuperlach.org\/blog\/wp-content\/uploads\/2024\/09\/IMG_9458-1536x1152.jpg 1536w, https:\/\/www.neuperlach.org\/blog\/wp-content\/uploads\/2024\/09\/IMG_9458-2048x1536.jpg 2048w, https:\/\/www.neuperlach.org\/blog\/wp-content\/uploads\/2024\/09\/IMG_9458-1200x900.jpg 1200w, https:\/\/www.neuperlach.org\/blog\/wp-content\/uploads\/2024\/09\/IMG_9458-1980x1485.jpg 1980w\" sizes=\"auto, (max-width: 580px) 100vw, 580px\" \/><\/a><figcaption id=\"caption-attachment-20706\" class=\"wp-caption-text\">23.09.2025<\/figcaption><\/figure>\n<figure id=\"attachment_20707\" aria-describedby=\"caption-attachment-20707\" style=\"width: 580px\" class=\"wp-caption alignnone\"><a href=\"https:\/\/www.neuperlach.org\/blog\/wp-content\/uploads\/2024\/09\/IMG_9460.jpg\"><img loading=\"lazy\" decoding=\"async\" class=\"size-large wp-image-20707\" src=\"https:\/\/www.neuperlach.org\/blog\/wp-content\/uploads\/2024\/09\/IMG_9460-1024x768.jpg\" alt=\"23.09.2025\" width=\"580\" height=\"435\" srcset=\"https:\/\/www.neuperlach.org\/blog\/wp-content\/uploads\/2024\/09\/IMG_9460-1024x768.jpg 1024w, https:\/\/www.neuperlach.org\/blog\/wp-content\/uploads\/2024\/09\/IMG_9460-300x225.jpg 300w, https:\/\/www.neuperlach.org\/blog\/wp-content\/uploads\/2024\/09\/IMG_9460-768x576.jpg 768w, https:\/\/www.neuperlach.org\/blog\/wp-content\/uploads\/2024\/09\/IMG_9460-1536x1152.jpg 1536w, https:\/\/www.neuperlach.org\/blog\/wp-content\/uploads\/2024\/09\/IMG_9460-2048x1536.jpg 2048w, https:\/\/www.neuperlach.org\/blog\/wp-content\/uploads\/2024\/09\/IMG_9460-1200x900.jpg 1200w, https:\/\/www.neuperlach.org\/blog\/wp-content\/uploads\/2024\/09\/IMG_9460-1980x1485.jpg 1980w\" sizes=\"auto, (max-width: 580px) 100vw, 580px\" \/><\/a><figcaption id=\"caption-attachment-20707\" class=\"wp-caption-text\">23.09.2025<\/figcaption><\/figure>\n<figure id=\"attachment_20708\" aria-describedby=\"caption-attachment-20708\" style=\"width: 580px\" class=\"wp-caption alignnone\"><a href=\"https:\/\/www.neuperlach.org\/blog\/wp-content\/uploads\/2024\/09\/IMG_9462.jpg\"><img loading=\"lazy\" decoding=\"async\" class=\"size-large wp-image-20708\" src=\"https:\/\/www.neuperlach.org\/blog\/wp-content\/uploads\/2024\/09\/IMG_9462-1024x768.jpg\" alt=\"23.09.2025\" width=\"580\" height=\"435\" srcset=\"https:\/\/www.neuperlach.org\/blog\/wp-content\/uploads\/2024\/09\/IMG_9462-1024x768.jpg 1024w, https:\/\/www.neuperlach.org\/blog\/wp-content\/uploads\/2024\/09\/IMG_9462-300x225.jpg 300w, https:\/\/www.neuperlach.org\/blog\/wp-content\/uploads\/2024\/09\/IMG_9462-768x576.jpg 768w, https:\/\/www.neuperlach.org\/blog\/wp-content\/uploads\/2024\/09\/IMG_9462-1536x1152.jpg 1536w, https:\/\/www.neuperlach.org\/blog\/wp-content\/uploads\/2024\/09\/IMG_9462-2048x1536.jpg 2048w, https:\/\/www.neuperlach.org\/blog\/wp-content\/uploads\/2024\/09\/IMG_9462-1200x900.jpg 1200w, https:\/\/www.neuperlach.org\/blog\/wp-content\/uploads\/2024\/09\/IMG_9462-1980x1485.jpg 1980w\" sizes=\"auto, (max-width: 580px) 100vw, 580px\" \/><\/a><figcaption id=\"caption-attachment-20708\" class=\"wp-caption-text\">23.09.2025<\/figcaption><\/figure>\n<figure id=\"attachment_20709\" aria-describedby=\"caption-attachment-20709\" style=\"width: 580px\" class=\"wp-caption alignnone\"><a href=\"https:\/\/www.neuperlach.org\/blog\/wp-content\/uploads\/2024\/09\/IMG_9463.jpg\"><img loading=\"lazy\" decoding=\"async\" class=\"size-large wp-image-20709\" src=\"https:\/\/www.neuperlach.org\/blog\/wp-content\/uploads\/2024\/09\/IMG_9463-1024x768.jpg\" alt=\"23.09.2025\" width=\"580\" height=\"435\" srcset=\"https:\/\/www.neuperlach.org\/blog\/wp-content\/uploads\/2024\/09\/IMG_9463-1024x768.jpg 1024w, https:\/\/www.neuperlach.org\/blog\/wp-content\/uploads\/2024\/09\/IMG_9463-300x225.jpg 300w, https:\/\/www.neuperlach.org\/blog\/wp-content\/uploads\/2024\/09\/IMG_9463-768x576.jpg 768w, https:\/\/www.neuperlach.org\/blog\/wp-content\/uploads\/2024\/09\/IMG_9463-1536x1152.jpg 1536w, https:\/\/www.neuperlach.org\/blog\/wp-content\/uploads\/2024\/09\/IMG_9463-2048x1536.jpg 2048w, https:\/\/www.neuperlach.org\/blog\/wp-content\/uploads\/2024\/09\/IMG_9463-1200x900.jpg 1200w, https:\/\/www.neuperlach.org\/blog\/wp-content\/uploads\/2024\/09\/IMG_9463-1980x1485.jpg 1980w\" sizes=\"auto, (max-width: 580px) 100vw, 580px\" \/><\/a><figcaption id=\"caption-attachment-20709\" class=\"wp-caption-text\">23.09.2025<\/figcaption><\/figure>\n<figure id=\"attachment_20710\" aria-describedby=\"caption-attachment-20710\" style=\"width: 580px\" class=\"wp-caption alignnone\"><a href=\"https:\/\/www.neuperlach.org\/blog\/wp-content\/uploads\/2024\/09\/IMG_9465.jpg\"><img loading=\"lazy\" decoding=\"async\" class=\"size-large wp-image-20710\" src=\"https:\/\/www.neuperlach.org\/blog\/wp-content\/uploads\/2024\/09\/IMG_9465-1024x768.jpg\" alt=\"23.09.2025\" width=\"580\" height=\"435\" srcset=\"https:\/\/www.neuperlach.org\/blog\/wp-content\/uploads\/2024\/09\/IMG_9465-1024x768.jpg 1024w, https:\/\/www.neuperlach.org\/blog\/wp-content\/uploads\/2024\/09\/IMG_9465-300x225.jpg 300w, https:\/\/www.neuperlach.org\/blog\/wp-content\/uploads\/2024\/09\/IMG_9465-768x576.jpg 768w, https:\/\/www.neuperlach.org\/blog\/wp-content\/uploads\/2024\/09\/IMG_9465-1536x1152.jpg 1536w, https:\/\/www.neuperlach.org\/blog\/wp-content\/uploads\/2024\/09\/IMG_9465-2048x1536.jpg 2048w, https:\/\/www.neuperlach.org\/blog\/wp-content\/uploads\/2024\/09\/IMG_9465-1200x900.jpg 1200w, https:\/\/www.neuperlach.org\/blog\/wp-content\/uploads\/2024\/09\/IMG_9465-1980x1485.jpg 1980w\" sizes=\"auto, (max-width: 580px) 100vw, 580px\" \/><\/a><figcaption id=\"caption-attachment-20710\" class=\"wp-caption-text\">23.09.2025<\/figcaption><\/figure>\n<figure id=\"attachment_20711\" aria-describedby=\"caption-attachment-20711\" style=\"width: 580px\" class=\"wp-caption alignnone\"><a href=\"https:\/\/www.neuperlach.org\/blog\/wp-content\/uploads\/2024\/09\/IMG_9467.jpg\"><img loading=\"lazy\" decoding=\"async\" class=\"size-large wp-image-20711\" src=\"https:\/\/www.neuperlach.org\/blog\/wp-content\/uploads\/2024\/09\/IMG_9467-1024x768.jpg\" alt=\"23.09.2025\" width=\"580\" height=\"435\" srcset=\"https:\/\/www.neuperlach.org\/blog\/wp-content\/uploads\/2024\/09\/IMG_9467-1024x768.jpg 1024w, https:\/\/www.neuperlach.org\/blog\/wp-content\/uploads\/2024\/09\/IMG_9467-300x225.jpg 300w, https:\/\/www.neuperlach.org\/blog\/wp-content\/uploads\/2024\/09\/IMG_9467-768x576.jpg 768w, https:\/\/www.neuperlach.org\/blog\/wp-content\/uploads\/2024\/09\/IMG_9467-1536x1152.jpg 1536w, https:\/\/www.neuperlach.org\/blog\/wp-content\/uploads\/2024\/09\/IMG_9467-2048x1536.jpg 2048w, https:\/\/www.neuperlach.org\/blog\/wp-content\/uploads\/2024\/09\/IMG_9467-1200x900.jpg 1200w, https:\/\/www.neuperlach.org\/blog\/wp-content\/uploads\/2024\/09\/IMG_9467-1980x1485.jpg 1980w\" sizes=\"auto, (max-width: 580px) 100vw, 580px\" \/><\/a><figcaption id=\"caption-attachment-20711\" class=\"wp-caption-text\">23.09.2025<\/figcaption><\/figure>\n<figure id=\"attachment_20712\" aria-describedby=\"caption-attachment-20712\" style=\"width: 580px\" class=\"wp-caption alignnone\"><a href=\"https:\/\/www.neuperlach.org\/blog\/wp-content\/uploads\/2024\/09\/IMG_9469.jpg\"><img loading=\"lazy\" decoding=\"async\" class=\"size-large wp-image-20712\" src=\"https:\/\/www.neuperlach.org\/blog\/wp-content\/uploads\/2024\/09\/IMG_9469-1024x768.jpg\" alt=\"23.09.2025\" width=\"580\" height=\"435\" srcset=\"https:\/\/www.neuperlach.org\/blog\/wp-content\/uploads\/2024\/09\/IMG_9469-1024x768.jpg 1024w, https:\/\/www.neuperlach.org\/blog\/wp-content\/uploads\/2024\/09\/IMG_9469-300x225.jpg 300w, https:\/\/www.neuperlach.org\/blog\/wp-content\/uploads\/2024\/09\/IMG_9469-768x576.jpg 768w, https:\/\/www.neuperlach.org\/blog\/wp-content\/uploads\/2024\/09\/IMG_9469-1536x1152.jpg 1536w, https:\/\/www.neuperlach.org\/blog\/wp-content\/uploads\/2024\/09\/IMG_9469-2048x1536.jpg 2048w, https:\/\/www.neuperlach.org\/blog\/wp-content\/uploads\/2024\/09\/IMG_9469-1200x900.jpg 1200w, https:\/\/www.neuperlach.org\/blog\/wp-content\/uploads\/2024\/09\/IMG_9469-1980x1485.jpg 1980w\" sizes=\"auto, (max-width: 580px) 100vw, 580px\" \/><\/a><figcaption id=\"caption-attachment-20712\" class=\"wp-caption-text\">23.09.2025<\/figcaption><\/figure>\n<figure id=\"attachment_20713\" aria-describedby=\"caption-attachment-20713\" style=\"width: 580px\" class=\"wp-caption alignnone\"><a href=\"https:\/\/www.neuperlach.org\/blog\/wp-content\/uploads\/2024\/09\/IMG_9472.jpg\"><img loading=\"lazy\" decoding=\"async\" class=\"size-large wp-image-20713\" src=\"https:\/\/www.neuperlach.org\/blog\/wp-content\/uploads\/2024\/09\/IMG_9472-1024x768.jpg\" alt=\"23.09.2025\" width=\"580\" height=\"435\" srcset=\"https:\/\/www.neuperlach.org\/blog\/wp-content\/uploads\/2024\/09\/IMG_9472-1024x768.jpg 1024w, https:\/\/www.neuperlach.org\/blog\/wp-content\/uploads\/2024\/09\/IMG_9472-300x225.jpg 300w, https:\/\/www.neuperlach.org\/blog\/wp-content\/uploads\/2024\/09\/IMG_9472-768x576.jpg 768w, https:\/\/www.neuperlach.org\/blog\/wp-content\/uploads\/2024\/09\/IMG_9472-1536x1152.jpg 1536w, https:\/\/www.neuperlach.org\/blog\/wp-content\/uploads\/2024\/09\/IMG_9472-2048x1536.jpg 2048w, https:\/\/www.neuperlach.org\/blog\/wp-content\/uploads\/2024\/09\/IMG_9472-1200x900.jpg 1200w, https:\/\/www.neuperlach.org\/blog\/wp-content\/uploads\/2024\/09\/IMG_9472-1980x1485.jpg 1980w\" sizes=\"auto, (max-width: 580px) 100vw, 580px\" \/><\/a><figcaption id=\"caption-attachment-20713\" class=\"wp-caption-text\">23.09.2025<\/figcaption><\/figure>\n<figure id=\"attachment_20714\" aria-describedby=\"caption-attachment-20714\" style=\"width: 580px\" class=\"wp-caption alignnone\"><a href=\"https:\/\/www.neuperlach.org\/blog\/wp-content\/uploads\/2024\/09\/IMG_9474.jpg\"><img loading=\"lazy\" decoding=\"async\" class=\"size-large wp-image-20714\" src=\"https:\/\/www.neuperlach.org\/blog\/wp-content\/uploads\/2024\/09\/IMG_9474-1024x768.jpg\" alt=\"23.09.2025\" width=\"580\" height=\"435\" srcset=\"https:\/\/www.neuperlach.org\/blog\/wp-content\/uploads\/2024\/09\/IMG_9474-1024x768.jpg 1024w, https:\/\/www.neuperlach.org\/blog\/wp-content\/uploads\/2024\/09\/IMG_9474-300x225.jpg 300w, https:\/\/www.neuperlach.org\/blog\/wp-content\/uploads\/2024\/09\/IMG_9474-768x576.jpg 768w, https:\/\/www.neuperlach.org\/blog\/wp-content\/uploads\/2024\/09\/IMG_9474-1536x1152.jpg 1536w, https:\/\/www.neuperlach.org\/blog\/wp-content\/uploads\/2024\/09\/IMG_9474-2048x1536.jpg 2048w, https:\/\/www.neuperlach.org\/blog\/wp-content\/uploads\/2024\/09\/IMG_9474-1200x900.jpg 1200w, https:\/\/www.neuperlach.org\/blog\/wp-content\/uploads\/2024\/09\/IMG_9474-1980x1485.jpg 1980w\" sizes=\"auto, (max-width: 580px) 100vw, 580px\" \/><\/a><figcaption id=\"caption-attachment-20714\" class=\"wp-caption-text\">23.09.2025<\/figcaption><\/figure>\n<figure id=\"attachment_20776\" aria-describedby=\"caption-attachment-20776\" style=\"width: 580px\" class=\"wp-caption alignnone\"><a href=\"https:\/\/www.neuperlach.org\/blog\/wp-content\/uploads\/2025\/10\/Quidde-Zentrum-aus-PDF-Bauvorhaben-\u2013-auf-S.-20-Quidde-Zentrum.png\"><img loading=\"lazy\" decoding=\"async\" class=\"size-large wp-image-20776\" src=\"https:\/\/www.neuperlach.org\/blog\/wp-content\/uploads\/2025\/10\/Quidde-Zentrum-aus-PDF-Bauvorhaben-\u2013-auf-S.-20-Quidde-Zentrum-1024x769.png\" alt=\"Pl\u00e4ne Quidde-Zentrum\" width=\"580\" height=\"436\" srcset=\"https:\/\/www.neuperlach.org\/blog\/wp-content\/uploads\/2025\/10\/Quidde-Zentrum-aus-PDF-Bauvorhaben-\u2013-auf-S.-20-Quidde-Zentrum-1024x769.png 1024w, https:\/\/www.neuperlach.org\/blog\/wp-content\/uploads\/2025\/10\/Quidde-Zentrum-aus-PDF-Bauvorhaben-\u2013-auf-S.-20-Quidde-Zentrum-300x225.png 300w, https:\/\/www.neuperlach.org\/blog\/wp-content\/uploads\/2025\/10\/Quidde-Zentrum-aus-PDF-Bauvorhaben-\u2013-auf-S.-20-Quidde-Zentrum-768x577.png 768w, https:\/\/www.neuperlach.org\/blog\/wp-content\/uploads\/2025\/10\/Quidde-Zentrum-aus-PDF-Bauvorhaben-\u2013-auf-S.-20-Quidde-Zentrum-1200x901.png 1200w, https:\/\/www.neuperlach.org\/blog\/wp-content\/uploads\/2025\/10\/Quidde-Zentrum-aus-PDF-Bauvorhaben-\u2013-auf-S.-20-Quidde-Zentrum.png 1260w\" sizes=\"auto, (max-width: 580px) 100vw, 580px\" \/><\/a><figcaption id=\"caption-attachment-20776\" class=\"wp-caption-text\">Pl\u00e4ne Quidde-Zentrum<\/figcaption><\/figure>\n<h3>Plett&#8217;toast er\u00f6ffnet (23.09.2025)<\/h3>\n<p><iframe loading=\"lazy\" src=\"https:\/\/www.youtube-nocookie.com\/embed\/FeKDkCTOXMI\" width=\"640\" height=\"385\"><\/iframe><\/p>\n<p>Der neue Imbiss an der Plettstra\u00dfe hat seine K\u00fcche in Betrieb genommen. Geboten wird T\u00fcrkisches und Italienisches. Ein herrliches Aufblasmanschgerl wirkt f\u00fcr die Speisen \u2013 mit Erfolg! Den umgefahrenen Laternenmasten hat man nach meinem Bericht immerhin mit einem Warnband gesichert.<\/p>\n<p><b><strong class=\"x1s688f\">Hinweis: <\/strong><\/b>Die Gesichter wurden per KI durch nichtexistente Gesichter ersetzt.<\/p>\n<figure id=\"attachment_20693\" aria-describedby=\"caption-attachment-20693\" style=\"width: 580px\" class=\"wp-caption alignnone\"><a href=\"https:\/\/www.neuperlach.org\/blog\/wp-content\/uploads\/2024\/09\/PXL_20250923_112713428.MP_.jpg\"><img loading=\"lazy\" decoding=\"async\" class=\"size-large wp-image-20693\" src=\"https:\/\/www.neuperlach.org\/blog\/wp-content\/uploads\/2024\/09\/PXL_20250923_112713428.MP_-1024x769.jpg\" alt=\"Plett'toast\" width=\"580\" height=\"436\" srcset=\"https:\/\/www.neuperlach.org\/blog\/wp-content\/uploads\/2024\/09\/PXL_20250923_112713428.MP_-1024x769.jpg 1024w, https:\/\/www.neuperlach.org\/blog\/wp-content\/uploads\/2024\/09\/PXL_20250923_112713428.MP_-300x225.jpg 300w, https:\/\/www.neuperlach.org\/blog\/wp-content\/uploads\/2024\/09\/PXL_20250923_112713428.MP_-768x577.jpg 768w, https:\/\/www.neuperlach.org\/blog\/wp-content\/uploads\/2024\/09\/PXL_20250923_112713428.MP_-1536x1153.jpg 1536w, https:\/\/www.neuperlach.org\/blog\/wp-content\/uploads\/2024\/09\/PXL_20250923_112713428.MP_-2048x1538.jpg 2048w, https:\/\/www.neuperlach.org\/blog\/wp-content\/uploads\/2024\/09\/PXL_20250923_112713428.MP_-1200x901.jpg 1200w, https:\/\/www.neuperlach.org\/blog\/wp-content\/uploads\/2024\/09\/PXL_20250923_112713428.MP_-1980x1487.jpg 1980w\" sizes=\"auto, (max-width: 580px) 100vw, 580px\" \/><\/a><figcaption id=\"caption-attachment-20693\" class=\"wp-caption-text\">Plett&#8217;toast (23.09.2025)<\/figcaption><\/figure>\n<figure id=\"attachment_20692\" aria-describedby=\"caption-attachment-20692\" style=\"width: 580px\" class=\"wp-caption alignnone\"><a href=\"https:\/\/www.neuperlach.org\/blog\/wp-content\/uploads\/2024\/09\/PXL_20250923_112624780.jpg\"><img loading=\"lazy\" decoding=\"async\" class=\"size-large wp-image-20692\" src=\"https:\/\/www.neuperlach.org\/blog\/wp-content\/uploads\/2024\/09\/PXL_20250923_112624780-1024x769.jpg\" alt=\"Plett'toast\" width=\"580\" height=\"436\" srcset=\"https:\/\/www.neuperlach.org\/blog\/wp-content\/uploads\/2024\/09\/PXL_20250923_112624780-1024x769.jpg 1024w, https:\/\/www.neuperlach.org\/blog\/wp-content\/uploads\/2024\/09\/PXL_20250923_112624780-300x225.jpg 300w, https:\/\/www.neuperlach.org\/blog\/wp-content\/uploads\/2024\/09\/PXL_20250923_112624780-768x577.jpg 768w, https:\/\/www.neuperlach.org\/blog\/wp-content\/uploads\/2024\/09\/PXL_20250923_112624780-1536x1153.jpg 1536w, https:\/\/www.neuperlach.org\/blog\/wp-content\/uploads\/2024\/09\/PXL_20250923_112624780-2048x1538.jpg 2048w, https:\/\/www.neuperlach.org\/blog\/wp-content\/uploads\/2024\/09\/PXL_20250923_112624780-1200x901.jpg 1200w, https:\/\/www.neuperlach.org\/blog\/wp-content\/uploads\/2024\/09\/PXL_20250923_112624780-1980x1487.jpg 1980w\" sizes=\"auto, (max-width: 580px) 100vw, 580px\" \/><\/a><figcaption id=\"caption-attachment-20692\" class=\"wp-caption-text\">Plett&#8217;toast (23.09.2025)<\/figcaption><\/figure>\n<h3><\/h3>\n<h3>Ich bin wieder da!<\/h3>\n<p>Dass ich nicht mehr zur\u00fcckkomme, war nur eine Notl\u00fcge, und jeder, der den Hintergrund kennt, wird mich verstehen.<\/p>\n<p>Hinweis: Es gibt noch viele Fehler, die innerhalb der n\u00e4chsten Tage beseitigt werden.<\/p>\n<p><strong>Neue Funktion:<\/strong><\/p>\n<ul>\n<li>Inhaltsverzeichnis (ganz oben im Men\u00fc)<\/li>\n<\/ul>\n","protected":false},"excerpt":{"rendered":"<p>Feuerwerksverbot in meiner Burg, dem Marx-Zentrum! W\u00e4hrend in den meisten Gegenden weiterhin geb\u00f6llert werden darf, gilt im gesamten Hofbereich des Marx-Zentrums auch dieses Jahr wieder ein absolutes Feuerwerksverbot. Es kommen ja immer wieder gerne Besucher ins Marx-Zentrum. Wenn ihr bei uns b\u00f6llern wollt, k\u00f6nnt ihr euch euren Weg also sparen. Wei\u00dfe Weihnachten in Neuperlach Mit [&hellip;]<\/p>\n","protected":false},"author":1,"featured_media":0,"parent":0,"menu_order":98,"comment_status":"closed","ping_status":"closed","template":"","meta":{"footnotes":""},"class_list":["post-21062","page","type-page","status-publish","hentry"],"_links":{"self":[{"href":"https:\/\/www.neuperlach.org\/blog\/wp-json\/wp\/v2\/pages\/21062","targetHints":{"allow":["GET"]}}],"collection":[{"href":"https:\/\/www.neuperlach.org\/blog\/wp-json\/wp\/v2\/pages"}],"about":[{"href":"https:\/\/www.neuperlach.org\/blog\/wp-json\/wp\/v2\/types\/page"}],"author":[{"embeddable":true,"href":"https:\/\/www.neuperlach.org\/blog\/wp-json\/wp\/v2\/users\/1"}],"replies":[{"embeddable":true,"href":"https:\/\/www.neuperlach.org\/blog\/wp-json\/wp\/v2\/comments?post=21062"}],"version-history":[{"count":0,"href":"https:\/\/www.neuperlach.org\/blog\/wp-json\/wp\/v2\/pages\/21062\/revisions"}],"wp:attachment":[{"href":"https:\/\/www.neuperlach.org\/blog\/wp-json\/wp\/v2\/media?parent=21062"}],"curies":[{"name":"wp","href":"https:\/\/api.w.org\/{rel}","templated":true}]}}